{"id":1256,"date":"2022-12-13T15:22:58","date_gmt":"2022-12-13T14:22:58","guid":{"rendered":"https:\/\/www.rutadelsindiketes.com\/?page_id=1256"},"modified":"2024-05-16T17:42:45","modified_gmt":"2024-05-16T15:42:45","slug":"etapa-12-calonge-la-bisbal","status":"publish","type":"page","link":"https:\/\/www.rutadelsindiketes.com\/ca\/etapa-12-calonge-la-bisbal\/","title":{"rendered":"Etapa 12 \u2013 Calonge \u2013 La Bisbal"},"content":{"rendered":"<div data-elementor-type=\"wp-page\" data-elementor-id=\"1256\" class=\"elementor elementor-1256\" data-elementor-post-type=\"page\">\n\t\t\t\t\t\t<section class=\"elementor-section elementor-top-section elementor-element elementor-element-4161d5af elementor-section-height-min-height elementor-section-content-middle elementor-section-boxed elementor-section-height-default elementor-section-items-middle\" data-id=\"4161d5af\" data-element_type=\"section\" data-e-type=\"section\" id=\"entrada\" data-settings=\"{&quot;background_background&quot;:&quot;classic&quot;}\">\n\t\t\t\t\t\t\t<div class=\"elementor-background-overlay\"><\/div>\n\t\t\t\t\t\t\t<div class=\"elementor-container elementor-column-gap-default\">\n\t\t\t\t\t<div class=\"elementor-column elementor-col-100 elementor-top-column elementor-element elementor-element-250f815b\" data-id=\"250f815b\" data-element_type=\"column\" data-e-type=\"column\" data-settings=\"{&quot;background_background&quot;:&quot;classic&quot;}\">\n\t\t\t<div class=\"elementor-widget-wrap elementor-element-populated\">\n\t\t\t\t\t<div class=\"elementor-background-overlay\"><\/div>\n\t\t\t\t\t\t<div class=\"elementor-element elementor-element-8c5db87 elementor-widget elementor-widget-heading\" data-id=\"8c5db87\" data-element_type=\"widget\" data-e-type=\"widget\" data-widget_type=\"heading.default\">\n\t\t\t\t<div class=\"elementor-widget-container\">\n\t\t\t\t\t<h1 class=\"elementor-heading-title elementor-size-default\">ETAPA 12<\/h1>\t\t\t\t<\/div>\n\t\t\t\t<\/div>\n\t\t\t\t<div class=\"elementor-element elementor-element-8501329 elementor-widget elementor-widget-heading\" data-id=\"8501329\" data-element_type=\"widget\" data-e-type=\"widget\" data-widget_type=\"heading.default\">\n\t\t\t\t<div class=\"elementor-widget-container\">\n\t\t\t\t\t<h2 class=\"elementor-heading-title elementor-size-default\">CALONGE \u2013 LA BISBAL<\/h2>\t\t\t\t<\/div>\n\t\t\t\t<\/div>\n\t\t\t\t<div class=\"elementor-element elementor-element-cc4a6ba elementor-widget elementor-widget-spacer\" data-id=\"cc4a6ba\" data-element_type=\"widget\" data-e-type=\"widget\" data-widget_type=\"spacer.default\">\n\t\t\t\t<div class=\"elementor-widget-container\">\n\t\t\t\t\t\t\t<div class=\"elementor-spacer\">\n\t\t\t<div class=\"elementor-spacer-inner\"><\/div>\n\t\t<\/div>\n\t\t\t\t\t\t<\/div>\n\t\t\t\t<\/div>\n\t\t\t\t<div class=\"elementor-element elementor-element-4863b3f6 elementor-icon-list--layout-inline elementor-align-center elementor-list-item-link-full_width elementor-widget elementor-widget-icon-list\" data-id=\"4863b3f6\" data-element_type=\"widget\" data-e-type=\"widget\" data-widget_type=\"icon-list.default\">\n\t\t\t\t<div class=\"elementor-widget-container\">\n\t\t\t\t\t\t\t<ul class=\"elementor-icon-list-items elementor-inline-items\">\n\t\t\t\t\t\t\t<li class=\"elementor-icon-list-item elementor-inline-item\">\n\t\t\t\t\t\t\t\t\t\t\t<span class=\"elementor-icon-list-icon\">\n\t\t\t\t\t\t\t<svg aria-hidden=\"true\" class=\"e-font-icon-svg e-fas-ruler\" viewbox=\"0 0 640 512\" xmlns=\"http:\/\/www.w3.org\/2000\/svg\"><path d=\"M635.7 167.2L556.1 31.7c-8.8-15-28.3-20.1-43.5-11.5l-69 39.1L503.3 161c2.2 3.8.9 8.5-2.9 10.7l-13.8 7.8c-3.8 2.2-8.7.9-10.9-2.9L416 75l-55.2 31.3 27.9 47.4c2.2 3.8.9 8.5-2.9 10.7l-13.8 7.8c-3.8 2.2-8.7.9-10.9-2.9L333.2 122 278 153.3 337.8 255c2.2 3.7.9 8.5-2.9 10.7l-13.8 7.8c-3.8 2.2-8.7.9-10.9-2.9l-59.7-101.7-55.2 31.3 27.9 47.4c2.2 3.8.9 8.5-2.9 10.7l-13.8 7.8c-3.8 2.2-8.7.9-10.9-2.9l-27.9-47.5-55.2 31.3 59.7 101.7c2.2 3.7.9 8.5-2.9 10.7l-13.8 7.8c-3.8 2.2-8.7.9-10.9-2.9L84.9 262.9l-69 39.1C.7 310.7-4.6 329.8 4.2 344.8l79.6 135.6c8.8 15 28.3 20.1 43.5 11.5L624.1 210c15.2-8.6 20.4-27.8 11.6-42.8z\"><\/path><\/svg>\t\t\t\t\t\t<\/span>\n\t\t\t\t\t\t\t\t\t\t<span class=\"elementor-icon-list-text\">Dist\u00e0ncia: 22,4 km <\/span>\n\t\t\t\t\t\t\t\t\t<\/li>\n\t\t\t\t\t\t\t\t<li class=\"elementor-icon-list-item elementor-inline-item\">\n\t\t\t\t\t\t\t\t\t\t\t<span class=\"elementor-icon-list-icon\">\n\t\t\t\t\t\t\t<svg aria-hidden=\"true\" class=\"e-font-icon-svg e-fas-trophy\" viewbox=\"0 0 576 512\" xmlns=\"http:\/\/www.w3.org\/2000\/svg\"><path d=\"M552 64H448V24c0-13.3-10.7-24-24-24H152c-13.3 0-24 10.7-24 24v40H24C10.7 64 0 74.7 0 88v56c0 35.7 22.5 72.4 61.9 100.7 31.5 22.7 69.8 37.1 110 41.7C203.3 338.5 240 360 240 360v72h-48c-35.3 0-64 20.7-64 56v12c0 6.6 5.4 12 12 12h296c6.6 0 12-5.4 12-12v-12c0-35.3-28.7-56-64-56h-48v-72s36.7-21.5 68.1-73.6c40.3-4.6 78.6-19 110-41.7 39.3-28.3 61.9-65 61.9-100.7V88c0-13.3-10.7-24-24-24zM99.3 192.8C74.9 175.2 64 155.6 64 144v-16h64.2c1 32.6 5.8 61.2 12.8 86.2-15.1-5.2-29.2-12.4-41.7-21.4zM512 144c0 16.1-17.7 36.1-35.3 48.8-12.5 9-26.7 16.2-41.8 21.4 7-25 11.8-53.6 12.8-86.2H512v16z\"><\/path><\/svg>\t\t\t\t\t\t<\/span>\n\t\t\t\t\t\t\t\t\t\t<span class=\"elementor-icon-list-text\">Nivell dificultat: F\u00c0CIL<\/span>\n\t\t\t\t\t\t\t\t\t<\/li>\n\t\t\t\t\t\t\t\t<li class=\"elementor-icon-list-item elementor-inline-item\">\n\t\t\t\t\t\t\t\t\t\t\t<span class=\"elementor-icon-list-icon\">\n\t\t\t\t\t\t\t<svg aria-hidden=\"true\" class=\"e-font-icon-svg e-fas-sort-amount-up-alt\" viewbox=\"0 0 512 512\" xmlns=\"http:\/\/www.w3.org\/2000\/svg\"><path d=\"M240 96h64a16 16 0 0 0 16-16V48a16 16 0 0 0-16-16h-64a16 16 0 0 0-16 16v32a16 16 0 0 0 16 16zm0 128h128a16 16 0 0 0 16-16v-32a16 16 0 0 0-16-16H240a16 16 0 0 0-16 16v32a16 16 0 0 0 16 16zm256 192H240a16 16 0 0 0-16 16v32a16 16 0 0 0 16 16h256a16 16 0 0 0 16-16v-32a16 16 0 0 0-16-16zm-256-64h192a16 16 0 0 0 16-16v-32a16 16 0 0 0-16-16H240a16 16 0 0 0-16 16v32a16 16 0 0 0 16 16zM16 160h48v304a16 16 0 0 0 16 16h32a16 16 0 0 0 16-16V160h48c14.21 0 21.39-17.24 11.31-27.31l-80-96a16 16 0 0 0-22.62 0l-80 96C-5.35 142.74 1.78 160 16 160z\"><\/path><\/svg>\t\t\t\t\t\t<\/span>\n\t\t\t\t\t\t\t\t\t\t<span class=\"elementor-icon-list-text\">Altitud m\u00e0xima: 301<\/span>\n\t\t\t\t\t\t\t\t\t<\/li>\n\t\t\t\t\t\t\t\t<li class=\"elementor-icon-list-item elementor-inline-item\">\n\t\t\t\t\t\t\t\t\t\t\t<span class=\"elementor-icon-list-icon\">\n\t\t\t\t\t\t\t<svg aria-hidden=\"true\" class=\"e-font-icon-svg e-fas-sort-amount-down-alt\" viewbox=\"0 0 512 512\" xmlns=\"http:\/\/www.w3.org\/2000\/svg\"><path d=\"M240 96h64a16 16 0 0 0 16-16V48a16 16 0 0 0-16-16h-64a16 16 0 0 0-16 16v32a16 16 0 0 0 16 16zm0 128h128a16 16 0 0 0 16-16v-32a16 16 0 0 0-16-16H240a16 16 0 0 0-16 16v32a16 16 0 0 0 16 16zm256 192H240a16 16 0 0 0-16 16v32a16 16 0 0 0 16 16h256a16 16 0 0 0 16-16v-32a16 16 0 0 0-16-16zm-256-64h192a16 16 0 0 0 16-16v-32a16 16 0 0 0-16-16H240a16 16 0 0 0-16 16v32a16 16 0 0 0 16 16zm-64 0h-48V48a16 16 0 0 0-16-16H80a16 16 0 0 0-16 16v304H16c-14.19 0-21.37 17.24-11.29 27.31l80 96a16 16 0 0 0 22.62 0l80-96C197.35 369.26 190.22 352 176 352z\"><\/path><\/svg>\t\t\t\t\t\t<\/span>\n\t\t\t\t\t\t\t\t\t\t<span class=\"elementor-icon-list-text\">Altitud m\u00ednima: 26<\/span>\n\t\t\t\t\t\t\t\t\t<\/li>\n\t\t\t\t\t\t\t\t<li class=\"elementor-icon-list-item elementor-inline-item\">\n\t\t\t\t\t\t\t\t\t\t\t<span class=\"elementor-icon-list-icon\">\n\t\t\t\t\t\t\t<svg aria-hidden=\"true\" class=\"e-font-icon-svg e-fas-slash\" viewbox=\"0 0 640 512\" xmlns=\"http:\/\/www.w3.org\/2000\/svg\"><path d=\"M594.53 508.63L6.18 53.9c-6.97-5.42-8.23-15.47-2.81-22.45L23.01 6.18C28.43-.8 38.49-2.06 45.47 3.37L633.82 458.1c6.97 5.42 8.23 15.47 2.81 22.45l-19.64 25.27c-5.42 6.98-15.48 8.23-22.46 2.81z\"><\/path><\/svg>\t\t\t\t\t\t<\/span>\n\t\t\t\t\t\t\t\t\t\t<span class=\"elementor-icon-list-text\">Desnivell positiu: 976<\/span>\n\t\t\t\t\t\t\t\t\t<\/li>\n\t\t\t\t\t\t\t\t<li class=\"elementor-icon-list-item elementor-inline-item\">\n\t\t\t\t\t\t\t\t\t\t\t<span class=\"elementor-icon-list-icon\">\n\t\t\t\t\t\t\t<svg aria-hidden=\"true\" class=\"e-font-icon-svg e-fas-slash\" viewbox=\"0 0 640 512\" xmlns=\"http:\/\/www.w3.org\/2000\/svg\"><path d=\"M594.53 508.63L6.18 53.9c-6.97-5.42-8.23-15.47-2.81-22.45L23.01 6.18C28.43-.8 38.49-2.06 45.47 3.37L633.82 458.1c6.97 5.42 8.23 15.47 2.81 22.45l-19.64 25.27c-5.42 6.98-15.48 8.23-22.46 2.81z\"><\/path><\/svg>\t\t\t\t\t\t<\/span>\n\t\t\t\t\t\t\t\t\t\t<span class=\"elementor-icon-list-text\">Desnivell negatiu: 964<\/span>\n\t\t\t\t\t\t\t\t\t<\/li>\n\t\t\t\t\t\t<\/ul>\n\t\t\t\t\t\t<\/div>\n\t\t\t\t<\/div>\n\t\t\t\t<div class=\"elementor-element elementor-element-80428c6 elementor-widget elementor-widget-image\" data-id=\"80428c6\" data-element_type=\"widget\" data-e-type=\"widget\" data-widget_type=\"image.default\">\n\t\t\t\t<div class=\"elementor-widget-container\">\n\t\t\t\t\t\t\t\t\t\t\t\t\t\t\t\t<a href=\"https:\/\/www.rutadelsindiketes.com\/wp-content\/uploads\/2023\/01\/Perfil-etapa-12-1.png\" data-elementor-open-lightbox=\"yes\" data-elementor-lightbox-title=\"Perfil etapa 12 1\" data-e-action-hash=\"#elementor-action%3Aaction%3Dlightbox%26settings%3DeyJpZCI6MjA0NiwidXJsIjoiaHR0cHM6XC9cL3d3dy5ydXRhZGVsc2luZGlrZXRlcy5jb21cL3dwLWNvbnRlbnRcL3VwbG9hZHNcLzIwMjNcLzAxXC9QZXJmaWwtZXRhcGEtMTItMS5wbmcifQ%3D%3D\">\n\t\t\t\t\t\t\t<img fetchpriority=\"high\" decoding=\"async\" width=\"800\" height=\"300\" src=\"https:\/\/www.rutadelsindiketes.com\/wp-content\/uploads\/2023\/01\/Perfil-etapa-12-1.png\" class=\"attachment-large size-large wp-image-2046\" alt=\"\" srcset=\"https:\/\/www.rutadelsindiketes.com\/wp-content\/uploads\/2023\/01\/Perfil-etapa-12-1.png 960w, https:\/\/www.rutadelsindiketes.com\/wp-content\/uploads\/2023\/01\/Perfil-etapa-12-1-300x113.png 300w, https:\/\/www.rutadelsindiketes.com\/wp-content\/uploads\/2023\/01\/Perfil-etapa-12-1-768x288.png 768w\" sizes=\"(max-width: 800px) 100vw, 800px\" \/>\t\t\t\t\t\t\t\t<\/a>\n\t\t\t\t\t\t\t\t\t\t\t\t\t\t\t<\/div>\n\t\t\t\t<\/div>\n\t\t\t\t\t<\/div>\n\t\t<\/div>\n\t\t\t\t\t<\/div>\n\t\t<\/section>\n\t\t\t\t<section class=\"elementor-section elementor-top-section elementor-element elementor-element-77174f7 elementor-section-boxed elementor-section-height-default elementor-section-height-default\" data-id=\"77174f7\" data-element_type=\"section\" data-e-type=\"section\">\n\t\t\t\t\t\t<div class=\"elementor-container elementor-column-gap-default\">\n\t\t\t\t\t<div class=\"elementor-column elementor-col-100 elementor-top-column elementor-element elementor-element-d2b5570\" data-id=\"d2b5570\" data-element_type=\"column\" data-e-type=\"column\">\n\t\t\t<div class=\"elementor-widget-wrap elementor-element-populated\">\n\t\t\t\t\t\t<div class=\"elementor-element elementor-element-9a1b656 elementor-align-center elementor-widget__width-auto elementor-widget elementor-widget-button\" data-id=\"9a1b656\" data-element_type=\"widget\" data-e-type=\"widget\" data-widget_type=\"button.default\">\n\t\t\t\t<div class=\"elementor-widget-container\">\n\t\t\t\t\t\t\t\t\t<div class=\"elementor-button-wrapper\">\n\t\t\t\t\t<a class=\"elementor-button elementor-button-link elementor-size-sm\" href=\"https:\/\/www.rutadelsindiketes.com\/wp-content\/uploads\/2024\/05\/Tracks-Calonge-a-La-Bisbal.gpx\">\n\t\t\t\t\t\t<span class=\"elementor-button-content-wrapper\">\n\t\t\t\t\t\t<span class=\"elementor-button-icon\">\n\t\t\t\t<svg aria-hidden=\"true\" class=\"e-font-icon-svg e-fas-route\" viewbox=\"0 0 512 512\" xmlns=\"http:\/\/www.w3.org\/2000\/svg\"><path d=\"M416 320h-96c-17.6 0-32-14.4-32-32s14.4-32 32-32h96s96-107 96-160-43-96-96-96-96 43-96 96c0 25.5 22.2 63.4 45.3 96H320c-52.9 0-96 43.1-96 96s43.1 96 96 96h96c17.6 0 32 14.4 32 32s-14.4 32-32 32H185.5c-16 24.8-33.8 47.7-47.3 64H416c52.9 0 96-43.1 96-96s-43.1-96-96-96zm0-256c17.7 0 32 14.3 32 32s-14.3 32-32 32-32-14.3-32-32 14.3-32 32-32zM96 256c-53 0-96 43-96 96s96 160 96 160 96-107 96-160-43-96-96-96zm0 128c-17.7 0-32-14.3-32-32s14.3-32 32-32 32 14.3 32 32-14.3 32-32 32z\"><\/path><\/svg>\t\t\t<\/span>\n\t\t\t\t\t\t\t\t\t<span class=\"elementor-button-text\">GPX<\/span>\n\t\t\t\t\t<\/span>\n\t\t\t\t\t<\/a>\n\t\t\t\t<\/div>\n\t\t\t\t\t\t\t\t<\/div>\n\t\t\t\t<\/div>\n\t\t\t\t\t<\/div>\n\t\t<\/div>\n\t\t\t\t\t<\/div>\n\t\t<\/section>\n\t\t\t\t<section class=\"elementor-section elementor-top-section elementor-element elementor-element-ec96f5a elementor-section-boxed elementor-section-height-default elementor-section-height-default\" data-id=\"ec96f5a\" data-element_type=\"section\" data-e-type=\"section\">\n\t\t\t\t\t\t<div class=\"elementor-container elementor-column-gap-default\">\n\t\t\t\t\t<div class=\"elementor-column elementor-col-100 elementor-top-column elementor-element elementor-element-725db9d\" data-id=\"725db9d\" data-element_type=\"column\" data-e-type=\"column\">\n\t\t\t<div class=\"elementor-widget-wrap elementor-element-populated\">\n\t\t\t\t\t\t<div class=\"elementor-element elementor-element-224bf89 elementor-widget elementor-widget-heading\" data-id=\"224bf89\" data-element_type=\"widget\" data-e-type=\"widget\" data-widget_type=\"heading.default\">\n\t\t\t\t<div class=\"elementor-widget-container\">\n\t\t\t\t\t<h2 class=\"elementor-heading-title elementor-size-large\"><br>Etapa 12: CALONGE \u2013 LA BISBAL<br><\/h2>\t\t\t\t<\/div>\n\t\t\t\t<\/div>\n\t\t\t\t<div class=\"elementor-element elementor-element-6b3b62c elementor-widget elementor-widget-image\" data-id=\"6b3b62c\" data-element_type=\"widget\" data-e-type=\"widget\" data-widget_type=\"image.default\">\n\t\t\t\t<div class=\"elementor-widget-container\">\n\t\t\t\t\t\t\t\t\t\t\t\t\t\t\t\t<a href=\"https:\/\/www.rutadelsindiketes.com\/wp-content\/uploads\/2023\/01\/mapa-etapa-12-1.png\" data-elementor-open-lightbox=\"yes\" data-elementor-lightbox-title=\"mapa etapa 12 1\" data-e-action-hash=\"#elementor-action%3Aaction%3Dlightbox%26settings%3DeyJpZCI6MjA0NSwidXJsIjoiaHR0cHM6XC9cL3d3dy5ydXRhZGVsc2luZGlrZXRlcy5jb21cL3dwLWNvbnRlbnRcL3VwbG9hZHNcLzIwMjNcLzAxXC9tYXBhLWV0YXBhLTEyLTEucG5nIn0%3D\">\n\t\t\t\t\t\t\t<img decoding=\"async\" width=\"532\" height=\"576\" src=\"https:\/\/www.rutadelsindiketes.com\/wp-content\/uploads\/2023\/01\/mapa-etapa-12-1.png\" class=\"attachment-large size-large wp-image-2045\" alt=\"\" srcset=\"https:\/\/www.rutadelsindiketes.com\/wp-content\/uploads\/2023\/01\/mapa-etapa-12-1.png 532w, https:\/\/www.rutadelsindiketes.com\/wp-content\/uploads\/2023\/01\/mapa-etapa-12-1-277x300.png 277w\" sizes=\"(max-width: 532px) 100vw, 532px\" \/>\t\t\t\t\t\t\t\t<\/a>\n\t\t\t\t\t\t\t\t\t\t\t\t\t\t\t<\/div>\n\t\t\t\t<\/div>\n\t\t\t\t\t<\/div>\n\t\t<\/div>\n\t\t\t\t\t<\/div>\n\t\t<\/section>\n\t\t<div class=\"elementor-element elementor-element-4702830b e-flex e-con-boxed e-con e-parent\" data-id=\"4702830b\" data-element_type=\"container\" data-e-type=\"container\">\n\t\t\t\t\t<div class=\"e-con-inner\">\n\t\t\t\t<div class=\"elementor-element elementor-element-12a1443a elementor-widget elementor-widget-text-editor\" data-id=\"12a1443a\" data-element_type=\"widget\" data-e-type=\"widget\" data-widget_type=\"text-editor.default\">\n\t\t\t\t<div class=\"elementor-widget-container\">\n\t\t\t\t\t\t\t\t\t<p>En aquesta etapa creuarem el mass\u00eds muntany\u00f3s de les Gavarres. Sortirem davant de l&#039;esgl\u00e9sia de Calonge pel carrer major i despr\u00e9s seguirem pel carrer Pompeu Fabra i d&#039;en Molla i en arribar al Mas Molla girarem a la dreta. Despr\u00e9s d&#039;una petita baixada girarem a l&#039;esquerra, prenent una agradable pista que discorre entre oliveres, algunes d&#039;elles centen\u00e0ries.<\/p>\t\t\t\t\t\t\t\t<\/div>\n\t\t\t\t<\/div>\n\t\t\t\t\t<\/div>\n\t\t\t\t<\/div>\n\t\t<div class=\"elementor-element elementor-element-5ab38e0 e-flex e-con-boxed e-con e-parent\" data-id=\"5ab38e0\" data-element_type=\"container\" data-e-type=\"container\">\n\t\t\t\t\t<div class=\"e-con-inner\">\n\t\t<div class=\"elementor-element elementor-element-7d7a5572 e-con-full e-flex e-con e-child\" data-id=\"7d7a5572\" data-element_type=\"container\" data-e-type=\"container\">\n\t\t\t\t<div class=\"elementor-element elementor-element-5262a40d elementor-widget elementor-widget-image\" data-id=\"5262a40d\" data-element_type=\"widget\" data-e-type=\"widget\" data-widget_type=\"image.default\">\n\t\t\t\t<div class=\"elementor-widget-container\">\n\t\t\t\t\t\t\t\t\t\t\t\t\t\t\t<img decoding=\"async\" width=\"800\" height=\"600\" src=\"https:\/\/www.rutadelsindiketes.com\/wp-content\/uploads\/2023\/01\/0-1-1024x768.jpg\" class=\"attachment-large size-large wp-image-2047\" alt=\"\" srcset=\"https:\/\/www.rutadelsindiketes.com\/wp-content\/uploads\/2023\/01\/0-1-1024x768.jpg 1024w, https:\/\/www.rutadelsindiketes.com\/wp-content\/uploads\/2023\/01\/0-1-300x225.jpg 300w, https:\/\/www.rutadelsindiketes.com\/wp-content\/uploads\/2023\/01\/0-1-768x576.jpg 768w, https:\/\/www.rutadelsindiketes.com\/wp-content\/uploads\/2023\/01\/0-1.jpg 1136w\" sizes=\"(max-width: 800px) 100vw, 800px\" \/>\t\t\t\t\t\t\t\t\t\t\t\t\t\t\t<\/div>\n\t\t\t\t<\/div>\n\t\t\t\t<\/div>\n\t\t<div class=\"elementor-element elementor-element-65cd50ad e-con-full e-flex e-con e-child\" data-id=\"65cd50ad\" data-element_type=\"container\" data-e-type=\"container\">\n\t\t\t\t<div class=\"elementor-element elementor-element-2d9b0eb0 elementor-widget elementor-widget-image\" data-id=\"2d9b0eb0\" data-element_type=\"widget\" data-e-type=\"widget\" data-widget_type=\"image.default\">\n\t\t\t\t<div class=\"elementor-widget-container\">\n\t\t\t\t\t\t\t\t\t\t\t\t\t\t\t<img loading=\"lazy\" decoding=\"async\" width=\"800\" height=\"600\" src=\"https:\/\/www.rutadelsindiketes.com\/wp-content\/uploads\/2023\/01\/0-2-1024x768.jpg\" class=\"attachment-large size-large wp-image-2048\" alt=\"\" srcset=\"https:\/\/www.rutadelsindiketes.com\/wp-content\/uploads\/2023\/01\/0-2-1024x768.jpg 1024w, https:\/\/www.rutadelsindiketes.com\/wp-content\/uploads\/2023\/01\/0-2-300x225.jpg 300w, https:\/\/www.rutadelsindiketes.com\/wp-content\/uploads\/2023\/01\/0-2-768x576.jpg 768w, https:\/\/www.rutadelsindiketes.com\/wp-content\/uploads\/2023\/01\/0-2.jpg 1136w\" sizes=\"(max-width: 800px) 100vw, 800px\" \/>\t\t\t\t\t\t\t\t\t\t\t\t\t\t\t<\/div>\n\t\t\t\t<\/div>\n\t\t\t\t<\/div>\n\t\t\t\t\t<\/div>\n\t\t\t\t<\/div>\n\t\t<div class=\"elementor-element elementor-element-24b120e e-flex e-con-boxed e-con e-parent\" data-id=\"24b120e\" data-element_type=\"container\" data-e-type=\"container\">\n\t\t\t\t\t<div class=\"e-con-inner\">\n\t\t\t\t<div class=\"elementor-element elementor-element-8829047 elementor-widget elementor-widget-text-editor\" data-id=\"8829047\" data-element_type=\"widget\" data-e-type=\"widget\" data-widget_type=\"text-editor.default\">\n\t\t\t\t<div class=\"elementor-widget-container\">\n\t\t\t\t\t\t\t\t\t<p>El cam\u00ed que seguirem \u00e9s el sender local SL-C 28 (assenyalat amb pintura verda i blanca) que en 4,4 quil\u00f2metres ens portar\u00e0, passant pel costat de diverses masies (Mas Mun\u00ed, Mas Ribot, etc.) fins a creuar-nos amb una altra ampla pista , el denominat Cam\u00ed de Puig Cargol on girarem a la dreta.<\/p>\t\t\t\t\t\t\t\t<\/div>\n\t\t\t\t<\/div>\n\t\t\t\t\t<\/div>\n\t\t\t\t<\/div>\n\t\t<div class=\"elementor-element elementor-element-6d1e67c e-flex e-con-boxed e-con e-parent\" data-id=\"6d1e67c\" data-element_type=\"container\" data-e-type=\"container\">\n\t\t\t\t\t<div class=\"e-con-inner\">\n\t\t<div class=\"elementor-element elementor-element-58cdbdb e-con-full e-flex e-con e-child\" data-id=\"58cdbdb\" data-element_type=\"container\" data-e-type=\"container\">\n\t\t\t\t<div class=\"elementor-element elementor-element-42c5fcf elementor-widget elementor-widget-text-editor\" data-id=\"42c5fcf\" data-element_type=\"widget\" data-e-type=\"widget\" data-widget_type=\"text-editor.default\">\n\t\t\t\t<div class=\"elementor-widget-container\">\n\t\t\t\t\t\t\t\t\t<p>Als 1,2 quil\u00f2metres arribarem al paratge on hi ha la bonica ermita de Santa Maria de Bell-lloc.\u00a0<\/p><p>El temple actual \u00e9s del 1758, encara que al segle XII ja hi havia hagut una capella.\u00a0<\/p><p>Se sap que al s. XVII hi havia ermitans que es retiraven a aquesta petita esgl\u00e9sia, i al mateix temps anaven arreglant la casa del costat per viure-hi.\u00a0<\/p><p>El m\u00e9s reconegut va ser Sant Josep Oriol (1650-1702), que va destacar per la preg\u00e0ria i la cura dels pobres i malalts.<\/p>\t\t\t\t\t\t\t\t<\/div>\n\t\t\t\t<\/div>\n\t\t\t\t<\/div>\n\t\t<div class=\"elementor-element elementor-element-46a60b87 e-con-full e-flex e-con e-child\" data-id=\"46a60b87\" data-element_type=\"container\" data-e-type=\"container\">\n\t\t\t\t<div class=\"elementor-element elementor-element-339e7f4 elementor-widget elementor-widget-image\" data-id=\"339e7f4\" data-element_type=\"widget\" data-e-type=\"widget\" data-widget_type=\"image.default\">\n\t\t\t\t<div class=\"elementor-widget-container\">\n\t\t\t\t\t\t\t\t\t\t\t\t\t\t\t<img loading=\"lazy\" decoding=\"async\" width=\"800\" height=\"600\" src=\"https:\/\/www.rutadelsindiketes.com\/wp-content\/uploads\/2023\/01\/1-1-1024x768.jpg\" class=\"attachment-large size-large wp-image-2049\" alt=\"\" srcset=\"https:\/\/www.rutadelsindiketes.com\/wp-content\/uploads\/2023\/01\/1-1-1024x768.jpg 1024w, https:\/\/www.rutadelsindiketes.com\/wp-content\/uploads\/2023\/01\/1-1-300x225.jpg 300w, https:\/\/www.rutadelsindiketes.com\/wp-content\/uploads\/2023\/01\/1-1-768x576.jpg 768w, https:\/\/www.rutadelsindiketes.com\/wp-content\/uploads\/2023\/01\/1-1.jpg 1136w\" sizes=\"(max-width: 800px) 100vw, 800px\" \/>\t\t\t\t\t\t\t\t\t\t\t\t\t\t\t<\/div>\n\t\t\t\t<\/div>\n\t\t\t\t<\/div>\n\t\t\t\t\t<\/div>\n\t\t\t\t<\/div>\n\t\t<div class=\"elementor-element elementor-element-7264dcd6 e-flex e-con-boxed e-con e-parent\" data-id=\"7264dcd6\" data-element_type=\"container\" data-e-type=\"container\">\n\t\t\t\t\t<div class=\"e-con-inner\">\n\t\t\t\t<div class=\"elementor-element elementor-element-a4490a4 elementor-widget elementor-widget-text-editor\" data-id=\"a4490a4\" data-element_type=\"widget\" data-e-type=\"widget\" data-widget_type=\"text-editor.default\">\n\t\t\t\t<div class=\"elementor-widget-container\">\n\t\t\t\t\t\t\t\t\t<p>Actualment, es troba dins una finca particular dedicada a l&#039;elaboraci\u00f3 de vins i hotel (Brugarol.com) per\u00f2 ofereixen totes les facilitats per poder visitar l&#039;esgl\u00e9sia, l&#039;interior de la qual destaca pels exvots mariners penjats del sostre.<\/p>\t\t\t\t\t\t\t\t<\/div>\n\t\t\t\t<\/div>\n\t\t\t\t\t<\/div>\n\t\t\t\t<\/div>\n\t\t<div class=\"elementor-element elementor-element-7f4fb4a8 e-flex e-con-boxed e-con e-parent\" data-id=\"7f4fb4a8\" data-element_type=\"container\" data-e-type=\"container\">\n\t\t\t\t\t<div class=\"e-con-inner\">\n\t\t<div class=\"elementor-element elementor-element-358a189 e-con-full e-flex e-con e-child\" data-id=\"358a189\" data-element_type=\"container\" data-e-type=\"container\">\n\t\t\t\t<div class=\"elementor-element elementor-element-3734b124 elementor-widget elementor-widget-text-editor\" data-id=\"3734b124\" data-element_type=\"widget\" data-e-type=\"widget\" data-widget_type=\"text-editor.default\">\n\t\t\t\t<div class=\"elementor-widget-container\">\n\t\t\t\t\t\t\t\t\t<p>Seguirem la ruta pujant pel cam\u00ed que discorre darrere de l&#039;esgl\u00e9sia.\u00a0<\/p><p>Per aix\u00f2 haurem de retrocedir uns metres, o si hi ha sort i est\u00e0 oberta, passarem per la porta verda que comunica directament.\u00a0<\/p><p>De seguida veurem a la nostra dreta les ru\u00efnes del castell de Vila Rom\u00e0, que es documenta l&#039;any 1161, per\u00f2 que per les restes trobades podia haver estat un petit poblat de l&#039;\u00e8poca dels romans.<\/p>\t\t\t\t\t\t\t\t<\/div>\n\t\t\t\t<\/div>\n\t\t\t\t<\/div>\n\t\t<div class=\"elementor-element elementor-element-565d7f44 e-con-full e-flex e-con e-child\" data-id=\"565d7f44\" data-element_type=\"container\" data-e-type=\"container\">\n\t\t\t\t<div class=\"elementor-element elementor-element-5113d4c elementor-widget elementor-widget-image\" data-id=\"5113d4c\" data-element_type=\"widget\" data-e-type=\"widget\" data-widget_type=\"image.default\">\n\t\t\t\t<div class=\"elementor-widget-container\">\n\t\t\t\t\t\t\t\t\t\t\t\t\t\t\t<img loading=\"lazy\" decoding=\"async\" width=\"800\" height=\"555\" src=\"https:\/\/www.rutadelsindiketes.com\/wp-content\/uploads\/2023\/01\/2-e1674859713227-1024x710.jpg\" class=\"attachment-large size-large wp-image-2050\" alt=\"\" srcset=\"https:\/\/www.rutadelsindiketes.com\/wp-content\/uploads\/2023\/01\/2-e1674859713227-1024x710.jpg 1024w, https:\/\/www.rutadelsindiketes.com\/wp-content\/uploads\/2023\/01\/2-e1674859713227-300x208.jpg 300w, https:\/\/www.rutadelsindiketes.com\/wp-content\/uploads\/2023\/01\/2-e1674859713227-768x532.jpg 768w, https:\/\/www.rutadelsindiketes.com\/wp-content\/uploads\/2023\/01\/2-e1674859713227.jpg 1130w\" sizes=\"(max-width: 800px) 100vw, 800px\" \/>\t\t\t\t\t\t\t\t\t\t\t\t\t\t\t<\/div>\n\t\t\t\t<\/div>\n\t\t\t\t<\/div>\n\t\t\t\t\t<\/div>\n\t\t\t\t<\/div>\n\t\t<div class=\"elementor-element elementor-element-46e48059 e-flex e-con-boxed e-con e-parent\" data-id=\"46e48059\" data-element_type=\"container\" data-e-type=\"container\">\n\t\t\t\t\t<div class=\"e-con-inner\">\n\t\t\t\t<div class=\"elementor-element elementor-element-2397f8b9 elementor-widget elementor-widget-text-editor\" data-id=\"2397f8b9\" data-element_type=\"widget\" data-e-type=\"widget\" data-widget_type=\"text-editor.default\">\n\t\t\t\t<div class=\"elementor-widget-container\">\n\t\t\t\t\t\t\t\t\t<p><span style=\"text-align: var(--text-align); color: var( --e-global-color-dea41e4 ); font-family: var( --e-global-typography-b2ce6af-font-family ), Sans-serif; font-size: var( --e-global-typography-b2ce6af-font-size ); font-weight: var( --e-global-typography-b2ce6af-font-weight ); letter-spacing: var( --e-global-typography-b2ce6af-letter-spacing ); word-spacing: var( --e-global-typography-b2ce6af-word-spacing );\">Anirem amb compte per poder agafar el sender que baixa a la font i despr\u00e9s prossegueix muntanya amunt, fins que a l&#039;al\u00e7ada del castell creua amb el sender de petit recorregut PR-C 105 (assenyalat amb pintura groga i blanca) que, girant a la esquerra, ja no deixarem una bona estona.\u00a0<\/span><\/p><p><span style=\"text-align: var(--text-align); color: var( --e-global-color-dea41e4 ); font-family: var( --e-global-typography-b2ce6af-font-family ), Sans-serif; font-size: var( --e-global-typography-b2ce6af-font-size ); font-weight: var( --e-global-typography-b2ce6af-font-weight ); letter-spacing: var( --e-global-typography-b2ce6af-letter-spacing ); word-spacing: var( --e-global-typography-b2ce6af-word-spacing );\">Als 2,4 quil\u00f2metres arribarem a la cru\u00eflla amb l&#039;ampla pista del cam\u00ed de Puig Cargol, on girarem a la dreta.<\/span><\/p><p><b>Nota<\/b>: Els que vagin amb bicicleta en algun moment hauran de baixar de la bici i emp\u00e8nyer-la.<\/p>\t\t\t\t\t\t\t\t<\/div>\n\t\t\t\t<\/div>\n\t\t\t\t\t<\/div>\n\t\t\t\t<\/div>\n\t\t<div class=\"elementor-element elementor-element-64824d7a e-flex e-con-boxed e-con e-parent\" data-id=\"64824d7a\" data-element_type=\"container\" data-e-type=\"container\">\n\t\t\t\t\t<div class=\"e-con-inner\">\n\t\t\t\t<div class=\"elementor-element elementor-element-8b73391 elementor-widget elementor-widget-text-editor\" data-id=\"8b73391\" data-element_type=\"widget\" data-e-type=\"widget\" data-widget_type=\"text-editor.default\">\n\t\t\t\t<div class=\"elementor-widget-container\">\n\t\t\t\t\t\t\t\t\t<p>I ara sempre seguint el PR-C 105 arribarem fins a Santa Coloma de Fitor, una esgl\u00e9sia rom\u00e0nica amb un bonic campanar amb finestrals geminats, amb arcs de mig punt, finestres de secci\u00f3 circular i capitells trapezoidals que denota una influ\u00e8ncia llombarda, i que juntament amb la rectoria (actualment un bar-restaurant) i el fossat forma un bell conjunt. L'ermita va ser consagrada el 29 de gener de l'any 948 pel bisbe Gotmar de Girona.<\/p>\t\t\t\t\t\t\t\t<\/div>\n\t\t\t\t<\/div>\n\t\t\t\t\t<\/div>\n\t\t\t\t<\/div>\n\t\t<div class=\"elementor-element elementor-element-902d1b e-flex e-con-boxed e-con e-parent\" data-id=\"902d1b\" data-element_type=\"container\" data-e-type=\"container\">\n\t\t\t\t\t<div class=\"e-con-inner\">\n\t\t<div class=\"elementor-element elementor-element-2b9471b2 e-con-full e-flex e-con e-child\" data-id=\"2b9471b2\" data-element_type=\"container\" data-e-type=\"container\">\n\t\t\t\t<div class=\"elementor-element elementor-element-4944d462 elementor-widget elementor-widget-image\" data-id=\"4944d462\" data-element_type=\"widget\" data-e-type=\"widget\" data-widget_type=\"image.default\">\n\t\t\t\t<div class=\"elementor-widget-container\">\n\t\t\t\t\t\t\t\t\t\t\t\t\t\t\t<img loading=\"lazy\" decoding=\"async\" width=\"800\" height=\"600\" src=\"https:\/\/www.rutadelsindiketes.com\/wp-content\/uploads\/2023\/01\/3-Llegada-a-Santa-Coloma-de-Fitor-1024x768.jpg\" class=\"attachment-large size-large wp-image-2051\" alt=\"\" srcset=\"https:\/\/www.rutadelsindiketes.com\/wp-content\/uploads\/2023\/01\/3-Llegada-a-Santa-Coloma-de-Fitor-1024x768.jpg 1024w, https:\/\/www.rutadelsindiketes.com\/wp-content\/uploads\/2023\/01\/3-Llegada-a-Santa-Coloma-de-Fitor-300x225.jpg 300w, https:\/\/www.rutadelsindiketes.com\/wp-content\/uploads\/2023\/01\/3-Llegada-a-Santa-Coloma-de-Fitor-768x576.jpg 768w, https:\/\/www.rutadelsindiketes.com\/wp-content\/uploads\/2023\/01\/3-Llegada-a-Santa-Coloma-de-Fitor.jpg 1136w\" sizes=\"(max-width: 800px) 100vw, 800px\" \/>\t\t\t\t\t\t\t\t\t\t\t\t\t\t\t<\/div>\n\t\t\t\t<\/div>\n\t\t\t\t<\/div>\n\t\t<div class=\"elementor-element elementor-element-3bf2360f e-con-full e-flex e-con e-child\" data-id=\"3bf2360f\" data-element_type=\"container\" data-e-type=\"container\">\n\t\t\t\t<div class=\"elementor-element elementor-element-752a5202 elementor-widget elementor-widget-image\" data-id=\"752a5202\" data-element_type=\"widget\" data-e-type=\"widget\" data-widget_type=\"image.default\">\n\t\t\t\t<div class=\"elementor-widget-container\">\n\t\t\t\t\t\t\t\t\t\t\t\t\t\t\t<img loading=\"lazy\" decoding=\"async\" width=\"800\" height=\"600\" src=\"https:\/\/www.rutadelsindiketes.com\/wp-content\/uploads\/2023\/01\/4-Iglesia-de-Santa-Coloma-de-Fitor-1024x768.jpg\" class=\"attachment-large size-large wp-image-2052\" alt=\"\" srcset=\"https:\/\/www.rutadelsindiketes.com\/wp-content\/uploads\/2023\/01\/4-Iglesia-de-Santa-Coloma-de-Fitor-1024x768.jpg 1024w, https:\/\/www.rutadelsindiketes.com\/wp-content\/uploads\/2023\/01\/4-Iglesia-de-Santa-Coloma-de-Fitor-300x225.jpg 300w, https:\/\/www.rutadelsindiketes.com\/wp-content\/uploads\/2023\/01\/4-Iglesia-de-Santa-Coloma-de-Fitor-768x576.jpg 768w, https:\/\/www.rutadelsindiketes.com\/wp-content\/uploads\/2023\/01\/4-Iglesia-de-Santa-Coloma-de-Fitor.jpg 1136w\" sizes=\"(max-width: 800px) 100vw, 800px\" \/>\t\t\t\t\t\t\t\t\t\t\t\t\t\t\t<\/div>\n\t\t\t\t<\/div>\n\t\t\t\t<\/div>\n\t\t\t\t\t<\/div>\n\t\t\t\t<\/div>\n\t\t<div class=\"elementor-element elementor-element-4d06de72 e-flex e-con-boxed e-con e-parent\" data-id=\"4d06de72\" data-element_type=\"container\" data-e-type=\"container\">\n\t\t\t\t\t<div class=\"e-con-inner\">\n\t\t\t\t<div class=\"elementor-element elementor-element-672c8cf7 elementor-widget elementor-widget-text-editor\" data-id=\"672c8cf7\" data-element_type=\"widget\" data-e-type=\"widget\" data-widget_type=\"text-editor.default\">\n\t\t\t\t<div class=\"elementor-widget-container\">\n\t\t\t\t\t\t\t\t\t<p>Prosseguirem el cam\u00ed baixant durant 1,5 quil\u00f2metres per un cam\u00ed mil\u00b7lenari on a molts punts veurem les roderes gravades a la pedra deixades pels nombrosos carros que al llarg dels segles hi han circulat, fins a creuar la petita Riera d'en Plaja , al costat del Mas Cal\u00e7 on podrem veure un antic pou de gel.<\/p>\t\t\t\t\t\t\t\t<\/div>\n\t\t\t\t<\/div>\n\t\t\t\t\t<\/div>\n\t\t\t\t<\/div>\n\t\t<div class=\"elementor-element elementor-element-9524a26 e-flex e-con-boxed e-con e-parent\" data-id=\"9524a26\" data-element_type=\"container\" data-e-type=\"container\">\n\t\t\t\t\t<div class=\"e-con-inner\">\n\t\t<div class=\"elementor-element elementor-element-2635c1bc e-con-full e-flex e-con e-child\" data-id=\"2635c1bc\" data-element_type=\"container\" data-e-type=\"container\">\n\t\t\t\t<div class=\"elementor-element elementor-element-41e9902 elementor-widget elementor-widget-image\" data-id=\"41e9902\" data-element_type=\"widget\" data-e-type=\"widget\" data-widget_type=\"image.default\">\n\t\t\t\t<div class=\"elementor-widget-container\">\n\t\t\t\t\t\t\t\t\t\t\t\t\t\t\t<img loading=\"lazy\" decoding=\"async\" width=\"800\" height=\"600\" src=\"https:\/\/www.rutadelsindiketes.com\/wp-content\/uploads\/2023\/01\/5-Pou-de-glac-del-Mas-Calc-1024x768.jpg\" class=\"attachment-large size-large wp-image-2053\" alt=\"\" srcset=\"https:\/\/www.rutadelsindiketes.com\/wp-content\/uploads\/2023\/01\/5-Pou-de-glac-del-Mas-Calc-1024x768.jpg 1024w, https:\/\/www.rutadelsindiketes.com\/wp-content\/uploads\/2023\/01\/5-Pou-de-glac-del-Mas-Calc-300x225.jpg 300w, https:\/\/www.rutadelsindiketes.com\/wp-content\/uploads\/2023\/01\/5-Pou-de-glac-del-Mas-Calc-768x576.jpg 768w, https:\/\/www.rutadelsindiketes.com\/wp-content\/uploads\/2023\/01\/5-Pou-de-glac-del-Mas-Calc.jpg 1136w\" sizes=\"(max-width: 800px) 100vw, 800px\" \/>\t\t\t\t\t\t\t\t\t\t\t\t\t\t\t<\/div>\n\t\t\t\t<\/div>\n\t\t\t\t<\/div>\n\t\t<div class=\"elementor-element elementor-element-5d7926b3 e-con-full e-flex e-con e-child\" data-id=\"5d7926b3\" data-element_type=\"container\" data-e-type=\"container\">\n\t\t\t\t<div class=\"elementor-element elementor-element-6e0deb8f elementor-widget elementor-widget-image\" data-id=\"6e0deb8f\" data-element_type=\"widget\" data-e-type=\"widget\" data-widget_type=\"image.default\">\n\t\t\t\t<div class=\"elementor-widget-container\">\n\t\t\t\t\t\t\t\t\t\t\t\t\t\t\t<img loading=\"lazy\" decoding=\"async\" width=\"800\" height=\"600\" src=\"https:\/\/www.rutadelsindiketes.com\/wp-content\/uploads\/2023\/01\/6-1024x768.jpg\" class=\"attachment-large size-large wp-image-2055\" alt=\"\" srcset=\"https:\/\/www.rutadelsindiketes.com\/wp-content\/uploads\/2023\/01\/6-1024x768.jpg 1024w, https:\/\/www.rutadelsindiketes.com\/wp-content\/uploads\/2023\/01\/6-300x225.jpg 300w, https:\/\/www.rutadelsindiketes.com\/wp-content\/uploads\/2023\/01\/6-768x576.jpg 768w, https:\/\/www.rutadelsindiketes.com\/wp-content\/uploads\/2023\/01\/6.jpg 1136w\" sizes=\"(max-width: 800px) 100vw, 800px\" \/>\t\t\t\t\t\t\t\t\t\t\t\t\t\t\t<\/div>\n\t\t\t\t<\/div>\n\t\t\t\t<\/div>\n\t\t\t\t\t<\/div>\n\t\t\t\t<\/div>\n\t\t<div class=\"elementor-element elementor-element-896c201 e-flex e-con-boxed e-con e-parent\" data-id=\"896c201\" data-element_type=\"container\" data-e-type=\"container\">\n\t\t\t\t\t<div class=\"e-con-inner\">\n\t\t\t\t<div class=\"elementor-element elementor-element-76f575e8 elementor-widget elementor-widget-text-editor\" data-id=\"76f575e8\" data-element_type=\"widget\" data-e-type=\"widget\" data-widget_type=\"text-editor.default\">\n\t\t\t\t<div class=\"elementor-widget-container\">\n\t\t\t\t\t\t\t\t\t<p>A partir d&#039;aquest punt el cam\u00ed es converteix en una \u00e0mplia pista de terra que pujant i baixant repetides vegades en 3,3 quil\u00f2metres ens portaran fins a l&#039;anomenada Creu dels Frares, lloc on es va morir un frare.<\/p>\t\t\t\t\t\t\t\t<\/div>\n\t\t\t\t<\/div>\n\t\t\t\t\t<\/div>\n\t\t\t\t<\/div>\n\t\t<div class=\"elementor-element elementor-element-4a5fefc3 e-flex e-con-boxed e-con e-parent\" data-id=\"4a5fefc3\" data-element_type=\"container\" data-e-type=\"container\">\n\t\t\t\t\t<div class=\"e-con-inner\">\n\t\t\t\t<div class=\"elementor-element elementor-element-7dc184c5 elementor-widget elementor-widget-text-editor\" data-id=\"7dc184c5\" data-element_type=\"widget\" data-e-type=\"widget\" data-widget_type=\"text-editor.default\">\n\t\t\t\t<div class=\"elementor-widget-container\">\n\t\t\t\t\t\t\t\t\t<p>A partir d&#039;aquest punt, ja sempre baixant, en uns 2 quil\u00f2metres arribarem a Fonteta, un petit poble actualment agregat al municipi de Forallac. El nom \u00e9s donat per l&#039;antiga font que encara raja al costat de l&#039;esgl\u00e9sia parroquial de Santa Maria.<\/p>\t\t\t\t\t\t\t\t<\/div>\n\t\t\t\t<\/div>\n\t\t\t\t\t<\/div>\n\t\t\t\t<\/div>\n\t\t<div class=\"elementor-element elementor-element-16704d7 e-flex e-con-boxed e-con e-parent\" data-id=\"16704d7\" data-element_type=\"container\" data-e-type=\"container\">\n\t\t\t\t\t<div class=\"e-con-inner\">\n\t\t<div class=\"elementor-element elementor-element-557fb5d2 e-con-full e-flex e-con e-child\" data-id=\"557fb5d2\" data-element_type=\"container\" data-e-type=\"container\">\n\t\t\t\t<div class=\"elementor-element elementor-element-63e62d elementor-widget elementor-widget-image\" data-id=\"63e62d\" data-element_type=\"widget\" data-e-type=\"widget\" data-widget_type=\"image.default\">\n\t\t\t\t<div class=\"elementor-widget-container\">\n\t\t\t\t\t\t\t\t\t\t\t\t\t\t\t<img loading=\"lazy\" decoding=\"async\" width=\"800\" height=\"508\" src=\"https:\/\/www.rutadelsindiketes.com\/wp-content\/uploads\/2023\/01\/7-entrando-en-Fonteta-e1674858666683-1024x650.jpg\" class=\"attachment-large size-large wp-image-2056\" alt=\"\" srcset=\"https:\/\/www.rutadelsindiketes.com\/wp-content\/uploads\/2023\/01\/7-entrando-en-Fonteta-e1674858666683-1024x650.jpg 1024w, https:\/\/www.rutadelsindiketes.com\/wp-content\/uploads\/2023\/01\/7-entrando-en-Fonteta-e1674858666683-300x190.jpg 300w, https:\/\/www.rutadelsindiketes.com\/wp-content\/uploads\/2023\/01\/7-entrando-en-Fonteta-e1674858666683-768x487.jpg 768w, https:\/\/www.rutadelsindiketes.com\/wp-content\/uploads\/2023\/01\/7-entrando-en-Fonteta-e1674858666683.jpg 1130w\" sizes=\"(max-width: 800px) 100vw, 800px\" \/>\t\t\t\t\t\t\t\t\t\t\t\t\t\t\t<\/div>\n\t\t\t\t<\/div>\n\t\t\t\t<\/div>\n\t\t<div class=\"elementor-element elementor-element-33c7c90d e-con-full e-flex e-con e-child\" data-id=\"33c7c90d\" data-element_type=\"container\" data-e-type=\"container\">\n\t\t\t\t<div class=\"elementor-element elementor-element-461bc63d elementor-widget elementor-widget-image\" data-id=\"461bc63d\" data-element_type=\"widget\" data-e-type=\"widget\" data-widget_type=\"image.default\">\n\t\t\t\t<div class=\"elementor-widget-container\">\n\t\t\t\t\t\t\t\t\t\t\t\t\t\t\t<img loading=\"lazy\" decoding=\"async\" width=\"489\" height=\"312\" src=\"https:\/\/www.rutadelsindiketes.com\/wp-content\/uploads\/2023\/01\/8-iglesia-de-Fonteta.png\" class=\"attachment-large size-large wp-image-2057\" alt=\"\" srcset=\"https:\/\/www.rutadelsindiketes.com\/wp-content\/uploads\/2023\/01\/8-iglesia-de-Fonteta.png 489w, https:\/\/www.rutadelsindiketes.com\/wp-content\/uploads\/2023\/01\/8-iglesia-de-Fonteta-300x191.png 300w\" sizes=\"(max-width: 489px) 100vw, 489px\" \/>\t\t\t\t\t\t\t\t\t\t\t\t\t\t\t<\/div>\n\t\t\t\t<\/div>\n\t\t\t\t<\/div>\n\t\t\t\t\t<\/div>\n\t\t\t\t<\/div>\n\t\t<div class=\"elementor-element elementor-element-49376c0f e-flex e-con-boxed e-con e-parent\" data-id=\"49376c0f\" data-element_type=\"container\" data-e-type=\"container\">\n\t\t\t\t\t<div class=\"e-con-inner\">\n\t\t<div class=\"elementor-element elementor-element-6bf507c3 e-con-full e-flex e-con e-child\" data-id=\"6bf507c3\" data-element_type=\"container\" data-e-type=\"container\">\n\t\t\t\t<div class=\"elementor-element elementor-element-503837ed elementor-widget elementor-widget-text-editor\" data-id=\"503837ed\" data-element_type=\"widget\" data-e-type=\"widget\" data-widget_type=\"text-editor.default\">\n\t\t\t\t<div class=\"elementor-widget-container\">\n\t\t\t\t\t\t\t\t\t<p>Per sortir de Fonteta agafarem el carrer de Sant Gerner\u00f3s i en arribar a una cru\u00eflla seguirem recte pel cam\u00ed de terra, seguint els senyals vermells i blancs del GR-92 que passa per aqu\u00ed.\u00a0<\/p><p>Despr\u00e9s, en arribar a una cru\u00eflla amb 5 camins girarem a l&#039;esquerra (gaireb\u00e9 com si torn\u00e9ssim) i poc despr\u00e9s, en un trencall a la dreta.<\/p><p>Despr\u00e9s, als 500 metres, en arribar a una cru\u00eflla de 4 camins, abandonarem el GR-92 i girarem a la dreta, enfocant en direcci\u00f3 als edificis de la ciutat.<\/p>\t\t\t\t\t\t\t\t<\/div>\n\t\t\t\t<\/div>\n\t\t\t\t<\/div>\n\t\t<div class=\"elementor-element elementor-element-115642dc e-con-full e-flex e-con e-child\" data-id=\"115642dc\" data-element_type=\"container\" data-e-type=\"container\">\n\t\t\t\t<div class=\"elementor-element elementor-element-397b8035 elementor-widget elementor-widget-image\" data-id=\"397b8035\" data-element_type=\"widget\" data-e-type=\"widget\" data-widget_type=\"image.default\">\n\t\t\t\t<div class=\"elementor-widget-container\">\n\t\t\t\t\t\t\t\t\t\t\t\t\t\t\t<img loading=\"lazy\" decoding=\"async\" width=\"800\" height=\"600\" src=\"https:\/\/www.rutadelsindiketes.com\/wp-content\/uploads\/2023\/01\/9-Arribant-a-La-Bisbal-1024x768.jpg\" class=\"attachment-large size-large wp-image-2058\" alt=\"\" srcset=\"https:\/\/www.rutadelsindiketes.com\/wp-content\/uploads\/2023\/01\/9-Arribant-a-La-Bisbal-1024x768.jpg 1024w, https:\/\/www.rutadelsindiketes.com\/wp-content\/uploads\/2023\/01\/9-Arribant-a-La-Bisbal-300x225.jpg 300w, https:\/\/www.rutadelsindiketes.com\/wp-content\/uploads\/2023\/01\/9-Arribant-a-La-Bisbal-768x576.jpg 768w, https:\/\/www.rutadelsindiketes.com\/wp-content\/uploads\/2023\/01\/9-Arribant-a-La-Bisbal.jpg 1136w\" sizes=\"(max-width: 800px) 100vw, 800px\" \/>\t\t\t\t\t\t\t\t\t\t\t\t\t\t\t<\/div>\n\t\t\t\t<\/div>\n\t\t\t\t<\/div>\n\t\t\t\t\t<\/div>\n\t\t\t\t<\/div>\n\t\t<div class=\"elementor-element elementor-element-31310318 e-flex e-con-boxed e-con e-parent\" data-id=\"31310318\" data-element_type=\"container\" data-e-type=\"container\">\n\t\t\t\t\t<div class=\"e-con-inner\">\n\t\t<div class=\"elementor-element elementor-element-ac0244a e-con-full e-flex e-con e-child\" data-id=\"ac0244a\" data-element_type=\"container\" data-e-type=\"container\">\n\t\t\t\t<div class=\"elementor-element elementor-element-590707 elementor-widget elementor-widget-text-editor\" data-id=\"590707\" data-element_type=\"widget\" data-e-type=\"widget\" data-widget_type=\"text-editor.default\">\n\t\t\t\t<div class=\"elementor-widget-container\">\n\t\t\t\t\t\t\t\t\t<p>Hem d&#039;entrar a la Bisbal pel carrer del Carme.\u00a0<\/p><p>Si ho fem pel carrer del Convent seguirem recte fins al carrer del Carme que ens enviar\u00e0 fins a la carretera C-66 que creuarem i seguirem pel carrer del davant (carrer de Ram\u00f3n Cabrera).\u00a0<\/p><p>A partir d\u00b4aqu\u00ed anirem a buscar la pla\u00e7a Major on hi ha l\u00b4esgl\u00e9sia de Santa Maria, final d\u00b4aquesta etapa.<\/p>\t\t\t\t\t\t\t\t<\/div>\n\t\t\t\t<\/div>\n\t\t\t\t<\/div>\n\t\t<div class=\"elementor-element elementor-element-18dd9f70 e-con-full e-flex e-con e-child\" data-id=\"18dd9f70\" data-element_type=\"container\" data-e-type=\"container\">\n\t\t\t\t<div class=\"elementor-element elementor-element-68431ad elementor-widget elementor-widget-image\" data-id=\"68431ad\" data-element_type=\"widget\" data-e-type=\"widget\" data-widget_type=\"image.default\">\n\t\t\t\t<div class=\"elementor-widget-container\">\n\t\t\t\t\t\t\t\t\t\t\t\t\t\t\t<img loading=\"lazy\" decoding=\"async\" width=\"175\" height=\"237\" src=\"https:\/\/www.rutadelsindiketes.com\/wp-content\/uploads\/2023\/01\/10-iglesia-de-Santa-Maria-de-La-Bisbal.png\" class=\"attachment-large size-large wp-image-2059\" alt=\"\" \/>\t\t\t\t\t\t\t\t\t\t\t\t\t\t\t<\/div>\n\t\t\t\t<\/div>\n\t\t\t\t<\/div>\n\t\t\t\t\t<\/div>\n\t\t\t\t<\/div>\n\t\t<div class=\"elementor-element elementor-element-2337957a e-flex e-con-boxed e-con e-parent\" data-id=\"2337957a\" data-element_type=\"container\" data-e-type=\"container\">\n\t\t\t\t\t<div class=\"e-con-inner\">\n\t\t\t\t<div class=\"elementor-element elementor-element-239ab54f elementor-widget elementor-widget-spacer\" data-id=\"239ab54f\" data-element_type=\"widget\" data-e-type=\"widget\" data-widget_type=\"spacer.default\">\n\t\t\t\t<div class=\"elementor-widget-container\">\n\t\t\t\t\t\t\t<div class=\"elementor-spacer\">\n\t\t\t<div class=\"elementor-spacer-inner\"><\/div>\n\t\t<\/div>\n\t\t\t\t\t\t<\/div>\n\t\t\t\t<\/div>\n\t\t\t\t\t<\/div>\n\t\t\t\t<\/div>\n\t\t<div class=\"elementor-element elementor-element-4e8c1f0a e-flex e-con-boxed e-con e-parent\" data-id=\"4e8c1f0a\" data-element_type=\"container\" data-e-type=\"container\">\n\t\t\t\t\t<div class=\"e-con-inner\">\n\t\t\t\t<div class=\"elementor-element elementor-element-211cc2f elementor-widget elementor-widget-heading\" data-id=\"211cc2f\" data-element_type=\"widget\" data-e-type=\"widget\" data-widget_type=\"heading.default\">\n\t\t\t\t<div class=\"elementor-widget-container\">\n\t\t\t\t\t<h3 class=\"elementor-heading-title elementor-size-default\">ALLOTJAMENTS I DADES PR\u00c0CTIQUES ETAPA 12<\/h3>\t\t\t\t<\/div>\n\t\t\t\t<\/div>\n\t\t\t\t\t<\/div>\n\t\t\t\t<\/div>\n\t\t<div class=\"elementor-element elementor-element-67f7d818 e-flex e-con-boxed e-con e-parent\" data-id=\"67f7d818\" data-element_type=\"container\" data-e-type=\"container\">\n\t\t\t\t\t<div class=\"e-con-inner\">\n\t\t\t\t<div class=\"elementor-element elementor-element-7d6b3737 elementor-widget elementor-widget-text-editor\" data-id=\"7d6b3737\" data-element_type=\"widget\" data-e-type=\"widget\" data-widget_type=\"text-editor.default\">\n\t\t\t\t<div class=\"elementor-widget-container\">\n\t\t\t\t\t\t\t\t\t<p style=\"text-align: center;\"><strong>SANTA MARIA DE BELL-LLOC<\/strong><\/p><p style=\"text-align: center;\"><span style=\"text-align: center;\">Hotel Finca Bell-lloc (972 31 62 03) Cam\u00ed a Bell-lloc, 63. A partir de 60\u20ac<\/span><\/p>\t\t\t\t\t\t\t\t<\/div>\n\t\t\t\t<\/div>\n\t\t\t\t\t<\/div>\n\t\t\t\t<\/div>\n\t\t<div class=\"elementor-element elementor-element-2798579 e-flex e-con-boxed e-con e-parent\" data-id=\"2798579\" data-element_type=\"container\" data-e-type=\"container\">\n\t\t\t\t\t<div class=\"e-con-inner\">\n\t\t\t\t<div class=\"elementor-element elementor-element-b6d295b elementor-widget elementor-widget-text-editor\" data-id=\"b6d295b\" data-element_type=\"widget\" data-e-type=\"widget\" data-widget_type=\"text-editor.default\">\n\t\t\t\t<div class=\"elementor-widget-container\">\n\t\t\t\t\t\t\t\t\t<p style=\"text-align: center;\"><strong>SANTA COLOMA DE FITOR<\/strong><\/p><p style=\"text-align: center;\"><span style=\"text-align: center;\">Bar Restaurant Fitor (622 26 94 26) Cam\u00ed de Fitor, s\/n. Men\u00fa 12\u20ac.<\/span><\/p>\t\t\t\t\t\t\t\t<\/div>\n\t\t\t\t<\/div>\n\t\t\t\t\t<\/div>\n\t\t\t\t<\/div>\n\t\t<div class=\"elementor-element elementor-element-ca1d4c2 e-flex e-con-boxed e-con e-parent\" data-id=\"ca1d4c2\" data-element_type=\"container\" data-e-type=\"container\">\n\t\t\t\t\t<div class=\"e-con-inner\">\n\t\t\t\t<div class=\"elementor-element elementor-element-de43e0f elementor-widget elementor-widget-text-editor\" data-id=\"de43e0f\" data-element_type=\"widget\" data-e-type=\"widget\" data-widget_type=\"text-editor.default\">\n\t\t\t\t<div class=\"elementor-widget-container\">\n\t\t\t\t\t\t\t\t\t<p style=\"text-align: center;\"><strong>FONTETA<\/strong><\/p><p style=\"text-align: center;\">El poble de Fointeta pertany al municipi de Forallac, fruit de la uni\u00f3 dels termes municipals de Fonteta, Peratallada i Vullpellach, amb la qual cosa podreu trobar informaci\u00f3 a la seg\u00fcent p\u00e0gina web:<\/p><p style=\"text-align: center;\"><span style=\"color: #339966;\"><strong><a style=\"color: #339966;\" href=\"https:\/\/visitperatallada.cat\/\" target=\"_blank\" rel=\"noopener\">https:\/\/visitperatallada.cat\/<\/a><\/strong><\/span><\/p>\t\t\t\t\t\t\t\t<\/div>\n\t\t\t\t<\/div>\n\t\t\t\t\t<\/div>\n\t\t\t\t<\/div>\n\t\t<div class=\"elementor-element elementor-element-b69b895 e-flex e-con-boxed e-con e-parent\" data-id=\"b69b895\" data-element_type=\"container\" data-e-type=\"container\">\n\t\t\t\t\t<div class=\"e-con-inner\">\n\t\t\t\t<div class=\"elementor-element elementor-element-2b40c2b elementor-widget elementor-widget-text-editor\" data-id=\"2b40c2b\" data-element_type=\"widget\" data-e-type=\"widget\" data-widget_type=\"text-editor.default\">\n\t\t\t\t<div class=\"elementor-widget-container\">\n\t\t\t\t\t\t\t\t\t<p style=\"text-align: center;\"><strong>LA BISBAL<\/strong><\/p><p style=\"text-align: center;\">Com que \u00e9s la capital de la comarca del Baix Empord\u00e0 compta amb diversos establiments per allotjar-se, restaurants i altres serveis. Aqu\u00ed podeu visitar la seva web:<\/p><p style=\"text-align: center;\"><span style=\"color: #339966;\"><strong><a style=\"color: #339966;\" href=\"https:\/\/www.visitlabisbal.cat\/es\" target=\"_blank\" rel=\"noopener\">https:\/\/www.visitlabisbal.cat\/es<\/a><\/strong><\/span><\/p>\t\t\t\t\t\t\t\t<\/div>\n\t\t\t\t<\/div>\n\t\t\t\t\t<\/div>\n\t\t\t\t<\/div>\n\t\t\t\t<\/div>","protected":false},"excerpt":{"rendered":"<p>ETAPA 12 CALONGE \u2013 LA BISBAL Distancia: 22,4 km Nivel dificultad: F\u00c1CIL Altitud m\u00e1xima: 301 Altitud m\u00ednima: 26 Desnivel positivo: 976 Desnivel negativo: 964 GPX Etapa 12: CALONGE \u2013 LA BISBAL En esta etapa cruzaremos el macizo monta\u00f1oso de Les Gavarres. Saldremos de enfrente de la iglesia de Calonge por la calle mayor y despu\u00e9s [&hellip;]<\/p>","protected":false},"author":2,"featured_media":0,"parent":0,"menu_order":0,"comment_status":"closed","ping_status":"closed","template":"","meta":{"footnotes":""},"class_list":["post-1256","page","type-page","status-publish","hentry"],"yoast_head":"<!-- This site is optimized with the Yoast SEO plugin v27.2 - https:\/\/yoast.com\/product\/yoast-seo-wordpress\/ -->\n<title>Etapa 12 - Calonge - La Bisbal-Ruta dels Indiketes<\/title>\n<meta name=\"robots\" content=\"index, follow, max-snippet:-1, max-image-preview:large, max-video-preview:-1\" \/>\n<link rel=\"canonical\" href=\"https:\/\/www.rutadelsindiketes.com\/ca\/etapa-12-calonge-la-bisbal\/\" \/>\n<meta property=\"og:locale\" content=\"ca_ES\" \/>\n<meta property=\"og:type\" content=\"article\" \/>\n<meta property=\"og:title\" content=\"Etapa 12 - Calonge - La Bisbal-Ruta dels Indiketes\" \/>\n<meta property=\"og:description\" content=\"ETAPA 12 CALONGE \u2013 LA BISBAL Distancia: 22,4 km Nivel dificultad: F\u00c1CIL Altitud m\u00e1xima: 301 Altitud m\u00ednima: 26 Desnivel positivo: 976 Desnivel negativo: 964 GPX Etapa 12: CALONGE \u2013 LA BISBAL En esta etapa cruzaremos el macizo monta\u00f1oso de Les Gavarres. Saldremos de enfrente de la iglesia de Calonge por la calle mayor y despu\u00e9s [&hellip;]\" \/>\n<meta property=\"og:url\" content=\"https:\/\/www.rutadelsindiketes.com\/ca\/etapa-12-calonge-la-bisbal\/\" \/>\n<meta property=\"og:site_name\" content=\"Ruta dels Indiketes\" \/>\n<meta property=\"article:modified_time\" content=\"2024-05-16T15:42:45+00:00\" \/>\n<meta property=\"og:image\" content=\"https:\/\/www.rutadelsindiketes.com\/wp-content\/uploads\/2023\/01\/Perfil-etapa-12-1.png\" \/>\n<meta name=\"twitter:card\" content=\"summary_large_image\" \/>\n<meta name=\"twitter:label1\" content=\"Temps estimat de lectura\" \/>\n\t<meta name=\"twitter:data1\" content=\"7 minuts\" \/>\n<script type=\"application\/ld+json\" class=\"yoast-schema-graph\">{\"@context\":\"https:\/\/schema.org\",\"@graph\":[{\"@type\":\"WebPage\",\"@id\":\"https:\/\/www.rutadelsindiketes.com\/etapa-12-calonge-la-bisbal\/\",\"url\":\"https:\/\/www.rutadelsindiketes.com\/etapa-12-calonge-la-bisbal\/\",\"name\":\"Etapa 12 - Calonge - La Bisbal-Ruta dels Indiketes\",\"isPartOf\":{\"@id\":\"https:\/\/www.rutadelsindiketes.com\/#website\"},\"primaryImageOfPage\":{\"@id\":\"https:\/\/www.rutadelsindiketes.com\/etapa-12-calonge-la-bisbal\/#primaryimage\"},\"image\":{\"@id\":\"https:\/\/www.rutadelsindiketes.com\/etapa-12-calonge-la-bisbal\/#primaryimage\"},\"thumbnailUrl\":\"https:\/\/www.rutadelsindiketes.com\/wp-content\/uploads\/2023\/01\/Perfil-etapa-12-1.png\",\"datePublished\":\"2022-12-13T14:22:58+00:00\",\"dateModified\":\"2024-05-16T15:42:45+00:00\",\"breadcrumb\":{\"@id\":\"https:\/\/www.rutadelsindiketes.com\/etapa-12-calonge-la-bisbal\/#breadcrumb\"},\"inLanguage\":\"ca\",\"potentialAction\":[{\"@type\":\"ReadAction\",\"target\":[\"https:\/\/www.rutadelsindiketes.com\/etapa-12-calonge-la-bisbal\/\"]}]},{\"@type\":\"ImageObject\",\"inLanguage\":\"ca\",\"@id\":\"https:\/\/www.rutadelsindiketes.com\/etapa-12-calonge-la-bisbal\/#primaryimage\",\"url\":\"https:\/\/www.rutadelsindiketes.com\/wp-content\/uploads\/2023\/01\/Perfil-etapa-12-1.png\",\"contentUrl\":\"https:\/\/www.rutadelsindiketes.com\/wp-content\/uploads\/2023\/01\/Perfil-etapa-12-1.png\"},{\"@type\":\"BreadcrumbList\",\"@id\":\"https:\/\/www.rutadelsindiketes.com\/etapa-12-calonge-la-bisbal\/#breadcrumb\",\"itemListElement\":[{\"@type\":\"ListItem\",\"position\":1,\"name\":\"Portada\",\"item\":\"https:\/\/www.rutadelsindiketes.com\/ca\/\"},{\"@type\":\"ListItem\",\"position\":2,\"name\":\"Etapa 12 &#8211; Calonge &#8211; La Bisbal\"}]},{\"@type\":\"WebSite\",\"@id\":\"https:\/\/www.rutadelsindiketes.com\/#website\",\"url\":\"https:\/\/www.rutadelsindiketes.com\/\",\"name\":\"Ruta dels Indiketes\",\"description\":\"S&oacute;lo otro sitio de WordPress\",\"potentialAction\":[{\"@type\":\"SearchAction\",\"target\":{\"@type\":\"EntryPoint\",\"urlTemplate\":\"https:\/\/www.rutadelsindiketes.com\/?s={search_term_string}\"},\"query-input\":{\"@type\":\"PropertyValueSpecification\",\"valueRequired\":true,\"valueName\":\"search_term_string\"}}],\"inLanguage\":\"ca\"}]}<\/script>\n<!-- \/ Yoast SEO plugin. -->","yoast_head_json":{"title":"Etapa 12 - Calonge - La Bisbal-Ruta dels Indiketes","robots":{"index":"index","follow":"follow","max-snippet":"max-snippet:-1","max-image-preview":"max-image-preview:large","max-video-preview":"max-video-preview:-1"},"canonical":"https:\/\/www.rutadelsindiketes.com\/ca\/etapa-12-calonge-la-bisbal\/","og_locale":"ca_ES","og_type":"article","og_title":"Etapa 12 - Calonge - La Bisbal-Ruta dels Indiketes","og_description":"ETAPA 12 CALONGE \u2013 LA BISBAL Distancia: 22,4 km Nivel dificultad: F\u00c1CIL Altitud m\u00e1xima: 301 Altitud m\u00ednima: 26 Desnivel positivo: 976 Desnivel negativo: 964 GPX Etapa 12: CALONGE \u2013 LA BISBAL En esta etapa cruzaremos el macizo monta\u00f1oso de Les Gavarres. Saldremos de enfrente de la iglesia de Calonge por la calle mayor y despu\u00e9s [&hellip;]","og_url":"https:\/\/www.rutadelsindiketes.com\/ca\/etapa-12-calonge-la-bisbal\/","og_site_name":"Ruta dels Indiketes","article_modified_time":"2024-05-16T15:42:45+00:00","og_image":[{"url":"https:\/\/www.rutadelsindiketes.com\/wp-content\/uploads\/2023\/01\/Perfil-etapa-12-1.png","type":"","width":"","height":""}],"twitter_card":"summary_large_image","twitter_misc":{"Temps estimat de lectura":"7 minuts"},"schema":{"@context":"https:\/\/schema.org","@graph":[{"@type":"WebPage","@id":"https:\/\/www.rutadelsindiketes.com\/etapa-12-calonge-la-bisbal\/","url":"https:\/\/www.rutadelsindiketes.com\/etapa-12-calonge-la-bisbal\/","name":"Etapa 12 - Calonge - La Bisbal-Ruta dels Indiketes","isPartOf":{"@id":"https:\/\/www.rutadelsindiketes.com\/#website"},"primaryImageOfPage":{"@id":"https:\/\/www.rutadelsindiketes.com\/etapa-12-calonge-la-bisbal\/#primaryimage"},"image":{"@id":"https:\/\/www.rutadelsindiketes.com\/etapa-12-calonge-la-bisbal\/#primaryimage"},"thumbnailUrl":"https:\/\/www.rutadelsindiketes.com\/wp-content\/uploads\/2023\/01\/Perfil-etapa-12-1.png","datePublished":"2022-12-13T14:22:58+00:00","dateModified":"2024-05-16T15:42:45+00:00","breadcrumb":{"@id":"https:\/\/www.rutadelsindiketes.com\/etapa-12-calonge-la-bisbal\/#breadcrumb"},"inLanguage":"ca","potentialAction":[{"@type":"ReadAction","target":["https:\/\/www.rutadelsindiketes.com\/etapa-12-calonge-la-bisbal\/"]}]},{"@type":"ImageObject","inLanguage":"ca","@id":"https:\/\/www.rutadelsindiketes.com\/etapa-12-calonge-la-bisbal\/#primaryimage","url":"https:\/\/www.rutadelsindiketes.com\/wp-content\/uploads\/2023\/01\/Perfil-etapa-12-1.png","contentUrl":"https:\/\/www.rutadelsindiketes.com\/wp-content\/uploads\/2023\/01\/Perfil-etapa-12-1.png"},{"@type":"BreadcrumbList","@id":"https:\/\/www.rutadelsindiketes.com\/etapa-12-calonge-la-bisbal\/#breadcrumb","itemListElement":[{"@type":"ListItem","position":1,"name":"Portada","item":"https:\/\/www.rutadelsindiketes.com\/ca\/"},{"@type":"ListItem","position":2,"name":"Etapa 12 &#8211; Calonge &#8211; La Bisbal"}]},{"@type":"WebSite","@id":"https:\/\/www.rutadelsindiketes.com\/#website","url":"https:\/\/www.rutadelsindiketes.com\/","name":"Ruta dels Indiketes","description":"S&oacute;lo otro sitio de WordPress","potentialAction":[{"@type":"SearchAction","target":{"@type":"EntryPoint","urlTemplate":"https:\/\/www.rutadelsindiketes.com\/?s={search_term_string}"},"query-input":{"@type":"PropertyValueSpecification","valueRequired":true,"valueName":"search_term_string"}}],"inLanguage":"ca"}]}},"_links":{"self":[{"href":"https:\/\/www.rutadelsindiketes.com\/ca\/wp-json\/wp\/v2\/pages\/1256","targetHints":{"allow":["GET"]}}],"collection":[{"href":"https:\/\/www.rutadelsindiketes.com\/ca\/wp-json\/wp\/v2\/pages"}],"about":[{"href":"https:\/\/www.rutadelsindiketes.com\/ca\/wp-json\/wp\/v2\/types\/page"}],"author":[{"embeddable":true,"href":"https:\/\/www.rutadelsindiketes.com\/ca\/wp-json\/wp\/v2\/users\/2"}],"replies":[{"embeddable":true,"href":"https:\/\/www.rutadelsindiketes.com\/ca\/wp-json\/wp\/v2\/comments?post=1256"}],"version-history":[{"count":37,"href":"https:\/\/www.rutadelsindiketes.com\/ca\/wp-json\/wp\/v2\/pages\/1256\/revisions"}],"predecessor-version":[{"id":4573,"href":"https:\/\/www.rutadelsindiketes.com\/ca\/wp-json\/wp\/v2\/pages\/1256\/revisions\/4573"}],"wp:attachment":[{"href":"https:\/\/www.rutadelsindiketes.com\/ca\/wp-json\/wp\/v2\/media?parent=1256"}],"curies":[{"name":"wp","href":"https:\/\/api.w.org\/{rel}","templated":true}]}}