{"id":28,"date":"2021-03-10T19:01:28","date_gmt":"2021-03-10T19:01:28","guid":{"rendered":"https:\/\/www.rutadelsindiketes.com\/?page_id=28"},"modified":"2023-01-23T20:04:13","modified_gmt":"2023-01-23T19:04:13","slug":"aviso-legal-2","status":"publish","type":"page","link":"https:\/\/www.rutadelsindiketes.com\/ca\/avis-legal-2\/","title":{"rendered":"Av\u00eds legal"},"content":{"rendered":"<div data-elementor-type=\"wp-page\" data-elementor-id=\"28\" class=\"elementor elementor-28\" data-elementor-post-type=\"page\">\n\t\t\t\t\t\t<section class=\"elementor-section elementor-top-section elementor-element elementor-element-1e195246 elementor-section-boxed elementor-section-height-default elementor-section-height-default\" data-id=\"1e195246\" data-element_type=\"section\" data-e-type=\"section\">\n\t\t\t\t\t\t<div class=\"elementor-container elementor-column-gap-default\">\n\t\t\t\t\t<div class=\"elementor-column elementor-col-100 elementor-top-column elementor-element elementor-element-6effabad\" data-id=\"6effabad\" data-element_type=\"column\" data-e-type=\"column\">\n\t\t\t<div class=\"elementor-widget-wrap elementor-element-populated\">\n\t\t\t\t\t\t<div class=\"elementor-element elementor-element-ec61c7f elementor-widget elementor-widget-heading\" data-id=\"ec61c7f\" data-element_type=\"widget\" data-e-type=\"widget\" data-widget_type=\"heading.default\">\n\t\t\t\t<div class=\"elementor-widget-container\">\n\t\t\t\t\t<h1 class=\"elementor-heading-title elementor-size-default\">Av\u00eds legal<\/h1>\t\t\t\t<\/div>\n\t\t\t\t<\/div>\n\t\t\t\t<div class=\"elementor-element elementor-element-3a09b9a1 elementor-widget elementor-widget-text-editor\" data-id=\"3a09b9a1\" data-element_type=\"widget\" data-e-type=\"widget\" data-widget_type=\"text-editor.default\">\n\t\t\t\t<div class=\"elementor-widget-container\">\n\t\t\t\t\t\t\t\t\t<p><strong>DADES IDENTIFICATIVES <\/strong><\/p><p>D&#039;acord amb l&#039;exig\u00e8ncia legal establerta, es compleix amb l&#039;obligaci\u00f3 d&#039;informar a tots els usuaris i interessats que la responsabilitat i titularitat del domini web https:\/\/50cumplea\u00f1os.com, aix\u00ed com les xarxes socials i el lloc web associades, endavant el lloc web li pertanyen a IDEAL PRODUCTS EXPRESS, SL NIF B55261952, amb domicili a CALLE BORRASS\u00c1, 20 17469-VILAMALLA (Girona), endavant EL GESTOR DEL LLOC WEB, i el correu electr\u00f2nic de contacte del qual \u00e9s idealproducts.sl @gmail.com.<\/p><p style=\"text-align: center;\"><strong><u>TERMES I CONDICIONS<\/u><\/strong><\/p><p><strong>\u00daS I APLICACI\u00d3 <\/strong><\/p><p>Aquests termes i condicions apliquen tant per a la p\u00e0gina principal d&#039;https:\/\/50cumplea\u00f1os.com com per a aquelles altres que hagin estat creades pel GESTOR DEL LLOC WEB i indiquin de manera expressa i inequ\u00edvoca que formen part integrant d&#039;aquest lloc web.<\/p><p><strong>USUARIS <\/strong><\/p><p>S&#039;entendr\u00e0 per usuari tota aquella persona que navegui pel lloc web, accedint a qualsevol de les seves p\u00e0gines o seccions, bastant amb el simple acc\u00e9s i\/o \u00fas d&#039;aquest lloc web, acceptant des d&#039;aquest acc\u00e9s i\/o \u00fas, els termes i condicions aqu\u00ed reflectits. En cas que l&#039;usuari vulgui contractar algun dels serveis oferts al lloc web, s&#039;aplicaran tamb\u00e9 les pol\u00edtiques de contractaci\u00f3, les quals seran de compliment obligatori.<\/p><p><strong>FORMES DE CONTACTE<\/strong><\/p><p>Si un usuari vol contactar amb el GESTOR DEL LLOC WEB podr\u00e0 enviar un correu electr\u00f2nic a l&#039;adre\u00e7a idealproducts.sl@gmail.com.<\/p><p><strong>\u00daS DEL LLOC WEB <\/strong><\/p><p>Tota la informaci\u00f3 gr\u00e0fica, textual, de multim\u00e8dia, fotografies, imatges, v\u00eddeos, o qualsevol altre format d&#039;arxiu digital que es troben al lloc web, entesos d&#039;aqu\u00ed endavant com \u201cels continguts\u201d, pertanyen al GESTOR DEL LLOC WEB i est\u00e0 protegit per les lleis de dret dautor a nivell nacional i internacional.<\/p><p>L&#039;usuari assumeix la responsabilitat de l&#039;\u00fas del lloc web, no podent utilitzar-los per a:<\/p><ol><li>Realitzar activitats il\u00b7l\u00edcites, il\u00b7legals o contr\u00e0ries a la moral, bons costums, bona fe ia l&#039;ordre p\u00fablic;<\/li><li>Realitzar comentaris o difondre continguts o propaganda de car\u00e0cter racista, xen\u00f2fob, pornogr\u00e0fic, d&#039;apologia del terrorisme, que atempti contra els drets humans o civils en general;<\/li><li>Provocar danys a la persona f\u00edsica, intel\u00b7lectual o moral del GESTOR DEL LLOC WEB, dels seus prove\u00efdors o de terceres persones;<\/li><li>Introduir o difondre a la xarxa virus inform\u00e0tics o qualssevol altres sistemes f\u00edsics o l\u00f2gics que siguin susceptibles de provocar els danys anteriorment esmentats;<\/li><li>Intentar accedir i\/o utilitzar els comptes de correu electr\u00f2nic d&#039;altres usuaris i modificar-los o manipular-ne els missatges.<\/li><\/ol><p>EL GESTOR DEL LLOC WEB es reserva el dret de retirar tots aquells comentaris que vulnerin el respecte a la dignitat de la persona, que siguin discriminatoris, xen\u00f2fobs, racistes, pornogr\u00e0fics, que atemptin contra la joventut o la inf\u00e0ncia, l&#039;ordre o la seguretat p\u00fablica o que, a parer seu, no resultessin adequats per a la seva publicaci\u00f3. En qualsevol cas, EL GESTOR DEL LLOC WEB no ser\u00e0 responsable de les opinions donades pels usuaris a qualsevol eina d&#039;opini\u00f3 que contingui el lloc web.<\/p><p><strong>PROPIETAT INTEL\u00b7LECTUAL <\/strong><\/p><p>EL GESTOR DEL LLOC WEB \u00e9s el titular de tots els drets de propietat intel\u00b7lectual i industrial del lloc web, aix\u00ed com dels elements continguts en la mateixa, els quals, a t\u00edtol enunciatiu, per\u00f2 no limitatiu, s\u00f3n: imatges, tracks (GPS) , so, fotografies, \u00e0udio, v\u00eddeo, programari, textos, marques, logotips, combinacions de colors, estructura, disseny, selecci\u00f3 de materials usats, programes necessaris per al seu funcionament, acc\u00e9s i \u00fas, quedant expressament prohibida la reproducci\u00f3, distribuci\u00f3 i comunicaci\u00f3 p\u00fablica , inclosa la seva modalitat de posada a disposici\u00f3, de la totalitat o part dels continguts del lloc web, en qualsevol suport i per qualsevol mitj\u00e0 t\u00e8cnic, amb finalitats comercials o sense sense l&#039;autoritzaci\u00f3 del GESTOR DEL LLOC WEB.<\/p><p>L&#039;usuari es compromet a respectar els drets d&#039;autor titularitat del GESTOR DEL LLOC WEB, podr\u00e0 en conseq\u00fc\u00e8ncia visualitzar, imprimir, emmagatzemar en un dispositiu electr\u00f2nic o virtual, per\u00f2 \u00fanicament i exclusivament per a \u00fas personal i privat, no podent en cap moment distribuir-los, reproduir-los, onerosa o gratu\u00eftament, a tercers ni fer-ne cap transformaci\u00f3. En tot cas, sempre haur\u00e0 de fer menci\u00f3 a l&#039;autoria del GESTOR DEL LLOC WEB i al lloc web quan decideixi compartir en qualsevol xarxa social algun dels continguts, no podent en cap moment modificar, totalment o parcialment, qualsevol dels continguts.<\/p><p>No es podr\u00e0 compartir cap extracte d&#039;un curs, llibre, entrada del bloc o de qualsevol part del lloc web, ja sigui fins i tot una menci\u00f3 a tercers.<\/p><p><strong>RESPONSABILITAT SOBRE ELS CONTINGUTS<\/strong><\/p><p>L&#039;usuari d&#039;aquest Lloc web accedeix pel vostre compte i pr\u00f2pia iniciativa. EL GESTOR DEL LLOC WEB no es responsabilitza dels errors o omissions que puguin afectar els seus continguts. EL GESTOR DEL LLOC WEB no podr\u00e0 ser considerada responsable de cap dany o accident derivat de la utilitzaci\u00f3 d&#039;aquest Lloc web, ni de cap actuaci\u00f3 realitzada sobre la base de la informaci\u00f3 que aqu\u00ed es facilita. Tampoc no podr\u00e0 ser considerada responsable de cap dany derivat de la utilitzaci\u00f3 dels tracks (GPS) que es faciliten en aquesta web.<\/p><p>EL GESTOR DEL LLOC WEB rebutja la responsabilitat sobre la informaci\u00f3 continguda en llocs web de terceres persones connectades mitjan\u00e7ant enlla\u00e7os amb el Lloc web de Ruta dels Indiketes.<\/p><p><strong>\u00daS DELS TRACKS (GPS)<\/strong><\/p><p>EL GESTOR DEL LLOC WEB no es fa responsable de l&#039;\u00fas dels tracks (GPS). Qualsevol que faci \u00fas i seguiment total o parcial dels tracks i de la informaci\u00f3 addicional, assumeix la plena responsabilitat davant dels riscos propis de la pr\u00e0ctica de l&#039;activitat, ja que aquesta informaci\u00f3 t\u00e9 \u00fanicament car\u00e0cter orientatiu.<\/p><p>Aquests tracks, aix\u00ed com els seus comentaris si n&#039;hi hagu\u00e9s, no pretenen ser una guia exhaustiva d&#039;una ruta a realitzar; tenen nom\u00e9s un car\u00e0cter informatiu. De vegades, aquests tracks no segueixen senders senyalitzats. \u00c9s responsabilitat de la persona que utilitzi aquesta informaci\u00f3 (i no del GESTOR DEL LLOC WEB), qualsevol accident que es pugui produir en el transcurs de les rutes suggerides.<\/p><p><strong>EXCLUSI\u00d3 DE GARANTIES I RESPONSABILITAT <\/strong><\/p><p>EL GESTOR DEL LLOC WEB ha adoptat totes les mesures tecnol\u00f2giques, necess\u00e0ries al lloc web, per evitar danys i perjudicis de qualsevol naturalesa que poguessin ocasionar, a t\u00edtol enunciatiu: errors o omissions en els continguts, manca de disponibilitat del lloc web o la transmissi\u00f3 de virus o programes maliciosos o lesius en els continguts o en les dades dels usuaris, i no es fa responsable si en algun moment una daquestes mesures falla com a conseq\u00fc\u00e8ncia dun \u00fas indegut i\/o abusiu per part dun tercer.<\/p><p>L&#039;usuari haur\u00e0 d&#039;abstenir-se en tot moment de suprimir, alterar, eludir o manipular qualsevol dispositiu de protecci\u00f3 o sistema de seguretat que estigu\u00e9s instal\u00b7lat al lloc web.<\/p><p><strong>MODIFICACIONS <\/strong><\/p><p>EL GESTOR DEL LLOC WEB es reserva el dret d&#039;efectuar, sense previ av\u00eds, les modificacions que consideri oportunes al lloc web, podent canviar, suprimir o afegir tant els continguts i serveis que es prestin a trav\u00e9s d&#039;aquesta, com la forma en la que aquests apareguin presentats o localitzats, aix\u00ed com el disseny i estructura del mateix.<\/p><p><strong>ENLLA\u00c7OS <\/strong><\/p><p>EL GESTOR DEL LLOC WEB no t\u00e9 cap control sobre els enlla\u00e7os i\/o continguts externs que puguin existir al lloc web, per la qual cosa no se&#039;n fa responsable, ni garantir\u00e0 la disponibilitat t\u00e8cnica, qualitat, fiabilitat, exactitud, amplitud, veracitat o validesa de qualsevol material o informaci\u00f3 all\u00e0 continguda, i no seran entesos aquests enlla\u00e7os externs com una possible associaci\u00f3, fusi\u00f3, col\u00b7laboraci\u00f3 o participaci\u00f3 amb el titular i\/o responsable del domini web al qual estiguin associats.<\/p><p><strong>ENLLA\u00c7OS D&#039;AFILIATS <\/strong><\/p><p>Aquest lloc web t\u00e9 enlla\u00e7os d&#039;afiliaci\u00f3 cap a Amazon. Al moment de fer-hi clic s&#039;adre\u00e7ar\u00e0 a la seva plataforma i de fer alguna compra, ser\u00e0 Amazon l&#039;encarregada de processar la compra, i EL GESTOR DEL LLOC WEB en la seva qualitat d&#039;afiliat, obtindr\u00e0 ingressos per les compres que siguin derivades per l&#039;\u00fas dels enlla\u00e7os que compleixin els requisits aplicables.<\/p><p><strong>DRET D&#039;EXCLUSI\u00d3<\/strong><\/p><p>EL GESTOR DEL LLOC WEB es reserva el dret a denegar o retirar l&#039;acc\u00e9s al lloc web i\/o als serveis oferts sense necessitat de preav\u00eds, a inst\u00e0ncia pr\u00f2pia o d&#039;un tercer, a aquells usuaris que incompleixin aquests termes i condicions.<\/p><p><strong>GARANT\u00cdA DE RESULTATS <\/strong><\/p><p>EL GESTOR DEL LLOC WEB no es far\u00e0 responsable per l&#039;\u00e8xit o el frac\u00e0s dels usuaris en l&#039;aplicaci\u00f3 de la informaci\u00f3 que rebin del lloc web o dels serveis que ofereix EL GESTOR DEL LLOC WEB. L&#039;usuari ser\u00e0 l&#039;\u00fanic responsable per l&#039;aplicaci\u00f3 del que s&#039;ha apr\u00e8s amb el material subministrat pel GESTOR DEL LLOC WEB.<\/p><p>Els continguts que se subministren, s&#039;imparteixen de manera informativa, no volent en cap moment EL GESTOR DEL LLOC WEB substituir alguna assessoria professional personalitzada que l&#039;usuari, client o participant requereixi en un tema determinat, i no es far\u00e0 responsable dels problemes que pugui tenir aquest per un \u00fas, correcte o no, de la informaci\u00f3 subministrada o per no tenir en compte problemes de salut, ideol\u00f2gics, econ\u00f2mics o de qualsevol altra \u00edndole que poguessin ser afectats pel contingut que es trobi de forma gratu\u00efta o no exposat dins del lloc web.<\/p><p><strong>RESOLUCI\u00d3 DE LITIGIS EN L\u00cdNIA <\/strong><\/p><p>L&#039;usuari o client podran escriure a <u>idealproducts.sl@gmail.com<\/u> per resoldre qualsevol problema que tingui amb el lloc web o amb el servei prestat.<\/p><p>Tamb\u00e9 podreu utilitzar la plataforma europea de Resoluci\u00f3 de Litigis a L\u00ednia aqu\u00ed: http:\/\/ec.europa.eu\/consumers\/odr.<\/p><p style=\"text-align: center;\"><strong>MODIFICACI\u00d3 DEL PRESENT AV\u00cdS LEGAL I DURADA<\/strong><\/p><p>EL GESTOR DEL LLOC WEB podr\u00e0 modificar, en qualsevol moment, els termes i condicions aqu\u00ed exposades, sense previ av\u00eds i estaran vigents mentre es trobin degudament publicades.<\/p><p><strong>ACCIONS LEGALS<\/strong><\/p><p>EL GESTOR DEL LLOC WEB pot, en qualsevol moment, exercir accions legals de car\u00e0cter civil o penal, contra qualsevol persona que faci un \u00fas indegut del contingut exposat al lloc web, o per incomplir amb aquests termes i condicions. S&#039;aplicar\u00e0 en tot moment la legislaci\u00f3 del territori d&#039;ESPANYA i en cas d&#039;algun conflicte, les parts se sotmetran a la jurisdicci\u00f3 de la teva Figueres, Espanya, perqu\u00e8 \u00e9s el domicili del titular del lloc web.<\/p>\t\t\t\t\t\t\t\t<\/div>\n\t\t\t\t<\/div>\n\t\t\t\t\t<\/div>\n\t\t<\/div>\n\t\t\t\t\t<\/div>\n\t\t<\/section>\n\t\t\t\t<\/div>","protected":false},"excerpt":{"rendered":"<p>DATOS IDENTIFICATIVOS De acuerdo con la exigencia legal establecida, se cumple con la obligaci\u00f3n de informar a todos los usuarios e interesados que la responsabilidad y titularidad del dominio web https:\/\/50cumplea\u00f1os.com, as\u00ed como las redes sociales y el sitio web asociadas, en lo adelante el \u201csitio web\u201d le pertenecen a IDEAL PRODUCTS EXPRESS, S.L. NIF [&hellip;]<\/p>","protected":false},"author":1,"featured_media":0,"parent":0,"menu_order":0,"comment_status":"closed","ping_status":"closed","template":"elementor_header_footer","meta":{"footnotes":""},"class_list":["post-28","page","type-page","status-publish","hentry"],"yoast_head":"<!-- This site is optimized with the Yoast SEO plugin v27.2 - https:\/\/yoast.com\/product\/yoast-seo-wordpress\/ -->\n<title>Aviso legal-Ruta dels Indiketes<\/title>\n<meta name=\"robots\" content=\"noindex, follow\" \/>\n<meta property=\"og:locale\" content=\"ca_ES\" \/>\n<meta property=\"og:type\" content=\"article\" \/>\n<meta property=\"og:title\" content=\"Aviso legal-Ruta dels Indiketes\" \/>\n<meta property=\"og:description\" content=\"DATOS IDENTIFICATIVOS De acuerdo con la exigencia legal establecida, se cumple con la obligaci\u00f3n de informar a todos los usuarios e interesados que la responsabilidad y titularidad del dominio web https:\/\/50cumplea\u00f1os.com, as\u00ed como las redes sociales y el sitio web asociadas, en lo adelante el \u201csitio web\u201d le pertenecen a IDEAL PRODUCTS EXPRESS, S.L. NIF [&hellip;]\" \/>\n<meta property=\"og:url\" content=\"https:\/\/www.rutadelsindiketes.com\/ca\/avis-legal-2\/\" \/>\n<meta property=\"og:site_name\" content=\"Ruta dels Indiketes\" \/>\n<meta property=\"article:modified_time\" content=\"2023-01-23T19:04:13+00:00\" \/>\n<meta name=\"twitter:card\" content=\"summary_large_image\" \/>\n<meta name=\"twitter:label1\" content=\"Temps estimat de lectura\" \/>\n\t<meta name=\"twitter:data1\" content=\"8 minuts\" \/>\n<script type=\"application\/ld+json\" class=\"yoast-schema-graph\">{\"@context\":\"https:\/\/schema.org\",\"@graph\":[{\"@type\":\"WebPage\",\"@id\":\"https:\/\/www.rutadelsindiketes.com\/aviso-legal-2\/\",\"url\":\"https:\/\/www.rutadelsindiketes.com\/aviso-legal-2\/\",\"name\":\"Aviso legal-Ruta dels Indiketes\",\"isPartOf\":{\"@id\":\"https:\/\/www.rutadelsindiketes.com\/#website\"},\"datePublished\":\"2021-03-10T19:01:28+00:00\",\"dateModified\":\"2023-01-23T19:04:13+00:00\",\"breadcrumb\":{\"@id\":\"https:\/\/www.rutadelsindiketes.com\/aviso-legal-2\/#breadcrumb\"},\"inLanguage\":\"ca\",\"potentialAction\":[{\"@type\":\"ReadAction\",\"target\":[\"https:\/\/www.rutadelsindiketes.com\/aviso-legal-2\/\"]}]},{\"@type\":\"BreadcrumbList\",\"@id\":\"https:\/\/www.rutadelsindiketes.com\/aviso-legal-2\/#breadcrumb\",\"itemListElement\":[{\"@type\":\"ListItem\",\"position\":1,\"name\":\"Portada\",\"item\":\"https:\/\/www.rutadelsindiketes.com\/ca\/\"},{\"@type\":\"ListItem\",\"position\":2,\"name\":\"Aviso legal\"}]},{\"@type\":\"WebSite\",\"@id\":\"https:\/\/www.rutadelsindiketes.com\/#website\",\"url\":\"https:\/\/www.rutadelsindiketes.com\/\",\"name\":\"Ruta dels Indiketes\",\"description\":\"S&oacute;lo otro sitio de WordPress\",\"potentialAction\":[{\"@type\":\"SearchAction\",\"target\":{\"@type\":\"EntryPoint\",\"urlTemplate\":\"https:\/\/www.rutadelsindiketes.com\/?s={search_term_string}\"},\"query-input\":{\"@type\":\"PropertyValueSpecification\",\"valueRequired\":true,\"valueName\":\"search_term_string\"}}],\"inLanguage\":\"ca\"}]}<\/script>\n<!-- \/ Yoast SEO plugin. -->","yoast_head_json":{"title":"Aviso legal-Ruta dels Indiketes","robots":{"index":"noindex","follow":"follow"},"og_locale":"ca_ES","og_type":"article","og_title":"Aviso legal-Ruta dels Indiketes","og_description":"DATOS IDENTIFICATIVOS De acuerdo con la exigencia legal establecida, se cumple con la obligaci\u00f3n de informar a todos los usuarios e interesados que la responsabilidad y titularidad del dominio web https:\/\/50cumplea\u00f1os.com, as\u00ed como las redes sociales y el sitio web asociadas, en lo adelante el \u201csitio web\u201d le pertenecen a IDEAL PRODUCTS EXPRESS, S.L. NIF [&hellip;]","og_url":"https:\/\/www.rutadelsindiketes.com\/ca\/avis-legal-2\/","og_site_name":"Ruta dels Indiketes","article_modified_time":"2023-01-23T19:04:13+00:00","twitter_card":"summary_large_image","twitter_misc":{"Temps estimat de lectura":"8 minuts"},"schema":{"@context":"https:\/\/schema.org","@graph":[{"@type":"WebPage","@id":"https:\/\/www.rutadelsindiketes.com\/aviso-legal-2\/","url":"https:\/\/www.rutadelsindiketes.com\/aviso-legal-2\/","name":"Aviso legal-Ruta dels Indiketes","isPartOf":{"@id":"https:\/\/www.rutadelsindiketes.com\/#website"},"datePublished":"2021-03-10T19:01:28+00:00","dateModified":"2023-01-23T19:04:13+00:00","breadcrumb":{"@id":"https:\/\/www.rutadelsindiketes.com\/aviso-legal-2\/#breadcrumb"},"inLanguage":"ca","potentialAction":[{"@type":"ReadAction","target":["https:\/\/www.rutadelsindiketes.com\/aviso-legal-2\/"]}]},{"@type":"BreadcrumbList","@id":"https:\/\/www.rutadelsindiketes.com\/aviso-legal-2\/#breadcrumb","itemListElement":[{"@type":"ListItem","position":1,"name":"Portada","item":"https:\/\/www.rutadelsindiketes.com\/ca\/"},{"@type":"ListItem","position":2,"name":"Aviso legal"}]},{"@type":"WebSite","@id":"https:\/\/www.rutadelsindiketes.com\/#website","url":"https:\/\/www.rutadelsindiketes.com\/","name":"Ruta dels Indiketes","description":"S&oacute;lo otro sitio de WordPress","potentialAction":[{"@type":"SearchAction","target":{"@type":"EntryPoint","urlTemplate":"https:\/\/www.rutadelsindiketes.com\/?s={search_term_string}"},"query-input":{"@type":"PropertyValueSpecification","valueRequired":true,"valueName":"search_term_string"}}],"inLanguage":"ca"}]}},"_links":{"self":[{"href":"https:\/\/www.rutadelsindiketes.com\/ca\/wp-json\/wp\/v2\/pages\/28","targetHints":{"allow":["GET"]}}],"collection":[{"href":"https:\/\/www.rutadelsindiketes.com\/ca\/wp-json\/wp\/v2\/pages"}],"about":[{"href":"https:\/\/www.rutadelsindiketes.com\/ca\/wp-json\/wp\/v2\/types\/page"}],"author":[{"embeddable":true,"href":"https:\/\/www.rutadelsindiketes.com\/ca\/wp-json\/wp\/v2\/users\/1"}],"replies":[{"embeddable":true,"href":"https:\/\/www.rutadelsindiketes.com\/ca\/wp-json\/wp\/v2\/comments?post=28"}],"version-history":[{"count":16,"href":"https:\/\/www.rutadelsindiketes.com\/ca\/wp-json\/wp\/v2\/pages\/28\/revisions"}],"predecessor-version":[{"id":2423,"href":"https:\/\/www.rutadelsindiketes.com\/ca\/wp-json\/wp\/v2\/pages\/28\/revisions\/2423"}],"wp:attachment":[{"href":"https:\/\/www.rutadelsindiketes.com\/ca\/wp-json\/wp\/v2\/media?parent=28"}],"curies":[{"name":"wp","href":"https:\/\/api.w.org\/{rel}","templated":true}]}}