{"id":1240,"date":"2022-12-13T15:21:24","date_gmt":"2022-12-13T14:21:24","guid":{"rendered":"https:\/\/www.rutadelsindiketes.com\/?page_id=1240"},"modified":"2024-05-16T17:41:25","modified_gmt":"2024-05-16T15:41:25","slug":"etapa-4-castello-dempuries-lescala","status":"publish","type":"page","link":"https:\/\/www.rutadelsindiketes.com\/de\/etappe-4-kastell-dempuries-lescala\/","title":{"rendered":"Etappe 4 - Castell\u00f3 d'Emp\u00faries - L'Escala"},"content":{"rendered":"<div data-elementor-type=\"wp-page\" data-elementor-id=\"1240\" class=\"elementor elementor-1240\" data-elementor-post-type=\"page\">\n\t\t\t\t\t\t<section class=\"elementor-section elementor-top-section elementor-element elementor-element-4161d5af elementor-section-height-min-height elementor-section-content-middle elementor-section-boxed elementor-section-height-default elementor-section-items-middle\" data-id=\"4161d5af\" data-element_type=\"section\" data-e-type=\"section\" id=\"entrada\" data-settings=\"{&quot;background_background&quot;:&quot;classic&quot;}\">\n\t\t\t\t\t\t\t<div class=\"elementor-background-overlay\"><\/div>\n\t\t\t\t\t\t\t<div class=\"elementor-container elementor-column-gap-default\">\n\t\t\t\t\t<div class=\"elementor-column elementor-col-100 elementor-top-column elementor-element elementor-element-250f815b\" data-id=\"250f815b\" data-element_type=\"column\" data-e-type=\"column\" data-settings=\"{&quot;background_background&quot;:&quot;classic&quot;}\">\n\t\t\t<div class=\"elementor-widget-wrap elementor-element-populated\">\n\t\t\t\t\t<div class=\"elementor-background-overlay\"><\/div>\n\t\t\t\t\t\t<div class=\"elementor-element elementor-element-8c5db87 elementor-widget elementor-widget-heading\" data-id=\"8c5db87\" data-element_type=\"widget\" data-e-type=\"widget\" data-widget_type=\"heading.default\">\n\t\t\t\t<div class=\"elementor-widget-container\">\n\t\t\t\t\t<h1 class=\"elementor-heading-title elementor-size-default\">ETAPPE 4<\/h1>\t\t\t\t<\/div>\n\t\t\t\t<\/div>\n\t\t\t\t<div class=\"elementor-element elementor-element-8501329 elementor-widget elementor-widget-heading\" data-id=\"8501329\" data-element_type=\"widget\" data-e-type=\"widget\" data-widget_type=\"heading.default\">\n\t\t\t\t<div class=\"elementor-widget-container\">\n\t\t\t\t\t<h2 class=\"elementor-heading-title elementor-size-default\">CASTELL\u00d3 D'EMP\u00daRIES - L'ESCALA<\/h2>\t\t\t\t<\/div>\n\t\t\t\t<\/div>\n\t\t\t\t<div class=\"elementor-element elementor-element-cc4a6ba elementor-widget elementor-widget-spacer\" data-id=\"cc4a6ba\" data-element_type=\"widget\" data-e-type=\"widget\" data-widget_type=\"spacer.default\">\n\t\t\t\t<div class=\"elementor-widget-container\">\n\t\t\t\t\t\t\t<div class=\"elementor-spacer\">\n\t\t\t<div class=\"elementor-spacer-inner\"><\/div>\n\t\t<\/div>\n\t\t\t\t\t\t<\/div>\n\t\t\t\t<\/div>\n\t\t\t\t<div class=\"elementor-element elementor-element-4863b3f6 elementor-icon-list--layout-inline elementor-align-center elementor-list-item-link-full_width elementor-widget elementor-widget-icon-list\" data-id=\"4863b3f6\" data-element_type=\"widget\" data-e-type=\"widget\" data-widget_type=\"icon-list.default\">\n\t\t\t\t<div class=\"elementor-widget-container\">\n\t\t\t\t\t\t\t<ul class=\"elementor-icon-list-items elementor-inline-items\">\n\t\t\t\t\t\t\t<li class=\"elementor-icon-list-item elementor-inline-item\">\n\t\t\t\t\t\t\t\t\t\t\t<span class=\"elementor-icon-list-icon\">\n\t\t\t\t\t\t\t<svg aria-hidden=\"true\" class=\"e-font-icon-svg e-fas-ruler\" viewbox=\"0 0 640 512\" xmlns=\"http:\/\/www.w3.org\/2000\/svg\"><path d=\"M635.7 167.2L556.1 31.7c-8.8-15-28.3-20.1-43.5-11.5l-69 39.1L503.3 161c2.2 3.8.9 8.5-2.9 10.7l-13.8 7.8c-3.8 2.2-8.7.9-10.9-2.9L416 75l-55.2 31.3 27.9 47.4c2.2 3.8.9 8.5-2.9 10.7l-13.8 7.8c-3.8 2.2-8.7.9-10.9-2.9L333.2 122 278 153.3 337.8 255c2.2 3.7.9 8.5-2.9 10.7l-13.8 7.8c-3.8 2.2-8.7.9-10.9-2.9l-59.7-101.7-55.2 31.3 27.9 47.4c2.2 3.8.9 8.5-2.9 10.7l-13.8 7.8c-3.8 2.2-8.7.9-10.9-2.9l-27.9-47.5-55.2 31.3 59.7 101.7c2.2 3.7.9 8.5-2.9 10.7l-13.8 7.8c-3.8 2.2-8.7.9-10.9-2.9L84.9 262.9l-69 39.1C.7 310.7-4.6 329.8 4.2 344.8l79.6 135.6c8.8 15 28.3 20.1 43.5 11.5L624.1 210c15.2-8.6 20.4-27.8 11.6-42.8z\"><\/path><\/svg>\t\t\t\t\t\t<\/span>\n\t\t\t\t\t\t\t\t\t\t<span class=\"elementor-icon-list-text\">Strecke: 25 km <\/span>\n\t\t\t\t\t\t\t\t\t<\/li>\n\t\t\t\t\t\t\t\t<li class=\"elementor-icon-list-item elementor-inline-item\">\n\t\t\t\t\t\t\t\t\t\t\t<span class=\"elementor-icon-list-icon\">\n\t\t\t\t\t\t\t<svg aria-hidden=\"true\" class=\"e-font-icon-svg e-fas-trophy\" viewbox=\"0 0 576 512\" xmlns=\"http:\/\/www.w3.org\/2000\/svg\"><path d=\"M552 64H448V24c0-13.3-10.7-24-24-24H152c-13.3 0-24 10.7-24 24v40H24C10.7 64 0 74.7 0 88v56c0 35.7 22.5 72.4 61.9 100.7 31.5 22.7 69.8 37.1 110 41.7C203.3 338.5 240 360 240 360v72h-48c-35.3 0-64 20.7-64 56v12c0 6.6 5.4 12 12 12h296c6.6 0 12-5.4 12-12v-12c0-35.3-28.7-56-64-56h-48v-72s36.7-21.5 68.1-73.6c40.3-4.6 78.6-19 110-41.7 39.3-28.3 61.9-65 61.9-100.7V88c0-13.3-10.7-24-24-24zM99.3 192.8C74.9 175.2 64 155.6 64 144v-16h64.2c1 32.6 5.8 61.2 12.8 86.2-15.1-5.2-29.2-12.4-41.7-21.4zM512 144c0 16.1-17.7 36.1-35.3 48.8-12.5 9-26.7 16.2-41.8 21.4 7-25 11.8-53.6 12.8-86.2H512v16z\"><\/path><\/svg>\t\t\t\t\t\t<\/span>\n\t\t\t\t\t\t\t\t\t\t<span class=\"elementor-icon-list-text\">Schwierigkeitsgrad: SEHR LEICHT<\/span>\n\t\t\t\t\t\t\t\t\t<\/li>\n\t\t\t\t\t\t\t\t<li class=\"elementor-icon-list-item elementor-inline-item\">\n\t\t\t\t\t\t\t\t\t\t\t<span class=\"elementor-icon-list-icon\">\n\t\t\t\t\t\t\t<svg aria-hidden=\"true\" class=\"e-font-icon-svg e-fas-sort-amount-up-alt\" viewbox=\"0 0 512 512\" xmlns=\"http:\/\/www.w3.org\/2000\/svg\"><path d=\"M240 96h64a16 16 0 0 0 16-16V48a16 16 0 0 0-16-16h-64a16 16 0 0 0-16 16v32a16 16 0 0 0 16 16zm0 128h128a16 16 0 0 0 16-16v-32a16 16 0 0 0-16-16H240a16 16 0 0 0-16 16v32a16 16 0 0 0 16 16zm256 192H240a16 16 0 0 0-16 16v32a16 16 0 0 0 16 16h256a16 16 0 0 0 16-16v-32a16 16 0 0 0-16-16zm-256-64h192a16 16 0 0 0 16-16v-32a16 16 0 0 0-16-16H240a16 16 0 0 0-16 16v32a16 16 0 0 0 16 16zM16 160h48v304a16 16 0 0 0 16 16h32a16 16 0 0 0 16-16V160h48c14.21 0 21.39-17.24 11.31-27.31l-80-96a16 16 0 0 0-22.62 0l-80 96C-5.35 142.74 1.78 160 16 160z\"><\/path><\/svg>\t\t\t\t\t\t<\/span>\n\t\t\t\t\t\t\t\t\t\t<span class=\"elementor-icon-list-text\">H\u00f6he max: 34<\/span>\n\t\t\t\t\t\t\t\t\t<\/li>\n\t\t\t\t\t\t\t\t<li class=\"elementor-icon-list-item elementor-inline-item\">\n\t\t\t\t\t\t\t\t\t\t\t<span class=\"elementor-icon-list-icon\">\n\t\t\t\t\t\t\t<svg aria-hidden=\"true\" class=\"e-font-icon-svg e-fas-sort-amount-down-alt\" viewbox=\"0 0 512 512\" xmlns=\"http:\/\/www.w3.org\/2000\/svg\"><path d=\"M240 96h64a16 16 0 0 0 16-16V48a16 16 0 0 0-16-16h-64a16 16 0 0 0-16 16v32a16 16 0 0 0 16 16zm0 128h128a16 16 0 0 0 16-16v-32a16 16 0 0 0-16-16H240a16 16 0 0 0-16 16v32a16 16 0 0 0 16 16zm256 192H240a16 16 0 0 0-16 16v32a16 16 0 0 0 16 16h256a16 16 0 0 0 16-16v-32a16 16 0 0 0-16-16zm-256-64h192a16 16 0 0 0 16-16v-32a16 16 0 0 0-16-16H240a16 16 0 0 0-16 16v32a16 16 0 0 0 16 16zm-64 0h-48V48a16 16 0 0 0-16-16H80a16 16 0 0 0-16 16v304H16c-14.19 0-21.37 17.24-11.29 27.31l80 96a16 16 0 0 0 22.62 0l80-96C197.35 369.26 190.22 352 176 352z\"><\/path><\/svg>\t\t\t\t\t\t<\/span>\n\t\t\t\t\t\t\t\t\t\t<span class=\"elementor-icon-list-text\">H\u00f6he min: 1<\/span>\n\t\t\t\t\t\t\t\t\t<\/li>\n\t\t\t\t\t\t\t\t<li class=\"elementor-icon-list-item elementor-inline-item\">\n\t\t\t\t\t\t\t\t\t\t\t<span class=\"elementor-icon-list-icon\">\n\t\t\t\t\t\t\t<svg aria-hidden=\"true\" class=\"e-font-icon-svg e-fas-slash\" viewbox=\"0 0 640 512\" xmlns=\"http:\/\/www.w3.org\/2000\/svg\"><path d=\"M594.53 508.63L6.18 53.9c-6.97-5.42-8.23-15.47-2.81-22.45L23.01 6.18C28.43-.8 38.49-2.06 45.47 3.37L633.82 458.1c6.97 5.42 8.23 15.47 2.81 22.45l-19.64 25.27c-5.42 6.98-15.48 8.23-22.46 2.81z\"><\/path><\/svg>\t\t\t\t\t\t<\/span>\n\t\t\t\t\t\t\t\t\t\t<span class=\"elementor-icon-list-text\">Aufstieg: 192<\/span>\n\t\t\t\t\t\t\t\t\t<\/li>\n\t\t\t\t\t\t\t\t<li class=\"elementor-icon-list-item elementor-inline-item\">\n\t\t\t\t\t\t\t\t\t\t\t<span class=\"elementor-icon-list-icon\">\n\t\t\t\t\t\t\t<svg aria-hidden=\"true\" class=\"e-font-icon-svg e-fas-slash\" viewbox=\"0 0 640 512\" xmlns=\"http:\/\/www.w3.org\/2000\/svg\"><path d=\"M594.53 508.63L6.18 53.9c-6.97-5.42-8.23-15.47-2.81-22.45L23.01 6.18C28.43-.8 38.49-2.06 45.47 3.37L633.82 458.1c6.97 5.42 8.23 15.47 2.81 22.45l-19.64 25.27c-5.42 6.98-15.48 8.23-22.46 2.81z\"><\/path><\/svg>\t\t\t\t\t\t<\/span>\n\t\t\t\t\t\t\t\t\t\t<span class=\"elementor-icon-list-text\">Abstieg: 193<\/span>\n\t\t\t\t\t\t\t\t\t<\/li>\n\t\t\t\t\t\t<\/ul>\n\t\t\t\t\t\t<\/div>\n\t\t\t\t<\/div>\n\t\t\t\t<div class=\"elementor-element elementor-element-80428c6 elementor-widget elementor-widget-image\" data-id=\"80428c6\" data-element_type=\"widget\" data-e-type=\"widget\" data-widget_type=\"image.default\">\n\t\t\t\t<div class=\"elementor-widget-container\">\n\t\t\t\t\t\t\t\t\t\t\t\t\t\t\t\t<a href=\"https:\/\/www.rutadelsindiketes.com\/wp-content\/uploads\/2024\/05\/Perfil-etapa-4.png\" data-elementor-open-lightbox=\"yes\" data-elementor-lightbox-title=\"Perfil etapa 4\" data-e-action-hash=\"#elementor-action%3Aaction%3Dlightbox%26settings%3DeyJpZCI6NDU2NiwidXJsIjoiaHR0cHM6XC9cL3d3dy5ydXRhZGVsc2luZGlrZXRlcy5jb21cL3dwLWNvbnRlbnRcL3VwbG9hZHNcLzIwMjRcLzA1XC9QZXJmaWwtZXRhcGEtNC5wbmcifQ%3D%3D\">\n\t\t\t\t\t\t\t<img fetchpriority=\"high\" decoding=\"async\" width=\"800\" height=\"248\" src=\"https:\/\/www.rutadelsindiketes.com\/wp-content\/uploads\/2024\/05\/Perfil-etapa-4-1024x318.png\" class=\"attachment-large size-large wp-image-4566\" alt=\"\" srcset=\"https:\/\/www.rutadelsindiketes.com\/wp-content\/uploads\/2024\/05\/Perfil-etapa-4-1024x318.png 1024w, https:\/\/www.rutadelsindiketes.com\/wp-content\/uploads\/2024\/05\/Perfil-etapa-4-300x93.png 300w, https:\/\/www.rutadelsindiketes.com\/wp-content\/uploads\/2024\/05\/Perfil-etapa-4-768x238.png 768w, https:\/\/www.rutadelsindiketes.com\/wp-content\/uploads\/2024\/05\/Perfil-etapa-4-18x6.png 18w, https:\/\/www.rutadelsindiketes.com\/wp-content\/uploads\/2024\/05\/Perfil-etapa-4.png 1160w\" sizes=\"(max-width: 800px) 100vw, 800px\" \/>\t\t\t\t\t\t\t\t<\/a>\n\t\t\t\t\t\t\t\t\t\t\t\t\t\t\t<\/div>\n\t\t\t\t<\/div>\n\t\t\t\t\t<\/div>\n\t\t<\/div>\n\t\t\t\t\t<\/div>\n\t\t<\/section>\n\t\t\t\t<section class=\"elementor-section elementor-top-section elementor-element elementor-element-77174f7 elementor-section-boxed elementor-section-height-default elementor-section-height-default\" data-id=\"77174f7\" data-element_type=\"section\" data-e-type=\"section\">\n\t\t\t\t\t\t<div class=\"elementor-container elementor-column-gap-default\">\n\t\t\t\t\t<div class=\"elementor-column elementor-col-100 elementor-top-column elementor-element elementor-element-d2b5570\" data-id=\"d2b5570\" data-element_type=\"column\" data-e-type=\"column\">\n\t\t\t<div class=\"elementor-widget-wrap elementor-element-populated\">\n\t\t\t\t\t\t<div class=\"elementor-element elementor-element-9a1b656 elementor-align-center elementor-widget__width-auto elementor-widget elementor-widget-button\" data-id=\"9a1b656\" data-element_type=\"widget\" data-e-type=\"widget\" data-widget_type=\"button.default\">\n\t\t\t\t<div class=\"elementor-widget-container\">\n\t\t\t\t\t\t\t\t\t<div class=\"elementor-button-wrapper\">\n\t\t\t\t\t<a class=\"elementor-button elementor-button-link elementor-size-sm\" href=\"https:\/\/www.rutadelsindiketes.com\/wp-content\/uploads\/2023\/05\/Castello-dEmpuries-a-LEscala.gpx\">\n\t\t\t\t\t\t<span class=\"elementor-button-content-wrapper\">\n\t\t\t\t\t\t<span class=\"elementor-button-icon\">\n\t\t\t\t<svg aria-hidden=\"true\" class=\"e-font-icon-svg e-fas-route\" viewbox=\"0 0 512 512\" xmlns=\"http:\/\/www.w3.org\/2000\/svg\"><path d=\"M416 320h-96c-17.6 0-32-14.4-32-32s14.4-32 32-32h96s96-107 96-160-43-96-96-96-96 43-96 96c0 25.5 22.2 63.4 45.3 96H320c-52.9 0-96 43.1-96 96s43.1 96 96 96h96c17.6 0 32 14.4 32 32s-14.4 32-32 32H185.5c-16 24.8-33.8 47.7-47.3 64H416c52.9 0 96-43.1 96-96s-43.1-96-96-96zm0-256c17.7 0 32 14.3 32 32s-14.3 32-32 32-32-14.3-32-32 14.3-32 32-32zM96 256c-53 0-96 43-96 96s96 160 96 160 96-107 96-160-43-96-96-96zm0 128c-17.7 0-32-14.3-32-32s14.3-32 32-32 32 14.3 32 32-14.3 32-32 32z\"><\/path><\/svg>\t\t\t<\/span>\n\t\t\t\t\t\t\t\t\t<span class=\"elementor-button-text\">GPX<\/span>\n\t\t\t\t\t<\/span>\n\t\t\t\t\t<\/a>\n\t\t\t\t<\/div>\n\t\t\t\t\t\t\t\t<\/div>\n\t\t\t\t<\/div>\n\t\t\t\t\t<\/div>\n\t\t<\/div>\n\t\t\t\t\t<\/div>\n\t\t<\/section>\n\t\t\t\t<section class=\"elementor-section elementor-top-section elementor-element elementor-element-ec96f5a elementor-section-boxed elementor-section-height-default elementor-section-height-default\" data-id=\"ec96f5a\" data-element_type=\"section\" data-e-type=\"section\">\n\t\t\t\t\t\t<div class=\"elementor-container elementor-column-gap-default\">\n\t\t\t\t\t<div class=\"elementor-column elementor-col-100 elementor-top-column elementor-element elementor-element-725db9d\" data-id=\"725db9d\" data-element_type=\"column\" data-e-type=\"column\">\n\t\t\t<div class=\"elementor-widget-wrap elementor-element-populated\">\n\t\t\t\t\t\t<div class=\"elementor-element elementor-element-224bf89 elementor-widget elementor-widget-heading\" data-id=\"224bf89\" data-element_type=\"widget\" data-e-type=\"widget\" data-widget_type=\"heading.default\">\n\t\t\t\t<div class=\"elementor-widget-container\">\n\t\t\t\t\t<h2 class=\"elementor-heading-title elementor-size-large\"><br>Etappe 4: Castell\u00f3 d'Emp\u00faries - L'Escala<br><\/h2>\t\t\t\t<\/div>\n\t\t\t\t<\/div>\n\t\t\t\t<div class=\"elementor-element elementor-element-6b3b62c elementor-widget elementor-widget-image\" data-id=\"6b3b62c\" data-element_type=\"widget\" data-e-type=\"widget\" data-widget_type=\"image.default\">\n\t\t\t\t<div class=\"elementor-widget-container\">\n\t\t\t\t\t\t\t\t\t\t\t\t\t\t\t\t<a href=\"https:\/\/www.rutadelsindiketes.com\/wp-content\/uploads\/2022\/12\/mapa-etapa-4.png\" data-elementor-open-lightbox=\"yes\" data-elementor-lightbox-title=\"mapa etapa 4\" data-e-action-hash=\"#elementor-action%3Aaction%3Dlightbox%26settings%3DeyJpZCI6MTYwMCwidXJsIjoiaHR0cHM6XC9cL3d3dy5ydXRhZGVsc2luZGlrZXRlcy5jb21cL3dwLWNvbnRlbnRcL3VwbG9hZHNcLzIwMjJcLzEyXC9tYXBhLWV0YXBhLTQucG5nIn0%3D\">\n\t\t\t\t\t\t\t<img decoding=\"async\" width=\"634\" height=\"735\" src=\"https:\/\/www.rutadelsindiketes.com\/wp-content\/uploads\/2022\/12\/mapa-etapa-4.png\" class=\"attachment-large size-large wp-image-1600\" alt=\"\" srcset=\"https:\/\/www.rutadelsindiketes.com\/wp-content\/uploads\/2022\/12\/mapa-etapa-4.png 634w, https:\/\/www.rutadelsindiketes.com\/wp-content\/uploads\/2022\/12\/mapa-etapa-4-259x300.png 259w\" sizes=\"(max-width: 634px) 100vw, 634px\" \/>\t\t\t\t\t\t\t\t<\/a>\n\t\t\t\t\t\t\t\t\t\t\t\t\t\t\t<\/div>\n\t\t\t\t<\/div>\n\t\t\t\t\t<\/div>\n\t\t<\/div>\n\t\t\t\t\t<\/div>\n\t\t<\/section>\n\t\t<div class=\"elementor-element elementor-element-5171fcb9 e-flex e-con-boxed e-con e-parent\" data-id=\"5171fcb9\" data-element_type=\"container\" data-e-type=\"container\">\n\t\t\t\t\t<div class=\"e-con-inner\">\n\t\t\t\t<div class=\"elementor-element elementor-element-20a09a15 elementor-widget elementor-widget-text-editor\" data-id=\"20a09a15\" data-element_type=\"widget\" data-e-type=\"widget\" data-widget_type=\"text-editor.default\">\n\t\t\t\t<div class=\"elementor-widget-container\">\n\t\t\t\t\t\t\t\t\t<p>Wir gehen vor der Basilika Santa Maria los und durchqueren die Altstadt oder die Carrer de les Gallines in beiden F\u00e4llen in Richtung der mittelalterlichen Br\u00fccke (Pont Vell) aus dem 13. Jahrhundert, die den Fluss La Muga \u00fcberquerte. Jahrhundert, die den Fluss La Muga \u00fcberquerte. Wenn Sie diese Br\u00fccke gesehen haben, ohne sie zu \u00fcberqueren, gehen Sie nach links die von B\u00e4umen ges\u00e4umte Promenade (Passeig de les Oques) entlang, die etwa 750 Meter lang ist.<\/p>\t\t\t\t\t\t\t\t<\/div>\n\t\t\t\t<\/div>\n\t\t\t\t\t<\/div>\n\t\t\t\t<\/div>\n\t\t<div class=\"elementor-element elementor-element-69de6edf e-flex e-con-boxed e-con e-parent\" data-id=\"69de6edf\" data-element_type=\"container\" data-e-type=\"container\">\n\t\t\t\t\t<div class=\"e-con-inner\">\n\t\t\t\t<div class=\"elementor-element elementor-element-5f2c21d4 elementor-widget elementor-widget-text-editor\" data-id=\"5f2c21d4\" data-element_type=\"widget\" data-e-type=\"widget\" data-widget_type=\"text-editor.default\">\n\t\t\t\t<div class=\"elementor-widget-container\">\n\t\t\t\t\t\t\t\t\t<p>Wir unterqueren die Stra\u00dfe und fahren 2,7 Kilometer entlang des sogenannten \"Cam\u00ed Natural\", der an den Fluss Muga grenzt. Dann biegen wir scharf nach links ab, steigen zu einer Metallbr\u00fccke mit Holzschwellen auf und \u00fcberqueren den Fluss.<\/p>\t\t\t\t\t\t\t\t<\/div>\n\t\t\t\t<\/div>\n\t\t\t\t\t<\/div>\n\t\t\t\t<\/div>\n\t\t<div class=\"elementor-element elementor-element-49ce61b0 e-flex e-con-boxed e-con e-parent\" data-id=\"49ce61b0\" data-element_type=\"container\" data-e-type=\"container\">\n\t\t\t\t\t<div class=\"e-con-inner\">\n\t\t<div class=\"elementor-element elementor-element-2358d845 e-con-full e-flex e-con e-child\" data-id=\"2358d845\" data-element_type=\"container\" data-e-type=\"container\">\n\t\t\t\t<div class=\"elementor-element elementor-element-6298a3c1 elementor-widget elementor-widget-image\" data-id=\"6298a3c1\" data-element_type=\"widget\" data-e-type=\"widget\" data-widget_type=\"image.default\">\n\t\t\t\t<div class=\"elementor-widget-container\">\n\t\t\t\t\t\t\t\t\t\t\t\t\t\t\t<img decoding=\"async\" width=\"800\" height=\"600\" src=\"https:\/\/www.rutadelsindiketes.com\/wp-content\/uploads\/2022\/12\/1-1024x768.jpg\" class=\"attachment-large size-large wp-image-1496\" alt=\"\" srcset=\"https:\/\/www.rutadelsindiketes.com\/wp-content\/uploads\/2022\/12\/1-1024x768.jpg 1024w, https:\/\/www.rutadelsindiketes.com\/wp-content\/uploads\/2022\/12\/1-300x225.jpg 300w, https:\/\/www.rutadelsindiketes.com\/wp-content\/uploads\/2022\/12\/1-768x576.jpg 768w\" sizes=\"(max-width: 800px) 100vw, 800px\" \/>\t\t\t\t\t\t\t\t\t\t\t\t\t\t\t<\/div>\n\t\t\t\t<\/div>\n\t\t\t\t<\/div>\n\t\t<div class=\"elementor-element elementor-element-d2e32d3 e-con-full e-flex e-con e-child\" data-id=\"d2e32d3\" data-element_type=\"container\" data-e-type=\"container\">\n\t\t\t\t<div class=\"elementor-element elementor-element-3e2e8a19 elementor-widget elementor-widget-image\" data-id=\"3e2e8a19\" data-element_type=\"widget\" data-e-type=\"widget\" data-widget_type=\"image.default\">\n\t\t\t\t<div class=\"elementor-widget-container\">\n\t\t\t\t\t\t\t\t\t\t\t\t\t\t\t<img loading=\"lazy\" decoding=\"async\" width=\"800\" height=\"600\" src=\"https:\/\/www.rutadelsindiketes.com\/wp-content\/uploads\/2022\/12\/2-Castello-dEmpuries-Pas-per-sota-la-carretera-C-260-1024x768.jpg\" class=\"attachment-large size-large wp-image-1584\" alt=\"\" srcset=\"https:\/\/www.rutadelsindiketes.com\/wp-content\/uploads\/2022\/12\/2-Castello-dEmpuries-Pas-per-sota-la-carretera-C-260-1024x768.jpg 1024w, https:\/\/www.rutadelsindiketes.com\/wp-content\/uploads\/2022\/12\/2-Castello-dEmpuries-Pas-per-sota-la-carretera-C-260-300x225.jpg 300w, https:\/\/www.rutadelsindiketes.com\/wp-content\/uploads\/2022\/12\/2-Castello-dEmpuries-Pas-per-sota-la-carretera-C-260-768x576.jpg 768w, https:\/\/www.rutadelsindiketes.com\/wp-content\/uploads\/2022\/12\/2-Castello-dEmpuries-Pas-per-sota-la-carretera-C-260.jpg 1136w\" sizes=\"(max-width: 800px) 100vw, 800px\" \/>\t\t\t\t\t\t\t\t\t\t\t\t\t\t\t<\/div>\n\t\t\t\t<\/div>\n\t\t\t\t<\/div>\n\t\t\t\t\t<\/div>\n\t\t\t\t<\/div>\n\t\t<div class=\"elementor-element elementor-element-1443258 e-flex e-con-boxed e-con e-parent\" data-id=\"1443258\" data-element_type=\"container\" data-e-type=\"container\">\n\t\t\t\t\t<div class=\"e-con-inner\">\n\t\t\t\t<div class=\"elementor-element elementor-element-fdfaa1a elementor-widget elementor-widget-text-editor\" data-id=\"fdfaa1a\" data-element_type=\"widget\" data-e-type=\"widget\" data-widget_type=\"text-editor.default\">\n\t\t\t\t<div class=\"elementor-widget-container\">\n\t\t\t\t\t\t\t\t\t<p>Auf der anderen Seite des Flusses, vorbei an einer Wasseraufbereitungsanlage, betreten wir den Naturpark und fahren weiter entlang des sogenannten Cam\u00ed de la Platja de Can Comes, nach 3,8 Kilometern erreichen wir El Cortalet (Informationspunkt der Park Natural dels Aiguamolls de l'Empord\u00e0).<\/p>\t\t\t\t\t\t\t\t<\/div>\n\t\t\t\t<\/div>\n\t\t\t\t\t<\/div>\n\t\t\t\t<\/div>\n\t\t<div class=\"elementor-element elementor-element-7d02c357 e-flex e-con-boxed e-con e-parent\" data-id=\"7d02c357\" data-element_type=\"container\" data-e-type=\"container\">\n\t\t\t\t\t<div class=\"e-con-inner\">\n\t\t\t\t<div class=\"elementor-element elementor-element-6889ccbb elementor-widget elementor-widget-text-editor\" data-id=\"6889ccbb\" data-element_type=\"widget\" data-e-type=\"widget\" data-widget_type=\"text-editor.default\">\n\t\t\t\t<div class=\"elementor-widget-container\">\n\t\t\t\t\t\t\t\t\t<p>Dann geht es weiter auf dem Weg, der den Naturpark durchquert und den rot-wei\u00df gestrichenen Schildern des GR-92 folgt. Dieser Teil der Strecke muss zu Fu\u00df mit dem Fahrrad an der Seite zur\u00fcckgelegt werden (gem\u00e4\u00df den Vorschriften des Parks).<\/p>\t\t\t\t\t\t\t\t<\/div>\n\t\t\t\t<\/div>\n\t\t\t\t\t<\/div>\n\t\t\t\t<\/div>\n\t\t<div class=\"elementor-element elementor-element-268ba3ba e-flex e-con-boxed e-con e-parent\" data-id=\"268ba3ba\" data-element_type=\"container\" data-e-type=\"container\">\n\t\t\t\t\t<div class=\"e-con-inner\">\n\t\t<div class=\"elementor-element elementor-element-e4c858c e-con-full e-flex e-con e-child\" data-id=\"e4c858c\" data-element_type=\"container\" data-e-type=\"container\">\n\t\t\t\t<div class=\"elementor-element elementor-element-3876b146 elementor-widget elementor-widget-image\" data-id=\"3876b146\" data-element_type=\"widget\" data-e-type=\"widget\" data-widget_type=\"image.default\">\n\t\t\t\t<div class=\"elementor-widget-container\">\n\t\t\t\t\t\t\t\t\t\t\t\t\t\t\t<img loading=\"lazy\" decoding=\"async\" width=\"800\" height=\"600\" src=\"https:\/\/www.rutadelsindiketes.com\/wp-content\/uploads\/2022\/12\/3-El-Cortalet-circuleu-a-peu-1024x768.jpg\" class=\"attachment-large size-large wp-image-1585\" alt=\"\" srcset=\"https:\/\/www.rutadelsindiketes.com\/wp-content\/uploads\/2022\/12\/3-El-Cortalet-circuleu-a-peu-1024x768.jpg 1024w, https:\/\/www.rutadelsindiketes.com\/wp-content\/uploads\/2022\/12\/3-El-Cortalet-circuleu-a-peu-300x225.jpg 300w, https:\/\/www.rutadelsindiketes.com\/wp-content\/uploads\/2022\/12\/3-El-Cortalet-circuleu-a-peu-768x576.jpg 768w, https:\/\/www.rutadelsindiketes.com\/wp-content\/uploads\/2022\/12\/3-El-Cortalet-circuleu-a-peu.jpg 1136w\" sizes=\"(max-width: 800px) 100vw, 800px\" \/>\t\t\t\t\t\t\t\t\t\t\t\t\t\t\t<\/div>\n\t\t\t\t<\/div>\n\t\t\t\t<\/div>\n\t\t<div class=\"elementor-element elementor-element-6044a0ac e-con-full e-flex e-con e-child\" data-id=\"6044a0ac\" data-element_type=\"container\" data-e-type=\"container\">\n\t\t\t\t<div class=\"elementor-element elementor-element-6037dc13 elementor-widget elementor-widget-image\" data-id=\"6037dc13\" data-element_type=\"widget\" data-e-type=\"widget\" data-widget_type=\"image.default\">\n\t\t\t\t<div class=\"elementor-widget-container\">\n\t\t\t\t\t\t\t\t\t\t\t\t\t\t\t<img loading=\"lazy\" decoding=\"async\" width=\"800\" height=\"600\" src=\"https:\/\/www.rutadelsindiketes.com\/wp-content\/uploads\/2022\/12\/4-Interior-parc-natural-2-1024x768.jpg\" class=\"attachment-large size-large wp-image-1586\" alt=\"\" srcset=\"https:\/\/www.rutadelsindiketes.com\/wp-content\/uploads\/2022\/12\/4-Interior-parc-natural-2-1024x768.jpg 1024w, https:\/\/www.rutadelsindiketes.com\/wp-content\/uploads\/2022\/12\/4-Interior-parc-natural-2-300x225.jpg 300w, https:\/\/www.rutadelsindiketes.com\/wp-content\/uploads\/2022\/12\/4-Interior-parc-natural-2-768x576.jpg 768w, https:\/\/www.rutadelsindiketes.com\/wp-content\/uploads\/2022\/12\/4-Interior-parc-natural-2.jpg 1136w\" sizes=\"(max-width: 800px) 100vw, 800px\" \/>\t\t\t\t\t\t\t\t\t\t\t\t\t\t\t<\/div>\n\t\t\t\t<\/div>\n\t\t\t\t<\/div>\n\t\t\t\t\t<\/div>\n\t\t\t\t<\/div>\n\t\t<div class=\"elementor-element elementor-element-47588b7 e-flex e-con-boxed e-con e-parent\" data-id=\"47588b7\" data-element_type=\"container\" data-e-type=\"container\">\n\t\t\t\t\t<div class=\"e-con-inner\">\n\t\t\t\t<div class=\"elementor-element elementor-element-ae17a1a elementor-widget elementor-widget-text-editor\" data-id=\"ae17a1a\" data-element_type=\"widget\" data-e-type=\"widget\" data-widget_type=\"text-editor.default\">\n\t\t\t\t<div class=\"elementor-widget-container\">\n\t\t\t\t\t\t\t\t\t<p>Wir folgen dem sichtbaren Weg \u00fcber 3 Kilometer und k\u00f6nnen die zahlreichen V\u00f6gel beobachten, die ihn w\u00e4hrend ihrer Wanderungen zu jeder Jahreszeit aufsuchen, und auch andere Tiere (z. B. Pferde), die hier ihren st\u00e4ndigen Wohnsitz haben.<\/p>\t\t\t\t\t\t\t\t<\/div>\n\t\t\t\t<\/div>\n\t\t\t\t\t<\/div>\n\t\t\t\t<\/div>\n\t\t<div class=\"elementor-element elementor-element-1d03490b e-flex e-con-boxed e-con e-parent\" data-id=\"1d03490b\" data-element_type=\"container\" data-e-type=\"container\">\n\t\t\t\t\t<div class=\"e-con-inner\">\n\t\t\t\t<div class=\"elementor-element elementor-element-4eeda295 elementor-widget elementor-widget-text-editor\" data-id=\"4eeda295\" data-element_type=\"widget\" data-e-type=\"widget\" data-widget_type=\"text-editor.default\">\n\t\t\t\t<div class=\"elementor-widget-container\">\n\t\t\t\t\t\t\t\t\t<p>Sie wissen, dass Sie das Ende der Route erreicht haben, wenn Sie die Einrichtungen des Campingplatzes Nautic Almat\u00e0 zu Ihrer Rechten sehen und kurz darauf den Strand erreichen. Wir umrunden den Campingplatz entlang des Sandstrandes und sehen dann eine halbrunde Metallbr\u00fccke zu unserer Rechten, die wir suchen, um den Wasserkanal zu \u00fcberqueren, der ihn mit der M\u00fcndung des Flusses Fluvi\u00e0 und dem Meer verbindet.<\/p>\t\t\t\t\t\t\t\t<\/div>\n\t\t\t\t<\/div>\n\t\t\t\t\t<\/div>\n\t\t\t\t<\/div>\n\t\t<div class=\"elementor-element elementor-element-517a875d e-flex e-con-boxed e-con e-parent\" data-id=\"517a875d\" data-element_type=\"container\" data-e-type=\"container\">\n\t\t\t\t\t<div class=\"e-con-inner\">\n\t\t<div class=\"elementor-element elementor-element-6053d9f2 e-con-full e-flex e-con e-child\" data-id=\"6053d9f2\" data-element_type=\"container\" data-e-type=\"container\">\n\t\t\t\t<div class=\"elementor-element elementor-element-2b41f99d elementor-widget elementor-widget-image\" data-id=\"2b41f99d\" data-element_type=\"widget\" data-e-type=\"widget\" data-widget_type=\"image.default\">\n\t\t\t\t<div class=\"elementor-widget-container\">\n\t\t\t\t\t\t\t\t\t\t\t\t\t\t\t<img loading=\"lazy\" decoding=\"async\" width=\"800\" height=\"600\" src=\"https:\/\/www.rutadelsindiketes.com\/wp-content\/uploads\/2022\/12\/5-Parc-Natural-dels-Aiguamolls-de-lEmporda-cavalls-pasturant-1024x768.jpg\" class=\"attachment-large size-large wp-image-1587\" alt=\"\" srcset=\"https:\/\/www.rutadelsindiketes.com\/wp-content\/uploads\/2022\/12\/5-Parc-Natural-dels-Aiguamolls-de-lEmporda-cavalls-pasturant-1024x768.jpg 1024w, https:\/\/www.rutadelsindiketes.com\/wp-content\/uploads\/2022\/12\/5-Parc-Natural-dels-Aiguamolls-de-lEmporda-cavalls-pasturant-300x225.jpg 300w, https:\/\/www.rutadelsindiketes.com\/wp-content\/uploads\/2022\/12\/5-Parc-Natural-dels-Aiguamolls-de-lEmporda-cavalls-pasturant-768x576.jpg 768w, https:\/\/www.rutadelsindiketes.com\/wp-content\/uploads\/2022\/12\/5-Parc-Natural-dels-Aiguamolls-de-lEmporda-cavalls-pasturant.jpg 1136w\" sizes=\"(max-width: 800px) 100vw, 800px\" \/>\t\t\t\t\t\t\t\t\t\t\t\t\t\t\t<\/div>\n\t\t\t\t<\/div>\n\t\t\t\t<\/div>\n\t\t<div class=\"elementor-element elementor-element-4acd288a e-con-full e-flex e-con e-child\" data-id=\"4acd288a\" data-element_type=\"container\" data-e-type=\"container\">\n\t\t\t\t<div class=\"elementor-element elementor-element-6e0305ed elementor-widget elementor-widget-image\" data-id=\"6e0305ed\" data-element_type=\"widget\" data-e-type=\"widget\" data-widget_type=\"image.default\">\n\t\t\t\t<div class=\"elementor-widget-container\">\n\t\t\t\t\t\t\t\t\t\t\t\t\t\t\t<img loading=\"lazy\" decoding=\"async\" width=\"800\" height=\"600\" src=\"https:\/\/www.rutadelsindiketes.com\/wp-content\/uploads\/2022\/12\/6-sortint-de-la-platja-i-del-camping-1024x768.jpg\" class=\"attachment-large size-large wp-image-1588\" alt=\"\" srcset=\"https:\/\/www.rutadelsindiketes.com\/wp-content\/uploads\/2022\/12\/6-sortint-de-la-platja-i-del-camping-1024x768.jpg 1024w, https:\/\/www.rutadelsindiketes.com\/wp-content\/uploads\/2022\/12\/6-sortint-de-la-platja-i-del-camping-300x225.jpg 300w, https:\/\/www.rutadelsindiketes.com\/wp-content\/uploads\/2022\/12\/6-sortint-de-la-platja-i-del-camping-768x576.jpg 768w, https:\/\/www.rutadelsindiketes.com\/wp-content\/uploads\/2022\/12\/6-sortint-de-la-platja-i-del-camping.jpg 1136w\" sizes=\"(max-width: 800px) 100vw, 800px\" \/>\t\t\t\t\t\t\t\t\t\t\t\t\t\t\t<\/div>\n\t\t\t\t<\/div>\n\t\t\t\t<\/div>\n\t\t\t\t\t<\/div>\n\t\t\t\t<\/div>\n\t\t<div class=\"elementor-element elementor-element-528de6d0 e-flex e-con-boxed e-con e-parent\" data-id=\"528de6d0\" data-element_type=\"container\" data-e-type=\"container\">\n\t\t\t\t\t<div class=\"e-con-inner\">\n\t\t\t\t<div class=\"elementor-element elementor-element-587a6f5b elementor-widget elementor-widget-text-editor\" data-id=\"587a6f5b\" data-element_type=\"widget\" data-e-type=\"widget\" data-widget_type=\"text-editor.default\">\n\t\t\t\t<div class=\"elementor-widget-container\">\n\t\t\t\t\t\t\t\t\t<p>Auf der anderen Seite, wenn Sie auf einen unbefestigten Weg sto\u00dfen, biegen Sie rechts ab und gehen an den ehemaligen Geb\u00e4uden des Komplexes Fluvi\u00e0 Marina entlang, deren Abriss im Jahr 2008 von der Organisation zum Schutz des Gebiets Iaeden-Salvem l'Empord\u00e0\" durchgesetzt wurde.<\/p>\t\t\t\t\t\t\t\t<\/div>\n\t\t\t\t<\/div>\n\t\t\t\t\t<\/div>\n\t\t\t\t<\/div>\n\t\t<div class=\"elementor-element elementor-element-6eff0043 e-flex e-con-boxed e-con e-parent\" data-id=\"6eff0043\" data-element_type=\"container\" data-e-type=\"container\">\n\t\t\t\t\t<div class=\"e-con-inner\">\n\t\t<div class=\"elementor-element elementor-element-18f18b5d e-con-full e-flex e-con e-child\" data-id=\"18f18b5d\" data-element_type=\"container\" data-e-type=\"container\">\n\t\t\t\t<div class=\"elementor-element elementor-element-536f3a60 elementor-widget elementor-widget-text-editor\" data-id=\"536f3a60\" data-element_type=\"widget\" data-e-type=\"widget\" data-widget_type=\"text-editor.default\">\n\t\t\t\t<div class=\"elementor-widget-container\">\n\t\t\t\t\t\t\t\t\t<p>Wenn wir den Fluss Fluvi\u00e0 erreichen, gehen wir ein paar Meter an ihm entlang und biegen dann links in einen Weg ein, der in die Vegetation eintaucht und uns nach knapp 2 Kilometern nach Sant Pere Pescador f\u00fchrt.<\/p><p>Wie \u00fcblich im <em>Ruta dels Indiketes<\/em> gehen wir zur Dorfkirche in der Calle Escoles.<\/p><p>Dann nehmen wir die Stra\u00dfe Verge del Portalet und die Stra\u00dfe Carmen in Richtung der Br\u00fccke \u00fcber den Fluss Fluvi\u00e0.<\/p>\t\t\t\t\t\t\t\t<\/div>\n\t\t\t\t<\/div>\n\t\t\t\t<\/div>\n\t\t<div class=\"elementor-element elementor-element-125b0038 e-con-full e-flex e-con e-child\" data-id=\"125b0038\" data-element_type=\"container\" data-e-type=\"container\">\n\t\t\t\t<div class=\"elementor-element elementor-element-24fc0cd0 elementor-widget elementor-widget-image\" data-id=\"24fc0cd0\" data-element_type=\"widget\" data-e-type=\"widget\" data-widget_type=\"image.default\">\n\t\t\t\t<div class=\"elementor-widget-container\">\n\t\t\t\t\t\t\t\t\t\t\t\t\t\t\t<img loading=\"lazy\" decoding=\"async\" width=\"800\" height=\"600\" src=\"https:\/\/www.rutadelsindiketes.com\/wp-content\/uploads\/2022\/12\/7-aprop-de-Sant-Pere-Pescador-1024x768.jpg\" class=\"attachment-large size-large wp-image-1589\" alt=\"\" srcset=\"https:\/\/www.rutadelsindiketes.com\/wp-content\/uploads\/2022\/12\/7-aprop-de-Sant-Pere-Pescador-1024x768.jpg 1024w, https:\/\/www.rutadelsindiketes.com\/wp-content\/uploads\/2022\/12\/7-aprop-de-Sant-Pere-Pescador-300x225.jpg 300w, https:\/\/www.rutadelsindiketes.com\/wp-content\/uploads\/2022\/12\/7-aprop-de-Sant-Pere-Pescador-768x576.jpg 768w, https:\/\/www.rutadelsindiketes.com\/wp-content\/uploads\/2022\/12\/7-aprop-de-Sant-Pere-Pescador.jpg 1136w\" sizes=\"(max-width: 800px) 100vw, 800px\" \/>\t\t\t\t\t\t\t\t\t\t\t\t\t\t\t<\/div>\n\t\t\t\t<\/div>\n\t\t\t\t<\/div>\n\t\t\t\t\t<\/div>\n\t\t\t\t<\/div>\n\t\t<div class=\"elementor-element elementor-element-55a23f3e e-flex e-con-boxed e-con e-parent\" data-id=\"55a23f3e\" data-element_type=\"container\" data-e-type=\"container\">\n\t\t\t\t\t<div class=\"e-con-inner\">\n\t\t<div class=\"elementor-element elementor-element-3c8f06ef e-con-full e-flex e-con e-child\" data-id=\"3c8f06ef\" data-element_type=\"container\" data-e-type=\"container\">\n\t\t\t\t<div class=\"elementor-element elementor-element-28c6c3c0 elementor-widget elementor-widget-text-editor\" data-id=\"28c6c3c0\" data-element_type=\"widget\" data-e-type=\"widget\" data-widget_type=\"text-editor.default\">\n\t\t\t\t<div class=\"elementor-widget-container\">\n\t\t\t\t\t\t\t\t\t<p>\u00dcberqueren Sie sie auf der linken Seite und biegen Sie am Kreisverkehr rechts auf die Stra\u00dfe GIV-6303 in Richtung Club N\u00e1utico ab, fahren Sie die Stra\u00dfe Teresa Willms Mont entlang und biegen Sie dann rechts in die Stra\u00dfe Pujada ein.<\/p><p>Am Ende der Stra\u00dfe biegen wir links ab und folgen dem unbefestigten Weg entlang des Flusses, bis sich die Stra\u00dfe nach 1 km gabelt und wir die linke Abzweigung nehmen.\u00a0<\/p><p>Nach 400 Metern erreichen wir L'Armentera.<\/p>\t\t\t\t\t\t\t\t<\/div>\n\t\t\t\t<\/div>\n\t\t\t\t<\/div>\n\t\t<div class=\"elementor-element elementor-element-5d22f120 e-con-full e-flex e-con e-child\" data-id=\"5d22f120\" data-element_type=\"container\" data-e-type=\"container\">\n\t\t\t\t<div class=\"elementor-element elementor-element-5d307472 elementor-widget elementor-widget-image\" data-id=\"5d307472\" data-element_type=\"widget\" data-e-type=\"widget\" data-widget_type=\"image.default\">\n\t\t\t\t<div class=\"elementor-widget-container\">\n\t\t\t\t\t\t\t\t\t\t\t\t\t\t\t<img loading=\"lazy\" decoding=\"async\" width=\"800\" height=\"556\" src=\"https:\/\/www.rutadelsindiketes.com\/wp-content\/uploads\/2022\/12\/8-Sant-pere-pescador-atravessant-el-rio-fluvia-e1674691142106-1024x712.jpg\" class=\"attachment-large size-large wp-image-1590\" alt=\"\" srcset=\"https:\/\/www.rutadelsindiketes.com\/wp-content\/uploads\/2022\/12\/8-Sant-pere-pescador-atravessant-el-rio-fluvia-e1674691142106-1024x712.jpg 1024w, https:\/\/www.rutadelsindiketes.com\/wp-content\/uploads\/2022\/12\/8-Sant-pere-pescador-atravessant-el-rio-fluvia-e1674691142106-300x209.jpg 300w, https:\/\/www.rutadelsindiketes.com\/wp-content\/uploads\/2022\/12\/8-Sant-pere-pescador-atravessant-el-rio-fluvia-e1674691142106-768x534.jpg 768w, https:\/\/www.rutadelsindiketes.com\/wp-content\/uploads\/2022\/12\/8-Sant-pere-pescador-atravessant-el-rio-fluvia-e1674691142106.jpg 1130w\" sizes=\"(max-width: 800px) 100vw, 800px\" \/>\t\t\t\t\t\t\t\t\t\t\t\t\t\t\t<\/div>\n\t\t\t\t<\/div>\n\t\t\t\t<\/div>\n\t\t\t\t\t<\/div>\n\t\t\t\t<\/div>\n\t\t<div class=\"elementor-element elementor-element-28d615ae e-flex e-con-boxed e-con e-parent\" data-id=\"28d615ae\" data-element_type=\"container\" data-e-type=\"container\">\n\t\t\t\t\t<div class=\"e-con-inner\">\n\t\t\t\t<div class=\"elementor-element elementor-element-61d38962 elementor-widget elementor-widget-text-editor\" data-id=\"61d38962\" data-element_type=\"widget\" data-e-type=\"widget\" data-widget_type=\"text-editor.default\">\n\t\t\t\t<div class=\"elementor-widget-container\">\n\t\t\t\t\t\t\t\t\t<p>Um an der Kirche Sant Mart\u00ed vorbeizukommen, nehmen Sie die Stra\u00dfe Ginjoler, dann sehen Sie auf der linken Seite einen Parkplatz, den Sie \u00fcberqueren.<br><\/p>\t\t\t\t\t\t\t\t<\/div>\n\t\t\t\t<\/div>\n\t\t\t\t\t<\/div>\n\t\t\t\t<\/div>\n\t\t<div class=\"elementor-element elementor-element-4bad49f8 e-flex e-con-boxed e-con e-parent\" data-id=\"4bad49f8\" data-element_type=\"container\" data-e-type=\"container\">\n\t\t\t\t\t<div class=\"e-con-inner\">\n\t\t<div class=\"elementor-element elementor-element-346f0cf3 e-con-full e-flex e-con e-child\" data-id=\"346f0cf3\" data-element_type=\"container\" data-e-type=\"container\">\n\t\t\t\t<div class=\"elementor-element elementor-element-41d7d65f elementor-widget elementor-widget-text-editor\" data-id=\"41d7d65f\" data-element_type=\"widget\" data-e-type=\"widget\" data-widget_type=\"text-editor.default\">\n\t\t\t\t<div class=\"elementor-widget-container\">\n\t\t\t\t\t\t\t\t\t<p>Wir fahren dann weiter auf der Carrer de l'Esglesia und biegen links in die Carrer Major ein, bis wir die Carrer del Mar erreichen, wo wir rechts abbiegen und in der Carrer del Mar wieder auf den GR-92 treffen.<\/p><p>Wir gehen weiter auf dieser Stra\u00dfe, bis wir nach einigen Metern eine Abzweigung sehen und die asphaltierte Stra\u00dfe zu unserer Linken nehmen, die aus der Stadt herausf\u00fchrt und auf der linken Seite einen sch\u00f6nen Baumbestand hat.\u00a0<\/p><p>Folgen Sie diesem Weg etwa 750 Meter, bis Sie auf der rechten Seite einen breiten Feldweg sehen.<\/p>\t\t\t\t\t\t\t\t<\/div>\n\t\t\t\t<\/div>\n\t\t\t\t<\/div>\n\t\t<div class=\"elementor-element elementor-element-622ceb74 e-con-full e-flex e-con e-child\" data-id=\"622ceb74\" data-element_type=\"container\" data-e-type=\"container\">\n\t\t\t\t<div class=\"elementor-element elementor-element-3e33f9a0 elementor-widget elementor-widget-image\" data-id=\"3e33f9a0\" data-element_type=\"widget\" data-e-type=\"widget\" data-widget_type=\"image.default\">\n\t\t\t\t<div class=\"elementor-widget-container\">\n\t\t\t\t\t\t\t\t\t\t\t\t\t\t\t<img loading=\"lazy\" decoding=\"async\" width=\"800\" height=\"600\" src=\"https:\/\/www.rutadelsindiketes.com\/wp-content\/uploads\/2022\/12\/9-Arribant-a-LArmentera-1024x768.jpg\" class=\"attachment-large size-large wp-image-1591\" alt=\"\" srcset=\"https:\/\/www.rutadelsindiketes.com\/wp-content\/uploads\/2022\/12\/9-Arribant-a-LArmentera-1024x768.jpg 1024w, https:\/\/www.rutadelsindiketes.com\/wp-content\/uploads\/2022\/12\/9-Arribant-a-LArmentera-300x225.jpg 300w, https:\/\/www.rutadelsindiketes.com\/wp-content\/uploads\/2022\/12\/9-Arribant-a-LArmentera-768x576.jpg 768w, https:\/\/www.rutadelsindiketes.com\/wp-content\/uploads\/2022\/12\/9-Arribant-a-LArmentera.jpg 1136w\" sizes=\"(max-width: 800px) 100vw, 800px\" \/>\t\t\t\t\t\t\t\t\t\t\t\t\t\t\t<\/div>\n\t\t\t\t<\/div>\n\t\t\t\t<\/div>\n\t\t\t\t\t<\/div>\n\t\t\t\t<\/div>\n\t\t<div class=\"elementor-element elementor-element-3816d955 e-flex e-con-boxed e-con e-parent\" data-id=\"3816d955\" data-element_type=\"container\" data-e-type=\"container\">\n\t\t\t\t\t<div class=\"e-con-inner\">\n\t\t<div class=\"elementor-element elementor-element-10c4f1d6 e-con-full e-flex e-con e-child\" data-id=\"10c4f1d6\" data-element_type=\"container\" data-e-type=\"container\">\n\t\t\t\t<div class=\"elementor-element elementor-element-7a0dc218 elementor-widget elementor-widget-text-editor\" data-id=\"7a0dc218\" data-element_type=\"widget\" data-e-type=\"widget\" data-widget_type=\"text-editor.default\">\n\t\t\t\t<div class=\"elementor-widget-container\">\n\t\t\t\t\t\t\t\t\t<p><span style=\"color: var( --e-global-color-dea41e4 ); font-family: var( --e-global-typography-b2ce6af-font-family ), Sans-serif; font-size: var( --e-global-typography-b2ce6af-font-size ); font-weight: var( --e-global-typography-b2ce6af-font-weight ); letter-spacing: var( --e-global-typography-b2ce6af-letter-spacing ); text-align: var(--text-align); word-spacing: var( --e-global-typography-b2ce6af-word-spacing );\">Wir folgen diesem Weg nun 3,5 Kilometer lang, vorbei an Obstbaumplantagen, die meisten davon Apfelb\u00e4ume.<\/span><span style=\"color: var( --e-global-color-dea41e4 ); font-family: var( --e-global-typography-b2ce6af-font-family ), Sans-serif; font-size: var( --e-global-typography-b2ce6af-font-size ); font-weight: var( --e-global-typography-b2ce6af-font-weight ); letter-spacing: var( --e-global-typography-b2ce6af-letter-spacing ); text-align: var(--text-align); word-spacing: var( --e-global-typography-b2ce6af-word-spacing );\">\u00a0bis zum Weiler Cinc Claus, einem Ortsteil von L'Escala, durch den eine Stra\u00dfe der antiken Via Heraclea f\u00fchrte, die ihn mit der kleinen Insel Sant Mart\u00ed d'Empuries verband, die vermutlich die erste Siedlung der Stadt <em>Indika<\/em> wo die <em>Indiketes<\/em>.<\/span><\/p><div><span style=\"text-align: var(--text-align); color: var( --e-global-color-dea41e4 ); font-family: var( --e-global-typography-b2ce6af-font-family ), Sans-serif; font-size: var( --e-global-typography-b2ce6af-font-size ); font-weight: var( --e-global-typography-b2ce6af-font-weight ); letter-spacing: var( --e-global-typography-b2ce6af-letter-spacing ); word-spacing: var( --e-global-typography-b2ce6af-word-spacing );\">Heute besteht Cinc Claus aus einer Kirche aus dem 9. Jahrhundert, die im 13. Jahrhundert restauriert wurde, den \u00dcberresten einer Burg aus dem 14. Jahrhundert (von der ein Tor und ein Turm erhalten geblieben sind, die heute als Wohnhaus genutzt werden), einer sp\u00e4tmittelalterlichen Br\u00fccke und f\u00fcnf Bauernh\u00e4usern aus dem Ende des 17. und Anfang des 18.<\/span><\/div>\t\t\t\t\t\t\t\t<\/div>\n\t\t\t\t<\/div>\n\t\t\t\t<\/div>\n\t\t<div class=\"elementor-element elementor-element-78b29855 e-con-full e-flex e-con e-child\" data-id=\"78b29855\" data-element_type=\"container\" data-e-type=\"container\">\n\t\t\t\t<div class=\"elementor-element elementor-element-faedcfb elementor-widget elementor-widget-image\" data-id=\"faedcfb\" data-element_type=\"widget\" data-e-type=\"widget\" data-widget_type=\"image.default\">\n\t\t\t\t<div class=\"elementor-widget-container\">\n\t\t\t\t\t\t\t\t\t\t\t\t\t\t\t<img loading=\"lazy\" decoding=\"async\" width=\"800\" height=\"600\" src=\"https:\/\/www.rutadelsindiketes.com\/wp-content\/uploads\/2022\/12\/10-Esglesia-de-Cinc-Claus-1024x768.jpg\" class=\"attachment-large size-large wp-image-1592\" alt=\"\" srcset=\"https:\/\/www.rutadelsindiketes.com\/wp-content\/uploads\/2022\/12\/10-Esglesia-de-Cinc-Claus-1024x768.jpg 1024w, https:\/\/www.rutadelsindiketes.com\/wp-content\/uploads\/2022\/12\/10-Esglesia-de-Cinc-Claus-300x225.jpg 300w, https:\/\/www.rutadelsindiketes.com\/wp-content\/uploads\/2022\/12\/10-Esglesia-de-Cinc-Claus-768x576.jpg 768w, https:\/\/www.rutadelsindiketes.com\/wp-content\/uploads\/2022\/12\/10-Esglesia-de-Cinc-Claus.jpg 1136w\" sizes=\"(max-width: 800px) 100vw, 800px\" \/>\t\t\t\t\t\t\t\t\t\t\t\t\t\t\t<\/div>\n\t\t\t\t<\/div>\n\t\t\t\t<\/div>\n\t\t\t\t\t<\/div>\n\t\t\t\t<\/div>\n\t\t<div class=\"elementor-element elementor-element-28ef92ff e-flex e-con-boxed e-con e-parent\" data-id=\"28ef92ff\" data-element_type=\"container\" data-e-type=\"container\">\n\t\t\t\t\t<div class=\"e-con-inner\">\n\t\t<div class=\"elementor-element elementor-element-119ae2c2 e-con-full e-flex e-con e-child\" data-id=\"119ae2c2\" data-element_type=\"container\" data-e-type=\"container\">\n\t\t\t\t<div class=\"elementor-element elementor-element-20d53645 elementor-widget elementor-widget-text-editor\" data-id=\"20d53645\" data-element_type=\"widget\" data-e-type=\"widget\" data-widget_type=\"text-editor.default\">\n\t\t\t\t<div class=\"elementor-widget-container\">\n\t\t\t\t\t\t\t\t\t<p><span style=\"text-align: var(--text-align); color: var( --e-global-color-dea41e4 ); font-family: var( --e-global-typography-b2ce6af-font-family ), Sans-serif; font-size: var( --e-global-typography-b2ce6af-font-size ); font-weight: var( --e-global-typography-b2ce6af-font-weight ); letter-spacing: var( --e-global-typography-b2ce6af-letter-spacing ); word-spacing: var( --e-global-typography-b2ce6af-word-spacing );\">Beim Verlassen des Dorfes ignorieren Sie die drei Umleitungen, die rechts erscheinen, und nehmen den einzigen Weg auf der linken Seite, der fast die Stra\u00dfe GIP-6307 ber\u00fchrt.\u00a0<\/span><\/p><p><span style=\"text-align: var(--text-align); color: var( --e-global-color-dea41e4 ); font-family: var( --e-global-typography-b2ce6af-font-family ), Sans-serif; font-size: var( --e-global-typography-b2ce6af-font-size ); font-weight: var( --e-global-typography-b2ce6af-font-weight ); letter-spacing: var( --e-global-typography-b2ce6af-letter-spacing ); word-spacing: var( --e-global-typography-b2ce6af-word-spacing );\">Folgen Sie dem Weg f\u00fcr etwa 650 Meter und ignorieren Sie die erste Abzweigung rechts.\u00a0<\/span><\/p><p><span style=\"text-align: var(--text-align); color: var( --e-global-color-dea41e4 ); font-family: var( --e-global-typography-b2ce6af-font-family ), Sans-serif; font-size: var( --e-global-typography-b2ce6af-font-size ); font-weight: var( --e-global-typography-b2ce6af-font-weight ); letter-spacing: var( --e-global-typography-b2ce6af-letter-spacing ); word-spacing: var( --e-global-typography-b2ce6af-word-spacing );\">Nehmen Sie die zweite Abzweigung nach rechts und fahren Sie wenig sp\u00e4ter, nach etwa 160 Metern, an einer Kreuzung von vier Stra\u00dfen geradeaus weiter, zwischen einigen H\u00e4usern hindurch, bis Sie die Stra\u00dfe GIP-6307 erreichen.<\/span><\/p><p>Nachdem Sie die Stra\u00dfe \u00fcberquert haben, gehen Sie auf dem B\u00fcrgersteig weiter und erreichen nach 150 Metern Sant Mart\u00ed d'Emp\u00faries.<\/p>\t\t\t\t\t\t\t\t<\/div>\n\t\t\t\t<\/div>\n\t\t\t\t<\/div>\n\t\t<div class=\"elementor-element elementor-element-5df0717f e-con-full e-flex e-con e-child\" data-id=\"5df0717f\" data-element_type=\"container\" data-e-type=\"container\">\n\t\t\t\t<div class=\"elementor-element elementor-element-56b6885a elementor-widget elementor-widget-image\" data-id=\"56b6885a\" data-element_type=\"widget\" data-e-type=\"widget\" data-widget_type=\"image.default\">\n\t\t\t\t<div class=\"elementor-widget-container\">\n\t\t\t\t\t\t\t\t\t\t\t\t\t\t\t<img loading=\"lazy\" decoding=\"async\" width=\"800\" height=\"600\" src=\"https:\/\/www.rutadelsindiketes.com\/wp-content\/uploads\/2022\/12\/11-Esglesia-de-Sant-Marti-dEmpuries-1024x768.jpg\" class=\"attachment-large size-large wp-image-1593\" alt=\"\" srcset=\"https:\/\/www.rutadelsindiketes.com\/wp-content\/uploads\/2022\/12\/11-Esglesia-de-Sant-Marti-dEmpuries-1024x768.jpg 1024w, https:\/\/www.rutadelsindiketes.com\/wp-content\/uploads\/2022\/12\/11-Esglesia-de-Sant-Marti-dEmpuries-300x225.jpg 300w, https:\/\/www.rutadelsindiketes.com\/wp-content\/uploads\/2022\/12\/11-Esglesia-de-Sant-Marti-dEmpuries-768x576.jpg 768w, https:\/\/www.rutadelsindiketes.com\/wp-content\/uploads\/2022\/12\/11-Esglesia-de-Sant-Marti-dEmpuries.jpg 1136w\" sizes=\"(max-width: 800px) 100vw, 800px\" \/>\t\t\t\t\t\t\t\t\t\t\t\t\t\t\t<\/div>\n\t\t\t\t<\/div>\n\t\t\t\t<\/div>\n\t\t\t\t\t<\/div>\n\t\t\t\t<\/div>\n\t\t<div class=\"elementor-element elementor-element-1e5fb368 e-flex e-con-boxed e-con e-parent\" data-id=\"1e5fb368\" data-element_type=\"container\" data-e-type=\"container\">\n\t\t\t\t\t<div class=\"e-con-inner\">\n\t\t<div class=\"elementor-element elementor-element-71ef7ad2 e-con-full e-flex e-con e-child\" data-id=\"71ef7ad2\" data-element_type=\"container\" data-e-type=\"container\">\n\t\t\t\t<div class=\"elementor-element elementor-element-222e5402 elementor-widget elementor-widget-text-editor\" data-id=\"222e5402\" data-element_type=\"widget\" data-e-type=\"widget\" data-widget_type=\"text-editor.default\">\n\t\t\t\t<div class=\"elementor-widget-container\">\n\t\t\t\t\t\t\t\t\t<p><span style=\"text-align: var(--text-align); color: var( --e-global-color-dea41e4 ); font-family: var( --e-global-typography-b2ce6af-font-family ), Sans-serif; font-size: var( --e-global-typography-b2ce6af-font-size ); font-weight: var( --e-global-typography-b2ce6af-font-weight ); letter-spacing: var( --e-global-typography-b2ce6af-letter-spacing ); word-spacing: var( --e-global-typography-b2ce6af-word-spacing );\">In der Vergangenheit war es eine kleine Insel, auf der seit dem 9. Jahrhundert v. Chr. das Volk lebte, das sich <em>Indiketes<\/em>. Drei Jahrhunderte sp\u00e4ter Handelsbeziehungen mit Ph\u00f6niziern, Puniern und insbesondere mit den Masalioten (Griechen) aufnahmen, was Emp\u00faries (Emporium) zu einem der wichtigsten H\u00e4fen im Mittelmeerraum machte.<\/span><\/p><p>Bis 1064 war Sant Mart\u00ed der Sitz der Grafschaft Emp\u00faries. Ein gro\u00dfer Teil der mittelalterlichen Stadtmauer ist noch erhalten. Die Kirche von Sant Mart\u00ed wurde 1538 auf dem vorromanischen Tempel aus dem Jahr 926 errichtet.<\/p>\t\t\t\t\t\t\t\t<\/div>\n\t\t\t\t<\/div>\n\t\t\t\t<\/div>\n\t\t<div class=\"elementor-element elementor-element-64a0dd05 e-con-full e-flex e-con e-child\" data-id=\"64a0dd05\" data-element_type=\"container\" data-e-type=\"container\">\n\t\t\t\t<div class=\"elementor-element elementor-element-27d3d9d3 elementor-widget elementor-widget-image\" data-id=\"27d3d9d3\" data-element_type=\"widget\" data-e-type=\"widget\" data-widget_type=\"image.default\">\n\t\t\t\t<div class=\"elementor-widget-container\">\n\t\t\t\t\t\t\t\t\t\t\t\t\t\t\t<img loading=\"lazy\" decoding=\"async\" width=\"800\" height=\"600\" src=\"https:\/\/www.rutadelsindiketes.com\/wp-content\/uploads\/2022\/12\/12-Ruines-dEmpuries-1024x768.jpg\" class=\"attachment-large size-large wp-image-1605\" alt=\"\" srcset=\"https:\/\/www.rutadelsindiketes.com\/wp-content\/uploads\/2022\/12\/12-Ruines-dEmpuries-1024x768.jpg 1024w, https:\/\/www.rutadelsindiketes.com\/wp-content\/uploads\/2022\/12\/12-Ruines-dEmpuries-300x225.jpg 300w, https:\/\/www.rutadelsindiketes.com\/wp-content\/uploads\/2022\/12\/12-Ruines-dEmpuries-768x576.jpg 768w, https:\/\/www.rutadelsindiketes.com\/wp-content\/uploads\/2022\/12\/12-Ruines-dEmpuries.jpg 1136w\" sizes=\"(max-width: 800px) 100vw, 800px\" \/>\t\t\t\t\t\t\t\t\t\t\t\t\t\t\t<\/div>\n\t\t\t\t<\/div>\n\t\t\t\t<\/div>\n\t\t\t\t\t<\/div>\n\t\t\t\t<\/div>\n\t\t<div class=\"elementor-element elementor-element-5224fdc8 e-flex e-con-boxed e-con e-parent\" data-id=\"5224fdc8\" data-element_type=\"container\" data-e-type=\"container\">\n\t\t\t\t\t<div class=\"e-con-inner\">\n\t\t\t\t<div class=\"elementor-element elementor-element-21d60008 elementor-widget elementor-widget-text-editor\" data-id=\"21d60008\" data-element_type=\"widget\" data-e-type=\"widget\" data-widget_type=\"text-editor.default\">\n\t\t\t\t<div class=\"elementor-widget-container\">\n\t\t\t\t\t\t\t\t\t<p>Wir setzen unseren Weg in Richtung L'Escala fort und kommen direkt an den \u00dcberresten der alten mittelalterlichen Burg vorbei, die V\u00edctor Mora, den Sch\u00f6pfer des Comics Capit\u00e1n Trueno, als Wohnsitz des Helden inspirierte.<\/p>\t\t\t\t\t\t\t\t<\/div>\n\t\t\t\t<\/div>\n\t\t\t\t\t<\/div>\n\t\t\t\t<\/div>\n\t\t<div class=\"elementor-element elementor-element-2c874107 e-flex e-con-boxed e-con e-parent\" data-id=\"2c874107\" data-element_type=\"container\" data-e-type=\"container\">\n\t\t\t\t\t<div class=\"e-con-inner\">\n\t\t<div class=\"elementor-element elementor-element-27495e7c e-con-full e-flex e-con e-child\" data-id=\"27495e7c\" data-element_type=\"container\" data-e-type=\"container\">\n\t\t\t\t<div class=\"elementor-element elementor-element-1d26a81c elementor-widget elementor-widget-text-editor\" data-id=\"1d26a81c\" data-element_type=\"widget\" data-e-type=\"widget\" data-widget_type=\"text-editor.default\">\n\t\t\t\t<div class=\"elementor-widget-container\">\n\t\t\t\t\t\t\t\t\t<p><span style=\"text-align: var(--text-align); color: var( --e-global-color-dea41e4 ); font-family: var( --e-global-typography-b2ce6af-font-family ), Sans-serif; font-size: var( --e-global-typography-b2ce6af-font-size ); font-weight: var( --e-global-typography-b2ce6af-font-weight ); letter-spacing: var( --e-global-typography-b2ce6af-letter-spacing ); word-spacing: var( --e-global-typography-b2ce6af-word-spacing );\">Dann gehen wir hinunter zum Strand und lassen das 1910 im modernistischen Stil erbaute Casa Forestal zu unserer Linken liegen.<\/span><\/p><p><span style=\"text-align: var(--text-align); color: var( --e-global-color-dea41e4 ); font-family: var( --e-global-typography-b2ce6af-font-family ), Sans-serif; font-size: var( --e-global-typography-b2ce6af-font-size ); font-weight: var( --e-global-typography-b2ce6af-font-weight ); letter-spacing: var( --e-global-typography-b2ce6af-letter-spacing ); word-spacing: var( --e-global-typography-b2ce6af-word-spacing );\">Dieses Forsthaus beherbergte die Arbeiter, die die vom Tramontana-Wind bewegten D\u00fcnen, die fast die ganze Stadt bedeckten, beseitigten, wie sie es mit den \u00dcberresten der antiken griechischen und r\u00f6mischen St\u00e4dte getan hatten.<\/span><\/p>\t\t\t\t\t\t\t\t<\/div>\n\t\t\t\t<\/div>\n\t\t\t\t<\/div>\n\t\t<div class=\"elementor-element elementor-element-3442136f e-con-full e-flex e-con e-child\" data-id=\"3442136f\" data-element_type=\"container\" data-e-type=\"container\">\n\t\t\t\t<div class=\"elementor-element elementor-element-5ad28245 elementor-widget elementor-widget-image\" data-id=\"5ad28245\" data-element_type=\"widget\" data-e-type=\"widget\" data-widget_type=\"image.default\">\n\t\t\t\t<div class=\"elementor-widget-container\">\n\t\t\t\t\t\t\t\t\t\t\t\t\t\t\t<img loading=\"lazy\" decoding=\"async\" width=\"768\" height=\"439\" src=\"https:\/\/www.rutadelsindiketes.com\/wp-content\/uploads\/2022\/12\/13-dunas.jpg\" class=\"attachment-large size-large wp-image-1594\" alt=\"\" srcset=\"https:\/\/www.rutadelsindiketes.com\/wp-content\/uploads\/2022\/12\/13-dunas.jpg 768w, https:\/\/www.rutadelsindiketes.com\/wp-content\/uploads\/2022\/12\/13-dunas-300x171.jpg 300w\" sizes=\"(max-width: 768px) 100vw, 768px\" \/>\t\t\t\t\t\t\t\t\t\t\t\t\t\t\t<\/div>\n\t\t\t\t<\/div>\n\t\t\t\t<\/div>\n\t\t\t\t\t<\/div>\n\t\t\t\t<\/div>\n\t\t<div class=\"elementor-element elementor-element-66498973 e-flex e-con-boxed e-con e-parent\" data-id=\"66498973\" data-element_type=\"container\" data-e-type=\"container\">\n\t\t\t\t\t<div class=\"e-con-inner\">\n\t\t\t\t<div class=\"elementor-element elementor-element-10418bde elementor-widget elementor-widget-text-editor\" data-id=\"10418bde\" data-element_type=\"widget\" data-e-type=\"widget\" data-widget_type=\"text-editor.default\">\n\t\t\t\t<div class=\"elementor-widget-container\">\n\t\t\t\t\t\t\t\t\t<p>Am Strand angekommen, haben die Fu\u00dfg\u00e4nger zwei M\u00f6glichkeiten: Sie k\u00f6nnen auf dem Holzsteg oder auf der Promenade unter den B\u00e4umen entlang gehen. Radfahrer m\u00fcssen auf der Promenade fahren.<\/p>\t\t\t\t\t\t\t\t<\/div>\n\t\t\t\t<\/div>\n\t\t\t\t\t<\/div>\n\t\t\t\t<\/div>\n\t\t<div class=\"elementor-element elementor-element-333d13c0 e-flex e-con-boxed e-con e-parent\" data-id=\"333d13c0\" data-element_type=\"container\" data-e-type=\"container\">\n\t\t\t\t\t<div class=\"e-con-inner\">\n\t\t<div class=\"elementor-element elementor-element-2190eb89 e-con-full e-flex e-con e-child\" data-id=\"2190eb89\" data-element_type=\"container\" data-e-type=\"container\">\n\t\t\t\t<div class=\"elementor-element elementor-element-216212e2 elementor-widget elementor-widget-image\" data-id=\"216212e2\" data-element_type=\"widget\" data-e-type=\"widget\" data-widget_type=\"image.default\">\n\t\t\t\t<div class=\"elementor-widget-container\">\n\t\t\t\t\t\t\t\t\t\t\t\t\t\t\t<img loading=\"lazy\" decoding=\"async\" width=\"800\" height=\"600\" src=\"https:\/\/www.rutadelsindiketes.com\/wp-content\/uploads\/2022\/12\/14-Inici-del-passeig-dEmpuries-1024x768.jpg\" class=\"attachment-large size-large wp-image-1579\" alt=\"\" srcset=\"https:\/\/www.rutadelsindiketes.com\/wp-content\/uploads\/2022\/12\/14-Inici-del-passeig-dEmpuries-1024x768.jpg 1024w, https:\/\/www.rutadelsindiketes.com\/wp-content\/uploads\/2022\/12\/14-Inici-del-passeig-dEmpuries-300x225.jpg 300w, https:\/\/www.rutadelsindiketes.com\/wp-content\/uploads\/2022\/12\/14-Inici-del-passeig-dEmpuries-768x576.jpg 768w, https:\/\/www.rutadelsindiketes.com\/wp-content\/uploads\/2022\/12\/14-Inici-del-passeig-dEmpuries.jpg 1136w\" sizes=\"(max-width: 800px) 100vw, 800px\" \/>\t\t\t\t\t\t\t\t\t\t\t\t\t\t\t<\/div>\n\t\t\t\t<\/div>\n\t\t\t\t<\/div>\n\t\t<div class=\"elementor-element elementor-element-2f9966af e-con-full e-flex e-con e-child\" data-id=\"2f9966af\" data-element_type=\"container\" data-e-type=\"container\">\n\t\t\t\t<div class=\"elementor-element elementor-element-a8a9469 elementor-widget elementor-widget-image\" data-id=\"a8a9469\" data-element_type=\"widget\" data-e-type=\"widget\" data-widget_type=\"image.default\">\n\t\t\t\t<div class=\"elementor-widget-container\">\n\t\t\t\t\t\t\t\t\t\t\t\t\t\t\t<img loading=\"lazy\" decoding=\"async\" width=\"800\" height=\"600\" src=\"https:\/\/www.rutadelsindiketes.com\/wp-content\/uploads\/2022\/12\/15-Ruines-dEmpuries-3-1024x768.jpg\" class=\"attachment-large size-large wp-image-1580\" alt=\"\" srcset=\"https:\/\/www.rutadelsindiketes.com\/wp-content\/uploads\/2022\/12\/15-Ruines-dEmpuries-3-1024x768.jpg 1024w, https:\/\/www.rutadelsindiketes.com\/wp-content\/uploads\/2022\/12\/15-Ruines-dEmpuries-3-300x225.jpg 300w, https:\/\/www.rutadelsindiketes.com\/wp-content\/uploads\/2022\/12\/15-Ruines-dEmpuries-3-768x576.jpg 768w, https:\/\/www.rutadelsindiketes.com\/wp-content\/uploads\/2022\/12\/15-Ruines-dEmpuries-3.jpg 1136w\" sizes=\"(max-width: 800px) 100vw, 800px\" \/>\t\t\t\t\t\t\t\t\t\t\t\t\t\t\t<\/div>\n\t\t\t\t<\/div>\n\t\t\t\t<\/div>\n\t\t\t\t\t<\/div>\n\t\t\t\t<\/div>\n\t\t<div class=\"elementor-element elementor-element-cda5c55 e-flex e-con-boxed e-con e-parent\" data-id=\"cda5c55\" data-element_type=\"container\" data-e-type=\"container\">\n\t\t\t\t\t<div class=\"e-con-inner\">\n\t\t\t\t<div class=\"elementor-element elementor-element-664fb10 elementor-widget elementor-widget-text-editor\" data-id=\"664fb10\" data-element_type=\"widget\" data-e-type=\"widget\" data-widget_type=\"text-editor.default\">\n\t\t\t\t<div class=\"elementor-widget-container\">\n\t\t\t\t\t\t\t\t\t<p>Nach 600 Metern sehen wir zu unserer Rechten einen Teil der Ruinen der 3 antiken St\u00e4dte von Ampurias: Griechisch, Iberisch (<em>Indiketa<\/em>) und R\u00f6mer. Auf der Spitze des H\u00fcgels befindet sich das Museum der arch\u00e4ologischen St\u00e4tte der Ruinen von Ampurias, dessen Besuch wir Ihnen empfehlen, wenn Sie sich f\u00fcr die Geschichte und Kultur der <em>Indiketes<\/em>.<\/p>\t\t\t\t\t\t\t\t<\/div>\n\t\t\t\t<\/div>\n\t\t\t\t\t<\/div>\n\t\t\t\t<\/div>\n\t\t<div class=\"elementor-element elementor-element-24077f88 e-flex e-con-boxed e-con e-parent\" data-id=\"24077f88\" data-element_type=\"container\" data-e-type=\"container\">\n\t\t\t\t\t<div class=\"e-con-inner\">\n\t\t<div class=\"elementor-element elementor-element-2724ae7e e-con-full e-flex e-con e-child\" data-id=\"2724ae7e\" data-element_type=\"container\" data-e-type=\"container\">\n\t\t\t\t<div class=\"elementor-element elementor-element-6ddcc175 elementor-widget elementor-widget-text-editor\" data-id=\"6ddcc175\" data-element_type=\"widget\" data-e-type=\"widget\" data-widget_type=\"text-editor.default\">\n\t\t\t\t<div class=\"elementor-widget-container\">\n\t\t\t\t\t\t\t\t\t<p><span style=\"color: var( --e-global-color-dea41e4 ); font-family: var( --e-global-typography-b2ce6af-font-family ), Sans-serif; font-size: var( --e-global-typography-b2ce6af-font-size ); font-weight: var( --e-global-typography-b2ce6af-font-weight ); letter-spacing: var( --e-global-typography-b2ce6af-letter-spacing ); text-align: var(--text-align); word-spacing: var( --e-global-typography-b2ce6af-word-spacing );\">Kurz darauf sehen wir zu unserer Linken den so genannten Moll Grec, den Kai des Hafens der antiken griechischen und r\u00f6mischen St\u00e4dte von Ampurias, der auf eine mehr als 2.000-j\u00e4hrige Geschichte zur\u00fcckblicken kann und f\u00fcr die griechische und r\u00f6mische Zivilisation das Tor zur Iberischen Halbinsel darstellte.<\/span><\/p><p>Am Ende des Spaziergangs, bevor wir die ersten Stra\u00dfen von L'Escala betreten, erreichen wir das Lampad\u00f2for, ein Denkmal, das an die Ankunft des olympischen Feuers bei den Olympischen Spielen 1992 in Barcelona erinnert.<\/p>\t\t\t\t\t\t\t\t<\/div>\n\t\t\t\t<\/div>\n\t\t\t\t<\/div>\n\t\t<div class=\"elementor-element elementor-element-4a25d5b7 e-con-full e-flex e-con e-child\" data-id=\"4a25d5b7\" data-element_type=\"container\" data-e-type=\"container\">\n\t\t\t\t<div class=\"elementor-element elementor-element-7eec2dae elementor-widget elementor-widget-image\" data-id=\"7eec2dae\" data-element_type=\"widget\" data-e-type=\"widget\" data-widget_type=\"image.default\">\n\t\t\t\t<div class=\"elementor-widget-container\">\n\t\t\t\t\t\t\t\t\t\t\t\t\t\t\t<img loading=\"lazy\" decoding=\"async\" width=\"350\" height=\"263\" src=\"https:\/\/www.rutadelsindiketes.com\/wp-content\/uploads\/2022\/12\/16-lampadofor.jpg\" class=\"attachment-large size-large wp-image-1581\" alt=\"\" srcset=\"https:\/\/www.rutadelsindiketes.com\/wp-content\/uploads\/2022\/12\/16-lampadofor.jpg 350w, https:\/\/www.rutadelsindiketes.com\/wp-content\/uploads\/2022\/12\/16-lampadofor-300x225.jpg 300w\" sizes=\"(max-width: 350px) 100vw, 350px\" \/>\t\t\t\t\t\t\t\t\t\t\t\t\t\t\t<\/div>\n\t\t\t\t<\/div>\n\t\t\t\t<\/div>\n\t\t\t\t\t<\/div>\n\t\t\t\t<\/div>\n\t\t<div class=\"elementor-element elementor-element-13858340 e-flex e-con-boxed e-con e-parent\" data-id=\"13858340\" data-element_type=\"container\" data-e-type=\"container\">\n\t\t\t\t\t<div class=\"e-con-inner\">\n\t\t\t\t<div class=\"elementor-element elementor-element-4fdf43d7 elementor-widget elementor-widget-text-editor\" data-id=\"4fdf43d7\" data-element_type=\"widget\" data-e-type=\"widget\" data-widget_type=\"text-editor.default\">\n\t\t\t\t<div class=\"elementor-widget-container\">\n\t\t\t\t\t\t\t\t\t<p>Wir gehen den B\u00fcrgersteig am Meer entlang hinauf und haben oben zwei M\u00f6glichkeiten, das Stadtzentrum zu Fu\u00df zu erreichen: entweder weiter am Meer entlang (\u00fcber den Cam\u00ed de Ronda) oder \u00fcber die Stra\u00dfe Vista Alegre. Diejenigen, die mit dem Fahrrad unterwegs sind, sollten sich f\u00fcr die letztere Variante entscheiden, bevor sie vor der Kirche Sant Pere ankommen, die das Ende dieser Etappe darstellt.<\/p>\t\t\t\t\t\t\t\t<\/div>\n\t\t\t\t<\/div>\n\t\t\t\t\t<\/div>\n\t\t\t\t<\/div>\n\t\t<div class=\"elementor-element elementor-element-1be00659 e-flex e-con-boxed e-con e-parent\" data-id=\"1be00659\" data-element_type=\"container\" data-e-type=\"container\">\n\t\t\t\t\t<div class=\"e-con-inner\">\n\t\t\t\t<div class=\"elementor-element elementor-element-41d0bcdc elementor-widget elementor-widget-spacer\" data-id=\"41d0bcdc\" data-element_type=\"widget\" data-e-type=\"widget\" data-widget_type=\"spacer.default\">\n\t\t\t\t<div class=\"elementor-widget-container\">\n\t\t\t\t\t\t\t<div class=\"elementor-spacer\">\n\t\t\t<div class=\"elementor-spacer-inner\"><\/div>\n\t\t<\/div>\n\t\t\t\t\t\t<\/div>\n\t\t\t\t<\/div>\n\t\t\t\t\t<\/div>\n\t\t\t\t<\/div>\n\t\t<div class=\"elementor-element elementor-element-58a78c44 e-flex e-con-boxed e-con e-parent\" data-id=\"58a78c44\" data-element_type=\"container\" data-e-type=\"container\">\n\t\t\t\t\t<div class=\"e-con-inner\">\n\t\t\t\t<div class=\"elementor-element elementor-element-4e7556e elementor-widget elementor-widget-heading\" data-id=\"4e7556e\" data-element_type=\"widget\" data-e-type=\"widget\" data-widget_type=\"heading.default\">\n\t\t\t\t<div class=\"elementor-widget-container\">\n\t\t\t\t\t<h3 class=\"elementor-heading-title elementor-size-default\">UNTERKUNFT UND PRAKTISCHE INFORMATIONEN ETAPPE 4<\/h3>\t\t\t\t<\/div>\n\t\t\t\t<\/div>\n\t\t\t\t\t<\/div>\n\t\t\t\t<\/div>\n\t\t<div class=\"elementor-element elementor-element-178ce520 e-flex e-con-boxed e-con e-parent\" data-id=\"178ce520\" data-element_type=\"container\" data-e-type=\"container\">\n\t\t\t\t\t<div class=\"e-con-inner\">\n\t\t\t\t<div class=\"elementor-element elementor-element-3d656855 elementor-widget elementor-widget-text-editor\" data-id=\"3d656855\" data-element_type=\"widget\" data-e-type=\"widget\" data-widget_type=\"text-editor.default\">\n\t\t\t\t<div class=\"elementor-widget-container\">\n\t\t\t\t\t\t\t\t\t<p style=\"text-align: center;\"><strong>SANT PERE PESCADOR<\/strong><\/p><p style=\"text-align: center;\">Da es sich um eine Touristenstadt handelt, verf\u00fcgt sie \u00fcber alle Arten von Hotels, Restaurants und anderen Dienstleistungen. Hier k\u00f6nnen Sie die Website des Fremdenverkehrsamtes besuchen:<\/p><p style=\"text-align: center;\"><span style=\"color: #339966;\"><strong><a style=\"color: #339966;\" href=\"https:\/\/www.visitsantpere.com\/es\/\" target=\"_blank\" rel=\"noopener\">https:\/\/www.visitsantpere.com\/es\/<\/a><\/strong><\/span><\/p>\t\t\t\t\t\t\t\t<\/div>\n\t\t\t\t<\/div>\n\t\t\t\t\t<\/div>\n\t\t\t\t<\/div>\n\t\t<div class=\"elementor-element elementor-element-830d0ed e-flex e-con-boxed e-con e-parent\" data-id=\"830d0ed\" data-element_type=\"container\" data-e-type=\"container\">\n\t\t\t\t\t<div class=\"e-con-inner\">\n\t\t\t\t<div class=\"elementor-element elementor-element-8aab413 elementor-widget elementor-widget-text-editor\" data-id=\"8aab413\" data-element_type=\"widget\" data-e-type=\"widget\" data-widget_type=\"text-editor.default\">\n\t\t\t\t<div class=\"elementor-widget-container\">\n\t\t\t\t\t\t\t\t\t<p style=\"text-align: center;\"><strong>L'ARMENTERA<\/strong><\/p><p style=\"text-align: center;\">Es handelt sich nicht um eine touristische Stadt, aber sie verf\u00fcgt \u00fcber 2 Einrichtungen f\u00fcr den l\u00e4ndlichen Tourismus, mehrere Restaurants und andere Dienstleistungen. Hier k\u00f6nnen Sie die Website der Stadtverwaltung besuchen:<\/p><p style=\"text-align: center;\"><strong><span style=\"color: #339966;\"><a style=\"color: #339966;\" href=\"http:\/\/www.armentera.cat\/turisme\" target=\"_blank\" rel=\"noopener\">http:\/\/www.armentera.cat\/turisme<\/a><\/span><\/strong><\/p>\t\t\t\t\t\t\t\t<\/div>\n\t\t\t\t<\/div>\n\t\t\t\t\t<\/div>\n\t\t\t\t<\/div>\n\t\t<div class=\"elementor-element elementor-element-b3869fe e-flex e-con-boxed e-con e-parent\" data-id=\"b3869fe\" data-element_type=\"container\" data-e-type=\"container\">\n\t\t\t\t\t<div class=\"e-con-inner\">\n\t\t\t\t<div class=\"elementor-element elementor-element-08eb6ee elementor-widget elementor-widget-text-editor\" data-id=\"08eb6ee\" data-element_type=\"widget\" data-e-type=\"widget\" data-widget_type=\"text-editor.default\">\n\t\t\t\t<div class=\"elementor-widget-container\">\n\t\t\t\t\t\t\t\t\t<p style=\"text-align: center;\"><strong>L'ESCALA<\/strong><\/p><p style=\"text-align: center;\">Da es sich um eine ausgesprochene Touristenstadt handelt, verf\u00fcgt sie \u00fcber alle Arten von Hotels, Restaurants und anderen Dienstleistungen. Hier k\u00f6nnen Sie die Website des Fremdenverkehrsamtes besuchen:<\/p><p style=\"text-align: center;\"><strong><span style=\"color: #339966;\"><a style=\"color: #339966;\" href=\"https:\/\/www.visitlescala.com\/es\/\" target=\"_blank\" rel=\"noopener\">https:\/\/www.visitlescala.com\/es\/<\/a><\/span><\/strong><\/p>\t\t\t\t\t\t\t\t<\/div>\n\t\t\t\t<\/div>\n\t\t\t\t\t<\/div>\n\t\t\t\t<\/div>\n\t\t\t\t<\/div>","protected":false},"excerpt":{"rendered":"<p>ETAPA 4 CASTELL\u00d3 D\u2019EMP\u00daRIES \u2013 L\u2019ESCALA Distancia: 25 km Nivel dificultad: MUY F\u00c1CIL Altitud m\u00e1xima: 34 Altitud m\u00ednima: 1 Desnivel positivo: 192 Desnivel negativo: 193 GPX Etapa 4: Castell\u00f3 d&#8217;Emp\u00faries &#8211; L&#8217;Escala Saldremos de en frente de la Bas\u00edlica de Santa Mar\u00eda atravesando el casco antiguo o por la calle de les Gallines en ambos [&hellip;]<\/p>","protected":false},"author":2,"featured_media":0,"parent":0,"menu_order":0,"comment_status":"closed","ping_status":"closed","template":"","meta":{"footnotes":""},"class_list":["post-1240","page","type-page","status-publish","hentry"],"yoast_head":"<!-- This site is optimized with the Yoast SEO plugin v27.2 - https:\/\/yoast.com\/product\/yoast-seo-wordpress\/ -->\n<title>Etapa 4 - Castell\u00f3 d&#039;Emp\u00faries - L&#039;Escala-Ruta dels Indiketes<\/title>\n<meta name=\"robots\" content=\"index, follow, max-snippet:-1, max-image-preview:large, max-video-preview:-1\" \/>\n<link rel=\"canonical\" href=\"https:\/\/www.rutadelsindiketes.com\/de\/etapa-4-castell-dempuries-lescala\/\" \/>\n<meta property=\"og:locale\" content=\"de_DE\" \/>\n<meta property=\"og:type\" content=\"article\" \/>\n<meta property=\"og:title\" content=\"Etapa 4 - Castell\u00f3 d&#039;Emp\u00faries - L&#039;Escala-Ruta dels Indiketes\" \/>\n<meta property=\"og:description\" content=\"ETAPA 4 CASTELL\u00d3 D\u2019EMP\u00daRIES \u2013 L\u2019ESCALA Distancia: 25 km Nivel dificultad: MUY F\u00c1CIL Altitud m\u00e1xima: 34 Altitud m\u00ednima: 1 Desnivel positivo: 192 Desnivel negativo: 193 GPX Etapa 4: Castell\u00f3 d&#8217;Emp\u00faries &#8211; L&#8217;Escala Saldremos de en frente de la Bas\u00edlica de Santa Mar\u00eda atravesando el casco antiguo o por la calle de les Gallines en ambos [&hellip;]\" \/>\n<meta property=\"og:url\" content=\"https:\/\/www.rutadelsindiketes.com\/de\/etapa-4-castell-dempuries-lescala\/\" \/>\n<meta property=\"og:site_name\" content=\"Ruta dels Indiketes\" \/>\n<meta property=\"article:modified_time\" content=\"2024-05-16T15:41:25+00:00\" \/>\n<meta property=\"og:image\" content=\"https:\/\/www.rutadelsindiketes.com\/wp-content\/uploads\/2024\/05\/Perfil-etapa-4-1024x318.png\" \/>\n<meta name=\"twitter:card\" content=\"summary_large_image\" \/>\n<meta name=\"twitter:label1\" content=\"Gesch\u00e4tzte Lesezeit\" \/>\n\t<meta name=\"twitter:data1\" content=\"11\u00a0Minuten\" \/>\n<script type=\"application\/ld+json\" class=\"yoast-schema-graph\">{\"@context\":\"https:\/\/schema.org\",\"@graph\":[{\"@type\":\"WebPage\",\"@id\":\"https:\/\/www.rutadelsindiketes.com\/ca\/etapa-4-castell-dempuries-lescala\/\",\"url\":\"https:\/\/www.rutadelsindiketes.com\/ca\/etapa-4-castell-dempuries-lescala\/\",\"name\":\"Etapa 4 - Castell\u00f3 d'Emp\u00faries - L'Escala-Ruta dels Indiketes\",\"isPartOf\":{\"@id\":\"https:\/\/www.rutadelsindiketes.com\/#website\"},\"primaryImageOfPage\":{\"@id\":\"https:\/\/www.rutadelsindiketes.com\/ca\/etapa-4-castell-dempuries-lescala\/#primaryimage\"},\"image\":{\"@id\":\"https:\/\/www.rutadelsindiketes.com\/ca\/etapa-4-castell-dempuries-lescala\/#primaryimage\"},\"thumbnailUrl\":\"https:\/\/www.rutadelsindiketes.com\/wp-content\/uploads\/2024\/05\/Perfil-etapa-4-1024x318.png\",\"datePublished\":\"2022-12-13T14:21:24+00:00\",\"dateModified\":\"2024-05-16T15:41:25+00:00\",\"breadcrumb\":{\"@id\":\"https:\/\/www.rutadelsindiketes.com\/ca\/etapa-4-castell-dempuries-lescala\/#breadcrumb\"},\"inLanguage\":\"de\",\"potentialAction\":[{\"@type\":\"ReadAction\",\"target\":[\"https:\/\/www.rutadelsindiketes.com\/ca\/etapa-4-castell-dempuries-lescala\/\"]}]},{\"@type\":\"ImageObject\",\"inLanguage\":\"de\",\"@id\":\"https:\/\/www.rutadelsindiketes.com\/ca\/etapa-4-castell-dempuries-lescala\/#primaryimage\",\"url\":\"https:\/\/www.rutadelsindiketes.com\/wp-content\/uploads\/2024\/05\/Perfil-etapa-4-1024x318.png\",\"contentUrl\":\"https:\/\/www.rutadelsindiketes.com\/wp-content\/uploads\/2024\/05\/Perfil-etapa-4-1024x318.png\"},{\"@type\":\"BreadcrumbList\",\"@id\":\"https:\/\/www.rutadelsindiketes.com\/ca\/etapa-4-castell-dempuries-lescala\/#breadcrumb\",\"itemListElement\":[{\"@type\":\"ListItem\",\"position\":1,\"name\":\"Portada\",\"item\":\"https:\/\/www.rutadelsindiketes.com\/ca\/\"},{\"@type\":\"ListItem\",\"position\":2,\"name\":\"Etapa 4 &#8211; Castell\u00f3 d&#8217;Emp\u00faries &#8211; L&#8217;Escala\"}]},{\"@type\":\"WebSite\",\"@id\":\"https:\/\/www.rutadelsindiketes.com\/#website\",\"url\":\"https:\/\/www.rutadelsindiketes.com\/\",\"name\":\"Ruta dels Indiketes\",\"description\":\"S&oacute;lo otro sitio de WordPress\",\"potentialAction\":[{\"@type\":\"SearchAction\",\"target\":{\"@type\":\"EntryPoint\",\"urlTemplate\":\"https:\/\/www.rutadelsindiketes.com\/?s={search_term_string}\"},\"query-input\":{\"@type\":\"PropertyValueSpecification\",\"valueRequired\":true,\"valueName\":\"search_term_string\"}}],\"inLanguage\":\"de\"}]}<\/script>\n<!-- \/ Yoast SEO plugin. -->","yoast_head_json":{"title":"Etapa 4 - Castell\u00f3 d'Emp\u00faries - L'Escala-Ruta dels Indiketes","robots":{"index":"index","follow":"follow","max-snippet":"max-snippet:-1","max-image-preview":"max-image-preview:large","max-video-preview":"max-video-preview:-1"},"canonical":"https:\/\/www.rutadelsindiketes.com\/de\/etapa-4-castell-dempuries-lescala\/","og_locale":"de_DE","og_type":"article","og_title":"Etapa 4 - Castell\u00f3 d'Emp\u00faries - L'Escala-Ruta dels Indiketes","og_description":"ETAPA 4 CASTELL\u00d3 D\u2019EMP\u00daRIES \u2013 L\u2019ESCALA Distancia: 25 km Nivel dificultad: MUY F\u00c1CIL Altitud m\u00e1xima: 34 Altitud m\u00ednima: 1 Desnivel positivo: 192 Desnivel negativo: 193 GPX Etapa 4: Castell\u00f3 d&#8217;Emp\u00faries &#8211; L&#8217;Escala Saldremos de en frente de la Bas\u00edlica de Santa Mar\u00eda atravesando el casco antiguo o por la calle de les Gallines en ambos [&hellip;]","og_url":"https:\/\/www.rutadelsindiketes.com\/de\/etapa-4-castell-dempuries-lescala\/","og_site_name":"Ruta dels Indiketes","article_modified_time":"2024-05-16T15:41:25+00:00","og_image":[{"url":"https:\/\/www.rutadelsindiketes.com\/wp-content\/uploads\/2024\/05\/Perfil-etapa-4-1024x318.png","type":"","width":"","height":""}],"twitter_card":"summary_large_image","twitter_misc":{"Gesch\u00e4tzte Lesezeit":"11\u00a0Minuten"},"schema":{"@context":"https:\/\/schema.org","@graph":[{"@type":"WebPage","@id":"https:\/\/www.rutadelsindiketes.com\/ca\/etapa-4-castell-dempuries-lescala\/","url":"https:\/\/www.rutadelsindiketes.com\/ca\/etapa-4-castell-dempuries-lescala\/","name":"Etapa 4 - Castell\u00f3 d'Emp\u00faries - L'Escala-Ruta dels Indiketes","isPartOf":{"@id":"https:\/\/www.rutadelsindiketes.com\/#website"},"primaryImageOfPage":{"@id":"https:\/\/www.rutadelsindiketes.com\/ca\/etapa-4-castell-dempuries-lescala\/#primaryimage"},"image":{"@id":"https:\/\/www.rutadelsindiketes.com\/ca\/etapa-4-castell-dempuries-lescala\/#primaryimage"},"thumbnailUrl":"https:\/\/www.rutadelsindiketes.com\/wp-content\/uploads\/2024\/05\/Perfil-etapa-4-1024x318.png","datePublished":"2022-12-13T14:21:24+00:00","dateModified":"2024-05-16T15:41:25+00:00","breadcrumb":{"@id":"https:\/\/www.rutadelsindiketes.com\/ca\/etapa-4-castell-dempuries-lescala\/#breadcrumb"},"inLanguage":"de","potentialAction":[{"@type":"ReadAction","target":["https:\/\/www.rutadelsindiketes.com\/ca\/etapa-4-castell-dempuries-lescala\/"]}]},{"@type":"ImageObject","inLanguage":"de","@id":"https:\/\/www.rutadelsindiketes.com\/ca\/etapa-4-castell-dempuries-lescala\/#primaryimage","url":"https:\/\/www.rutadelsindiketes.com\/wp-content\/uploads\/2024\/05\/Perfil-etapa-4-1024x318.png","contentUrl":"https:\/\/www.rutadelsindiketes.com\/wp-content\/uploads\/2024\/05\/Perfil-etapa-4-1024x318.png"},{"@type":"BreadcrumbList","@id":"https:\/\/www.rutadelsindiketes.com\/ca\/etapa-4-castell-dempuries-lescala\/#breadcrumb","itemListElement":[{"@type":"ListItem","position":1,"name":"Portada","item":"https:\/\/www.rutadelsindiketes.com\/ca\/"},{"@type":"ListItem","position":2,"name":"Etapa 4 &#8211; Castell\u00f3 d&#8217;Emp\u00faries &#8211; L&#8217;Escala"}]},{"@type":"WebSite","@id":"https:\/\/www.rutadelsindiketes.com\/#website","url":"https:\/\/www.rutadelsindiketes.com\/","name":"Ruta dels Indiketes","description":"S&oacute;lo otro sitio de WordPress","potentialAction":[{"@type":"SearchAction","target":{"@type":"EntryPoint","urlTemplate":"https:\/\/www.rutadelsindiketes.com\/?s={search_term_string}"},"query-input":{"@type":"PropertyValueSpecification","valueRequired":true,"valueName":"search_term_string"}}],"inLanguage":"de"}]}},"_links":{"self":[{"href":"https:\/\/www.rutadelsindiketes.com\/de\/wp-json\/wp\/v2\/pages\/1240","targetHints":{"allow":["GET"]}}],"collection":[{"href":"https:\/\/www.rutadelsindiketes.com\/de\/wp-json\/wp\/v2\/pages"}],"about":[{"href":"https:\/\/www.rutadelsindiketes.com\/de\/wp-json\/wp\/v2\/types\/page"}],"author":[{"embeddable":true,"href":"https:\/\/www.rutadelsindiketes.com\/de\/wp-json\/wp\/v2\/users\/2"}],"replies":[{"embeddable":true,"href":"https:\/\/www.rutadelsindiketes.com\/de\/wp-json\/wp\/v2\/comments?post=1240"}],"version-history":[{"count":82,"href":"https:\/\/www.rutadelsindiketes.com\/de\/wp-json\/wp\/v2\/pages\/1240\/revisions"}],"predecessor-version":[{"id":4569,"href":"https:\/\/www.rutadelsindiketes.com\/de\/wp-json\/wp\/v2\/pages\/1240\/revisions\/4569"}],"wp:attachment":[{"href":"https:\/\/www.rutadelsindiketes.com\/de\/wp-json\/wp\/v2\/media?parent=1240"}],"curies":[{"name":"wp","href":"https:\/\/api.w.org\/{rel}","templated":true}]}}