{"id":1242,"date":"2022-12-13T15:21:39","date_gmt":"2022-12-13T14:21:39","guid":{"rendered":"https:\/\/www.rutadelsindiketes.com\/?page_id=1242"},"modified":"2023-04-07T13:34:22","modified_gmt":"2023-04-07T11:34:22","slug":"etapa-5-lescala-torroella-de-montgri","status":"publish","type":"page","link":"https:\/\/www.rutadelsindiketes.com\/de\/etappe-5-lescala-torroella-de-montgri\/","title":{"rendered":"Etappe 5 - L'Escala - Torroella de Montgr\u00ed"},"content":{"rendered":"<div data-elementor-type=\"wp-page\" data-elementor-id=\"1242\" class=\"elementor elementor-1242\" data-elementor-post-type=\"page\">\n\t\t\t\t\t\t<section class=\"elementor-section elementor-top-section elementor-element elementor-element-4161d5af elementor-section-height-min-height elementor-section-content-middle elementor-section-boxed elementor-section-height-default elementor-section-items-middle\" data-id=\"4161d5af\" data-element_type=\"section\" data-e-type=\"section\" id=\"entrada\" data-settings=\"{&quot;background_background&quot;:&quot;classic&quot;}\">\n\t\t\t\t\t\t\t<div class=\"elementor-background-overlay\"><\/div>\n\t\t\t\t\t\t\t<div class=\"elementor-container elementor-column-gap-default\">\n\t\t\t\t\t<div class=\"elementor-column elementor-col-100 elementor-top-column elementor-element elementor-element-250f815b\" data-id=\"250f815b\" data-element_type=\"column\" data-e-type=\"column\" data-settings=\"{&quot;background_background&quot;:&quot;classic&quot;}\">\n\t\t\t<div class=\"elementor-widget-wrap elementor-element-populated\">\n\t\t\t\t\t<div class=\"elementor-background-overlay\"><\/div>\n\t\t\t\t\t\t<div class=\"elementor-element elementor-element-8c5db87 elementor-widget elementor-widget-heading\" data-id=\"8c5db87\" data-element_type=\"widget\" data-e-type=\"widget\" data-widget_type=\"heading.default\">\n\t\t\t\t<div class=\"elementor-widget-container\">\n\t\t\t\t\t<h1 class=\"elementor-heading-title elementor-size-default\">ETAPPE 5<\/h1>\t\t\t\t<\/div>\n\t\t\t\t<\/div>\n\t\t\t\t<div class=\"elementor-element elementor-element-8501329 elementor-widget elementor-widget-heading\" data-id=\"8501329\" data-element_type=\"widget\" data-e-type=\"widget\" data-widget_type=\"heading.default\">\n\t\t\t\t<div class=\"elementor-widget-container\">\n\t\t\t\t\t<h2 class=\"elementor-heading-title elementor-size-default\">L'ESCALA - TORROELLA DE MONTGR\u00cd <\/h2>\t\t\t\t<\/div>\n\t\t\t\t<\/div>\n\t\t\t\t<div class=\"elementor-element elementor-element-cc4a6ba elementor-widget elementor-widget-spacer\" data-id=\"cc4a6ba\" data-element_type=\"widget\" data-e-type=\"widget\" data-widget_type=\"spacer.default\">\n\t\t\t\t<div class=\"elementor-widget-container\">\n\t\t\t\t\t\t\t<div class=\"elementor-spacer\">\n\t\t\t<div class=\"elementor-spacer-inner\"><\/div>\n\t\t<\/div>\n\t\t\t\t\t\t<\/div>\n\t\t\t\t<\/div>\n\t\t\t\t<div class=\"elementor-element elementor-element-4863b3f6 elementor-icon-list--layout-inline elementor-align-center elementor-list-item-link-full_width elementor-widget elementor-widget-icon-list\" data-id=\"4863b3f6\" data-element_type=\"widget\" data-e-type=\"widget\" data-widget_type=\"icon-list.default\">\n\t\t\t\t<div class=\"elementor-widget-container\">\n\t\t\t\t\t\t\t<ul class=\"elementor-icon-list-items elementor-inline-items\">\n\t\t\t\t\t\t\t<li class=\"elementor-icon-list-item elementor-inline-item\">\n\t\t\t\t\t\t\t\t\t\t\t<span class=\"elementor-icon-list-icon\">\n\t\t\t\t\t\t\t<svg aria-hidden=\"true\" class=\"e-font-icon-svg e-fas-ruler\" viewbox=\"0 0 640 512\" xmlns=\"http:\/\/www.w3.org\/2000\/svg\"><path d=\"M635.7 167.2L556.1 31.7c-8.8-15-28.3-20.1-43.5-11.5l-69 39.1L503.3 161c2.2 3.8.9 8.5-2.9 10.7l-13.8 7.8c-3.8 2.2-8.7.9-10.9-2.9L416 75l-55.2 31.3 27.9 47.4c2.2 3.8.9 8.5-2.9 10.7l-13.8 7.8c-3.8 2.2-8.7.9-10.9-2.9L333.2 122 278 153.3 337.8 255c2.2 3.7.9 8.5-2.9 10.7l-13.8 7.8c-3.8 2.2-8.7.9-10.9-2.9l-59.7-101.7-55.2 31.3 27.9 47.4c2.2 3.8.9 8.5-2.9 10.7l-13.8 7.8c-3.8 2.2-8.7.9-10.9-2.9l-27.9-47.5-55.2 31.3 59.7 101.7c2.2 3.7.9 8.5-2.9 10.7l-13.8 7.8c-3.8 2.2-8.7.9-10.9-2.9L84.9 262.9l-69 39.1C.7 310.7-4.6 329.8 4.2 344.8l79.6 135.6c8.8 15 28.3 20.1 43.5 11.5L624.1 210c15.2-8.6 20.4-27.8 11.6-42.8z\"><\/path><\/svg>\t\t\t\t\t\t<\/span>\n\t\t\t\t\t\t\t\t\t\t<span class=\"elementor-icon-list-text\">Strecke: 23.1 km <\/span>\n\t\t\t\t\t\t\t\t\t<\/li>\n\t\t\t\t\t\t\t\t<li class=\"elementor-icon-list-item elementor-inline-item\">\n\t\t\t\t\t\t\t\t\t\t\t<span class=\"elementor-icon-list-icon\">\n\t\t\t\t\t\t\t<svg aria-hidden=\"true\" class=\"e-font-icon-svg e-fas-trophy\" viewbox=\"0 0 576 512\" xmlns=\"http:\/\/www.w3.org\/2000\/svg\"><path d=\"M552 64H448V24c0-13.3-10.7-24-24-24H152c-13.3 0-24 10.7-24 24v40H24C10.7 64 0 74.7 0 88v56c0 35.7 22.5 72.4 61.9 100.7 31.5 22.7 69.8 37.1 110 41.7C203.3 338.5 240 360 240 360v72h-48c-35.3 0-64 20.7-64 56v12c0 6.6 5.4 12 12 12h296c6.6 0 12-5.4 12-12v-12c0-35.3-28.7-56-64-56h-48v-72s36.7-21.5 68.1-73.6c40.3-4.6 78.6-19 110-41.7 39.3-28.3 61.9-65 61.9-100.7V88c0-13.3-10.7-24-24-24zM99.3 192.8C74.9 175.2 64 155.6 64 144v-16h64.2c1 32.6 5.8 61.2 12.8 86.2-15.1-5.2-29.2-12.4-41.7-21.4zM512 144c0 16.1-17.7 36.1-35.3 48.8-12.5 9-26.7 16.2-41.8 21.4 7-25 11.8-53.6 12.8-86.2H512v16z\"><\/path><\/svg>\t\t\t\t\t\t<\/span>\n\t\t\t\t\t\t\t\t\t\t<span class=\"elementor-icon-list-text\">Schwierigkeitsgrad: Mittel<\/span>\n\t\t\t\t\t\t\t\t\t<\/li>\n\t\t\t\t\t\t\t\t<li class=\"elementor-icon-list-item elementor-inline-item\">\n\t\t\t\t\t\t\t\t\t\t\t<span class=\"elementor-icon-list-icon\">\n\t\t\t\t\t\t\t<svg aria-hidden=\"true\" class=\"e-font-icon-svg e-fas-sort-amount-up-alt\" viewbox=\"0 0 512 512\" xmlns=\"http:\/\/www.w3.org\/2000\/svg\"><path d=\"M240 96h64a16 16 0 0 0 16-16V48a16 16 0 0 0-16-16h-64a16 16 0 0 0-16 16v32a16 16 0 0 0 16 16zm0 128h128a16 16 0 0 0 16-16v-32a16 16 0 0 0-16-16H240a16 16 0 0 0-16 16v32a16 16 0 0 0 16 16zm256 192H240a16 16 0 0 0-16 16v32a16 16 0 0 0 16 16h256a16 16 0 0 0 16-16v-32a16 16 0 0 0-16-16zm-256-64h192a16 16 0 0 0 16-16v-32a16 16 0 0 0-16-16H240a16 16 0 0 0-16 16v32a16 16 0 0 0 16 16zM16 160h48v304a16 16 0 0 0 16 16h32a16 16 0 0 0 16-16V160h48c14.21 0 21.39-17.24 11.31-27.31l-80-96a16 16 0 0 0-22.62 0l-80 96C-5.35 142.74 1.78 160 16 160z\"><\/path><\/svg>\t\t\t\t\t\t<\/span>\n\t\t\t\t\t\t\t\t\t\t<span class=\"elementor-icon-list-text\">H\u00f6he max: 257<\/span>\n\t\t\t\t\t\t\t\t\t<\/li>\n\t\t\t\t\t\t\t\t<li class=\"elementor-icon-list-item elementor-inline-item\">\n\t\t\t\t\t\t\t\t\t\t\t<span class=\"elementor-icon-list-icon\">\n\t\t\t\t\t\t\t<svg aria-hidden=\"true\" class=\"e-font-icon-svg e-fas-sort-amount-down-alt\" viewbox=\"0 0 512 512\" xmlns=\"http:\/\/www.w3.org\/2000\/svg\"><path d=\"M240 96h64a16 16 0 0 0 16-16V48a16 16 0 0 0-16-16h-64a16 16 0 0 0-16 16v32a16 16 0 0 0 16 16zm0 128h128a16 16 0 0 0 16-16v-32a16 16 0 0 0-16-16H240a16 16 0 0 0-16 16v32a16 16 0 0 0 16 16zm256 192H240a16 16 0 0 0-16 16v32a16 16 0 0 0 16 16h256a16 16 0 0 0 16-16v-32a16 16 0 0 0-16-16zm-256-64h192a16 16 0 0 0 16-16v-32a16 16 0 0 0-16-16H240a16 16 0 0 0-16 16v32a16 16 0 0 0 16 16zm-64 0h-48V48a16 16 0 0 0-16-16H80a16 16 0 0 0-16 16v304H16c-14.19 0-21.37 17.24-11.29 27.31l80 96a16 16 0 0 0 22.62 0l80-96C197.35 369.26 190.22 352 176 352z\"><\/path><\/svg>\t\t\t\t\t\t<\/span>\n\t\t\t\t\t\t\t\t\t\t<span class=\"elementor-icon-list-text\">H\u00f6he min: 1<\/span>\n\t\t\t\t\t\t\t\t\t<\/li>\n\t\t\t\t\t\t\t\t<li class=\"elementor-icon-list-item elementor-inline-item\">\n\t\t\t\t\t\t\t\t\t\t\t<span class=\"elementor-icon-list-icon\">\n\t\t\t\t\t\t\t<svg aria-hidden=\"true\" class=\"e-font-icon-svg e-fas-slash\" viewbox=\"0 0 640 512\" xmlns=\"http:\/\/www.w3.org\/2000\/svg\"><path d=\"M594.53 508.63L6.18 53.9c-6.97-5.42-8.23-15.47-2.81-22.45L23.01 6.18C28.43-.8 38.49-2.06 45.47 3.37L633.82 458.1c6.97 5.42 8.23 15.47 2.81 22.45l-19.64 25.27c-5.42 6.98-15.48 8.23-22.46 2.81z\"><\/path><\/svg>\t\t\t\t\t\t<\/span>\n\t\t\t\t\t\t\t\t\t\t<span class=\"elementor-icon-list-text\">Aufstieg: 743<\/span>\n\t\t\t\t\t\t\t\t\t<\/li>\n\t\t\t\t\t\t\t\t<li class=\"elementor-icon-list-item elementor-inline-item\">\n\t\t\t\t\t\t\t\t\t\t\t<span class=\"elementor-icon-list-icon\">\n\t\t\t\t\t\t\t<svg aria-hidden=\"true\" class=\"e-font-icon-svg e-fas-slash\" viewbox=\"0 0 640 512\" xmlns=\"http:\/\/www.w3.org\/2000\/svg\"><path d=\"M594.53 508.63L6.18 53.9c-6.97-5.42-8.23-15.47-2.81-22.45L23.01 6.18C28.43-.8 38.49-2.06 45.47 3.37L633.82 458.1c6.97 5.42 8.23 15.47 2.81 22.45l-19.64 25.27c-5.42 6.98-15.48 8.23-22.46 2.81z\"><\/path><\/svg>\t\t\t\t\t\t<\/span>\n\t\t\t\t\t\t\t\t\t\t<span class=\"elementor-icon-list-text\">Abstieg: 729<\/span>\n\t\t\t\t\t\t\t\t\t<\/li>\n\t\t\t\t\t\t<\/ul>\n\t\t\t\t\t\t<\/div>\n\t\t\t\t<\/div>\n\t\t\t\t<div class=\"elementor-element elementor-element-80428c6 elementor-widget elementor-widget-image\" data-id=\"80428c6\" data-element_type=\"widget\" data-e-type=\"widget\" data-widget_type=\"image.default\">\n\t\t\t\t<div class=\"elementor-widget-container\">\n\t\t\t\t\t\t\t\t\t\t\t\t\t\t\t\t<a href=\"https:\/\/www.rutadelsindiketes.com\/wp-content\/uploads\/2022\/12\/Perfi-etapa-5-achatado.png\" data-elementor-open-lightbox=\"yes\" data-elementor-lightbox-title=\"Perfi etapa 5 achatado\" data-e-action-hash=\"#elementor-action%3Aaction%3Dlightbox%26settings%3DeyJpZCI6MTYxMSwidXJsIjoiaHR0cHM6XC9cL3d3dy5ydXRhZGVsc2luZGlrZXRlcy5jb21cL3dwLWNvbnRlbnRcL3VwbG9hZHNcLzIwMjJcLzEyXC9QZXJmaS1ldGFwYS01LWFjaGF0YWRvLnBuZyJ9\">\n\t\t\t\t\t\t\t<img fetchpriority=\"high\" decoding=\"async\" width=\"800\" height=\"217\" src=\"https:\/\/www.rutadelsindiketes.com\/wp-content\/uploads\/2022\/12\/Perfi-etapa-5-achatado.png\" class=\"attachment-large size-large wp-image-1611\" alt=\"\" srcset=\"https:\/\/www.rutadelsindiketes.com\/wp-content\/uploads\/2022\/12\/Perfi-etapa-5-achatado.png 960w, https:\/\/www.rutadelsindiketes.com\/wp-content\/uploads\/2022\/12\/Perfi-etapa-5-achatado-300x81.png 300w, https:\/\/www.rutadelsindiketes.com\/wp-content\/uploads\/2022\/12\/Perfi-etapa-5-achatado-768x208.png 768w\" sizes=\"(max-width: 800px) 100vw, 800px\" \/>\t\t\t\t\t\t\t\t<\/a>\n\t\t\t\t\t\t\t\t\t\t\t\t\t\t\t<\/div>\n\t\t\t\t<\/div>\n\t\t\t\t\t<\/div>\n\t\t<\/div>\n\t\t\t\t\t<\/div>\n\t\t<\/section>\n\t\t\t\t<section class=\"elementor-section elementor-top-section elementor-element elementor-element-77174f7 elementor-section-boxed elementor-section-height-default elementor-section-height-default\" data-id=\"77174f7\" data-element_type=\"section\" data-e-type=\"section\">\n\t\t\t\t\t\t<div class=\"elementor-container elementor-column-gap-default\">\n\t\t\t\t\t<div class=\"elementor-column elementor-col-100 elementor-top-column elementor-element elementor-element-d2b5570\" data-id=\"d2b5570\" data-element_type=\"column\" data-e-type=\"column\">\n\t\t\t<div class=\"elementor-widget-wrap elementor-element-populated\">\n\t\t\t\t\t\t<div class=\"elementor-element elementor-element-9a1b656 elementor-align-center elementor-widget__width-auto elementor-widget elementor-widget-button\" data-id=\"9a1b656\" data-element_type=\"widget\" data-e-type=\"widget\" data-widget_type=\"button.default\">\n\t\t\t\t<div class=\"elementor-widget-container\">\n\t\t\t\t\t\t\t\t\t<div class=\"elementor-button-wrapper\">\n\t\t\t\t\t<a class=\"elementor-button elementor-button-link elementor-size-sm\" href=\"https:\/\/www.rutadelsindiketes.com\/wp-content\/uploads\/2023\/04\/LEscala-a-Torroella-de-Montgri-ultim.gpx\">\n\t\t\t\t\t\t<span class=\"elementor-button-content-wrapper\">\n\t\t\t\t\t\t<span class=\"elementor-button-icon\">\n\t\t\t\t<svg aria-hidden=\"true\" class=\"e-font-icon-svg e-fas-route\" viewbox=\"0 0 512 512\" xmlns=\"http:\/\/www.w3.org\/2000\/svg\"><path d=\"M416 320h-96c-17.6 0-32-14.4-32-32s14.4-32 32-32h96s96-107 96-160-43-96-96-96-96 43-96 96c0 25.5 22.2 63.4 45.3 96H320c-52.9 0-96 43.1-96 96s43.1 96 96 96h96c17.6 0 32 14.4 32 32s-14.4 32-32 32H185.5c-16 24.8-33.8 47.7-47.3 64H416c52.9 0 96-43.1 96-96s-43.1-96-96-96zm0-256c17.7 0 32 14.3 32 32s-14.3 32-32 32-32-14.3-32-32 14.3-32 32-32zM96 256c-53 0-96 43-96 96s96 160 96 160 96-107 96-160-43-96-96-96zm0 128c-17.7 0-32-14.3-32-32s14.3-32 32-32 32 14.3 32 32-14.3 32-32 32z\"><\/path><\/svg>\t\t\t<\/span>\n\t\t\t\t\t\t\t\t\t<span class=\"elementor-button-text\">GPX<\/span>\n\t\t\t\t\t<\/span>\n\t\t\t\t\t<\/a>\n\t\t\t\t<\/div>\n\t\t\t\t\t\t\t\t<\/div>\n\t\t\t\t<\/div>\n\t\t\t\t\t<\/div>\n\t\t<\/div>\n\t\t\t\t\t<\/div>\n\t\t<\/section>\n\t\t\t\t<section class=\"elementor-section elementor-top-section elementor-element elementor-element-ec96f5a elementor-section-boxed elementor-section-height-default elementor-section-height-default\" data-id=\"ec96f5a\" data-element_type=\"section\" data-e-type=\"section\">\n\t\t\t\t\t\t<div class=\"elementor-container elementor-column-gap-default\">\n\t\t\t\t\t<div class=\"elementor-column elementor-col-100 elementor-top-column elementor-element elementor-element-725db9d\" data-id=\"725db9d\" data-element_type=\"column\" data-e-type=\"column\">\n\t\t\t<div class=\"elementor-widget-wrap elementor-element-populated\">\n\t\t\t\t\t\t<div class=\"elementor-element elementor-element-224bf89 elementor-widget elementor-widget-heading\" data-id=\"224bf89\" data-element_type=\"widget\" data-e-type=\"widget\" data-widget_type=\"heading.default\">\n\t\t\t\t<div class=\"elementor-widget-container\">\n\t\t\t\t\t<h2 class=\"elementor-heading-title elementor-size-large\"><br>Etappe 5: L'ESCALA - TORROELLA DE MONTGR\u00cd<br><\/h2>\t\t\t\t<\/div>\n\t\t\t\t<\/div>\n\t\t\t\t<div class=\"elementor-element elementor-element-6b3b62c elementor-widget elementor-widget-image\" data-id=\"6b3b62c\" data-element_type=\"widget\" data-e-type=\"widget\" data-widget_type=\"image.default\">\n\t\t\t\t<div class=\"elementor-widget-container\">\n\t\t\t\t\t\t\t\t\t\t\t\t\t\t\t\t<a href=\"https:\/\/www.rutadelsindiketes.com\/wp-content\/uploads\/2022\/12\/mapa-etapa-5.png\" data-elementor-open-lightbox=\"yes\" data-elementor-lightbox-title=\"mapa etapa 5\" data-e-action-hash=\"#elementor-action%3Aaction%3Dlightbox%26settings%3DeyJpZCI6MTYxNiwidXJsIjoiaHR0cHM6XC9cL3d3dy5ydXRhZGVsc2luZGlrZXRlcy5jb21cL3dwLWNvbnRlbnRcL3VwbG9hZHNcLzIwMjJcLzEyXC9tYXBhLWV0YXBhLTUucG5nIn0%3D\">\n\t\t\t\t\t\t\t<img decoding=\"async\" width=\"561\" height=\"526\" src=\"https:\/\/www.rutadelsindiketes.com\/wp-content\/uploads\/2022\/12\/mapa-etapa-5.png\" class=\"attachment-large size-large wp-image-1616\" alt=\"\" srcset=\"https:\/\/www.rutadelsindiketes.com\/wp-content\/uploads\/2022\/12\/mapa-etapa-5.png 561w, https:\/\/www.rutadelsindiketes.com\/wp-content\/uploads\/2022\/12\/mapa-etapa-5-300x281.png 300w\" sizes=\"(max-width: 561px) 100vw, 561px\" \/>\t\t\t\t\t\t\t\t<\/a>\n\t\t\t\t\t\t\t\t\t\t\t\t\t\t\t<\/div>\n\t\t\t\t<\/div>\n\t\t\t\t\t<\/div>\n\t\t<\/div>\n\t\t\t\t\t<\/div>\n\t\t<\/section>\n\t\t<div class=\"elementor-element elementor-element-7dc617d2 e-flex e-con-boxed e-con e-parent\" data-id=\"7dc617d2\" data-element_type=\"container\" data-e-type=\"container\">\n\t\t\t\t\t<div class=\"e-con-inner\">\n\t\t<div class=\"elementor-element elementor-element-1502bbce e-con-full e-flex e-con e-child\" data-id=\"1502bbce\" data-element_type=\"container\" data-e-type=\"container\">\n\t\t\t\t<div class=\"elementor-element elementor-element-48676aac elementor-widget elementor-widget-text-editor\" data-id=\"48676aac\" data-element_type=\"widget\" data-e-type=\"widget\" data-widget_type=\"text-editor.default\">\n\t\t\t\t<div class=\"elementor-widget-container\">\n\t\t\t\t\t\t\t\t\t<p>Vom Strand von Les Barques aus geht es entlang der K\u00fcste in s\u00fcdlicher Richtung, wobei wir den Schildern des GR-92 folgen.\u00a0<\/p><p>Wir gehen \u00fcber den Passeig Lluis Albert und den Passeig del Mar zum Strand von Riells und von dort weiter \u00fcber die Avinguda de Riells zum Hafen.<\/p><p>Der GR-92 f\u00fchrt weiter auf dem Ronda-Weg bis zur Illa Mateua (einer kleinen Insel) und von dort aus durchqueren wir die Urbanisation Cala Montg\u00f3 bis wir den Strand erreichen.<\/p>\t\t\t\t\t\t\t\t<\/div>\n\t\t\t\t<\/div>\n\t\t\t\t<\/div>\n\t\t<div class=\"elementor-element elementor-element-11673c14 e-con-full e-flex e-con e-child\" data-id=\"11673c14\" data-element_type=\"container\" data-e-type=\"container\">\n\t\t\t\t<div class=\"elementor-element elementor-element-4003d16f elementor-widget elementor-widget-image\" data-id=\"4003d16f\" data-element_type=\"widget\" data-e-type=\"widget\" data-widget_type=\"image.default\">\n\t\t\t\t<div class=\"elementor-widget-container\">\n\t\t\t\t\t\t\t\t\t\t\t\t\t\t\t<img decoding=\"async\" width=\"800\" height=\"600\" src=\"https:\/\/www.rutadelsindiketes.com\/wp-content\/uploads\/2022\/12\/2-Vista-de-Montgo-1024x768.jpg\" class=\"attachment-large size-large wp-image-1624\" alt=\"\" srcset=\"https:\/\/www.rutadelsindiketes.com\/wp-content\/uploads\/2022\/12\/2-Vista-de-Montgo-1024x768.jpg 1024w, https:\/\/www.rutadelsindiketes.com\/wp-content\/uploads\/2022\/12\/2-Vista-de-Montgo-300x225.jpg 300w, https:\/\/www.rutadelsindiketes.com\/wp-content\/uploads\/2022\/12\/2-Vista-de-Montgo-768x576.jpg 768w, https:\/\/www.rutadelsindiketes.com\/wp-content\/uploads\/2022\/12\/2-Vista-de-Montgo.jpg 1136w\" sizes=\"(max-width: 800px) 100vw, 800px\" \/>\t\t\t\t\t\t\t\t\t\t\t\t\t\t\t<\/div>\n\t\t\t\t<\/div>\n\t\t\t\t<\/div>\n\t\t\t\t\t<\/div>\n\t\t\t\t<\/div>\n\t\t<div class=\"elementor-element elementor-element-1a921033 e-flex e-con-boxed e-con e-parent\" data-id=\"1a921033\" data-element_type=\"container\" data-e-type=\"container\">\n\t\t\t\t\t<div class=\"e-con-inner\">\n\t\t\t\t<div class=\"elementor-element elementor-element-3145a919 elementor-widget elementor-widget-text-editor\" data-id=\"3145a919\" data-element_type=\"widget\" data-e-type=\"widget\" data-widget_type=\"text-editor.default\">\n\t\t\t\t<div class=\"elementor-widget-container\">\n\t\t\t\t\t\t\t\t\t<p>Hier biegen wir in die Carrer del Mil\u00e0 ein, wo der so genannte Cam\u00ed del Termes beginnt, dem wir folgen, vorbei am Camping Neus und immer das bebaute Gebiet zu unserer Rechten lassend.<\/p>\t\t\t\t\t\t\t\t<\/div>\n\t\t\t\t<\/div>\n\t\t\t\t\t<\/div>\n\t\t\t\t<\/div>\n\t\t<div class=\"elementor-element elementor-element-6c7f1a4e e-flex e-con-boxed e-con e-parent\" data-id=\"6c7f1a4e\" data-element_type=\"container\" data-e-type=\"container\">\n\t\t\t\t\t<div class=\"e-con-inner\">\n\t\t<div class=\"elementor-element elementor-element-49c705a3 e-con-full e-flex e-con e-child\" data-id=\"49c705a3\" data-element_type=\"container\" data-e-type=\"container\">\n\t\t\t\t<div class=\"elementor-element elementor-element-6a942526 elementor-widget elementor-widget-text-editor\" data-id=\"6a942526\" data-element_type=\"widget\" data-e-type=\"widget\" data-widget_type=\"text-editor.default\">\n\t\t\t\t<div class=\"elementor-widget-container\">\n\t\t\t\t\t\t\t\t\t<p>Der Name Cam\u00ed del Termes r\u00fchrt daher, dass wir auf der Grenze zwischen den Gemeinden L'Escala und Torroella de Montgr\u00ed und damit auch zwischen dem oberen und unteren Empord\u00e0 wandern.<\/p><p>Folgen Sie dem Cam\u00ed del Termes bis zum Ende, wo Sie den Mas Puig sehen, und biegen Sie dort links in den Cam\u00ed dels Estanys ein.<\/p><p>Oder auch als Cam\u00ed dels Escalencs bekannt, viel breiter und offen zur Ebene, mit der Silhouette des Castell de Montgr\u00ed direkt davor.<\/p>\t\t\t\t\t\t\t\t<\/div>\n\t\t\t\t<\/div>\n\t\t\t\t<\/div>\n\t\t<div class=\"elementor-element elementor-element-2905427d e-con-full e-flex e-con e-child\" data-id=\"2905427d\" data-element_type=\"container\" data-e-type=\"container\">\n\t\t\t\t<div class=\"elementor-element elementor-element-256a3463 elementor-widget elementor-widget-image\" data-id=\"256a3463\" data-element_type=\"widget\" data-e-type=\"widget\" data-widget_type=\"image.default\">\n\t\t\t\t<div class=\"elementor-widget-container\">\n\t\t\t\t\t\t\t\t\t\t\t\t\t\t\t<img loading=\"lazy\" decoding=\"async\" width=\"800\" height=\"600\" src=\"https:\/\/www.rutadelsindiketes.com\/wp-content\/uploads\/2022\/12\/1-Passeig-de-LEscala-1024x768.jpg\" class=\"attachment-large size-large wp-image-1623\" alt=\"\" srcset=\"https:\/\/www.rutadelsindiketes.com\/wp-content\/uploads\/2022\/12\/1-Passeig-de-LEscala-1024x768.jpg 1024w, https:\/\/www.rutadelsindiketes.com\/wp-content\/uploads\/2022\/12\/1-Passeig-de-LEscala-300x225.jpg 300w, https:\/\/www.rutadelsindiketes.com\/wp-content\/uploads\/2022\/12\/1-Passeig-de-LEscala-768x576.jpg 768w, https:\/\/www.rutadelsindiketes.com\/wp-content\/uploads\/2022\/12\/1-Passeig-de-LEscala.jpg 1136w\" sizes=\"(max-width: 800px) 100vw, 800px\" \/>\t\t\t\t\t\t\t\t\t\t\t\t\t\t\t<\/div>\n\t\t\t\t<\/div>\n\t\t\t\t<\/div>\n\t\t\t\t\t<\/div>\n\t\t\t\t<\/div>\n\t\t<div class=\"elementor-element elementor-element-aec8bea e-flex e-con-boxed e-con e-parent\" data-id=\"aec8bea\" data-element_type=\"container\" data-e-type=\"container\">\n\t\t\t\t\t<div class=\"e-con-inner\">\n\t\t\t\t<div class=\"elementor-element elementor-element-2bb2e78 elementor-widget elementor-widget-text-editor\" data-id=\"2bb2e78\" data-element_type=\"widget\" data-e-type=\"widget\" data-widget_type=\"text-editor.default\">\n\t\t\t\t<div class=\"elementor-widget-container\">\n\t\t\t\t\t\t\t\t\t<p>Nach einigen Kilometern erreichen wir Torre Ferrana, einen Bauernhof, der f\u00fcr Kinderfreizeiten genutzt wird. <span style=\"text-align: var(--text-align); color: var( --e-global-color-dea41e4 ); font-family: var( --e-global-typography-b2ce6af-font-family ), Sans-serif; font-size: var( --e-global-typography-b2ce6af-font-size ); font-weight: var( --e-global-typography-b2ce6af-font-weight ); letter-spacing: var( --e-global-typography-b2ce6af-letter-spacing ); word-spacing: var( --e-global-typography-b2ce6af-word-spacing );\">Kurz danach sehen Sie die H\u00e4user von Sobrestany, das zu Bellcaire d'Empord\u00e0, der ersten Gemeinde des Baix Empord\u00e0, geh\u00f6rt.<\/span><\/p><p class=\" translation-block\">Nicht weit von hier, auf dem so genannten Puig <span class=\"hiddenSpellError\">Moragues<\/span>, ist eine <em>Indiketa<\/em>-Siedlung aus dem 7. Jahrhundert vor Christus bekannt.<\/p>\t\t\t\t\t\t\t\t<\/div>\n\t\t\t\t<\/div>\n\t\t\t\t\t<\/div>\n\t\t\t\t<\/div>\n\t\t<div class=\"elementor-element elementor-element-a02feed e-flex e-con-boxed e-con e-parent\" data-id=\"a02feed\" data-element_type=\"container\" data-e-type=\"container\">\n\t\t\t\t\t<div class=\"e-con-inner\">\n\t\t<div class=\"elementor-element elementor-element-d7b2363 e-con-full e-flex e-con e-child\" data-id=\"d7b2363\" data-element_type=\"container\" data-e-type=\"container\">\n\t\t\t\t<div class=\"elementor-element elementor-element-cf3b8cc elementor-widget elementor-widget-image\" data-id=\"cf3b8cc\" data-element_type=\"widget\" data-e-type=\"widget\" data-widget_type=\"image.default\">\n\t\t\t\t<div class=\"elementor-widget-container\">\n\t\t\t\t\t\t\t\t\t\t\t\t\t\t\t<img loading=\"lazy\" decoding=\"async\" width=\"800\" height=\"600\" src=\"https:\/\/www.rutadelsindiketes.com\/wp-content\/uploads\/2022\/12\/3-Cami-dels-Escalencs-1024x768.jpg\" class=\"attachment-large size-large wp-image-1625\" alt=\"\" srcset=\"https:\/\/www.rutadelsindiketes.com\/wp-content\/uploads\/2022\/12\/3-Cami-dels-Escalencs-1024x768.jpg 1024w, https:\/\/www.rutadelsindiketes.com\/wp-content\/uploads\/2022\/12\/3-Cami-dels-Escalencs-300x225.jpg 300w, https:\/\/www.rutadelsindiketes.com\/wp-content\/uploads\/2022\/12\/3-Cami-dels-Escalencs-768x576.jpg 768w, https:\/\/www.rutadelsindiketes.com\/wp-content\/uploads\/2022\/12\/3-Cami-dels-Escalencs.jpg 1136w\" sizes=\"(max-width: 800px) 100vw, 800px\" \/>\t\t\t\t\t\t\t\t\t\t\t\t\t\t\t<\/div>\n\t\t\t\t<\/div>\n\t\t\t\t<\/div>\n\t\t<div class=\"elementor-element elementor-element-3c2e489 e-con-full e-flex e-con e-child\" data-id=\"3c2e489\" data-element_type=\"container\" data-e-type=\"container\">\n\t\t\t\t<div class=\"elementor-element elementor-element-025ccda elementor-widget elementor-widget-image\" data-id=\"025ccda\" data-element_type=\"widget\" data-e-type=\"widget\" data-widget_type=\"image.default\">\n\t\t\t\t<div class=\"elementor-widget-container\">\n\t\t\t\t\t\t\t\t\t\t\t\t\t\t\t<img loading=\"lazy\" decoding=\"async\" width=\"800\" height=\"600\" src=\"https:\/\/www.rutadelsindiketes.com\/wp-content\/uploads\/2022\/12\/4-Sortint-de-Torre-Ferrana-1024x768.jpg\" class=\"attachment-large size-large wp-image-1626\" alt=\"\" srcset=\"https:\/\/www.rutadelsindiketes.com\/wp-content\/uploads\/2022\/12\/4-Sortint-de-Torre-Ferrana-1024x768.jpg 1024w, https:\/\/www.rutadelsindiketes.com\/wp-content\/uploads\/2022\/12\/4-Sortint-de-Torre-Ferrana-300x225.jpg 300w, https:\/\/www.rutadelsindiketes.com\/wp-content\/uploads\/2022\/12\/4-Sortint-de-Torre-Ferrana-768x576.jpg 768w, https:\/\/www.rutadelsindiketes.com\/wp-content\/uploads\/2022\/12\/4-Sortint-de-Torre-Ferrana.jpg 1136w\" sizes=\"(max-width: 800px) 100vw, 800px\" \/>\t\t\t\t\t\t\t\t\t\t\t\t\t\t\t<\/div>\n\t\t\t\t<\/div>\n\t\t\t\t<\/div>\n\t\t\t\t\t<\/div>\n\t\t\t\t<\/div>\n\t\t<div class=\"elementor-element elementor-element-fc99f41 e-flex e-con-boxed e-con e-parent\" data-id=\"fc99f41\" data-element_type=\"container\" data-e-type=\"container\">\n\t\t\t\t\t<div class=\"e-con-inner\">\n\t\t\t\t<div class=\"elementor-element elementor-element-8083422 elementor-widget elementor-widget-text-editor\" data-id=\"8083422\" data-element_type=\"widget\" data-e-type=\"widget\" data-widget_type=\"text-editor.default\">\n\t\t\t\t<div class=\"elementor-widget-container\">\n\t\t\t\t\t\t\t\t\t<p>Von hier aus geht der Weg in eine Stra\u00dfe \u00fcber, bis man den Weiler La Bolleria erreicht, wo der Feldweg beginnt, der nach Santa Caterina f\u00fchrt. <span style=\"text-align: var(--text-align); color: var( --e-global-color-dea41e4 ); font-family: var( --e-global-typography-b2ce6af-font-family ), Sans-serif; font-size: var( --e-global-typography-b2ce6af-font-size ); font-weight: var( --e-global-typography-b2ce6af-font-weight ); letter-spacing: var( --e-global-typography-b2ce6af-letter-spacing ); word-spacing: var( --e-global-typography-b2ce6af-word-spacing );\">Der Weg f\u00fchrt an zahlreichen Olivenhainen vorbei, und nach und nach sehen wir die Umrisse des Castell de Montgr\u00ed immer n\u00e4her kommen.<\/span><\/p>\t\t\t\t\t\t\t\t<\/div>\n\t\t\t\t<\/div>\n\t\t\t\t\t<\/div>\n\t\t\t\t<\/div>\n\t\t<div class=\"elementor-element elementor-element-73f8fa37 e-flex e-con-boxed e-con e-parent\" data-id=\"73f8fa37\" data-element_type=\"container\" data-e-type=\"container\">\n\t\t\t\t\t<div class=\"e-con-inner\">\n\t\t<div class=\"elementor-element elementor-element-6744d477 e-con-full e-flex e-con e-child\" data-id=\"6744d477\" data-element_type=\"container\" data-e-type=\"container\">\n\t\t\t\t<div class=\"elementor-element elementor-element-287bb824 elementor-widget elementor-widget-text-editor\" data-id=\"287bb824\" data-element_type=\"widget\" data-e-type=\"widget\" data-widget_type=\"text-editor.default\">\n\t\t\t\t<div class=\"elementor-widget-container\">\n\t\t\t\t\t\t\t\t\t<p>Die Einsiedelei Santa Caterina wurde 1392 von drei asketischen M\u00f6nchen des Klosters von Monserrat gegr\u00fcndet.\u00a0<\/p><p>Es lohnt sich, die Kirche zu besichtigen, indem man vom jetzigen G\u00e4stehaus aus die schmale Treppe hinuntersteigt und die mit sch\u00f6nen Fresken verzierten Decken und W\u00e4nde bewundert.<\/p><p>Wir setzen unsere Route auf dem \u00f6rtlichen Wanderweg (SL C 17) fort, der im unteren Teil der Ortschaft verl\u00e4uft und mit gr\u00fcn-wei\u00df gestrichenen Schildern gekennzeichnet ist.<\/p>\t\t\t\t\t\t\t\t<\/div>\n\t\t\t\t<\/div>\n\t\t\t\t<\/div>\n\t\t<div class=\"elementor-element elementor-element-5f765715 e-con-full e-flex e-con e-child\" data-id=\"5f765715\" data-element_type=\"container\" data-e-type=\"container\">\n\t\t\t\t<div class=\"elementor-element elementor-element-2ca4845a elementor-widget elementor-widget-image\" data-id=\"2ca4845a\" data-element_type=\"widget\" data-e-type=\"widget\" data-widget_type=\"image.default\">\n\t\t\t\t<div class=\"elementor-widget-container\">\n\t\t\t\t\t\t\t\t\t\t\t\t\t\t\t<img loading=\"lazy\" decoding=\"async\" width=\"800\" height=\"600\" src=\"https:\/\/www.rutadelsindiketes.com\/wp-content\/uploads\/2022\/12\/5-Santa-Caterina-1024x768.jpg\" class=\"attachment-large size-large wp-image-1627\" alt=\"\" srcset=\"https:\/\/www.rutadelsindiketes.com\/wp-content\/uploads\/2022\/12\/5-Santa-Caterina-1024x768.jpg 1024w, https:\/\/www.rutadelsindiketes.com\/wp-content\/uploads\/2022\/12\/5-Santa-Caterina-300x225.jpg 300w, https:\/\/www.rutadelsindiketes.com\/wp-content\/uploads\/2022\/12\/5-Santa-Caterina-768x576.jpg 768w, https:\/\/www.rutadelsindiketes.com\/wp-content\/uploads\/2022\/12\/5-Santa-Caterina.jpg 1136w\" sizes=\"(max-width: 800px) 100vw, 800px\" \/>\t\t\t\t\t\t\t\t\t\t\t\t\t\t\t<\/div>\n\t\t\t\t<\/div>\n\t\t\t\t<\/div>\n\t\t\t\t\t<\/div>\n\t\t\t\t<\/div>\n\t\t<div class=\"elementor-element elementor-element-10adcf07 e-flex e-con-boxed e-con e-parent\" data-id=\"10adcf07\" data-element_type=\"container\" data-e-type=\"container\">\n\t\t\t\t\t<div class=\"e-con-inner\">\n\t\t<div class=\"elementor-element elementor-element-7e09282d e-con-full e-flex e-con e-child\" data-id=\"7e09282d\" data-element_type=\"container\" data-e-type=\"container\">\n\t\t\t\t<div class=\"elementor-element elementor-element-2382b0fe elementor-widget elementor-widget-text-editor\" data-id=\"2382b0fe\" data-element_type=\"widget\" data-e-type=\"widget\" data-widget_type=\"text-editor.default\">\n\t\t\t\t<div class=\"elementor-widget-container\">\n\t\t\t\t\t\t\t\t\t<p><b>Hinweis<\/b>: Dies ist eine komplizierte Strecke f\u00fcr Radfahrer bis zum Coll de la Creu.\u00a0<\/p><p>Wenn Sie dort ankommen und zum Castell de Montgr\u00ed hinaufsteigen wollen, empfiehlt es sich, das letzte St\u00fcck zu Fu\u00df zu gehen und dann zur\u00fcckzukehren, um Ihr Fahrrad zu holen.\u00a0<\/p><p>Danach folgen Sie einem anderen Weg als zu Fu\u00df, vorbei an den so genannten \"tres capillas\" (drei Kapellen), alten Trockensteinbauten, die religi\u00f6se Bilder beherbergten.<\/p>\t\t\t\t\t\t\t\t<\/div>\n\t\t\t\t<\/div>\n\t\t\t\t<\/div>\n\t\t<div class=\"elementor-element elementor-element-3bf7ceca e-con-full e-flex e-con e-child\" data-id=\"3bf7ceca\" data-element_type=\"container\" data-e-type=\"container\">\n\t\t\t\t<div class=\"elementor-element elementor-element-73f41147 elementor-widget elementor-widget-image\" data-id=\"73f41147\" data-element_type=\"widget\" data-e-type=\"widget\" data-widget_type=\"image.default\">\n\t\t\t\t<div class=\"elementor-widget-container\">\n\t\t\t\t\t\t\t\t\t\t\t\t\t\t\t<img loading=\"lazy\" decoding=\"async\" width=\"800\" height=\"563\" src=\"https:\/\/www.rutadelsindiketes.com\/wp-content\/uploads\/2022\/12\/6-Interior-esglesia-de-santa-caterina-e1674618778342-1024x720.jpg\" class=\"attachment-large size-large wp-image-1628\" alt=\"\" srcset=\"https:\/\/www.rutadelsindiketes.com\/wp-content\/uploads\/2022\/12\/6-Interior-esglesia-de-santa-caterina-e1674618778342-1024x720.jpg 1024w, https:\/\/www.rutadelsindiketes.com\/wp-content\/uploads\/2022\/12\/6-Interior-esglesia-de-santa-caterina-e1674618778342-300x211.jpg 300w, https:\/\/www.rutadelsindiketes.com\/wp-content\/uploads\/2022\/12\/6-Interior-esglesia-de-santa-caterina-e1674618778342-768x540.jpg 768w, https:\/\/www.rutadelsindiketes.com\/wp-content\/uploads\/2022\/12\/6-Interior-esglesia-de-santa-caterina-e1674618778342.jpg 1130w\" sizes=\"(max-width: 800px) 100vw, 800px\" \/>\t\t\t\t\t\t\t\t\t\t\t\t\t\t\t<\/div>\n\t\t\t\t<\/div>\n\t\t\t\t<\/div>\n\t\t\t\t\t<\/div>\n\t\t\t\t<\/div>\n\t\t<div class=\"elementor-element elementor-element-7848e9c2 e-flex e-con-boxed e-con e-parent\" data-id=\"7848e9c2\" data-element_type=\"container\" data-e-type=\"container\">\n\t\t\t\t\t<div class=\"e-con-inner\">\n\t\t<div class=\"elementor-element elementor-element-7bb8d748 e-con-full e-flex e-con e-child\" data-id=\"7bb8d748\" data-element_type=\"container\" data-e-type=\"container\">\n\t\t\t\t<div class=\"elementor-element elementor-element-2641e320 elementor-widget elementor-widget-image\" data-id=\"2641e320\" data-element_type=\"widget\" data-e-type=\"widget\" data-widget_type=\"image.default\">\n\t\t\t\t<div class=\"elementor-widget-container\">\n\t\t\t\t\t\t\t\t\t\t\t\t\t\t\t<img loading=\"lazy\" decoding=\"async\" width=\"800\" height=\"600\" src=\"https:\/\/www.rutadelsindiketes.com\/wp-content\/uploads\/2022\/12\/7-Coll-de-la-Creu-1024x768.jpg\" class=\"attachment-large size-large wp-image-1629\" alt=\"\" srcset=\"https:\/\/www.rutadelsindiketes.com\/wp-content\/uploads\/2022\/12\/7-Coll-de-la-Creu-1024x768.jpg 1024w, https:\/\/www.rutadelsindiketes.com\/wp-content\/uploads\/2022\/12\/7-Coll-de-la-Creu-300x225.jpg 300w, https:\/\/www.rutadelsindiketes.com\/wp-content\/uploads\/2022\/12\/7-Coll-de-la-Creu-768x576.jpg 768w, https:\/\/www.rutadelsindiketes.com\/wp-content\/uploads\/2022\/12\/7-Coll-de-la-Creu.jpg 1136w\" sizes=\"(max-width: 800px) 100vw, 800px\" \/>\t\t\t\t\t\t\t\t\t\t\t\t\t\t\t<\/div>\n\t\t\t\t<\/div>\n\t\t\t\t<\/div>\n\t\t<div class=\"elementor-element elementor-element-26c9c606 e-con-full e-flex e-con e-child\" data-id=\"26c9c606\" data-element_type=\"container\" data-e-type=\"container\">\n\t\t\t\t<div class=\"elementor-element elementor-element-62af8537 elementor-widget elementor-widget-image\" data-id=\"62af8537\" data-element_type=\"widget\" data-e-type=\"widget\" data-widget_type=\"image.default\">\n\t\t\t\t<div class=\"elementor-widget-container\">\n\t\t\t\t\t\t\t\t\t\t\t\t\t\t\t<img loading=\"lazy\" decoding=\"async\" width=\"800\" height=\"600\" src=\"https:\/\/www.rutadelsindiketes.com\/wp-content\/uploads\/2022\/12\/13-Vista-de-les-illes-Medes-des-de-el-castell-de-Montgri-1024x768.jpg\" class=\"attachment-large size-large wp-image-1635\" alt=\"\" srcset=\"https:\/\/www.rutadelsindiketes.com\/wp-content\/uploads\/2022\/12\/13-Vista-de-les-illes-Medes-des-de-el-castell-de-Montgri-1024x768.jpg 1024w, https:\/\/www.rutadelsindiketes.com\/wp-content\/uploads\/2022\/12\/13-Vista-de-les-illes-Medes-des-de-el-castell-de-Montgri-300x225.jpg 300w, https:\/\/www.rutadelsindiketes.com\/wp-content\/uploads\/2022\/12\/13-Vista-de-les-illes-Medes-des-de-el-castell-de-Montgri-768x576.jpg 768w, https:\/\/www.rutadelsindiketes.com\/wp-content\/uploads\/2022\/12\/13-Vista-de-les-illes-Medes-des-de-el-castell-de-Montgri.jpg 1136w\" sizes=\"(max-width: 800px) 100vw, 800px\" \/>\t\t\t\t\t\t\t\t\t\t\t\t\t\t\t<\/div>\n\t\t\t\t<\/div>\n\t\t\t\t<\/div>\n\t\t\t\t\t<\/div>\n\t\t\t\t<\/div>\n\t\t<div class=\"elementor-element elementor-element-7b7fc6fa e-flex e-con-boxed e-con e-parent\" data-id=\"7b7fc6fa\" data-element_type=\"container\" data-e-type=\"container\">\n\t\t\t\t\t<div class=\"e-con-inner\">\n\t\t\t\t<div class=\"elementor-element elementor-element-1bf703d7 elementor-widget elementor-widget-text-editor\" data-id=\"1bf703d7\" data-element_type=\"widget\" data-e-type=\"widget\" data-widget_type=\"text-editor.default\">\n\t\t\t\t<div class=\"elementor-widget-container\">\n\t\t\t\t\t\t\t\t\t<p>Wer nach der Besichtigung der Burg und der herrlichen Aussicht zu Fu\u00df weitergeht, hat zwei M\u00f6glichkeiten, zum Dorf Torroella de Montgr\u00ed hinunterzugehen.<\/p><p>Die erste und schwierigste Option ist der Abstieg \u00fcber den schwierigen Pfad, der zur \"Cau del Duc\" f\u00fchrt, einer pr\u00e4historischen H\u00f6hle, die von den Neandertalern vor etwa 200.000-300.000 Jahren bewohnt wurde.\u00a0<\/p>\t\t\t\t\t\t\t\t<\/div>\n\t\t\t\t<\/div>\n\t\t\t\t\t<\/div>\n\t\t\t\t<\/div>\n\t\t<div class=\"elementor-element elementor-element-29371960 e-flex e-con-boxed e-con e-parent\" data-id=\"29371960\" data-element_type=\"container\" data-e-type=\"container\">\n\t\t\t\t\t<div class=\"e-con-inner\">\n\t\t<div class=\"elementor-element elementor-element-119ca5eb e-con-full e-flex e-con e-child\" data-id=\"119ca5eb\" data-element_type=\"container\" data-e-type=\"container\">\n\t\t\t\t<div class=\"elementor-element elementor-element-1b9ae011 elementor-widget elementor-widget-image\" data-id=\"1b9ae011\" data-element_type=\"widget\" data-e-type=\"widget\" data-widget_type=\"image.default\">\n\t\t\t\t<div class=\"elementor-widget-container\">\n\t\t\t\t\t\t\t\t\t\t\t\t\t\t\t<img loading=\"lazy\" decoding=\"async\" width=\"800\" height=\"600\" src=\"https:\/\/www.rutadelsindiketes.com\/wp-content\/uploads\/2022\/12\/8-Cau-del-Duc-1024x768.jpg\" class=\"attachment-large size-large wp-image-1630\" alt=\"\" srcset=\"https:\/\/www.rutadelsindiketes.com\/wp-content\/uploads\/2022\/12\/8-Cau-del-Duc-1024x768.jpg 1024w, https:\/\/www.rutadelsindiketes.com\/wp-content\/uploads\/2022\/12\/8-Cau-del-Duc-300x225.jpg 300w, https:\/\/www.rutadelsindiketes.com\/wp-content\/uploads\/2022\/12\/8-Cau-del-Duc-768x576.jpg 768w, https:\/\/www.rutadelsindiketes.com\/wp-content\/uploads\/2022\/12\/8-Cau-del-Duc.jpg 1136w\" sizes=\"(max-width: 800px) 100vw, 800px\" \/>\t\t\t\t\t\t\t\t\t\t\t\t\t\t\t<\/div>\n\t\t\t\t<\/div>\n\t\t\t\t<\/div>\n\t\t<div class=\"elementor-element elementor-element-69fd6fb8 e-con-full e-flex e-con e-child\" data-id=\"69fd6fb8\" data-element_type=\"container\" data-e-type=\"container\">\n\t\t\t\t<div class=\"elementor-element elementor-element-b9d9552 elementor-widget elementor-widget-image\" data-id=\"b9d9552\" data-element_type=\"widget\" data-e-type=\"widget\" data-widget_type=\"image.default\">\n\t\t\t\t<div class=\"elementor-widget-container\">\n\t\t\t\t\t\t\t\t\t\t\t\t\t\t\t<img loading=\"lazy\" decoding=\"async\" width=\"800\" height=\"600\" src=\"https:\/\/www.rutadelsindiketes.com\/wp-content\/uploads\/2022\/12\/9-Baixant-del-cau-del-Duc-1024x768.jpg\" class=\"attachment-large size-large wp-image-1631\" alt=\"\" srcset=\"https:\/\/www.rutadelsindiketes.com\/wp-content\/uploads\/2022\/12\/9-Baixant-del-cau-del-Duc-1024x768.jpg 1024w, https:\/\/www.rutadelsindiketes.com\/wp-content\/uploads\/2022\/12\/9-Baixant-del-cau-del-Duc-300x225.jpg 300w, https:\/\/www.rutadelsindiketes.com\/wp-content\/uploads\/2022\/12\/9-Baixant-del-cau-del-Duc-768x576.jpg 768w, https:\/\/www.rutadelsindiketes.com\/wp-content\/uploads\/2022\/12\/9-Baixant-del-cau-del-Duc.jpg 1136w\" sizes=\"(max-width: 800px) 100vw, 800px\" \/>\t\t\t\t\t\t\t\t\t\t\t\t\t\t\t<\/div>\n\t\t\t\t<\/div>\n\t\t\t\t<\/div>\n\t\t\t\t\t<\/div>\n\t\t\t\t<\/div>\n\t\t<div class=\"elementor-element elementor-element-68dc86f6 e-flex e-con-boxed e-con e-parent\" data-id=\"68dc86f6\" data-element_type=\"container\" data-e-type=\"container\">\n\t\t\t\t\t<div class=\"e-con-inner\">\n\t\t\t\t<div class=\"elementor-element elementor-element-fa03427 elementor-widget elementor-widget-text-editor\" data-id=\"fa03427\" data-element_type=\"widget\" data-e-type=\"widget\" data-widget_type=\"text-editor.default\">\n\t\t\t\t<div class=\"elementor-widget-container\">\n\t\t\t\t\t\t\t\t\t<p><span style=\"font-weight: bold;\">Hinweis<\/span>: Einige Abschnitte des Abstiegs erfordern ein wenig Vorsicht und Hilfe mit den H\u00e4nden (5-10 Minuten gem\u00fctlicher Abstieg) bis zur H\u00f6hle und dann weitere 10-20 Minuten Abstieg bis zur Einm\u00fcndung in den normalen Weg.<\/p><p>Die zweite, viel einfachere und f\u00fcr Kinder empfehlenswerte M\u00f6glichkeit besteht darin, zum Coll de la Creu (Kreuzh\u00fcgel) zur\u00fcckzukehren und dann den Fahrradweg zu nehmen, der an den so genannten \"drei Kapellen\" vorbeif\u00fchrt, alten Trockensteinbauten, die einst religi\u00f6se Bilder beherbergten.<\/p>\t\t\t\t\t\t\t\t<\/div>\n\t\t\t\t<\/div>\n\t\t\t\t\t<\/div>\n\t\t\t\t<\/div>\n\t\t<div class=\"elementor-element elementor-element-4f054830 e-flex e-con-boxed e-con e-parent\" data-id=\"4f054830\" data-element_type=\"container\" data-e-type=\"container\">\n\t\t\t\t\t<div class=\"e-con-inner\">\n\t\t<div class=\"elementor-element elementor-element-49d1de e-con-full e-flex e-con e-child\" data-id=\"49d1de\" data-element_type=\"container\" data-e-type=\"container\">\n\t\t\t\t<div class=\"elementor-element elementor-element-1db4d85a elementor-widget elementor-widget-image\" data-id=\"1db4d85a\" data-element_type=\"widget\" data-e-type=\"widget\" data-widget_type=\"image.default\">\n\t\t\t\t<div class=\"elementor-widget-container\">\n\t\t\t\t\t\t\t\t\t\t\t\t\t\t\t<img loading=\"lazy\" decoding=\"async\" width=\"800\" height=\"600\" src=\"https:\/\/www.rutadelsindiketes.com\/wp-content\/uploads\/2022\/12\/10-Segona-i-tercera-capella-1024x768.jpg\" class=\"attachment-large size-large wp-image-1632\" alt=\"\" srcset=\"https:\/\/www.rutadelsindiketes.com\/wp-content\/uploads\/2022\/12\/10-Segona-i-tercera-capella-1024x768.jpg 1024w, https:\/\/www.rutadelsindiketes.com\/wp-content\/uploads\/2022\/12\/10-Segona-i-tercera-capella-300x225.jpg 300w, https:\/\/www.rutadelsindiketes.com\/wp-content\/uploads\/2022\/12\/10-Segona-i-tercera-capella-768x576.jpg 768w, https:\/\/www.rutadelsindiketes.com\/wp-content\/uploads\/2022\/12\/10-Segona-i-tercera-capella.jpg 1136w\" sizes=\"(max-width: 800px) 100vw, 800px\" \/>\t\t\t\t\t\t\t\t\t\t\t\t\t\t\t<\/div>\n\t\t\t\t<\/div>\n\t\t\t\t<\/div>\n\t\t<div class=\"elementor-element elementor-element-798c1fa3 e-con-full e-flex e-con e-child\" data-id=\"798c1fa3\" data-element_type=\"container\" data-e-type=\"container\">\n\t\t\t\t<div class=\"elementor-element elementor-element-4c49c4c1 elementor-widget elementor-widget-image\" data-id=\"4c49c4c1\" data-element_type=\"widget\" data-e-type=\"widget\" data-widget_type=\"image.default\">\n\t\t\t\t<div class=\"elementor-widget-container\">\n\t\t\t\t\t\t\t\t\t\t\t\t\t\t\t<img loading=\"lazy\" decoding=\"async\" width=\"800\" height=\"600\" src=\"https:\/\/www.rutadelsindiketes.com\/wp-content\/uploads\/2022\/12\/11-Senyal-del-cami-al-Cau-del-Duc-1024x768.jpg\" class=\"attachment-large size-large wp-image-1633\" alt=\"\" srcset=\"https:\/\/www.rutadelsindiketes.com\/wp-content\/uploads\/2022\/12\/11-Senyal-del-cami-al-Cau-del-Duc-1024x768.jpg 1024w, https:\/\/www.rutadelsindiketes.com\/wp-content\/uploads\/2022\/12\/11-Senyal-del-cami-al-Cau-del-Duc-300x225.jpg 300w, https:\/\/www.rutadelsindiketes.com\/wp-content\/uploads\/2022\/12\/11-Senyal-del-cami-al-Cau-del-Duc-768x576.jpg 768w, https:\/\/www.rutadelsindiketes.com\/wp-content\/uploads\/2022\/12\/11-Senyal-del-cami-al-Cau-del-Duc.jpg 1136w\" sizes=\"(max-width: 800px) 100vw, 800px\" \/>\t\t\t\t\t\t\t\t\t\t\t\t\t\t\t<\/div>\n\t\t\t\t<\/div>\n\t\t\t\t<\/div>\n\t\t\t\t\t<\/div>\n\t\t\t\t<\/div>\n\t\t<div class=\"elementor-element elementor-element-9b66507 e-flex e-con-boxed e-con e-parent\" data-id=\"9b66507\" data-element_type=\"container\" data-e-type=\"container\">\n\t\t\t\t\t<div class=\"e-con-inner\">\n\t\t\t\t<div class=\"elementor-element elementor-element-1a004631 elementor-widget elementor-widget-text-editor\" data-id=\"1a004631\" data-element_type=\"widget\" data-e-type=\"widget\" data-widget_type=\"text-editor.default\">\n\t\t\t\t<div class=\"elementor-widget-container\">\n\t\t\t\t\t\t\t\t\t<p><span style=\"font-weight: bold;\">Hinweis<\/span>: Um zu sehen, wo der Weg zum \"Cau del Duc\" beginnt, m\u00fcssen Sie nach der Besichtigung der Burg zum Coll de la Creu zur\u00fcckgehen und darauf achten, dass Sie auf der linken Seite (in Richtung der Steilk\u00fcste) einige mit gelber Farbe auf Steine gemalte Pfeile sehen.<\/p><p>Wenn man eine der beiden M\u00f6glichkeiten hinuntergeht, kommt der Weg f\u00fcr Wanderer und Radfahrer auf der H\u00f6he einer Ger\u00f6llhalde wieder zusammen, bis man die ersten Stra\u00dfen von Torroella de Montgr\u00ed erreicht und dann nur noch vor der Kirche von Sant Gen\u00eds ankommen muss, dem Ende dieser Etappe.<\/p>\t\t\t\t\t\t\t\t<\/div>\n\t\t\t\t<\/div>\n\t\t\t\t\t<\/div>\n\t\t\t\t<\/div>\n\t\t<div class=\"elementor-element elementor-element-72f1b905 e-flex e-con-boxed e-con e-parent\" data-id=\"72f1b905\" data-element_type=\"container\" data-e-type=\"container\">\n\t\t\t\t\t<div class=\"e-con-inner\">\n\t\t<div class=\"elementor-element elementor-element-489d6015 e-con-full e-flex e-con e-child\" data-id=\"489d6015\" data-element_type=\"container\" data-e-type=\"container\">\n\t\t\t\t<div class=\"elementor-element elementor-element-58ee4c4b elementor-widget elementor-widget-text-editor\" data-id=\"58ee4c4b\" data-element_type=\"widget\" data-e-type=\"widget\" data-widget_type=\"text-editor.default\">\n\t\t\t\t<div class=\"elementor-widget-container\">\n\t\t\t\t\t\t\t\t\t<p>Hinweis: S\u00fcdlich von Torroella de Montgr\u00ed, in einem Ort namens La Fonollera, gab es fr\u00fcher eine Siedlung-Indiketa <em>Indiketa<\/em>\u00a0(Sp\u00e4te Bronzezeit).<\/p><p>Es lohnt sich, das Mittelmeermuseum zu besuchen, das eine bedeutende arch\u00e4ologische Sammlung \u00fcber diese Ausgrabungsst\u00e4tte und die pal\u00e4olithischen Fundst\u00e4tten Cau del Duc und Cau del Duc d'Ull\u00e0 besitzt.<\/p>\t\t\t\t\t\t\t\t<\/div>\n\t\t\t\t<\/div>\n\t\t\t\t<\/div>\n\t\t<div class=\"elementor-element elementor-element-8921972 e-con-full e-flex e-con e-child\" data-id=\"8921972\" data-element_type=\"container\" data-e-type=\"container\">\n\t\t\t\t<div class=\"elementor-element elementor-element-7e91e2c elementor-widget elementor-widget-image\" data-id=\"7e91e2c\" data-element_type=\"widget\" data-e-type=\"widget\" data-widget_type=\"image.default\">\n\t\t\t\t<div class=\"elementor-widget-container\">\n\t\t\t\t\t\t\t\t\t\t\t\t\t\t\t<img loading=\"lazy\" decoding=\"async\" width=\"800\" height=\"600\" src=\"https:\/\/www.rutadelsindiketes.com\/wp-content\/uploads\/2022\/12\/12-Arribant-a-Torroella-de-Montgri-1024x768.jpg\" class=\"attachment-large size-large wp-image-1634\" alt=\"\" srcset=\"https:\/\/www.rutadelsindiketes.com\/wp-content\/uploads\/2022\/12\/12-Arribant-a-Torroella-de-Montgri-1024x768.jpg 1024w, https:\/\/www.rutadelsindiketes.com\/wp-content\/uploads\/2022\/12\/12-Arribant-a-Torroella-de-Montgri-300x225.jpg 300w, https:\/\/www.rutadelsindiketes.com\/wp-content\/uploads\/2022\/12\/12-Arribant-a-Torroella-de-Montgri-768x576.jpg 768w, https:\/\/www.rutadelsindiketes.com\/wp-content\/uploads\/2022\/12\/12-Arribant-a-Torroella-de-Montgri.jpg 1136w\" sizes=\"(max-width: 800px) 100vw, 800px\" \/>\t\t\t\t\t\t\t\t\t\t\t\t\t\t\t<\/div>\n\t\t\t\t<\/div>\n\t\t\t\t<\/div>\n\t\t\t\t\t<\/div>\n\t\t\t\t<\/div>\n\t\t<div class=\"elementor-element elementor-element-e08170d e-flex e-con-boxed e-con e-parent\" data-id=\"e08170d\" data-element_type=\"container\" data-e-type=\"container\">\n\t\t\t\t\t<div class=\"e-con-inner\">\n\t\t\t\t<div class=\"elementor-element elementor-element-d660148 elementor-widget elementor-widget-spacer\" data-id=\"d660148\" data-element_type=\"widget\" data-e-type=\"widget\" data-widget_type=\"spacer.default\">\n\t\t\t\t<div class=\"elementor-widget-container\">\n\t\t\t\t\t\t\t<div class=\"elementor-spacer\">\n\t\t\t<div class=\"elementor-spacer-inner\"><\/div>\n\t\t<\/div>\n\t\t\t\t\t\t<\/div>\n\t\t\t\t<\/div>\n\t\t\t\t\t<\/div>\n\t\t\t\t<\/div>\n\t\t<div class=\"elementor-element elementor-element-7b817a3b e-flex e-con-boxed e-con e-parent\" data-id=\"7b817a3b\" data-element_type=\"container\" data-e-type=\"container\">\n\t\t\t\t\t<div class=\"e-con-inner\">\n\t\t\t\t<div class=\"elementor-element elementor-element-183156f elementor-widget elementor-widget-heading\" data-id=\"183156f\" data-element_type=\"widget\" data-e-type=\"widget\" data-widget_type=\"heading.default\">\n\t\t\t\t<div class=\"elementor-widget-container\">\n\t\t\t\t\t<h3 class=\"elementor-heading-title elementor-size-default\">UNTERKUNFT UND PRAKTISCHE INFORMATIONEN ETAPPE 5<\/h3>\t\t\t\t<\/div>\n\t\t\t\t<\/div>\n\t\t\t\t\t<\/div>\n\t\t\t\t<\/div>\n\t\t<div class=\"elementor-element elementor-element-c5724f7 e-flex e-con-boxed e-con e-parent\" data-id=\"c5724f7\" data-element_type=\"container\" data-e-type=\"container\">\n\t\t\t\t\t<div class=\"e-con-inner\">\n\t\t\t\t<div class=\"elementor-element elementor-element-7d86311 elementor-widget elementor-widget-text-editor\" data-id=\"7d86311\" data-element_type=\"widget\" data-e-type=\"widget\" data-widget_type=\"text-editor.default\">\n\t\t\t\t<div class=\"elementor-widget-container\">\n\t\t\t\t\t\t\t\t\t<p style=\"text-align: center;\"><strong>BELLCAIRE D'EMPORD\u00c0<\/strong><\/p><p style=\"text-align: center;\">Sozialer Club in Bellcaire d'Empord\u00e0 (696 502 928) Carretera d'Albons, s\/n. Men\u00fc zu 12\u20ac.<\/p><p style=\"text-align: center;\">Restaurant L'Horta (972 78 85 91) C\/ Major, 41, Men\u00fc f\u00fcr 16 \u20ac.<\/p>\t\t\t\t\t\t\t\t<\/div>\n\t\t\t\t<\/div>\n\t\t\t\t\t<\/div>\n\t\t\t\t<\/div>\n\t\t<div class=\"elementor-element elementor-element-6f0a3581 e-flex e-con-boxed e-con e-parent\" data-id=\"6f0a3581\" data-element_type=\"container\" data-e-type=\"container\">\n\t\t\t\t\t<div class=\"e-con-inner\">\n\t\t\t\t<div class=\"elementor-element elementor-element-45101e1b elementor-widget elementor-widget-text-editor\" data-id=\"45101e1b\" data-element_type=\"widget\" data-e-type=\"widget\" data-widget_type=\"text-editor.default\">\n\t\t\t\t<div class=\"elementor-widget-container\">\n\t\t\t\t\t\t\t\t\t<p style=\"text-align: center;\" data-elementor-setting-key=\"title\" data-pen-placeholder=\"Teclea aqu\u00ed...\"><strong>TORROELLA DE MONTGR\u00cd<\/strong><\/p><p style=\"text-align: center;\">Da es sich um eine gro\u00dfe Stadt handelt, gibt es dort zahlreiche \u00dcbernachtungsm\u00f6glichkeiten, Restaurants und andere Dienstleistungen. Die Website des Fremdenverkehrsamtes k\u00f6nnen Sie hier besuchen:<\/p><p style=\"text-align: center;\"><span style=\"color: #339966;\"><strong><a style=\"color: #339966;\" href=\"https:\/\/visitestartit.com\/\" target=\"_blank\" rel=\"noopener\">visitestartit.com<\/a><\/strong><\/span><\/p><p style=\"text-align: center;\"><strong>Hinweis<\/strong>: Die Website wird in Zusammenarbeit mit der Stadt L'Estartit erstellt, man muss also aufpassen, dass man nicht durcheinander kommt.<\/p>\t\t\t\t\t\t\t\t<\/div>\n\t\t\t\t<\/div>\n\t\t\t\t\t<\/div>\n\t\t\t\t<\/div>\n\t\t\t\t<\/div>","protected":false},"excerpt":{"rendered":"<p>ETAPA 5 L\u2019ESCALA &#8211; TORROELLA DE MONTGR\u00cd Distancia: 23,1 km Nivel dificultad: NORMAL Altitud m\u00e1xima: 257 Altitud m\u00ednima: 1 Desnivel positivo: 743 Desnivel negativo: 729 GPX Etapa 5: L\u2019ESCALA &#8211; TORROELLA DE MONTGR\u00cd Desde la Playa de Les Barques iremos bordeando la costa en direcci\u00f3n sur siguiendo las se\u00f1ales del GR-92.\u00a0 Pasaremos por el Paseo [&hellip;]<\/p>","protected":false},"author":2,"featured_media":0,"parent":0,"menu_order":0,"comment_status":"closed","ping_status":"closed","template":"","meta":{"footnotes":""},"class_list":["post-1242","page","type-page","status-publish","hentry"],"yoast_head":"<!-- This site is optimized with the Yoast SEO plugin v27.2 - https:\/\/yoast.com\/product\/yoast-seo-wordpress\/ -->\n<title>Etapa 5 - L&#039;Escala - Torroella de Montgr\u00ed-Ruta dels Indiketes<\/title>\n<meta name=\"robots\" content=\"index, follow, max-snippet:-1, max-image-preview:large, max-video-preview:-1\" \/>\n<link rel=\"canonical\" href=\"https:\/\/www.rutadelsindiketes.com\/de\/etappe-5-lescala-torroella-de-montgri\/\" \/>\n<meta property=\"og:locale\" content=\"de_DE\" \/>\n<meta property=\"og:type\" content=\"article\" \/>\n<meta property=\"og:title\" content=\"Etapa 5 - L&#039;Escala - Torroella de Montgr\u00ed-Ruta dels Indiketes\" \/>\n<meta property=\"og:description\" content=\"ETAPA 5 L\u2019ESCALA &#8211; TORROELLA DE MONTGR\u00cd Distancia: 23,1 km Nivel dificultad: NORMAL Altitud m\u00e1xima: 257 Altitud m\u00ednima: 1 Desnivel positivo: 743 Desnivel negativo: 729 GPX Etapa 5: L\u2019ESCALA &#8211; TORROELLA DE MONTGR\u00cd Desde la Playa de Les Barques iremos bordeando la costa en direcci\u00f3n sur siguiendo las se\u00f1ales del GR-92.\u00a0 Pasaremos por el Paseo [&hellip;]\" \/>\n<meta property=\"og:url\" content=\"https:\/\/www.rutadelsindiketes.com\/de\/etappe-5-lescala-torroella-de-montgri\/\" \/>\n<meta property=\"og:site_name\" content=\"Ruta dels Indiketes\" \/>\n<meta property=\"article:modified_time\" content=\"2023-04-07T11:34:22+00:00\" \/>\n<meta property=\"og:image\" content=\"https:\/\/www.rutadelsindiketes.com\/wp-content\/uploads\/2022\/12\/Perfi-etapa-5-achatado.png\" \/>\n<meta name=\"twitter:card\" content=\"summary_large_image\" \/>\n<meta name=\"twitter:label1\" content=\"Gesch\u00e4tzte Lesezeit\" \/>\n\t<meta name=\"twitter:data1\" content=\"8\u00a0Minuten\" \/>\n<script type=\"application\/ld+json\" class=\"yoast-schema-graph\">{\"@context\":\"https:\/\/schema.org\",\"@graph\":[{\"@type\":\"WebPage\",\"@id\":\"https:\/\/www.rutadelsindiketes.com\/etapa-5-lescala-torroella-de-montgri\/\",\"url\":\"https:\/\/www.rutadelsindiketes.com\/etapa-5-lescala-torroella-de-montgri\/\",\"name\":\"Etapa 5 - L'Escala - Torroella de Montgr\u00ed-Ruta dels Indiketes\",\"isPartOf\":{\"@id\":\"https:\/\/www.rutadelsindiketes.com\/#website\"},\"primaryImageOfPage\":{\"@id\":\"https:\/\/www.rutadelsindiketes.com\/etapa-5-lescala-torroella-de-montgri\/#primaryimage\"},\"image\":{\"@id\":\"https:\/\/www.rutadelsindiketes.com\/etapa-5-lescala-torroella-de-montgri\/#primaryimage\"},\"thumbnailUrl\":\"https:\/\/www.rutadelsindiketes.com\/wp-content\/uploads\/2022\/12\/Perfi-etapa-5-achatado.png\",\"datePublished\":\"2022-12-13T14:21:39+00:00\",\"dateModified\":\"2023-04-07T11:34:22+00:00\",\"breadcrumb\":{\"@id\":\"https:\/\/www.rutadelsindiketes.com\/etapa-5-lescala-torroella-de-montgri\/#breadcrumb\"},\"inLanguage\":\"de\",\"potentialAction\":[{\"@type\":\"ReadAction\",\"target\":[\"https:\/\/www.rutadelsindiketes.com\/etapa-5-lescala-torroella-de-montgri\/\"]}]},{\"@type\":\"ImageObject\",\"inLanguage\":\"de\",\"@id\":\"https:\/\/www.rutadelsindiketes.com\/etapa-5-lescala-torroella-de-montgri\/#primaryimage\",\"url\":\"https:\/\/www.rutadelsindiketes.com\/wp-content\/uploads\/2022\/12\/Perfi-etapa-5-achatado.png\",\"contentUrl\":\"https:\/\/www.rutadelsindiketes.com\/wp-content\/uploads\/2022\/12\/Perfi-etapa-5-achatado.png\"},{\"@type\":\"BreadcrumbList\",\"@id\":\"https:\/\/www.rutadelsindiketes.com\/etapa-5-lescala-torroella-de-montgri\/#breadcrumb\",\"itemListElement\":[{\"@type\":\"ListItem\",\"position\":1,\"name\":\"Portada\",\"item\":\"https:\/\/www.rutadelsindiketes.com\/ca\/\"},{\"@type\":\"ListItem\",\"position\":2,\"name\":\"Etapa 5 &#8211; L&#8217;Escala &#8211; Torroella de Montgr\u00ed\"}]},{\"@type\":\"WebSite\",\"@id\":\"https:\/\/www.rutadelsindiketes.com\/#website\",\"url\":\"https:\/\/www.rutadelsindiketes.com\/\",\"name\":\"Ruta dels Indiketes\",\"description\":\"S&oacute;lo otro sitio de WordPress\",\"potentialAction\":[{\"@type\":\"SearchAction\",\"target\":{\"@type\":\"EntryPoint\",\"urlTemplate\":\"https:\/\/www.rutadelsindiketes.com\/?s={search_term_string}\"},\"query-input\":{\"@type\":\"PropertyValueSpecification\",\"valueRequired\":true,\"valueName\":\"search_term_string\"}}],\"inLanguage\":\"de\"}]}<\/script>\n<!-- \/ Yoast SEO plugin. -->","yoast_head_json":{"title":"Etapa 5 - L'Escala - Torroella de Montgr\u00ed-Ruta dels Indiketes","robots":{"index":"index","follow":"follow","max-snippet":"max-snippet:-1","max-image-preview":"max-image-preview:large","max-video-preview":"max-video-preview:-1"},"canonical":"https:\/\/www.rutadelsindiketes.com\/de\/etappe-5-lescala-torroella-de-montgri\/","og_locale":"de_DE","og_type":"article","og_title":"Etapa 5 - L'Escala - Torroella de Montgr\u00ed-Ruta dels Indiketes","og_description":"ETAPA 5 L\u2019ESCALA &#8211; TORROELLA DE MONTGR\u00cd Distancia: 23,1 km Nivel dificultad: NORMAL Altitud m\u00e1xima: 257 Altitud m\u00ednima: 1 Desnivel positivo: 743 Desnivel negativo: 729 GPX Etapa 5: L\u2019ESCALA &#8211; TORROELLA DE MONTGR\u00cd Desde la Playa de Les Barques iremos bordeando la costa en direcci\u00f3n sur siguiendo las se\u00f1ales del GR-92.\u00a0 Pasaremos por el Paseo [&hellip;]","og_url":"https:\/\/www.rutadelsindiketes.com\/de\/etappe-5-lescala-torroella-de-montgri\/","og_site_name":"Ruta dels Indiketes","article_modified_time":"2023-04-07T11:34:22+00:00","og_image":[{"url":"https:\/\/www.rutadelsindiketes.com\/wp-content\/uploads\/2022\/12\/Perfi-etapa-5-achatado.png","type":"","width":"","height":""}],"twitter_card":"summary_large_image","twitter_misc":{"Gesch\u00e4tzte Lesezeit":"8\u00a0Minuten"},"schema":{"@context":"https:\/\/schema.org","@graph":[{"@type":"WebPage","@id":"https:\/\/www.rutadelsindiketes.com\/etapa-5-lescala-torroella-de-montgri\/","url":"https:\/\/www.rutadelsindiketes.com\/etapa-5-lescala-torroella-de-montgri\/","name":"Etapa 5 - L'Escala - Torroella de Montgr\u00ed-Ruta dels Indiketes","isPartOf":{"@id":"https:\/\/www.rutadelsindiketes.com\/#website"},"primaryImageOfPage":{"@id":"https:\/\/www.rutadelsindiketes.com\/etapa-5-lescala-torroella-de-montgri\/#primaryimage"},"image":{"@id":"https:\/\/www.rutadelsindiketes.com\/etapa-5-lescala-torroella-de-montgri\/#primaryimage"},"thumbnailUrl":"https:\/\/www.rutadelsindiketes.com\/wp-content\/uploads\/2022\/12\/Perfi-etapa-5-achatado.png","datePublished":"2022-12-13T14:21:39+00:00","dateModified":"2023-04-07T11:34:22+00:00","breadcrumb":{"@id":"https:\/\/www.rutadelsindiketes.com\/etapa-5-lescala-torroella-de-montgri\/#breadcrumb"},"inLanguage":"de","potentialAction":[{"@type":"ReadAction","target":["https:\/\/www.rutadelsindiketes.com\/etapa-5-lescala-torroella-de-montgri\/"]}]},{"@type":"ImageObject","inLanguage":"de","@id":"https:\/\/www.rutadelsindiketes.com\/etapa-5-lescala-torroella-de-montgri\/#primaryimage","url":"https:\/\/www.rutadelsindiketes.com\/wp-content\/uploads\/2022\/12\/Perfi-etapa-5-achatado.png","contentUrl":"https:\/\/www.rutadelsindiketes.com\/wp-content\/uploads\/2022\/12\/Perfi-etapa-5-achatado.png"},{"@type":"BreadcrumbList","@id":"https:\/\/www.rutadelsindiketes.com\/etapa-5-lescala-torroella-de-montgri\/#breadcrumb","itemListElement":[{"@type":"ListItem","position":1,"name":"Portada","item":"https:\/\/www.rutadelsindiketes.com\/ca\/"},{"@type":"ListItem","position":2,"name":"Etapa 5 &#8211; L&#8217;Escala &#8211; Torroella de Montgr\u00ed"}]},{"@type":"WebSite","@id":"https:\/\/www.rutadelsindiketes.com\/#website","url":"https:\/\/www.rutadelsindiketes.com\/","name":"Ruta dels Indiketes","description":"S&oacute;lo otro sitio de WordPress","potentialAction":[{"@type":"SearchAction","target":{"@type":"EntryPoint","urlTemplate":"https:\/\/www.rutadelsindiketes.com\/?s={search_term_string}"},"query-input":{"@type":"PropertyValueSpecification","valueRequired":true,"valueName":"search_term_string"}}],"inLanguage":"de"}]}},"_links":{"self":[{"href":"https:\/\/www.rutadelsindiketes.com\/de\/wp-json\/wp\/v2\/pages\/1242","targetHints":{"allow":["GET"]}}],"collection":[{"href":"https:\/\/www.rutadelsindiketes.com\/de\/wp-json\/wp\/v2\/pages"}],"about":[{"href":"https:\/\/www.rutadelsindiketes.com\/de\/wp-json\/wp\/v2\/types\/page"}],"author":[{"embeddable":true,"href":"https:\/\/www.rutadelsindiketes.com\/de\/wp-json\/wp\/v2\/users\/2"}],"replies":[{"embeddable":true,"href":"https:\/\/www.rutadelsindiketes.com\/de\/wp-json\/wp\/v2\/comments?post=1242"}],"version-history":[{"count":83,"href":"https:\/\/www.rutadelsindiketes.com\/de\/wp-json\/wp\/v2\/pages\/1242\/revisions"}],"predecessor-version":[{"id":4017,"href":"https:\/\/www.rutadelsindiketes.com\/de\/wp-json\/wp\/v2\/pages\/1242\/revisions\/4017"}],"wp:attachment":[{"href":"https:\/\/www.rutadelsindiketes.com\/de\/wp-json\/wp\/v2\/media?parent=1242"}],"curies":[{"name":"wp","href":"https:\/\/api.w.org\/{rel}","templated":true}]}}