{"id":1244,"date":"2022-12-13T15:21:53","date_gmt":"2022-12-13T14:21:53","guid":{"rendered":"https:\/\/www.rutadelsindiketes.com\/?page_id=1244"},"modified":"2023-04-18T20:40:10","modified_gmt":"2023-04-18T18:40:10","slug":"etapa-6-torroella-de-montgri-peratallada","status":"publish","type":"page","link":"https:\/\/www.rutadelsindiketes.com\/de\/stufe-6-torroella-de-montgri-peratallada\/","title":{"rendered":"Etappe 6 - Torroella de Montgr\u00ed - Peratallada"},"content":{"rendered":"<div data-elementor-type=\"wp-page\" data-elementor-id=\"1244\" class=\"elementor elementor-1244\" data-elementor-post-type=\"page\">\n\t\t\t\t\t\t<section class=\"elementor-section elementor-top-section elementor-element elementor-element-4161d5af elementor-section-height-min-height elementor-section-content-middle elementor-section-boxed elementor-section-height-default elementor-section-items-middle\" data-id=\"4161d5af\" data-element_type=\"section\" data-e-type=\"section\" id=\"entrada\" data-settings=\"{&quot;background_background&quot;:&quot;classic&quot;}\">\n\t\t\t\t\t\t\t<div class=\"elementor-background-overlay\"><\/div>\n\t\t\t\t\t\t\t<div class=\"elementor-container elementor-column-gap-default\">\n\t\t\t\t\t<div class=\"elementor-column elementor-col-100 elementor-top-column elementor-element elementor-element-250f815b\" data-id=\"250f815b\" data-element_type=\"column\" data-e-type=\"column\" data-settings=\"{&quot;background_background&quot;:&quot;classic&quot;}\">\n\t\t\t<div class=\"elementor-widget-wrap elementor-element-populated\">\n\t\t\t\t\t<div class=\"elementor-background-overlay\"><\/div>\n\t\t\t\t\t\t<div class=\"elementor-element elementor-element-8c5db87 elementor-widget elementor-widget-heading\" data-id=\"8c5db87\" data-element_type=\"widget\" data-e-type=\"widget\" data-widget_type=\"heading.default\">\n\t\t\t\t<div class=\"elementor-widget-container\">\n\t\t\t\t\t<h1 class=\"elementor-heading-title elementor-size-default\">ETAPPE 6<\/h1>\t\t\t\t<\/div>\n\t\t\t\t<\/div>\n\t\t\t\t<div class=\"elementor-element elementor-element-8501329 elementor-widget elementor-widget-heading\" data-id=\"8501329\" data-element_type=\"widget\" data-e-type=\"widget\" data-widget_type=\"heading.default\">\n\t\t\t\t<div class=\"elementor-widget-container\">\n\t\t\t\t\t<h2 class=\"elementor-heading-title elementor-size-default\">TORROELLA DE MONTGR\u00cd - PERATALLADA<\/h2>\t\t\t\t<\/div>\n\t\t\t\t<\/div>\n\t\t\t\t<div class=\"elementor-element elementor-element-cc4a6ba elementor-widget elementor-widget-spacer\" data-id=\"cc4a6ba\" data-element_type=\"widget\" data-e-type=\"widget\" data-widget_type=\"spacer.default\">\n\t\t\t\t<div class=\"elementor-widget-container\">\n\t\t\t\t\t\t\t<div class=\"elementor-spacer\">\n\t\t\t<div class=\"elementor-spacer-inner\"><\/div>\n\t\t<\/div>\n\t\t\t\t\t\t<\/div>\n\t\t\t\t<\/div>\n\t\t\t\t<div class=\"elementor-element elementor-element-4863b3f6 elementor-icon-list--layout-inline elementor-align-center elementor-list-item-link-full_width elementor-widget elementor-widget-icon-list\" data-id=\"4863b3f6\" data-element_type=\"widget\" data-e-type=\"widget\" data-widget_type=\"icon-list.default\">\n\t\t\t\t<div class=\"elementor-widget-container\">\n\t\t\t\t\t\t\t<ul class=\"elementor-icon-list-items elementor-inline-items\">\n\t\t\t\t\t\t\t<li class=\"elementor-icon-list-item elementor-inline-item\">\n\t\t\t\t\t\t\t\t\t\t\t<span class=\"elementor-icon-list-icon\">\n\t\t\t\t\t\t\t<svg aria-hidden=\"true\" class=\"e-font-icon-svg e-fas-ruler\" viewbox=\"0 0 640 512\" xmlns=\"http:\/\/www.w3.org\/2000\/svg\"><path d=\"M635.7 167.2L556.1 31.7c-8.8-15-28.3-20.1-43.5-11.5l-69 39.1L503.3 161c2.2 3.8.9 8.5-2.9 10.7l-13.8 7.8c-3.8 2.2-8.7.9-10.9-2.9L416 75l-55.2 31.3 27.9 47.4c2.2 3.8.9 8.5-2.9 10.7l-13.8 7.8c-3.8 2.2-8.7.9-10.9-2.9L333.2 122 278 153.3 337.8 255c2.2 3.7.9 8.5-2.9 10.7l-13.8 7.8c-3.8 2.2-8.7.9-10.9-2.9l-59.7-101.7-55.2 31.3 27.9 47.4c2.2 3.8.9 8.5-2.9 10.7l-13.8 7.8c-3.8 2.2-8.7.9-10.9-2.9l-27.9-47.5-55.2 31.3 59.7 101.7c2.2 3.7.9 8.5-2.9 10.7l-13.8 7.8c-3.8 2.2-8.7.9-10.9-2.9L84.9 262.9l-69 39.1C.7 310.7-4.6 329.8 4.2 344.8l79.6 135.6c8.8 15 28.3 20.1 43.5 11.5L624.1 210c15.2-8.6 20.4-27.8 11.6-42.8z\"><\/path><\/svg>\t\t\t\t\t\t<\/span>\n\t\t\t\t\t\t\t\t\t\t<span class=\"elementor-icon-list-text\">Strecke: 27.2 km <\/span>\n\t\t\t\t\t\t\t\t\t<\/li>\n\t\t\t\t\t\t\t\t<li class=\"elementor-icon-list-item elementor-inline-item\">\n\t\t\t\t\t\t\t\t\t\t\t<span class=\"elementor-icon-list-icon\">\n\t\t\t\t\t\t\t<svg aria-hidden=\"true\" class=\"e-font-icon-svg e-fas-trophy\" viewbox=\"0 0 576 512\" xmlns=\"http:\/\/www.w3.org\/2000\/svg\"><path d=\"M552 64H448V24c0-13.3-10.7-24-24-24H152c-13.3 0-24 10.7-24 24v40H24C10.7 64 0 74.7 0 88v56c0 35.7 22.5 72.4 61.9 100.7 31.5 22.7 69.8 37.1 110 41.7C203.3 338.5 240 360 240 360v72h-48c-35.3 0-64 20.7-64 56v12c0 6.6 5.4 12 12 12h296c6.6 0 12-5.4 12-12v-12c0-35.3-28.7-56-64-56h-48v-72s36.7-21.5 68.1-73.6c40.3-4.6 78.6-19 110-41.7 39.3-28.3 61.9-65 61.9-100.7V88c0-13.3-10.7-24-24-24zM99.3 192.8C74.9 175.2 64 155.6 64 144v-16h64.2c1 32.6 5.8 61.2 12.8 86.2-15.1-5.2-29.2-12.4-41.7-21.4zM512 144c0 16.1-17.7 36.1-35.3 48.8-12.5 9-26.7 16.2-41.8 21.4 7-25 11.8-53.6 12.8-86.2H512v16z\"><\/path><\/svg>\t\t\t\t\t\t<\/span>\n\t\t\t\t\t\t\t\t\t\t<span class=\"elementor-icon-list-text\">Schwierigkeitsgrad: mittel<\/span>\n\t\t\t\t\t\t\t\t\t<\/li>\n\t\t\t\t\t\t\t\t<li class=\"elementor-icon-list-item elementor-inline-item\">\n\t\t\t\t\t\t\t\t\t\t\t<span class=\"elementor-icon-list-icon\">\n\t\t\t\t\t\t\t<svg aria-hidden=\"true\" class=\"e-font-icon-svg e-fas-sort-amount-up-alt\" viewbox=\"0 0 512 512\" xmlns=\"http:\/\/www.w3.org\/2000\/svg\"><path d=\"M240 96h64a16 16 0 0 0 16-16V48a16 16 0 0 0-16-16h-64a16 16 0 0 0-16 16v32a16 16 0 0 0 16 16zm0 128h128a16 16 0 0 0 16-16v-32a16 16 0 0 0-16-16H240a16 16 0 0 0-16 16v32a16 16 0 0 0 16 16zm256 192H240a16 16 0 0 0-16 16v32a16 16 0 0 0 16 16h256a16 16 0 0 0 16-16v-32a16 16 0 0 0-16-16zm-256-64h192a16 16 0 0 0 16-16v-32a16 16 0 0 0-16-16H240a16 16 0 0 0-16 16v32a16 16 0 0 0 16 16zM16 160h48v304a16 16 0 0 0 16 16h32a16 16 0 0 0 16-16V160h48c14.21 0 21.39-17.24 11.31-27.31l-80-96a16 16 0 0 0-22.62 0l-80 96C-5.35 142.74 1.78 160 16 160z\"><\/path><\/svg>\t\t\t\t\t\t<\/span>\n\t\t\t\t\t\t\t\t\t\t<span class=\"elementor-icon-list-text\">H\u00f6he max: 96<\/span>\n\t\t\t\t\t\t\t\t\t<\/li>\n\t\t\t\t\t\t\t\t<li class=\"elementor-icon-list-item elementor-inline-item\">\n\t\t\t\t\t\t\t\t\t\t\t<span class=\"elementor-icon-list-icon\">\n\t\t\t\t\t\t\t<svg aria-hidden=\"true\" class=\"e-font-icon-svg e-fas-sort-amount-down-alt\" viewbox=\"0 0 512 512\" xmlns=\"http:\/\/www.w3.org\/2000\/svg\"><path d=\"M240 96h64a16 16 0 0 0 16-16V48a16 16 0 0 0-16-16h-64a16 16 0 0 0-16 16v32a16 16 0 0 0 16 16zm0 128h128a16 16 0 0 0 16-16v-32a16 16 0 0 0-16-16H240a16 16 0 0 0-16 16v32a16 16 0 0 0 16 16zm256 192H240a16 16 0 0 0-16 16v32a16 16 0 0 0 16 16h256a16 16 0 0 0 16-16v-32a16 16 0 0 0-16-16zm-256-64h192a16 16 0 0 0 16-16v-32a16 16 0 0 0-16-16H240a16 16 0 0 0-16 16v32a16 16 0 0 0 16 16zm-64 0h-48V48a16 16 0 0 0-16-16H80a16 16 0 0 0-16 16v304H16c-14.19 0-21.37 17.24-11.29 27.31l80 96a16 16 0 0 0 22.62 0l80-96C197.35 369.26 190.22 352 176 352z\"><\/path><\/svg>\t\t\t\t\t\t<\/span>\n\t\t\t\t\t\t\t\t\t\t<span class=\"elementor-icon-list-text\">H\u00f6he min: 5<\/span>\n\t\t\t\t\t\t\t\t\t<\/li>\n\t\t\t\t\t\t\t\t<li class=\"elementor-icon-list-item elementor-inline-item\">\n\t\t\t\t\t\t\t\t\t\t\t<span class=\"elementor-icon-list-icon\">\n\t\t\t\t\t\t\t<svg aria-hidden=\"true\" class=\"e-font-icon-svg e-fas-slash\" viewbox=\"0 0 640 512\" xmlns=\"http:\/\/www.w3.org\/2000\/svg\"><path d=\"M594.53 508.63L6.18 53.9c-6.97-5.42-8.23-15.47-2.81-22.45L23.01 6.18C28.43-.8 38.49-2.06 45.47 3.37L633.82 458.1c6.97 5.42 8.23 15.47 2.81 22.45l-19.64 25.27c-5.42 6.98-15.48 8.23-22.46 2.81z\"><\/path><\/svg>\t\t\t\t\t\t<\/span>\n\t\t\t\t\t\t\t\t\t\t<span class=\"elementor-icon-list-text\">Aufstieg: 378<\/span>\n\t\t\t\t\t\t\t\t\t<\/li>\n\t\t\t\t\t\t\t\t<li class=\"elementor-icon-list-item elementor-inline-item\">\n\t\t\t\t\t\t\t\t\t\t\t<span class=\"elementor-icon-list-icon\">\n\t\t\t\t\t\t\t<svg aria-hidden=\"true\" class=\"e-font-icon-svg e-fas-slash\" viewbox=\"0 0 640 512\" xmlns=\"http:\/\/www.w3.org\/2000\/svg\"><path d=\"M594.53 508.63L6.18 53.9c-6.97-5.42-8.23-15.47-2.81-22.45L23.01 6.18C28.43-.8 38.49-2.06 45.47 3.37L633.82 458.1c6.97 5.42 8.23 15.47 2.81 22.45l-19.64 25.27c-5.42 6.98-15.48 8.23-22.46 2.81z\"><\/path><\/svg>\t\t\t\t\t\t<\/span>\n\t\t\t\t\t\t\t\t\t\t<span class=\"elementor-icon-list-text\">Abstieg: 374<\/span>\n\t\t\t\t\t\t\t\t\t<\/li>\n\t\t\t\t\t\t<\/ul>\n\t\t\t\t\t\t<\/div>\n\t\t\t\t<\/div>\n\t\t\t\t<div class=\"elementor-element elementor-element-80428c6 elementor-widget elementor-widget-image\" data-id=\"80428c6\" data-element_type=\"widget\" data-e-type=\"widget\" data-widget_type=\"image.default\">\n\t\t\t\t<div class=\"elementor-widget-container\">\n\t\t\t\t\t\t\t\t\t\t\t\t\t\t\t\t<a href=\"https:\/\/www.rutadelsindiketes.com\/wp-content\/uploads\/2023\/01\/Perfil-etapa-6-este.png\" data-elementor-open-lightbox=\"yes\" data-elementor-lightbox-title=\"Perfil etapa 6 este\" data-e-action-hash=\"#elementor-action%3Aaction%3Dlightbox%26settings%3DeyJpZCI6MTY1MCwidXJsIjoiaHR0cHM6XC9cL3d3dy5ydXRhZGVsc2luZGlrZXRlcy5jb21cL3dwLWNvbnRlbnRcL3VwbG9hZHNcLzIwMjNcLzAxXC9QZXJmaWwtZXRhcGEtNi1lc3RlLnBuZyJ9\">\n\t\t\t\t\t\t\t<img fetchpriority=\"high\" decoding=\"async\" width=\"800\" height=\"217\" src=\"https:\/\/www.rutadelsindiketes.com\/wp-content\/uploads\/2023\/01\/Perfil-etapa-6-este.png\" class=\"attachment-large size-large wp-image-1650\" alt=\"\" srcset=\"https:\/\/www.rutadelsindiketes.com\/wp-content\/uploads\/2023\/01\/Perfil-etapa-6-este.png 960w, https:\/\/www.rutadelsindiketes.com\/wp-content\/uploads\/2023\/01\/Perfil-etapa-6-este-300x81.png 300w, https:\/\/www.rutadelsindiketes.com\/wp-content\/uploads\/2023\/01\/Perfil-etapa-6-este-768x208.png 768w\" sizes=\"(max-width: 800px) 100vw, 800px\" \/>\t\t\t\t\t\t\t\t<\/a>\n\t\t\t\t\t\t\t\t\t\t\t\t\t\t\t<\/div>\n\t\t\t\t<\/div>\n\t\t\t\t\t<\/div>\n\t\t<\/div>\n\t\t\t\t\t<\/div>\n\t\t<\/section>\n\t\t\t\t<section class=\"elementor-section elementor-top-section elementor-element elementor-element-77174f7 elementor-section-boxed elementor-section-height-default elementor-section-height-default\" data-id=\"77174f7\" data-element_type=\"section\" data-e-type=\"section\">\n\t\t\t\t\t\t<div class=\"elementor-container elementor-column-gap-default\">\n\t\t\t\t\t<div class=\"elementor-column elementor-col-100 elementor-top-column elementor-element elementor-element-d2b5570\" data-id=\"d2b5570\" data-element_type=\"column\" data-e-type=\"column\">\n\t\t\t<div class=\"elementor-widget-wrap elementor-element-populated\">\n\t\t\t\t\t\t<div class=\"elementor-element elementor-element-9a1b656 elementor-align-center elementor-widget__width-auto elementor-widget elementor-widget-button\" data-id=\"9a1b656\" data-element_type=\"widget\" data-e-type=\"widget\" data-widget_type=\"button.default\">\n\t\t\t\t<div class=\"elementor-widget-container\">\n\t\t\t\t\t\t\t\t\t<div class=\"elementor-button-wrapper\">\n\t\t\t\t\t<a class=\"elementor-button elementor-button-link elementor-size-sm\" href=\"https:\/\/www.rutadelsindiketes.com\/wp-content\/uploads\/2023\/01\/Tracks-Torroella-de-Montgri-a-Peratallada.gpx\">\n\t\t\t\t\t\t<span class=\"elementor-button-content-wrapper\">\n\t\t\t\t\t\t<span class=\"elementor-button-icon\">\n\t\t\t\t<svg aria-hidden=\"true\" class=\"e-font-icon-svg e-fas-route\" viewbox=\"0 0 512 512\" xmlns=\"http:\/\/www.w3.org\/2000\/svg\"><path d=\"M416 320h-96c-17.6 0-32-14.4-32-32s14.4-32 32-32h96s96-107 96-160-43-96-96-96-96 43-96 96c0 25.5 22.2 63.4 45.3 96H320c-52.9 0-96 43.1-96 96s43.1 96 96 96h96c17.6 0 32 14.4 32 32s-14.4 32-32 32H185.5c-16 24.8-33.8 47.7-47.3 64H416c52.9 0 96-43.1 96-96s-43.1-96-96-96zm0-256c17.7 0 32 14.3 32 32s-14.3 32-32 32-32-14.3-32-32 14.3-32 32-32zM96 256c-53 0-96 43-96 96s96 160 96 160 96-107 96-160-43-96-96-96zm0 128c-17.7 0-32-14.3-32-32s14.3-32 32-32 32 14.3 32 32-14.3 32-32 32z\"><\/path><\/svg>\t\t\t<\/span>\n\t\t\t\t\t\t\t\t\t<span class=\"elementor-button-text\">GPX<\/span>\n\t\t\t\t\t<\/span>\n\t\t\t\t\t<\/a>\n\t\t\t\t<\/div>\n\t\t\t\t\t\t\t\t<\/div>\n\t\t\t\t<\/div>\n\t\t\t\t\t<\/div>\n\t\t<\/div>\n\t\t\t\t\t<\/div>\n\t\t<\/section>\n\t\t\t\t<section class=\"elementor-section elementor-top-section elementor-element elementor-element-ec96f5a elementor-section-boxed elementor-section-height-default elementor-section-height-default\" data-id=\"ec96f5a\" data-element_type=\"section\" data-e-type=\"section\">\n\t\t\t\t\t\t<div class=\"elementor-container elementor-column-gap-default\">\n\t\t\t\t\t<div class=\"elementor-column elementor-col-100 elementor-top-column elementor-element elementor-element-725db9d\" data-id=\"725db9d\" data-element_type=\"column\" data-e-type=\"column\">\n\t\t\t<div class=\"elementor-widget-wrap elementor-element-populated\">\n\t\t\t\t\t\t<div class=\"elementor-element elementor-element-224bf89 elementor-widget elementor-widget-heading\" data-id=\"224bf89\" data-element_type=\"widget\" data-e-type=\"widget\" data-widget_type=\"heading.default\">\n\t\t\t\t<div class=\"elementor-widget-container\">\n\t\t\t\t\t<h2 class=\"elementor-heading-title elementor-size-large\"><br>Etappe 6: TORROELLA DE MONTGR\u00cd - PERATALLADA<br><\/h2>\t\t\t\t<\/div>\n\t\t\t\t<\/div>\n\t\t\t\t<div class=\"elementor-element elementor-element-6b3b62c elementor-widget elementor-widget-image\" data-id=\"6b3b62c\" data-element_type=\"widget\" data-e-type=\"widget\" data-widget_type=\"image.default\">\n\t\t\t\t<div class=\"elementor-widget-container\">\n\t\t\t\t\t\t\t\t\t\t\t\t\t\t\t\t<a href=\"https:\/\/www.rutadelsindiketes.com\/wp-content\/uploads\/2023\/01\/mapa-etapa-6-e1674619918897.png\" data-elementor-open-lightbox=\"yes\" data-elementor-lightbox-title=\"mapa etapa 6\" data-e-action-hash=\"#elementor-action%3Aaction%3Dlightbox%26settings%3DeyJpZCI6MTY1MSwidXJsIjoiaHR0cHM6XC9cL3d3dy5ydXRhZGVsc2luZGlrZXRlcy5jb21cL3dwLWNvbnRlbnRcL3VwbG9hZHNcLzIwMjNcLzAxXC9tYXBhLWV0YXBhLTYtZTE2NzQ2MTk5MTg4OTcucG5nIn0%3D\">\n\t\t\t\t\t\t\t<img decoding=\"async\" width=\"689\" height=\"811\" src=\"https:\/\/www.rutadelsindiketes.com\/wp-content\/uploads\/2023\/01\/mapa-etapa-6-e1674619918897.png\" class=\"attachment-large size-large wp-image-1651\" alt=\"\" srcset=\"https:\/\/www.rutadelsindiketes.com\/wp-content\/uploads\/2023\/01\/mapa-etapa-6-e1674619918897.png 689w, https:\/\/www.rutadelsindiketes.com\/wp-content\/uploads\/2023\/01\/mapa-etapa-6-e1674619918897-255x300.png 255w\" sizes=\"(max-width: 689px) 100vw, 689px\" \/>\t\t\t\t\t\t\t\t<\/a>\n\t\t\t\t\t\t\t\t\t\t\t\t\t\t\t<\/div>\n\t\t\t\t<\/div>\n\t\t\t\t\t<\/div>\n\t\t<\/div>\n\t\t\t\t\t<\/div>\n\t\t<\/section>\n\t\t<div class=\"elementor-element elementor-element-7a1191b e-flex e-con-boxed e-con e-parent\" data-id=\"7a1191b\" data-element_type=\"container\" data-e-type=\"container\">\n\t\t\t\t\t<div class=\"e-con-inner\">\n\t\t\t\t<div class=\"elementor-element elementor-element-2e1d4d9 elementor-widget elementor-widget-text-editor\" data-id=\"2e1d4d9\" data-element_type=\"widget\" data-e-type=\"widget\" data-widget_type=\"text-editor.default\">\n\t\t\t\t<div class=\"elementor-widget-container\">\n\t\t\t\t\t\t\t\t\t<p><span style=\"text-align: var(--text-align); color: var( --e-global-color-dea41e4 ); font-family: var( --e-global-typography-b2ce6af-font-family ), Sans-serif; font-size: var( --e-global-typography-b2ce6af-font-size ); font-weight: var( --e-global-typography-b2ce6af-font-weight ); letter-spacing: var( --e-global-typography-b2ce6af-letter-spacing ); word-spacing: var( --e-global-typography-b2ce6af-word-spacing );\">Wir verlassen Torroella de Montgr\u00ed \u00fcber den Passeig de Catalunya in Richtung der Br\u00fccke, die den Fluss Ter \u00fcberquert.\u00a0<\/span><\/p><p><span style=\"text-align: var(--text-align); color: var( --e-global-color-dea41e4 ); font-family: var( --e-global-typography-b2ce6af-font-family ), Sans-serif; font-size: var( --e-global-typography-b2ce6af-font-size ); font-weight: var( --e-global-typography-b2ce6af-font-weight ); letter-spacing: var( --e-global-typography-b2ce6af-letter-spacing ); word-spacing: var( --e-global-typography-b2ce6af-word-spacing );\">Kurz nach dem \u00dcberqueren der Br\u00fccke biegen wir rechts auf den GR-92 ab, der ebenfalls von Pirinexus ausgeschildert ist. <\/span><span style=\"color: var( --e-global-color-dea41e4 ); font-family: var( --e-global-typography-b2ce6af-font-family ), Sans-serif; font-size: var( --e-global-typography-b2ce6af-font-size ); font-weight: var( --e-global-typography-b2ce6af-font-weight ); letter-spacing: var( --e-global-typography-b2ce6af-letter-spacing ); text-align: var(--text-align); word-spacing: var( --e-global-typography-b2ce6af-word-spacing );\">Der Weg neben dem Fluss f\u00fchrt entlang des Gualta Pitch &amp; Putt Golfplatzes.\u00a0<\/span><span style=\"text-align: var(--text-align); color: var( --e-global-color-dea41e4 ); font-family: var( --e-global-typography-b2ce6af-font-family ), Sans-serif; font-size: var( --e-global-typography-b2ce6af-font-size ); font-weight: var( --e-global-typography-b2ce6af-font-weight ); letter-spacing: var( --e-global-typography-b2ce6af-letter-spacing ); word-spacing: var( --e-global-typography-b2ce6af-word-spacing );\">Nach kurzer Zeit wendet sich der Weg vom Ter ab und f\u00fchrt am Flusskanal des Dar\u00f3 entlang.<\/span><\/p>\t\t\t\t\t\t\t\t<\/div>\n\t\t\t\t<\/div>\n\t\t\t\t\t<\/div>\n\t\t\t\t<\/div>\n\t\t<div class=\"elementor-element elementor-element-677ce8b6 e-flex e-con-boxed e-con e-parent\" data-id=\"677ce8b6\" data-element_type=\"container\" data-e-type=\"container\">\n\t\t\t\t\t<div class=\"e-con-inner\">\n\t\t<div class=\"elementor-element elementor-element-725da7bd e-con-full e-flex e-con e-child\" data-id=\"725da7bd\" data-element_type=\"container\" data-e-type=\"container\">\n\t\t\t\t<div class=\"elementor-element elementor-element-3d5459a3 elementor-widget elementor-widget-image\" data-id=\"3d5459a3\" data-element_type=\"widget\" data-e-type=\"widget\" data-widget_type=\"image.default\">\n\t\t\t\t<div class=\"elementor-widget-container\">\n\t\t\t\t\t\t\t\t\t\t\t\t\t\t\t<img decoding=\"async\" width=\"800\" height=\"600\" src=\"https:\/\/www.rutadelsindiketes.com\/wp-content\/uploads\/2023\/01\/1-Pont-de-Torroella-de-Montgri.-1024x768.jpg\" class=\"attachment-large size-large wp-image-1675\" alt=\"\" srcset=\"https:\/\/www.rutadelsindiketes.com\/wp-content\/uploads\/2023\/01\/1-Pont-de-Torroella-de-Montgri.-1024x768.jpg 1024w, https:\/\/www.rutadelsindiketes.com\/wp-content\/uploads\/2023\/01\/1-Pont-de-Torroella-de-Montgri.-300x225.jpg 300w, https:\/\/www.rutadelsindiketes.com\/wp-content\/uploads\/2023\/01\/1-Pont-de-Torroella-de-Montgri.-768x576.jpg 768w, https:\/\/www.rutadelsindiketes.com\/wp-content\/uploads\/2023\/01\/1-Pont-de-Torroella-de-Montgri..jpg 1136w\" sizes=\"(max-width: 800px) 100vw, 800px\" \/>\t\t\t\t\t\t\t\t\t\t\t\t\t\t\t<\/div>\n\t\t\t\t<\/div>\n\t\t\t\t<\/div>\n\t\t<div class=\"elementor-element elementor-element-6ee2f02a e-con-full e-flex e-con e-child\" data-id=\"6ee2f02a\" data-element_type=\"container\" data-e-type=\"container\">\n\t\t\t\t<div class=\"elementor-element elementor-element-6a6cc811 elementor-widget elementor-widget-image\" data-id=\"6a6cc811\" data-element_type=\"widget\" data-e-type=\"widget\" data-widget_type=\"image.default\">\n\t\t\t\t<div class=\"elementor-widget-container\">\n\t\t\t\t\t\t\t\t\t\t\t\t\t\t\t<img loading=\"lazy\" decoding=\"async\" width=\"800\" height=\"600\" src=\"https:\/\/www.rutadelsindiketes.com\/wp-content\/uploads\/2023\/01\/2-Cami-en-direccio-a-Gualta-GR.92.-1024x768.jpg\" class=\"attachment-large size-large wp-image-1676\" alt=\"\" srcset=\"https:\/\/www.rutadelsindiketes.com\/wp-content\/uploads\/2023\/01\/2-Cami-en-direccio-a-Gualta-GR.92.-1024x768.jpg 1024w, https:\/\/www.rutadelsindiketes.com\/wp-content\/uploads\/2023\/01\/2-Cami-en-direccio-a-Gualta-GR.92.-300x225.jpg 300w, https:\/\/www.rutadelsindiketes.com\/wp-content\/uploads\/2023\/01\/2-Cami-en-direccio-a-Gualta-GR.92.-768x576.jpg 768w, https:\/\/www.rutadelsindiketes.com\/wp-content\/uploads\/2023\/01\/2-Cami-en-direccio-a-Gualta-GR.92..jpg 1136w\" sizes=\"(max-width: 800px) 100vw, 800px\" \/>\t\t\t\t\t\t\t\t\t\t\t\t\t\t\t<\/div>\n\t\t\t\t<\/div>\n\t\t\t\t<\/div>\n\t\t\t\t\t<\/div>\n\t\t\t\t<\/div>\n\t\t<div class=\"elementor-element elementor-element-489a367 e-flex e-con-boxed e-con e-parent\" data-id=\"489a367\" data-element_type=\"container\" data-e-type=\"container\">\n\t\t\t\t\t<div class=\"e-con-inner\">\n\t\t<div class=\"elementor-element elementor-element-636203e7 e-con-full e-flex e-con e-child\" data-id=\"636203e7\" data-element_type=\"container\" data-e-type=\"container\">\n\t\t\t\t<div class=\"elementor-element elementor-element-73b02abc elementor-widget elementor-widget-text-editor\" data-id=\"73b02abc\" data-element_type=\"widget\" data-e-type=\"widget\" data-widget_type=\"text-editor.default\">\n\t\t\t\t<div class=\"elementor-widget-container\">\n\t\t\t\t\t\t\t\t\t<p><span style=\"text-align: justify;\">Bevor die Stra\u00dfe unter der GI-643 hindurchf\u00fchrt, muss man auf die andere Seite des Kanals wechseln.\u00a0<\/span><\/p><p><span style=\"color: var( --e-global-color-dea41e4 ); font-family: var( --e-global-typography-b2ce6af-font-family ), Sans-serif; font-size: var( --e-global-typography-b2ce6af-font-size ); font-weight: var( --e-global-typography-b2ce6af-font-weight ); letter-spacing: var( --e-global-typography-b2ce6af-letter-spacing ); text-align: var(--text-align); word-spacing: var( --e-global-typography-b2ce6af-word-spacing );\">Gehen Sie dazu bis zur Stra\u00dfe, gehen Sie vorsichtig etwa 200 Meter und nehmen Sie dann den Weg auf der anderen Seite.\u00a0<\/span><span style=\"color: var( --e-global-color-dea41e4 ); font-family: var( --e-global-typography-b2ce6af-font-family ), Sans-serif; font-size: var( --e-global-typography-b2ce6af-font-size ); font-weight: var( --e-global-typography-b2ce6af-font-weight ); letter-spacing: var( --e-global-typography-b2ce6af-letter-spacing ); text-align: var(--text-align); word-spacing: var( --e-global-typography-b2ce6af-word-spacing );\">Von hier aus ist es nur noch 1\/2 Kilometer bis zur sch\u00f6nen Steinbr\u00fccke von Gualta.<\/span><\/p><p><span style=\"text-align: justify;\">Diese mittelalterliche Br\u00fccke mit 5 ungleichen B\u00f6gen stammt aus dem 16. Jahrhundert. Jahrhundert. 1809 fand hier eine Schlacht gegen die Truppen Napoleons statt, an die ein k\u00fcnstlicher Steinmonolith erinnert.<\/span><span style=\"color: var( --e-global-color-dea41e4 ); font-family: var( --e-global-typography-b2ce6af-font-family ), Sans-serif; font-size: var( --e-global-typography-b2ce6af-font-size ); font-weight: var( --e-global-typography-b2ce6af-font-weight ); letter-spacing: var( --e-global-typography-b2ce6af-letter-spacing ); text-align: var(--text-align); word-spacing: var( --e-global-typography-b2ce6af-word-spacing );\"><br \/><\/span><\/p>\t\t\t\t\t\t\t\t<\/div>\n\t\t\t\t<\/div>\n\t\t\t\t<\/div>\n\t\t<div class=\"elementor-element elementor-element-60fee67 e-con-full e-flex e-con e-child\" data-id=\"60fee67\" data-element_type=\"container\" data-e-type=\"container\">\n\t\t\t\t<div class=\"elementor-element elementor-element-3306e473 elementor-widget elementor-widget-image\" data-id=\"3306e473\" data-element_type=\"widget\" data-e-type=\"widget\" data-widget_type=\"image.default\">\n\t\t\t\t<div class=\"elementor-widget-container\">\n\t\t\t\t\t\t\t\t\t\t\t\t\t\t\t<img loading=\"lazy\" decoding=\"async\" width=\"800\" height=\"600\" src=\"https:\/\/www.rutadelsindiketes.com\/wp-content\/uploads\/2023\/01\/3-Gualta_-pont-del-Daro-de-cinc-arcades.Segles-XVI-XVII-1024x768.jpg\" class=\"attachment-large size-large wp-image-1677\" alt=\"\" srcset=\"https:\/\/www.rutadelsindiketes.com\/wp-content\/uploads\/2023\/01\/3-Gualta_-pont-del-Daro-de-cinc-arcades.Segles-XVI-XVII-1024x768.jpg 1024w, https:\/\/www.rutadelsindiketes.com\/wp-content\/uploads\/2023\/01\/3-Gualta_-pont-del-Daro-de-cinc-arcades.Segles-XVI-XVII-300x225.jpg 300w, https:\/\/www.rutadelsindiketes.com\/wp-content\/uploads\/2023\/01\/3-Gualta_-pont-del-Daro-de-cinc-arcades.Segles-XVI-XVII-768x576.jpg 768w, https:\/\/www.rutadelsindiketes.com\/wp-content\/uploads\/2023\/01\/3-Gualta_-pont-del-Daro-de-cinc-arcades.Segles-XVI-XVII.jpg 1136w\" sizes=\"(max-width: 800px) 100vw, 800px\" \/>\t\t\t\t\t\t\t\t\t\t\t\t\t\t\t<\/div>\n\t\t\t\t<\/div>\n\t\t\t\t<\/div>\n\t\t\t\t\t<\/div>\n\t\t\t\t<\/div>\n\t\t<div class=\"elementor-element elementor-element-f735cb4 e-flex e-con-boxed e-con e-parent\" data-id=\"f735cb4\" data-element_type=\"container\" data-e-type=\"container\">\n\t\t\t\t\t<div class=\"e-con-inner\">\n\t\t\t\t<div class=\"elementor-element elementor-element-f1928cf elementor-widget elementor-widget-text-editor\" data-id=\"f1928cf\" data-element_type=\"widget\" data-e-type=\"widget\" data-widget_type=\"text-editor.default\">\n\t\t\t\t<div class=\"elementor-widget-container\">\n\t\t\t\t\t\t\t\t\t<p>Wir folgen den rot-wei\u00df gestrichenen Schildern des GR-92 und biegen in die Hauptstra\u00dfe (Carrer Major) ein, kommen an der Kirche Santa Maria vorbei und sehen den Bew\u00e4sserungsgraben, in dem einst eine mittelalterliche M\u00fchle stand.&nbsp;<br><\/p>\t\t\t\t\t\t\t\t<\/div>\n\t\t\t\t<\/div>\n\t\t\t\t\t<\/div>\n\t\t\t\t<\/div>\n\t\t<div class=\"elementor-element elementor-element-8b1ea21 e-flex e-con-boxed e-con e-parent\" data-id=\"8b1ea21\" data-element_type=\"container\" data-e-type=\"container\">\n\t\t\t\t\t<div class=\"e-con-inner\">\n\t\t<div class=\"elementor-element elementor-element-15dd0574 e-con-full e-flex e-con e-child\" data-id=\"15dd0574\" data-element_type=\"container\" data-e-type=\"container\">\n\t\t\t\t<div class=\"elementor-element elementor-element-4f376b90 elementor-widget elementor-widget-text-editor\" data-id=\"4f376b90\" data-element_type=\"widget\" data-e-type=\"widget\" data-widget_type=\"text-editor.default\">\n\t\t\t\t<div class=\"elementor-widget-container\">\n\t\t\t\t\t\t\t\t\t<p><span style=\"color: var( --e-global-color-dea41e4 ); font-family: var( --e-global-typography-b2ce6af-font-family ), Sans-serif; font-size: var( --e-global-typography-b2ce6af-font-size ); font-weight: var( --e-global-typography-b2ce6af-font-weight ); letter-spacing: var( --e-global-typography-b2ce6af-letter-spacing ); word-spacing: var( --e-global-typography-b2ce6af-word-spacing );\">Wenig sp\u00e4ter biegen wir rechts in die Carrer de Les Oliveres ein und fahren auf dem GR-92 weiter in Richtung Puig de Font Pasquala, von wo aus wir einen herrlichen Blick auf die Ebene des Empord\u00e0 haben.<\/span><\/p>\n<p>Auf dem Weg nach unten verlassen wir den GR-92 und nehmen den ersten Weg rechts.&nbsp;<span style=\"color: var( --e-global-color-dea41e4 ); font-family: var( --e-global-typography-b2ce6af-font-family ), Sans-serif; font-size: var( --e-global-typography-b2ce6af-font-size ); font-weight: var( --e-global-typography-b2ce6af-font-weight ); letter-spacing: var( --e-global-typography-b2ce6af-letter-spacing ); word-spacing: var( --e-global-typography-b2ce6af-word-spacing );\">Nach kurzer Zeit biegen Sie an der n\u00e4chsten Abzweigung links ab.&nbsp;<\/span><\/p>\n<p>An der n\u00e4chsten 4-fach-Kreuzung (obwohl wir das Dorf ganz in der N\u00e4he sehen) fahren wir weiter geradeaus, scheinbar vom Dorf weg.<\/p>\t\t\t\t\t\t\t\t<\/div>\n\t\t\t\t<\/div>\n\t\t\t\t<\/div>\n\t\t<div class=\"elementor-element elementor-element-22bb0033 e-con-full e-flex e-con e-child\" data-id=\"22bb0033\" data-element_type=\"container\" data-e-type=\"container\">\n\t\t\t\t<div class=\"elementor-element elementor-element-1d84bfb elementor-widget elementor-widget-image\" data-id=\"1d84bfb\" data-element_type=\"widget\" data-e-type=\"widget\" data-widget_type=\"image.default\">\n\t\t\t\t<div class=\"elementor-widget-container\">\n\t\t\t\t\t\t\t\t\t\t\t\t\t\t\t<img loading=\"lazy\" decoding=\"async\" width=\"800\" height=\"600\" src=\"https:\/\/www.rutadelsindiketes.com\/wp-content\/uploads\/2023\/01\/4-Vista-des-de-el-Puig-de-la-Font-Pasquala.-1024x768.jpg\" class=\"attachment-large size-large wp-image-1678\" alt=\"\" srcset=\"https:\/\/www.rutadelsindiketes.com\/wp-content\/uploads\/2023\/01\/4-Vista-des-de-el-Puig-de-la-Font-Pasquala.-1024x768.jpg 1024w, https:\/\/www.rutadelsindiketes.com\/wp-content\/uploads\/2023\/01\/4-Vista-des-de-el-Puig-de-la-Font-Pasquala.-300x225.jpg 300w, https:\/\/www.rutadelsindiketes.com\/wp-content\/uploads\/2023\/01\/4-Vista-des-de-el-Puig-de-la-Font-Pasquala.-768x576.jpg 768w, https:\/\/www.rutadelsindiketes.com\/wp-content\/uploads\/2023\/01\/4-Vista-des-de-el-Puig-de-la-Font-Pasquala..jpg 1136w\" sizes=\"(max-width: 800px) 100vw, 800px\" \/>\t\t\t\t\t\t\t\t\t\t\t\t\t\t\t<\/div>\n\t\t\t\t<\/div>\n\t\t\t\t<\/div>\n\t\t\t\t\t<\/div>\n\t\t\t\t<\/div>\n\t\t<div class=\"elementor-element elementor-element-529db26 e-flex e-con-boxed e-con e-parent\" data-id=\"529db26\" data-element_type=\"container\" data-e-type=\"container\">\n\t\t\t\t\t<div class=\"e-con-inner\">\n\t\t<div class=\"elementor-element elementor-element-7d4f59f9 e-con-full e-flex e-con e-child\" data-id=\"7d4f59f9\" data-element_type=\"container\" data-e-type=\"container\">\n\t\t\t\t<div class=\"elementor-element elementor-element-73252a48 elementor-widget elementor-widget-text-editor\" data-id=\"73252a48\" data-element_type=\"widget\" data-e-type=\"widget\" data-widget_type=\"text-editor.default\">\n\t\t\t\t<div class=\"elementor-widget-container\">\n\t\t\t\t\t\t\t\t\t<p>Nach etwa 30 Metern nehmen Sie den Weg rechts, der Sie direkt in das Dorf Llabi\u00e0 (das zu Fontanilles geh\u00f6rt) f\u00fchrt.\u00a0<\/p><p>Wir gehen eine seiner Stra\u00dfen hinauf (carrer major) und werden auf Schritt und Tritt originelle Skulpturen aus verrostetem Eisen und recycelten Materialien sehen, die der Bildhauer Josep Coll, geb\u00fcrtig aus demselben Dorf und Bewohner von Can Pau de Llabi\u00e0, heute eine l\u00e4ndliche Tourismuseinrichtung, gestiftet hat.<\/p>\t\t\t\t\t\t\t\t<\/div>\n\t\t\t\t<\/div>\n\t\t\t\t<\/div>\n\t\t<div class=\"elementor-element elementor-element-36cfaab8 e-con-full e-flex e-con e-child\" data-id=\"36cfaab8\" data-element_type=\"container\" data-e-type=\"container\">\n\t\t\t\t<div class=\"elementor-element elementor-element-3b2cb2fd elementor-widget elementor-widget-image\" data-id=\"3b2cb2fd\" data-element_type=\"widget\" data-e-type=\"widget\" data-widget_type=\"image.default\">\n\t\t\t\t<div class=\"elementor-widget-container\">\n\t\t\t\t\t\t\t\t\t\t\t\t\t\t\t<img loading=\"lazy\" decoding=\"async\" width=\"800\" height=\"528\" src=\"https:\/\/www.rutadelsindiketes.com\/wp-content\/uploads\/2023\/01\/5-Vista-de-Llabia.-e1674625014793-1024x676.jpg\" class=\"attachment-large size-large wp-image-1679\" alt=\"\" srcset=\"https:\/\/www.rutadelsindiketes.com\/wp-content\/uploads\/2023\/01\/5-Vista-de-Llabia.-e1674625014793-1024x676.jpg 1024w, https:\/\/www.rutadelsindiketes.com\/wp-content\/uploads\/2023\/01\/5-Vista-de-Llabia.-e1674625014793-300x198.jpg 300w, https:\/\/www.rutadelsindiketes.com\/wp-content\/uploads\/2023\/01\/5-Vista-de-Llabia.-e1674625014793-768x507.jpg 768w, https:\/\/www.rutadelsindiketes.com\/wp-content\/uploads\/2023\/01\/5-Vista-de-Llabia.-e1674625014793.jpg 1130w\" sizes=\"(max-width: 800px) 100vw, 800px\" \/>\t\t\t\t\t\t\t\t\t\t\t\t\t\t\t<\/div>\n\t\t\t\t<\/div>\n\t\t\t\t<\/div>\n\t\t\t\t\t<\/div>\n\t\t\t\t<\/div>\n\t\t<div class=\"elementor-element elementor-element-6878290b e-flex e-con-boxed e-con e-parent\" data-id=\"6878290b\" data-element_type=\"container\" data-e-type=\"container\">\n\t\t\t\t\t<div class=\"e-con-inner\">\n\t\t<div class=\"elementor-element elementor-element-58e0b359 e-con-full e-flex e-con e-child\" data-id=\"58e0b359\" data-element_type=\"container\" data-e-type=\"container\">\n\t\t\t\t<div class=\"elementor-element elementor-element-57d71add elementor-widget elementor-widget-image\" data-id=\"57d71add\" data-element_type=\"widget\" data-e-type=\"widget\" data-widget_type=\"image.default\">\n\t\t\t\t<div class=\"elementor-widget-container\">\n\t\t\t\t\t\t\t\t\t\t\t\t\t\t\t<img loading=\"lazy\" decoding=\"async\" width=\"800\" height=\"600\" src=\"https:\/\/www.rutadelsindiketes.com\/wp-content\/uploads\/2023\/01\/6-Escultures-a-lentrada-de-Llabia.-1024x768.jpg\" class=\"attachment-large size-large wp-image-1680\" alt=\"\" srcset=\"https:\/\/www.rutadelsindiketes.com\/wp-content\/uploads\/2023\/01\/6-Escultures-a-lentrada-de-Llabia.-1024x768.jpg 1024w, https:\/\/www.rutadelsindiketes.com\/wp-content\/uploads\/2023\/01\/6-Escultures-a-lentrada-de-Llabia.-300x225.jpg 300w, https:\/\/www.rutadelsindiketes.com\/wp-content\/uploads\/2023\/01\/6-Escultures-a-lentrada-de-Llabia.-768x576.jpg 768w, https:\/\/www.rutadelsindiketes.com\/wp-content\/uploads\/2023\/01\/6-Escultures-a-lentrada-de-Llabia..jpg 1136w\" sizes=\"(max-width: 800px) 100vw, 800px\" \/>\t\t\t\t\t\t\t\t\t\t\t\t\t\t\t<\/div>\n\t\t\t\t<\/div>\n\t\t\t\t<\/div>\n\t\t<div class=\"elementor-element elementor-element-747b5208 e-con-full e-flex e-con e-child\" data-id=\"747b5208\" data-element_type=\"container\" data-e-type=\"container\">\n\t\t\t\t<div class=\"elementor-element elementor-element-346f31df elementor-widget elementor-widget-image\" data-id=\"346f31df\" data-element_type=\"widget\" data-e-type=\"widget\" data-widget_type=\"image.default\">\n\t\t\t\t<div class=\"elementor-widget-container\">\n\t\t\t\t\t\t\t\t\t\t\t\t\t\t\t<img loading=\"lazy\" decoding=\"async\" width=\"768\" height=\"1024\" src=\"https:\/\/www.rutadelsindiketes.com\/wp-content\/uploads\/2023\/01\/7-Esglesia-de-Llabia.-768x1024.jpg\" class=\"attachment-large size-large wp-image-1681\" alt=\"\" srcset=\"https:\/\/www.rutadelsindiketes.com\/wp-content\/uploads\/2023\/01\/7-Esglesia-de-Llabia.-768x1024.jpg 768w, https:\/\/www.rutadelsindiketes.com\/wp-content\/uploads\/2023\/01\/7-Esglesia-de-Llabia.-225x300.jpg 225w, https:\/\/www.rutadelsindiketes.com\/wp-content\/uploads\/2023\/01\/7-Esglesia-de-Llabia..jpg 852w\" sizes=\"(max-width: 768px) 100vw, 768px\" \/>\t\t\t\t\t\t\t\t\t\t\t\t\t\t\t<\/div>\n\t\t\t\t<\/div>\n\t\t\t\t<\/div>\n\t\t\t\t\t<\/div>\n\t\t\t\t<\/div>\n\t\t<div class=\"elementor-element elementor-element-3b53c24 e-flex e-con-boxed e-con e-parent\" data-id=\"3b53c24\" data-element_type=\"container\" data-e-type=\"container\">\n\t\t\t\t\t<div class=\"e-con-inner\">\n\t\t\t\t<div class=\"elementor-element elementor-element-1d89b9d5 elementor-widget elementor-widget-text-editor\" data-id=\"1d89b9d5\" data-element_type=\"widget\" data-e-type=\"widget\" data-widget_type=\"text-editor.default\">\n\t\t\t\t<div class=\"elementor-widget-container\">\n\t\t\t\t\t\t\t\t\t<p>Wir durchqueren das h\u00fcbsche Dorf und nehmen beim Abstieg die Stra\u00dfe nach rechts, und wenn sich der Blick auf die Felder \u00f6ffnet, sehen wir in der Ferne ein einsames Haus mit wei\u00dfem Farbton (Mas de la Bomba), den Ort, zu dem wir gehen werden. Dazu nehmen wir den ersten Weg, den wir auf der linken Seite sehen.<\/p><p><b>Hinweis<\/b>: Aufgrund der regelm\u00e4\u00dfigen \u00dcberschwemmungen des Sees von Ullastret im Jahr 1850 wurde ein Konsortium aus mehreren Landbesitzern gebildet, das sich darauf einigte, eine Art Erddamm (mota) und ein Geb\u00e4ude f\u00fcr die zahlreichen Pumpen zur Wasserentnahme zu errichten - der Ursprung des heutigen Mas de la Bomba.<\/p>\t\t\t\t\t\t\t\t<\/div>\n\t\t\t\t<\/div>\n\t\t\t\t\t<\/div>\n\t\t\t\t<\/div>\n\t\t<div class=\"elementor-element elementor-element-383ab649 e-flex e-con-boxed e-con e-parent\" data-id=\"383ab649\" data-element_type=\"container\" data-e-type=\"container\">\n\t\t\t\t\t<div class=\"e-con-inner\">\n\t\t<div class=\"elementor-element elementor-element-431e8912 e-con-full e-flex e-con e-child\" data-id=\"431e8912\" data-element_type=\"container\" data-e-type=\"container\">\n\t\t\t\t<div class=\"elementor-element elementor-element-7c68ff53 elementor-widget elementor-widget-text-editor\" data-id=\"7c68ff53\" data-element_type=\"widget\" data-e-type=\"widget\" data-widget_type=\"text-editor.default\">\n\t\t\t\t<div class=\"elementor-widget-container\">\n\t\t\t\t\t\t\t\t\t<p>Hinter dem Haus geht es weiter \u00fcber den Mote und weiter, wenn der Weg nach links abbiegt, sehen wir in der Ferne das Moor von Sant Andreu.<\/p><p>Hier befand sich die iberische Siedlung Ullastret, von der man annimmt, dass sie die alte Stadt der <em>indiketes<\/em> Aufruf \"<em>Indika\"<\/em>.<\/p><p>Sie lag an einem See und bestand aus zwei Siedlungen, der Hauptsiedlung im sogenannten <span class=\"hiddenSpellError\">puig<\/span> Stadt <span class=\"hiddenSpellError\">Sant<\/span> <span class=\"hiddenSpellError\">Andreu<\/span> und die andere auf einer nahe gelegenen Insel in der Mitte dieser Lagune, der <span class=\"hiddenSpellError\">illa<\/span> d'En <span class=\"hiddenSpellError\">Reixac<\/span>.<\/p>\t\t\t\t\t\t\t\t<\/div>\n\t\t\t\t<\/div>\n\t\t\t\t<\/div>\n\t\t<div class=\"elementor-element elementor-element-6ffa5c14 e-con-full e-flex e-con e-child\" data-id=\"6ffa5c14\" data-element_type=\"container\" data-e-type=\"container\">\n\t\t\t\t<div class=\"elementor-element elementor-element-6bb6aa8b elementor-widget elementor-widget-image\" data-id=\"6bb6aa8b\" data-element_type=\"widget\" data-e-type=\"widget\" data-widget_type=\"image.default\">\n\t\t\t\t<div class=\"elementor-widget-container\">\n\t\t\t\t\t\t\t\t\t\t\t\t\t\t\t<img loading=\"lazy\" decoding=\"async\" width=\"800\" height=\"600\" src=\"https:\/\/www.rutadelsindiketes.com\/wp-content\/uploads\/2023\/01\/8-Cami-direccio-al-turo-de-Sant-Andreu.-1024x768.jpg\" class=\"attachment-large size-large wp-image-1682\" alt=\"\" srcset=\"https:\/\/www.rutadelsindiketes.com\/wp-content\/uploads\/2023\/01\/8-Cami-direccio-al-turo-de-Sant-Andreu.-1024x768.jpg 1024w, https:\/\/www.rutadelsindiketes.com\/wp-content\/uploads\/2023\/01\/8-Cami-direccio-al-turo-de-Sant-Andreu.-300x225.jpg 300w, https:\/\/www.rutadelsindiketes.com\/wp-content\/uploads\/2023\/01\/8-Cami-direccio-al-turo-de-Sant-Andreu.-768x576.jpg 768w, https:\/\/www.rutadelsindiketes.com\/wp-content\/uploads\/2023\/01\/8-Cami-direccio-al-turo-de-Sant-Andreu..jpg 1136w\" sizes=\"(max-width: 800px) 100vw, 800px\" \/>\t\t\t\t\t\t\t\t\t\t\t\t\t\t\t<\/div>\n\t\t\t\t<\/div>\n\t\t\t\t<\/div>\n\t\t\t\t\t<\/div>\n\t\t\t\t<\/div>\n\t\t<div class=\"elementor-element elementor-element-7b197569 e-flex e-con-boxed e-con e-parent\" data-id=\"7b197569\" data-element_type=\"container\" data-e-type=\"container\">\n\t\t\t\t\t<div class=\"e-con-inner\">\n\t\t<div class=\"elementor-element elementor-element-4087b82c e-con-full e-flex e-con e-child\" data-id=\"4087b82c\" data-element_type=\"container\" data-e-type=\"container\">\n\t\t\t\t<div class=\"elementor-element elementor-element-48da5530 elementor-widget elementor-widget-text-editor\" data-id=\"48da5530\" data-element_type=\"widget\" data-e-type=\"widget\" data-widget_type=\"text-editor.default\">\n\t\t\t\t<div class=\"elementor-widget-container\">\n\t\t\t\t\t\t\t\t\t<p>Es ist die gr\u00f6\u00dfte iberische St\u00e4tte in Katalonien. Es wurden pr\u00e4historische \u00dcberreste gefunden, aber die erste stabile Siedlung wurde auf das 7. Jahrhundert v. Chr. datiert.\u00a0<\/p><p>Die letzte gr\u00f6\u00dfere Ver\u00e4nderung der Festung erfolgte im 3. Jahrhundert v. Chr., zeitgleich mit dem Zweiten Punischen Krieg, als die R\u00f6mer, um den Nachschubweg Hannibals, der Rom erreichen wollte, abzuschneiden, in den nicht allzu weit entfernten Emp\u00faries landeten, um die Karthager zu bek\u00e4mpfen.\u00a0<\/p>\t\t\t\t\t\t\t\t<\/div>\n\t\t\t\t<\/div>\n\t\t\t\t<\/div>\n\t\t<div class=\"elementor-element elementor-element-1b796627 e-con-full e-flex e-con e-child\" data-id=\"1b796627\" data-element_type=\"container\" data-e-type=\"container\">\n\t\t\t\t<div class=\"elementor-element elementor-element-2414981e elementor-widget elementor-widget-image\" data-id=\"2414981e\" data-element_type=\"widget\" data-e-type=\"widget\" data-widget_type=\"image.default\">\n\t\t\t\t<div class=\"elementor-widget-container\">\n\t\t\t\t\t\t\t\t\t\t\t\t\t\t\t<img loading=\"lazy\" decoding=\"async\" width=\"350\" height=\"263\" src=\"https:\/\/www.rutadelsindiketes.com\/wp-content\/uploads\/2023\/01\/9-Cisterna-del-poblado-i\u00b4bero-de-Ullastret.jpg\" class=\"attachment-large size-large wp-image-1664\" alt=\"\" srcset=\"https:\/\/www.rutadelsindiketes.com\/wp-content\/uploads\/2023\/01\/9-Cisterna-del-poblado-i\u00b4bero-de-Ullastret.jpg 350w, https:\/\/www.rutadelsindiketes.com\/wp-content\/uploads\/2023\/01\/9-Cisterna-del-poblado-i\u00b4bero-de-Ullastret-300x225.jpg 300w\" sizes=\"(max-width: 350px) 100vw, 350px\" \/>\t\t\t\t\t\t\t\t\t\t\t\t\t\t\t<\/div>\n\t\t\t\t<\/div>\n\t\t\t\t<\/div>\n\t\t\t\t\t<\/div>\n\t\t\t\t<\/div>\n\t\t<div class=\"elementor-element elementor-element-267f8f29 e-flex e-con-boxed e-con e-parent\" data-id=\"267f8f29\" data-element_type=\"container\" data-e-type=\"container\">\n\t\t\t\t\t<div class=\"e-con-inner\">\n\t\t<div class=\"elementor-element elementor-element-9e8cc8a e-flex e-con-boxed e-con e-child\" data-id=\"9e8cc8a\" data-element_type=\"container\" data-e-type=\"container\">\n\t\t\t\t\t<div class=\"e-con-inner\">\n\t\t\t\t<div class=\"elementor-element elementor-element-a646704 elementor-widget elementor-widget-image\" data-id=\"a646704\" data-element_type=\"widget\" data-e-type=\"widget\" data-widget_type=\"image.default\">\n\t\t\t\t<div class=\"elementor-widget-container\">\n\t\t\t\t\t\t\t\t\t\t\t\t\t\t\t<img loading=\"lazy\" decoding=\"async\" width=\"800\" height=\"392\" src=\"https:\/\/www.rutadelsindiketes.com\/wp-content\/uploads\/2023\/02\/ullastret.jpg\" class=\"attachment-large size-large wp-image-3436\" alt=\"\" srcset=\"https:\/\/www.rutadelsindiketes.com\/wp-content\/uploads\/2023\/02\/ullastret.jpg 948w, https:\/\/www.rutadelsindiketes.com\/wp-content\/uploads\/2023\/02\/ullastret-300x147.jpg 300w, https:\/\/www.rutadelsindiketes.com\/wp-content\/uploads\/2023\/02\/ullastret-768x377.jpg 768w\" sizes=\"(max-width: 800px) 100vw, 800px\" \/>\t\t\t\t\t\t\t\t\t\t\t\t\t\t\t<\/div>\n\t\t\t\t<\/div>\n\t\t\t\t\t<\/div>\n\t\t\t\t<\/div>\n\t\t\t\t<div class=\"elementor-element elementor-element-581d5f3a elementor-widget elementor-widget-text-editor\" data-id=\"581d5f3a\" data-element_type=\"widget\" data-e-type=\"widget\" data-widget_type=\"text-editor.default\">\n\t\t\t\t<div class=\"elementor-widget-container\">\n\t\t\t\t\t\t\t\t\t<p>Doch nach ihrem Sieg verlie\u00dfen die R\u00f6mer den Empord\u00e0 nicht und begannen, von den Pazifisten Tribut zu fordern <em>indiketes<\/em>.<\/p><p>Im Jahr 195 v. Chr. wurde die <em>indiketes<\/em> Die R\u00f6mer schickten Marcus Porcius Cato den \u00c4lteren, um den Aufstand niederzuschlagen und die Gegend zu befrieden, und ordneten unter anderem an, die Wehrt\u00fcrme der Stadt dem Erdboden gleichzumachen.<\/p>\t\t\t\t\t\t\t\t<\/div>\n\t\t\t\t<\/div>\n\t\t\t\t\t<\/div>\n\t\t\t\t<\/div>\n\t\t<div class=\"elementor-element elementor-element-5af8e1c2 e-flex e-con-boxed e-con e-parent\" data-id=\"5af8e1c2\" data-element_type=\"container\" data-e-type=\"container\">\n\t\t\t\t\t<div class=\"e-con-inner\">\n\t\t<div class=\"elementor-element elementor-element-3d7d30c4 e-con-full e-flex e-con e-child\" data-id=\"3d7d30c4\" data-element_type=\"container\" data-e-type=\"container\">\n\t\t\t\t<div class=\"elementor-element elementor-element-17ed4f18 elementor-widget elementor-widget-text-editor\" data-id=\"17ed4f18\" data-element_type=\"widget\" data-e-type=\"widget\" data-widget_type=\"text-editor.default\">\n\t\t\t\t<div class=\"elementor-widget-container\">\n\t\t\t\t\t\t\t\t\t<p>Nach der Besichtigung des Museums nehmen Sie den unbefestigten Weg direkt vor dem Parkplatz.\u00a0<\/p><p>Dies ist der sogenannte Cam\u00ed d'Empuries, ein tausend Jahre alter Weg, der von den <em>indiketes<\/em>Die Route f\u00fchrt uns zur Kreuzung mit der Stra\u00dfe, die nach Palau Sator f\u00fchrt.\u00a0<\/p><p>Dort biegen wir rechts ab und fahren auf der Carrer de l'Hospital hinauf in das Dorf Ullastret.<\/p>\t\t\t\t\t\t\t\t<\/div>\n\t\t\t\t<\/div>\n\t\t\t\t<\/div>\n\t\t<div class=\"elementor-element elementor-element-1df8b493 e-con-full e-flex e-con e-child\" data-id=\"1df8b493\" data-element_type=\"container\" data-e-type=\"container\">\n\t\t\t\t<div class=\"elementor-element elementor-element-6e86902 elementor-widget elementor-widget-image\" data-id=\"6e86902\" data-element_type=\"widget\" data-e-type=\"widget\" data-widget_type=\"image.default\">\n\t\t\t\t<div class=\"elementor-widget-container\">\n\t\t\t\t\t\t\t\t\t\t\t\t\t\t\t<img loading=\"lazy\" decoding=\"async\" width=\"800\" height=\"600\" src=\"https:\/\/www.rutadelsindiketes.com\/wp-content\/uploads\/2023\/01\/11-Sortint-del-poblat-dUllastret-pel-Cami-dEmpuries.-1024x768.jpg\" class=\"attachment-large size-large wp-image-1665\" alt=\"\" srcset=\"https:\/\/www.rutadelsindiketes.com\/wp-content\/uploads\/2023\/01\/11-Sortint-del-poblat-dUllastret-pel-Cami-dEmpuries.-1024x768.jpg 1024w, https:\/\/www.rutadelsindiketes.com\/wp-content\/uploads\/2023\/01\/11-Sortint-del-poblat-dUllastret-pel-Cami-dEmpuries.-300x225.jpg 300w, https:\/\/www.rutadelsindiketes.com\/wp-content\/uploads\/2023\/01\/11-Sortint-del-poblat-dUllastret-pel-Cami-dEmpuries.-768x576.jpg 768w, https:\/\/www.rutadelsindiketes.com\/wp-content\/uploads\/2023\/01\/11-Sortint-del-poblat-dUllastret-pel-Cami-dEmpuries..jpg 1136w\" sizes=\"(max-width: 800px) 100vw, 800px\" \/>\t\t\t\t\t\t\t\t\t\t\t\t\t\t\t<\/div>\n\t\t\t\t<\/div>\n\t\t\t\t<\/div>\n\t\t\t\t\t<\/div>\n\t\t\t\t<\/div>\n\t\t<div class=\"elementor-element elementor-element-615d32d1 e-flex e-con-boxed e-con e-parent\" data-id=\"615d32d1\" data-element_type=\"container\" data-e-type=\"container\">\n\t\t\t\t\t<div class=\"e-con-inner\">\n\t\t<div class=\"elementor-element elementor-element-71d06929 e-con-full e-flex e-con e-child\" data-id=\"71d06929\" data-element_type=\"container\" data-e-type=\"container\">\n\t\t\t\t<div class=\"elementor-element elementor-element-3871a57c elementor-widget elementor-widget-text-editor\" data-id=\"3871a57c\" data-element_type=\"widget\" data-e-type=\"widget\" data-widget_type=\"text-editor.default\">\n\t\t\t\t<div class=\"elementor-widget-container\">\n\t\t\t\t\t\t\t\t\t<p>Wir gehen an der Au\u00dfenseite der mittelalterlichen Stadtmauer vorbei und biegen rechts in die Stra\u00dfe Cam\u00ed Vell a Castell de l'Empord\u00e0 ein, die unter einem Steinbogen hindurchf\u00fchrt.<\/p><p>Diese Stra\u00dfe ist jetzt asphaltiert und nach 500 Metern, wenn wir an eine Kreuzung kommen, fahren wir noch anderthalb Kilometer geradeaus.\u00a0<\/p><p>Dann verlassen wir den asphaltierten Weg und nehmen die unbefestigte Stra\u00dfe, die geradeaus weiterf\u00fchrt.<\/p>\t\t\t\t\t\t\t\t<\/div>\n\t\t\t\t<\/div>\n\t\t\t\t<\/div>\n\t\t<div class=\"elementor-element elementor-element-3f1d9f56 e-con-full e-flex e-con e-child\" data-id=\"3f1d9f56\" data-element_type=\"container\" data-e-type=\"container\">\n\t\t\t\t<div class=\"elementor-element elementor-element-33faec99 elementor-widget elementor-widget-image\" data-id=\"33faec99\" data-element_type=\"widget\" data-e-type=\"widget\" data-widget_type=\"image.default\">\n\t\t\t\t<div class=\"elementor-widget-container\">\n\t\t\t\t\t\t\t\t\t\t\t\t\t\t\t<img loading=\"lazy\" decoding=\"async\" width=\"342\" height=\"262\" src=\"https:\/\/www.rutadelsindiketes.com\/wp-content\/uploads\/2023\/01\/12-sant-pere-de-ullastret.png\" class=\"attachment-large size-large wp-image-1666\" alt=\"\" srcset=\"https:\/\/www.rutadelsindiketes.com\/wp-content\/uploads\/2023\/01\/12-sant-pere-de-ullastret.png 342w, https:\/\/www.rutadelsindiketes.com\/wp-content\/uploads\/2023\/01\/12-sant-pere-de-ullastret-300x230.png 300w\" sizes=\"(max-width: 342px) 100vw, 342px\" \/>\t\t\t\t\t\t\t\t\t\t\t\t\t\t\t<\/div>\n\t\t\t\t<\/div>\n\t\t\t\t<\/div>\n\t\t\t\t\t<\/div>\n\t\t\t\t<\/div>\n\t\t<div class=\"elementor-element elementor-element-30babb2f e-flex e-con-boxed e-con e-parent\" data-id=\"30babb2f\" data-element_type=\"container\" data-e-type=\"container\">\n\t\t\t\t\t<div class=\"e-con-inner\">\n\t\t\t\t<div class=\"elementor-element elementor-element-6886c7b6 elementor-widget elementor-widget-text-editor\" data-id=\"6886c7b6\" data-element_type=\"widget\" data-e-type=\"widget\" data-widget_type=\"text-editor.default\">\n\t\t\t\t<div class=\"elementor-widget-container\">\n\t\t\t\t\t\t\t\t\t<p>Nach etwa 700 m erreichen Sie eine Kreuzung mit 4 Wegen. Nehmen Sie den linken Weg, der kurz darauf an einem Bauernhaus vorbeif\u00fchrt, das Sie rechts liegen lassen.\u00a0<\/p><p>Folgen Sie dieser Stra\u00dfe, vorbei an den zahlreichen landwirtschaftlichen Geb\u00e4uden, und biegen Sie an einer Kreuzung rechts ab. Sie nehmen die Stra\u00dfe, die parallel zur GI-644 verl\u00e4uft und zum Kreisverkehr am Ortseingang von Canapost f\u00fchrt.<\/p>\t\t\t\t\t\t\t\t<\/div>\n\t\t\t\t<\/div>\n\t\t\t\t\t<\/div>\n\t\t\t\t<\/div>\n\t\t<div class=\"elementor-element elementor-element-6e47aadc e-flex e-con-boxed e-con e-parent\" data-id=\"6e47aadc\" data-element_type=\"container\" data-e-type=\"container\">\n\t\t\t\t\t<div class=\"e-con-inner\">\n\t\t<div class=\"elementor-element elementor-element-79499df6 e-con-full e-flex e-con e-child\" data-id=\"79499df6\" data-element_type=\"container\" data-e-type=\"container\">\n\t\t\t\t<div class=\"elementor-element elementor-element-3418670b elementor-widget elementor-widget-image\" data-id=\"3418670b\" data-element_type=\"widget\" data-e-type=\"widget\" data-widget_type=\"image.default\">\n\t\t\t\t<div class=\"elementor-widget-container\">\n\t\t\t\t\t\t\t\t\t\t\t\t\t\t\t<img loading=\"lazy\" decoding=\"async\" width=\"800\" height=\"600\" src=\"https:\/\/www.rutadelsindiketes.com\/wp-content\/uploads\/2023\/01\/13-A-Necropolis-medieval-de-Canapost.-1024x768.jpg\" class=\"attachment-large size-large wp-image-1667\" alt=\"\" srcset=\"https:\/\/www.rutadelsindiketes.com\/wp-content\/uploads\/2023\/01\/13-A-Necropolis-medieval-de-Canapost.-1024x768.jpg 1024w, https:\/\/www.rutadelsindiketes.com\/wp-content\/uploads\/2023\/01\/13-A-Necropolis-medieval-de-Canapost.-300x225.jpg 300w, https:\/\/www.rutadelsindiketes.com\/wp-content\/uploads\/2023\/01\/13-A-Necropolis-medieval-de-Canapost.-768x576.jpg 768w, https:\/\/www.rutadelsindiketes.com\/wp-content\/uploads\/2023\/01\/13-A-Necropolis-medieval-de-Canapost..jpg 1136w\" sizes=\"(max-width: 800px) 100vw, 800px\" \/>\t\t\t\t\t\t\t\t\t\t\t\t\t\t\t<\/div>\n\t\t\t\t<\/div>\n\t\t\t\t<\/div>\n\t\t<div class=\"elementor-element elementor-element-11ad1247 e-con-full e-flex e-con e-child\" data-id=\"11ad1247\" data-element_type=\"container\" data-e-type=\"container\">\n\t\t\t\t<div class=\"elementor-element elementor-element-2b21183f elementor-widget elementor-widget-image\" data-id=\"2b21183f\" data-element_type=\"widget\" data-e-type=\"widget\" data-widget_type=\"image.default\">\n\t\t\t\t<div class=\"elementor-widget-container\">\n\t\t\t\t\t\t\t\t\t\t\t\t\t\t\t<img loading=\"lazy\" decoding=\"async\" width=\"800\" height=\"600\" src=\"https:\/\/www.rutadelsindiketes.com\/wp-content\/uploads\/2023\/01\/13-B-1024x768.jpg\" class=\"attachment-large size-large wp-image-1668\" alt=\"\" srcset=\"https:\/\/www.rutadelsindiketes.com\/wp-content\/uploads\/2023\/01\/13-B-1024x768.jpg 1024w, https:\/\/www.rutadelsindiketes.com\/wp-content\/uploads\/2023\/01\/13-B-300x225.jpg 300w, https:\/\/www.rutadelsindiketes.com\/wp-content\/uploads\/2023\/01\/13-B-768x576.jpg 768w, https:\/\/www.rutadelsindiketes.com\/wp-content\/uploads\/2023\/01\/13-B.jpg 1136w\" sizes=\"(max-width: 800px) 100vw, 800px\" \/>\t\t\t\t\t\t\t\t\t\t\t\t\t\t\t<\/div>\n\t\t\t\t<\/div>\n\t\t\t\t<\/div>\n\t\t\t\t\t<\/div>\n\t\t\t\t<\/div>\n\t\t<div class=\"elementor-element elementor-element-3a4929e e-flex e-con-boxed e-con e-parent\" data-id=\"3a4929e\" data-element_type=\"container\" data-e-type=\"container\">\n\t\t\t\t\t<div class=\"e-con-inner\">\n\t\t\t\t<div class=\"elementor-element elementor-element-798f8b14 elementor-widget elementor-widget-text-editor\" data-id=\"798f8b14\" data-element_type=\"widget\" data-e-type=\"widget\" data-widget_type=\"text-editor.default\">\n\t\t\t\t<div class=\"elementor-widget-container\">\n\t\t\t\t\t\t\t\t\t<p>Wir gehen zum Kirchplatz von Sant Esteve und Sant Clet, wo wir gleich dahinter die 2005 entdeckte mittelalterliche Nekropole mit Gr\u00e4bern aus dem 10. bis 15. Jahrhundert besichtigen k\u00f6nnen, von denen einige mit monolithischen Steinsarkophagen ausgestattet sind.<\/p><p>Wir verlassen das Dorf auf dem Cam\u00ed Antic de Canapost, der parallel zur Stra\u00dfe GI-644 verl\u00e4uft, und nehmen nach 1,5 Kilometern an einer Weggabelung den linken Weg, der an einem dreieckigen Olivenhain vorbeif\u00fchrt.\u00a0<\/p><p>An der n\u00e4chsten Abzweigung, vor einem Haus, biegen Sie wieder links ab und nehmen den Weg, der Sie nach 1 km zu den Clots de Sant Juli\u00e0 f\u00fchrt.<\/p>\t\t\t\t\t\t\t\t<\/div>\n\t\t\t\t<\/div>\n\t\t\t\t\t<\/div>\n\t\t\t\t<\/div>\n\t\t<div class=\"elementor-element elementor-element-5ecf346f e-flex e-con-boxed e-con e-parent\" data-id=\"5ecf346f\" data-element_type=\"container\" data-e-type=\"container\">\n\t\t\t\t\t<div class=\"e-con-inner\">\n\t\t<div class=\"elementor-element elementor-element-6036efd7 e-con-full e-flex e-con e-child\" data-id=\"6036efd7\" data-element_type=\"container\" data-e-type=\"container\">\n\t\t\t\t<div class=\"elementor-element elementor-element-4f799f01 elementor-widget elementor-widget-image\" data-id=\"4f799f01\" data-element_type=\"widget\" data-e-type=\"widget\" data-widget_type=\"image.default\">\n\t\t\t\t<div class=\"elementor-widget-container\">\n\t\t\t\t\t\t\t\t\t\t\t\t\t\t\t<img loading=\"lazy\" decoding=\"async\" width=\"800\" height=\"600\" src=\"https:\/\/www.rutadelsindiketes.com\/wp-content\/uploads\/2023\/01\/14-clots-de-sant-julia.jpg\" class=\"attachment-large size-large wp-image-1669\" alt=\"\" srcset=\"https:\/\/www.rutadelsindiketes.com\/wp-content\/uploads\/2023\/01\/14-clots-de-sant-julia.jpg 800w, https:\/\/www.rutadelsindiketes.com\/wp-content\/uploads\/2023\/01\/14-clots-de-sant-julia-300x225.jpg 300w, https:\/\/www.rutadelsindiketes.com\/wp-content\/uploads\/2023\/01\/14-clots-de-sant-julia-768x576.jpg 768w\" sizes=\"(max-width: 800px) 100vw, 800px\" \/>\t\t\t\t\t\t\t\t\t\t\t\t\t\t\t<\/div>\n\t\t\t\t<\/div>\n\t\t\t\t<\/div>\n\t\t<div class=\"elementor-element elementor-element-d8a1155 e-con-full e-flex e-con e-child\" data-id=\"d8a1155\" data-element_type=\"container\" data-e-type=\"container\">\n\t\t\t\t<div class=\"elementor-element elementor-element-30ef23e3 elementor-widget elementor-widget-image\" data-id=\"30ef23e3\" data-element_type=\"widget\" data-e-type=\"widget\" data-widget_type=\"image.default\">\n\t\t\t\t<div class=\"elementor-widget-container\">\n\t\t\t\t\t\t\t\t\t\t\t\t\t\t\t<img loading=\"lazy\" decoding=\"async\" width=\"600\" height=\"600\" src=\"https:\/\/www.rutadelsindiketes.com\/wp-content\/uploads\/2023\/01\/15-clots-de-sant-julia.jpg\" class=\"attachment-large size-large wp-image-1670\" alt=\"\" srcset=\"https:\/\/www.rutadelsindiketes.com\/wp-content\/uploads\/2023\/01\/15-clots-de-sant-julia.jpg 600w, https:\/\/www.rutadelsindiketes.com\/wp-content\/uploads\/2023\/01\/15-clots-de-sant-julia-300x300.jpg 300w, https:\/\/www.rutadelsindiketes.com\/wp-content\/uploads\/2023\/01\/15-clots-de-sant-julia-150x150.jpg 150w\" sizes=\"(max-width: 600px) 100vw, 600px\" \/>\t\t\t\t\t\t\t\t\t\t\t\t\t\t\t<\/div>\n\t\t\t\t<\/div>\n\t\t\t\t<\/div>\n\t\t\t\t\t<\/div>\n\t\t\t\t<\/div>\n\t\t<div class=\"elementor-element elementor-element-1c7527e2 e-flex e-con-boxed e-con e-parent\" data-id=\"1c7527e2\" data-element_type=\"container\" data-e-type=\"container\">\n\t\t\t\t\t<div class=\"e-con-inner\">\n\t\t\t\t<div class=\"elementor-element elementor-element-1856b372 elementor-widget elementor-widget-text-editor\" data-id=\"1856b372\" data-element_type=\"widget\" data-e-type=\"widget\" data-widget_type=\"text-editor.default\">\n\t\t\t\t<div class=\"elementor-widget-container\">\n\t\t\t\t\t\t\t\t\t<p>Dies sind alte Steinbr\u00fcche, die vor der Ankunft der R\u00f6mer entstanden sein sollen. Eine Theorie geht davon aus, dass ein Gro\u00dfteil der Mauerbl\u00f6cke der <em>indiketa-Stadt<\/em> Stadt <em>(der iberischen Stadt Ullastret)<\/em> von hier abgebaut wurden.<\/p><p>Leider wurden keine gr\u00fcndlichen Ausgrabungen durchgef\u00fchrt, um das Alter der Anlage zu best\u00e4tigen, und es gibt keine Hinweisschilder zum Besuch der Anlage.\u00a0<\/p><p>Im oberen Teil der Anlage befindet sich der so genannte K\u00f6niginnenthron, ein seltsam ausgegrabener Stein in Form eines Throns auf der einen Seite und einer H\u00f6hle auf der anderen Seite.\u00a0<\/p><p>Auf der linken Seite dieses Sitzes befindet sich eine etwa einen Meter lange ebene Fl\u00e4che, die f\u00fcr Opfer gedacht gewesen sein soll, da sich dort eine U-f\u00f6rmige Rinne befindet, die zum Auffangen von Blut verwendet werden konnte.<\/p><p>In der Anlage befinden sich auch zahlreiche Felsen mit eingravierten Inschriften, und in der N\u00e4he k\u00f6nnen mehrere pr\u00e4historische Denkm\u00e4ler besichtigt werden.<\/p><p>Wir verlassen den Komplex, indem wir 200 Meter auf dem Weg zur\u00fcckgehen, auf dem wir gekommen sind, und an der Kreuzung biegen wir rechts auf den GR-92 ab, der dem tausendj\u00e4hrigen Cam\u00ed d'Empuries folgt, auf dessen Weg die R\u00e4der der Wagen, die ihn befahren haben, eingraviert sind.<\/p>\t\t\t\t\t\t\t\t<\/div>\n\t\t\t\t<\/div>\n\t\t\t\t\t<\/div>\n\t\t\t\t<\/div>\n\t\t<div class=\"elementor-element elementor-element-10b5e7a9 e-flex e-con-boxed e-con e-parent\" data-id=\"10b5e7a9\" data-element_type=\"container\" data-e-type=\"container\">\n\t\t\t\t\t<div class=\"e-con-inner\">\n\t\t<div class=\"elementor-element elementor-element-5138bb1b e-con-full e-flex e-con e-child\" data-id=\"5138bb1b\" data-element_type=\"container\" data-e-type=\"container\">\n\t\t\t\t<div class=\"elementor-element elementor-element-d8b90bf elementor-widget elementor-widget-text-editor\" data-id=\"d8b90bf\" data-element_type=\"widget\" data-e-type=\"widget\" data-widget_type=\"text-editor.default\">\n\t\t\t\t<div class=\"elementor-widget-container\">\n\t\t\t\t\t\t\t\t\t<p>An der Kreuzung von 4 Wegen verlassen Sie diesen Teil des GR-92 und gehen geradeaus weiter.<\/p><p>Von hier aus m\u00fcssen wir aufpassen, dass wir uns nicht im Labyrinth der Wege verirren, die zu verschiedenen Bauernh\u00f6fen f\u00fchren.\u00a0<\/p><p>Wir m\u00fcssen den Weg nehmen, der zum Puig d'en Torr\u00f3 f\u00fchrt, und dann auf den GR-92 einbiegen, der in Peratallada neben einem Parkplatz beginnt.<\/p>\t\t\t\t\t\t\t\t<\/div>\n\t\t\t\t<\/div>\n\t\t\t\t<\/div>\n\t\t<div class=\"elementor-element elementor-element-64c8423a e-con-full e-flex e-con e-child\" data-id=\"64c8423a\" data-element_type=\"container\" data-e-type=\"container\">\n\t\t\t\t<div class=\"elementor-element elementor-element-21ece378 elementor-widget elementor-widget-image\" data-id=\"21ece378\" data-element_type=\"widget\" data-e-type=\"widget\" data-widget_type=\"image.default\">\n\t\t\t\t<div class=\"elementor-widget-container\">\n\t\t\t\t\t\t\t\t\t\t\t\t\t\t\t<img loading=\"lazy\" decoding=\"async\" width=\"800\" height=\"600\" src=\"https:\/\/www.rutadelsindiketes.com\/wp-content\/uploads\/2023\/01\/16-cami-dempuries.jpg\" class=\"attachment-large size-large wp-image-1671\" alt=\"\" srcset=\"https:\/\/www.rutadelsindiketes.com\/wp-content\/uploads\/2023\/01\/16-cami-dempuries.jpg 800w, https:\/\/www.rutadelsindiketes.com\/wp-content\/uploads\/2023\/01\/16-cami-dempuries-300x225.jpg 300w, https:\/\/www.rutadelsindiketes.com\/wp-content\/uploads\/2023\/01\/16-cami-dempuries-768x576.jpg 768w\" sizes=\"(max-width: 800px) 100vw, 800px\" \/>\t\t\t\t\t\t\t\t\t\t\t\t\t\t\t<\/div>\n\t\t\t\t<\/div>\n\t\t\t\t<\/div>\n\t\t\t\t\t<\/div>\n\t\t\t\t<\/div>\n\t\t<div class=\"elementor-element elementor-element-63055c38 e-flex e-con-boxed e-con e-parent\" data-id=\"63055c38\" data-element_type=\"container\" data-e-type=\"container\">\n\t\t\t\t\t<div class=\"e-con-inner\">\n\t\t<div class=\"elementor-element elementor-element-2dfa1f37 e-con-full e-flex e-con e-child\" data-id=\"2dfa1f37\" data-element_type=\"container\" data-e-type=\"container\">\n\t\t\t\t<div class=\"elementor-element elementor-element-7243b803 elementor-widget elementor-widget-text-editor\" data-id=\"7243b803\" data-element_type=\"widget\" data-e-type=\"widget\" data-widget_type=\"text-editor.default\">\n\t\t\t\t<div class=\"elementor-widget-container\">\n\t\t\t\t\t\t\t\t\t<p><span style=\"text-align: var(--text-align); color: var( --e-global-color-dea41e4 ); font-family: var( --e-global-typography-b2ce6af-font-family ), Sans-serif; font-size: var( --e-global-typography-b2ce6af-font-size ); font-weight: var( --e-global-typography-b2ce6af-font-weight ); letter-spacing: var( --e-global-typography-b2ce6af-letter-spacing ); word-spacing: var( --e-global-typography-b2ce6af-word-spacing );\">Das Dorf wurde zum kunsthistorischen Denkmal erkl\u00e4rt, da es einen der wichtigsten und am besten erhaltenen Kerne mittelalterlicher Architektur in Katalonien darstellt.&nbsp;<\/span><br><\/p>\n<p>Peratallada hat derzeit keine eigene Stadtverwaltung, da es zur Nachbargemeinde Forallac geh\u00f6rt, die wiederum mit den Gemeinden Fonteta und Vulpellac zusammengeschlossen ist.<\/p>\n<p>Es lohnt sich, die kuriose Kirche von&nbsp;<span class=\"hiddenSpellError\">Sant<\/span>&nbsp;<span class=\"hiddenSpellError\">Esteve<\/span>&nbsp;die sich au\u00dferhalb des Stadtgebiets befindet.<\/p>\t\t\t\t\t\t\t\t<\/div>\n\t\t\t\t<\/div>\n\t\t\t\t<\/div>\n\t\t<div class=\"elementor-element elementor-element-7d4fca7f e-con-full e-flex e-con e-child\" data-id=\"7d4fca7f\" data-element_type=\"container\" data-e-type=\"container\">\n\t\t\t\t<div class=\"elementor-element elementor-element-4cb6eda8 elementor-widget elementor-widget-image\" data-id=\"4cb6eda8\" data-element_type=\"widget\" data-e-type=\"widget\" data-widget_type=\"image.default\">\n\t\t\t\t<div class=\"elementor-widget-container\">\n\t\t\t\t\t\t\t\t\t\t\t\t\t\t\t<img loading=\"lazy\" decoding=\"async\" width=\"800\" height=\"600\" src=\"https:\/\/www.rutadelsindiketes.com\/wp-content\/uploads\/2023\/01\/17-Peratallada-1024x768.jpg\" class=\"attachment-large size-large wp-image-1672\" alt=\"\" srcset=\"https:\/\/www.rutadelsindiketes.com\/wp-content\/uploads\/2023\/01\/17-Peratallada-1024x768.jpg 1024w, https:\/\/www.rutadelsindiketes.com\/wp-content\/uploads\/2023\/01\/17-Peratallada-300x225.jpg 300w, https:\/\/www.rutadelsindiketes.com\/wp-content\/uploads\/2023\/01\/17-Peratallada-768x576.jpg 768w, https:\/\/www.rutadelsindiketes.com\/wp-content\/uploads\/2023\/01\/17-Peratallada.jpg 1136w\" sizes=\"(max-width: 800px) 100vw, 800px\" \/>\t\t\t\t\t\t\t\t\t\t\t\t\t\t\t<\/div>\n\t\t\t\t<\/div>\n\t\t\t\t<\/div>\n\t\t\t\t\t<\/div>\n\t\t\t\t<\/div>\n\t\t<div class=\"elementor-element elementor-element-5086e3ea e-flex e-con-boxed e-con e-parent\" data-id=\"5086e3ea\" data-element_type=\"container\" data-e-type=\"container\">\n\t\t\t\t\t<div class=\"e-con-inner\">\n\t\t\t\t<div class=\"elementor-element elementor-element-3d388d86 elementor-widget elementor-widget-text-editor\" data-id=\"3d388d86\" data-element_type=\"widget\" data-e-type=\"widget\" data-widget_type=\"text-editor.default\">\n\t\t\t\t<div class=\"elementor-widget-container\">\n\t\t\t\t\t\t\t\t\t<p>In diesem Dorf, wahrscheinlich in der Gegend, in der heute das Schloss steht, gab es eine Siedlung\u00a0<em>Indiketa<\/em>.\u00a0<span style=\"text-align: var(--text-align); color: var( --e-global-color-dea41e4 ); font-family: var( --e-global-typography-b2ce6af-font-family ), Sans-serif; font-size: var( --e-global-typography-b2ce6af-font-size ); font-weight: var( --e-global-typography-b2ce6af-font-weight ); letter-spacing: var( --e-global-typography-b2ce6af-letter-spacing ); word-spacing: var( --e-global-typography-b2ce6af-word-spacing );\">Es wurden \u00dcberreste von in den Fels gegrabenen R\u00e4umen, Zisternen, Leitungen, Silos usw. gefunden, die auf einen sehr alten Ursprung schlie\u00dfen lassen.<\/span><\/p><p>Der Name Peratallada kommt von \"gemei\u00dfelter Stein\", was sowohl in den Verteidigungsmauern als auch in der Burg, dem Graben und sogar in den Stra\u00dfen zu sehen ist, die auf dem Stein gebaut wurden, der nicht ohne Schwierigkeiten in die Tiefe bearbeitet werden musste.<\/p>\t\t\t\t\t\t\t\t<\/div>\n\t\t\t\t<\/div>\n\t\t\t\t\t<\/div>\n\t\t\t\t<\/div>\n\t\t<div class=\"elementor-element elementor-element-2649d489 e-flex e-con-boxed e-con e-parent\" data-id=\"2649d489\" data-element_type=\"container\" data-e-type=\"container\">\n\t\t\t\t\t<div class=\"e-con-inner\">\n\t\t<div class=\"elementor-element elementor-element-1a5615a7 e-con-full e-flex e-con e-child\" data-id=\"1a5615a7\" data-element_type=\"container\" data-e-type=\"container\">\n\t\t\t\t<div class=\"elementor-element elementor-element-5c2b6b79 elementor-widget elementor-widget-image\" data-id=\"5c2b6b79\" data-element_type=\"widget\" data-e-type=\"widget\" data-widget_type=\"image.default\">\n\t\t\t\t<div class=\"elementor-widget-container\">\n\t\t\t\t\t\t\t\t\t\t\t\t\t\t\t<img loading=\"lazy\" decoding=\"async\" width=\"800\" height=\"600\" src=\"https:\/\/www.rutadelsindiketes.com\/wp-content\/uploads\/2023\/01\/18-Peratallada-1024x768.jpg\" class=\"attachment-large size-large wp-image-1673\" alt=\"\" srcset=\"https:\/\/www.rutadelsindiketes.com\/wp-content\/uploads\/2023\/01\/18-Peratallada-1024x768.jpg 1024w, https:\/\/www.rutadelsindiketes.com\/wp-content\/uploads\/2023\/01\/18-Peratallada-300x225.jpg 300w, https:\/\/www.rutadelsindiketes.com\/wp-content\/uploads\/2023\/01\/18-Peratallada-768x576.jpg 768w, https:\/\/www.rutadelsindiketes.com\/wp-content\/uploads\/2023\/01\/18-Peratallada.jpg 1136w\" sizes=\"(max-width: 800px) 100vw, 800px\" \/>\t\t\t\t\t\t\t\t\t\t\t\t\t\t\t<\/div>\n\t\t\t\t<\/div>\n\t\t\t\t<\/div>\n\t\t<div class=\"elementor-element elementor-element-7981f72a e-con-full e-flex e-con e-child\" data-id=\"7981f72a\" data-element_type=\"container\" data-e-type=\"container\">\n\t\t\t\t<div class=\"elementor-element elementor-element-660498b2 elementor-widget elementor-widget-image\" data-id=\"660498b2\" data-element_type=\"widget\" data-e-type=\"widget\" data-widget_type=\"image.default\">\n\t\t\t\t<div class=\"elementor-widget-container\">\n\t\t\t\t\t\t\t\t\t\t\t\t\t\t\t<img loading=\"lazy\" decoding=\"async\" width=\"800\" height=\"600\" src=\"https:\/\/www.rutadelsindiketes.com\/wp-content\/uploads\/2023\/01\/19-Peratallada-1024x768.jpg\" class=\"attachment-large size-large wp-image-1674\" alt=\"\" srcset=\"https:\/\/www.rutadelsindiketes.com\/wp-content\/uploads\/2023\/01\/19-Peratallada-1024x768.jpg 1024w, https:\/\/www.rutadelsindiketes.com\/wp-content\/uploads\/2023\/01\/19-Peratallada-300x225.jpg 300w, https:\/\/www.rutadelsindiketes.com\/wp-content\/uploads\/2023\/01\/19-Peratallada-768x576.jpg 768w, https:\/\/www.rutadelsindiketes.com\/wp-content\/uploads\/2023\/01\/19-Peratallada.jpg 1136w\" sizes=\"(max-width: 800px) 100vw, 800px\" \/>\t\t\t\t\t\t\t\t\t\t\t\t\t\t\t<\/div>\n\t\t\t\t<\/div>\n\t\t\t\t<\/div>\n\t\t\t\t\t<\/div>\n\t\t\t\t<\/div>\n\t\t<div class=\"elementor-element elementor-element-f960b86 e-flex e-con-boxed e-con e-parent\" data-id=\"f960b86\" data-element_type=\"container\" data-e-type=\"container\">\n\t\t\t\t\t<div class=\"e-con-inner\">\n\t\t\t\t<div class=\"elementor-element elementor-element-81896c7 elementor-widget elementor-widget-spacer\" data-id=\"81896c7\" data-element_type=\"widget\" data-e-type=\"widget\" data-widget_type=\"spacer.default\">\n\t\t\t\t<div class=\"elementor-widget-container\">\n\t\t\t\t\t\t\t<div class=\"elementor-spacer\">\n\t\t\t<div class=\"elementor-spacer-inner\"><\/div>\n\t\t<\/div>\n\t\t\t\t\t\t<\/div>\n\t\t\t\t<\/div>\n\t\t\t\t\t<\/div>\n\t\t\t\t<\/div>\n\t\t<div class=\"elementor-element elementor-element-383ccc91 e-flex e-con-boxed e-con e-parent\" data-id=\"383ccc91\" data-element_type=\"container\" data-e-type=\"container\">\n\t\t\t\t\t<div class=\"e-con-inner\">\n\t\t\t\t<div class=\"elementor-element elementor-element-768d386 elementor-widget elementor-widget-heading\" data-id=\"768d386\" data-element_type=\"widget\" data-e-type=\"widget\" data-widget_type=\"heading.default\">\n\t\t\t\t<div class=\"elementor-widget-container\">\n\t\t\t\t\t<h3 class=\"elementor-heading-title elementor-size-default\">UNTERKUNFT UND PRAKTISCHE INFORMATIONEN ETAPPE 6<\/h3>\t\t\t\t<\/div>\n\t\t\t\t<\/div>\n\t\t\t\t\t<\/div>\n\t\t\t\t<\/div>\n\t\t<div class=\"elementor-element elementor-element-2af0b8e6 e-flex e-con-boxed e-con e-parent\" data-id=\"2af0b8e6\" data-element_type=\"container\" data-e-type=\"container\">\n\t\t\t\t\t<div class=\"e-con-inner\">\n\t\t\t\t<div class=\"elementor-element elementor-element-326b252c elementor-widget elementor-widget-text-editor\" data-id=\"326b252c\" data-element_type=\"widget\" data-e-type=\"widget\" data-widget_type=\"text-editor.default\">\n\t\t\t\t<div class=\"elementor-widget-container\">\n\t\t\t\t\t\t\t\t\t<p style=\"text-align: center;\"><strong>GUALTA\u00a0<\/strong><\/p><p style=\"text-align: center;\">Es ist eine kleine Stadt, aber es gibt Unterk\u00fcnfte, Restaurant und andere Dienstleistungen. Hier k\u00f6nnen Sie ihre Website besuchen:<\/p><p style=\"text-align: center;\"><strong><span style=\"color: #339966;\"><a style=\"color: #339966;\" href=\"https:\/\/gualta.cat\/\" target=\"_blank\" rel=\"noopener\">https:\/\/gualta.cat\/<\/a><\/span><\/strong><\/p>\t\t\t\t\t\t\t\t<\/div>\n\t\t\t\t<\/div>\n\t\t\t\t\t<\/div>\n\t\t\t\t<\/div>\n\t\t<div class=\"elementor-element elementor-element-eba652f e-flex e-con-boxed e-con e-parent\" data-id=\"eba652f\" data-element_type=\"container\" data-e-type=\"container\">\n\t\t\t\t\t<div class=\"e-con-inner\">\n\t\t\t\t<div class=\"elementor-element elementor-element-98a99f3 elementor-widget elementor-widget-text-editor\" data-id=\"98a99f3\" data-element_type=\"widget\" data-e-type=\"widget\" data-widget_type=\"text-editor.default\">\n\t\t\t\t<div class=\"elementor-widget-container\">\n\t\t\t\t\t\t\t\t\t<p style=\"text-align: center;\"><strong>LLABI\u00c0<\/strong><\/p><p style=\"text-align: center;\"><span style=\"font-weight: bolder; text-align: center;\">L\u00e4ndliches Haus Can Pau de Llabi\u00e0<\/span><span style=\"text-align: center;\">\u00a0(630 15 83 12) Carrer Major- Ab 55\u20ac.<\/span><\/p>\t\t\t\t\t\t\t\t<\/div>\n\t\t\t\t<\/div>\n\t\t\t\t\t<\/div>\n\t\t\t\t<\/div>\n\t\t<div class=\"elementor-element elementor-element-de8090e e-flex e-con-boxed e-con e-parent\" data-id=\"de8090e\" data-element_type=\"container\" data-e-type=\"container\">\n\t\t\t\t\t<div class=\"e-con-inner\">\n\t\t\t\t<div class=\"elementor-element elementor-element-f5da243 elementor-widget elementor-widget-text-editor\" data-id=\"f5da243\" data-element_type=\"widget\" data-e-type=\"widget\" data-widget_type=\"text-editor.default\">\n\t\t\t\t<div class=\"elementor-widget-container\">\n\t\t\t\t\t\t\t\t\t<p style=\"text-align: center;\"><strong>ULLASTRET<\/strong><\/p><p style=\"text-align: center;\">Es ist keine sehr gro\u00dfe Stadt, aber es gibt einige Unterk\u00fcnfte, Restaurants und andere Dienstleistungen. Hier k\u00f6nnen Sie ihre Website besuchen:<\/p><p style=\"text-align: center;\"><strong><span style=\"color: #339966;\"><a style=\"color: #339966;\" href=\"https:\/\/ullastret.cat\/\" target=\"_blank\" rel=\"noopener\">https:\/\/ullastret.cat\/<\/a><\/span><\/strong><\/p>\t\t\t\t\t\t\t\t<\/div>\n\t\t\t\t<\/div>\n\t\t\t\t\t<\/div>\n\t\t\t\t<\/div>\n\t\t<div class=\"elementor-element elementor-element-3d20e0c e-flex e-con-boxed e-con e-parent\" data-id=\"3d20e0c\" data-element_type=\"container\" data-e-type=\"container\">\n\t\t\t\t\t<div class=\"e-con-inner\">\n\t\t\t\t<div class=\"elementor-element elementor-element-7ecb21c elementor-widget elementor-widget-text-editor\" data-id=\"7ecb21c\" data-element_type=\"widget\" data-e-type=\"widget\" data-widget_type=\"text-editor.default\">\n\t\t\t\t<div class=\"elementor-widget-container\">\n\t\t\t\t\t\t\t\t\t<p style=\"text-align: center;\"><strong>PERATALLADA<\/strong><\/p><p style=\"text-align: center;\">Da es sich um eine ausgesprochene Touristenstadt handelt, verf\u00fcgt sie \u00fcber verschiedene Unterk\u00fcnfte, Restaurants und andere Dienstleistungen. Sie k\u00f6nnen die Website hier besuchen:<\/p><p style=\"text-align: center;\"><span style=\"color: #339966;\"><strong><a style=\"color: #339966;\" href=\"https:\/\/www.visitperatallada.cat\/es\/\" target=\"_blank\" rel=\"noopener\">https:\/\/www.visitperatallada.cat\/es\/<\/a><\/strong><\/span><\/p><p style=\"text-align: center;\">Hinweis: Peratallada hat keine eigene Stadtverwaltung, da es zur Gemeinde Forallac geh\u00f6rt.<\/p>\t\t\t\t\t\t\t\t<\/div>\n\t\t\t\t<\/div>\n\t\t\t\t\t<\/div>\n\t\t\t\t<\/div>\n\t\t\t\t<\/div>","protected":false},"excerpt":{"rendered":"<p>ETAPA 6 TORROELLA DE MONTGR\u00cd \u2013 PERATALLADA Distancia: 27,2 km Nivel dificultad: Normal Altitud m\u00e1xima: 96 Altitud m\u00ednima: 5 Desnivel positivo: 378 Desnivel negativo: 374 GPX Etapa 6: TORROELLA DE MONTGR\u00cd \u2013 PERATALLADA Saldremos de Torroella de Montgr\u00ed por la calle Passeig de Catalunya en direcci\u00f3n al puente que atraviesa el r\u00edo Ter.\u00a0 Justo despu\u00e9s [&hellip;]<\/p>","protected":false},"author":2,"featured_media":0,"parent":0,"menu_order":0,"comment_status":"closed","ping_status":"closed","template":"","meta":{"footnotes":""},"class_list":["post-1244","page","type-page","status-publish","hentry"],"yoast_head":"<!-- This site is optimized with the Yoast SEO plugin v27.2 - https:\/\/yoast.com\/product\/yoast-seo-wordpress\/ -->\n<title>Etapa 6 - Torroella de Montgr\u00ed - Peratallada-Ruta dels Indiketes<\/title>\n<meta name=\"robots\" content=\"index, follow, max-snippet:-1, max-image-preview:large, max-video-preview:-1\" \/>\n<link rel=\"canonical\" href=\"https:\/\/www.rutadelsindiketes.com\/de\/stufe-6-torroella-de-montgri-peratallada\/\" \/>\n<meta property=\"og:locale\" content=\"de_DE\" \/>\n<meta property=\"og:type\" content=\"article\" \/>\n<meta property=\"og:title\" content=\"Etapa 6 - Torroella de Montgr\u00ed - Peratallada-Ruta dels Indiketes\" \/>\n<meta property=\"og:description\" content=\"ETAPA 6 TORROELLA DE MONTGR\u00cd \u2013 PERATALLADA Distancia: 27,2 km Nivel dificultad: Normal Altitud m\u00e1xima: 96 Altitud m\u00ednima: 5 Desnivel positivo: 378 Desnivel negativo: 374 GPX Etapa 6: TORROELLA DE MONTGR\u00cd \u2013 PERATALLADA Saldremos de Torroella de Montgr\u00ed por la calle Passeig de Catalunya en direcci\u00f3n al puente que atraviesa el r\u00edo Ter.\u00a0 Justo despu\u00e9s [&hellip;]\" \/>\n<meta property=\"og:url\" content=\"https:\/\/www.rutadelsindiketes.com\/de\/stufe-6-torroella-de-montgri-peratallada\/\" \/>\n<meta property=\"og:site_name\" content=\"Ruta dels Indiketes\" \/>\n<meta property=\"article:modified_time\" content=\"2023-04-18T18:40:10+00:00\" \/>\n<meta property=\"og:image\" content=\"https:\/\/www.rutadelsindiketes.com\/wp-content\/uploads\/2023\/01\/Perfil-etapa-6-este.png\" \/>\n<meta name=\"twitter:card\" content=\"summary_large_image\" \/>\n<meta name=\"twitter:label1\" content=\"Gesch\u00e4tzte Lesezeit\" \/>\n\t<meta name=\"twitter:data1\" content=\"12\u00a0Minuten\" \/>\n<script type=\"application\/ld+json\" class=\"yoast-schema-graph\">{\"@context\":\"https:\/\/schema.org\",\"@graph\":[{\"@type\":\"WebPage\",\"@id\":\"https:\/\/www.rutadelsindiketes.com\/etapa-6-torroella-de-montgri-peratallada\/\",\"url\":\"https:\/\/www.rutadelsindiketes.com\/etapa-6-torroella-de-montgri-peratallada\/\",\"name\":\"Etapa 6 - Torroella de Montgr\u00ed - Peratallada-Ruta dels Indiketes\",\"isPartOf\":{\"@id\":\"https:\/\/www.rutadelsindiketes.com\/#website\"},\"primaryImageOfPage\":{\"@id\":\"https:\/\/www.rutadelsindiketes.com\/etapa-6-torroella-de-montgri-peratallada\/#primaryimage\"},\"image\":{\"@id\":\"https:\/\/www.rutadelsindiketes.com\/etapa-6-torroella-de-montgri-peratallada\/#primaryimage\"},\"thumbnailUrl\":\"https:\/\/www.rutadelsindiketes.com\/wp-content\/uploads\/2023\/01\/Perfil-etapa-6-este.png\",\"datePublished\":\"2022-12-13T14:21:53+00:00\",\"dateModified\":\"2023-04-18T18:40:10+00:00\",\"breadcrumb\":{\"@id\":\"https:\/\/www.rutadelsindiketes.com\/etapa-6-torroella-de-montgri-peratallada\/#breadcrumb\"},\"inLanguage\":\"de\",\"potentialAction\":[{\"@type\":\"ReadAction\",\"target\":[\"https:\/\/www.rutadelsindiketes.com\/etapa-6-torroella-de-montgri-peratallada\/\"]}]},{\"@type\":\"ImageObject\",\"inLanguage\":\"de\",\"@id\":\"https:\/\/www.rutadelsindiketes.com\/etapa-6-torroella-de-montgri-peratallada\/#primaryimage\",\"url\":\"https:\/\/www.rutadelsindiketes.com\/wp-content\/uploads\/2023\/01\/Perfil-etapa-6-este.png\",\"contentUrl\":\"https:\/\/www.rutadelsindiketes.com\/wp-content\/uploads\/2023\/01\/Perfil-etapa-6-este.png\"},{\"@type\":\"BreadcrumbList\",\"@id\":\"https:\/\/www.rutadelsindiketes.com\/etapa-6-torroella-de-montgri-peratallada\/#breadcrumb\",\"itemListElement\":[{\"@type\":\"ListItem\",\"position\":1,\"name\":\"Portada\",\"item\":\"https:\/\/www.rutadelsindiketes.com\/ca\/\"},{\"@type\":\"ListItem\",\"position\":2,\"name\":\"Etapa 6 &#8211; Torroella de Montgr\u00ed &#8211; Peratallada\"}]},{\"@type\":\"WebSite\",\"@id\":\"https:\/\/www.rutadelsindiketes.com\/#website\",\"url\":\"https:\/\/www.rutadelsindiketes.com\/\",\"name\":\"Ruta dels Indiketes\",\"description\":\"S&oacute;lo otro sitio de WordPress\",\"potentialAction\":[{\"@type\":\"SearchAction\",\"target\":{\"@type\":\"EntryPoint\",\"urlTemplate\":\"https:\/\/www.rutadelsindiketes.com\/?s={search_term_string}\"},\"query-input\":{\"@type\":\"PropertyValueSpecification\",\"valueRequired\":true,\"valueName\":\"search_term_string\"}}],\"inLanguage\":\"de\"}]}<\/script>\n<!-- \/ Yoast SEO plugin. -->","yoast_head_json":{"title":"Etapa 6 - Torroella de Montgr\u00ed - Peratallada-Ruta dels Indiketes","robots":{"index":"index","follow":"follow","max-snippet":"max-snippet:-1","max-image-preview":"max-image-preview:large","max-video-preview":"max-video-preview:-1"},"canonical":"https:\/\/www.rutadelsindiketes.com\/de\/stufe-6-torroella-de-montgri-peratallada\/","og_locale":"de_DE","og_type":"article","og_title":"Etapa 6 - Torroella de Montgr\u00ed - Peratallada-Ruta dels Indiketes","og_description":"ETAPA 6 TORROELLA DE MONTGR\u00cd \u2013 PERATALLADA Distancia: 27,2 km Nivel dificultad: Normal Altitud m\u00e1xima: 96 Altitud m\u00ednima: 5 Desnivel positivo: 378 Desnivel negativo: 374 GPX Etapa 6: TORROELLA DE MONTGR\u00cd \u2013 PERATALLADA Saldremos de Torroella de Montgr\u00ed por la calle Passeig de Catalunya en direcci\u00f3n al puente que atraviesa el r\u00edo Ter.\u00a0 Justo despu\u00e9s [&hellip;]","og_url":"https:\/\/www.rutadelsindiketes.com\/de\/stufe-6-torroella-de-montgri-peratallada\/","og_site_name":"Ruta dels Indiketes","article_modified_time":"2023-04-18T18:40:10+00:00","og_image":[{"url":"https:\/\/www.rutadelsindiketes.com\/wp-content\/uploads\/2023\/01\/Perfil-etapa-6-este.png","type":"","width":"","height":""}],"twitter_card":"summary_large_image","twitter_misc":{"Gesch\u00e4tzte Lesezeit":"12\u00a0Minuten"},"schema":{"@context":"https:\/\/schema.org","@graph":[{"@type":"WebPage","@id":"https:\/\/www.rutadelsindiketes.com\/etapa-6-torroella-de-montgri-peratallada\/","url":"https:\/\/www.rutadelsindiketes.com\/etapa-6-torroella-de-montgri-peratallada\/","name":"Etapa 6 - Torroella de Montgr\u00ed - Peratallada-Ruta dels Indiketes","isPartOf":{"@id":"https:\/\/www.rutadelsindiketes.com\/#website"},"primaryImageOfPage":{"@id":"https:\/\/www.rutadelsindiketes.com\/etapa-6-torroella-de-montgri-peratallada\/#primaryimage"},"image":{"@id":"https:\/\/www.rutadelsindiketes.com\/etapa-6-torroella-de-montgri-peratallada\/#primaryimage"},"thumbnailUrl":"https:\/\/www.rutadelsindiketes.com\/wp-content\/uploads\/2023\/01\/Perfil-etapa-6-este.png","datePublished":"2022-12-13T14:21:53+00:00","dateModified":"2023-04-18T18:40:10+00:00","breadcrumb":{"@id":"https:\/\/www.rutadelsindiketes.com\/etapa-6-torroella-de-montgri-peratallada\/#breadcrumb"},"inLanguage":"de","potentialAction":[{"@type":"ReadAction","target":["https:\/\/www.rutadelsindiketes.com\/etapa-6-torroella-de-montgri-peratallada\/"]}]},{"@type":"ImageObject","inLanguage":"de","@id":"https:\/\/www.rutadelsindiketes.com\/etapa-6-torroella-de-montgri-peratallada\/#primaryimage","url":"https:\/\/www.rutadelsindiketes.com\/wp-content\/uploads\/2023\/01\/Perfil-etapa-6-este.png","contentUrl":"https:\/\/www.rutadelsindiketes.com\/wp-content\/uploads\/2023\/01\/Perfil-etapa-6-este.png"},{"@type":"BreadcrumbList","@id":"https:\/\/www.rutadelsindiketes.com\/etapa-6-torroella-de-montgri-peratallada\/#breadcrumb","itemListElement":[{"@type":"ListItem","position":1,"name":"Portada","item":"https:\/\/www.rutadelsindiketes.com\/ca\/"},{"@type":"ListItem","position":2,"name":"Etapa 6 &#8211; Torroella de Montgr\u00ed &#8211; Peratallada"}]},{"@type":"WebSite","@id":"https:\/\/www.rutadelsindiketes.com\/#website","url":"https:\/\/www.rutadelsindiketes.com\/","name":"Ruta dels Indiketes","description":"S&oacute;lo otro sitio de WordPress","potentialAction":[{"@type":"SearchAction","target":{"@type":"EntryPoint","urlTemplate":"https:\/\/www.rutadelsindiketes.com\/?s={search_term_string}"},"query-input":{"@type":"PropertyValueSpecification","valueRequired":true,"valueName":"search_term_string"}}],"inLanguage":"de"}]}},"_links":{"self":[{"href":"https:\/\/www.rutadelsindiketes.com\/de\/wp-json\/wp\/v2\/pages\/1244","targetHints":{"allow":["GET"]}}],"collection":[{"href":"https:\/\/www.rutadelsindiketes.com\/de\/wp-json\/wp\/v2\/pages"}],"about":[{"href":"https:\/\/www.rutadelsindiketes.com\/de\/wp-json\/wp\/v2\/types\/page"}],"author":[{"embeddable":true,"href":"https:\/\/www.rutadelsindiketes.com\/de\/wp-json\/wp\/v2\/users\/2"}],"replies":[{"embeddable":true,"href":"https:\/\/www.rutadelsindiketes.com\/de\/wp-json\/wp\/v2\/comments?post=1244"}],"version-history":[{"count":95,"href":"https:\/\/www.rutadelsindiketes.com\/de\/wp-json\/wp\/v2\/pages\/1244\/revisions"}],"predecessor-version":[{"id":4752,"href":"https:\/\/www.rutadelsindiketes.com\/de\/wp-json\/wp\/v2\/pages\/1244\/revisions\/4752"}],"wp:attachment":[{"href":"https:\/\/www.rutadelsindiketes.com\/de\/wp-json\/wp\/v2\/media?parent=1244"}],"curies":[{"name":"wp","href":"https:\/\/api.w.org\/{rel}","templated":true}]}}