{"id":1266,"date":"2022-12-13T15:23:50","date_gmt":"2022-12-13T14:23:50","guid":{"rendered":"https:\/\/www.rutadelsindiketes.com\/?page_id=1266"},"modified":"2024-09-02T21:41:14","modified_gmt":"2024-09-02T19:41:14","slug":"etapa-17-sant-llorenc-de-la-muga-albanya","status":"publish","type":"page","link":"https:\/\/www.rutadelsindiketes.com\/de\/etappe-17-sant-llorenc-de-la-muga-albanya\/","title":{"rendered":"Etappe 17 - Sant Lloren\u00e7 de la Muga - Albany\u00e0"},"content":{"rendered":"<div data-elementor-type=\"wp-page\" data-elementor-id=\"1266\" class=\"elementor elementor-1266\" data-elementor-post-type=\"page\">\n\t\t\t\t\t\t<section class=\"elementor-section elementor-top-section elementor-element elementor-element-4161d5af elementor-section-height-min-height elementor-section-content-middle elementor-section-boxed elementor-section-height-default elementor-section-items-middle\" data-id=\"4161d5af\" data-element_type=\"section\" data-e-type=\"section\" id=\"entrada\" data-settings=\"{&quot;background_background&quot;:&quot;classic&quot;}\">\n\t\t\t\t\t\t\t<div class=\"elementor-background-overlay\"><\/div>\n\t\t\t\t\t\t\t<div class=\"elementor-container elementor-column-gap-default\">\n\t\t\t\t\t<div class=\"elementor-column elementor-col-100 elementor-top-column elementor-element elementor-element-250f815b\" data-id=\"250f815b\" data-element_type=\"column\" data-e-type=\"column\" data-settings=\"{&quot;background_background&quot;:&quot;classic&quot;}\">\n\t\t\t<div class=\"elementor-widget-wrap elementor-element-populated\">\n\t\t\t\t\t<div class=\"elementor-background-overlay\"><\/div>\n\t\t\t\t\t\t<div class=\"elementor-element elementor-element-8c5db87 elementor-widget elementor-widget-heading\" data-id=\"8c5db87\" data-element_type=\"widget\" data-e-type=\"widget\" data-widget_type=\"heading.default\">\n\t\t\t\t<div class=\"elementor-widget-container\">\n\t\t\t\t\t<h1 class=\"elementor-heading-title elementor-size-default\">ETAPPE 17<\/h1>\t\t\t\t<\/div>\n\t\t\t\t<\/div>\n\t\t\t\t<div class=\"elementor-element elementor-element-8501329 elementor-widget elementor-widget-heading\" data-id=\"8501329\" data-element_type=\"widget\" data-e-type=\"widget\" data-widget_type=\"heading.default\">\n\t\t\t\t<div class=\"elementor-widget-container\">\n\t\t\t\t\t<h2 class=\"elementor-heading-title elementor-size-default\">SANT LLOREN\u00c7 - ALBANY\u00c0<\/h2>\t\t\t\t<\/div>\n\t\t\t\t<\/div>\n\t\t\t\t<div class=\"elementor-element elementor-element-cc4a6ba elementor-widget elementor-widget-spacer\" data-id=\"cc4a6ba\" data-element_type=\"widget\" data-e-type=\"widget\" data-widget_type=\"spacer.default\">\n\t\t\t\t<div class=\"elementor-widget-container\">\n\t\t\t\t\t\t\t<div class=\"elementor-spacer\">\n\t\t\t<div class=\"elementor-spacer-inner\"><\/div>\n\t\t<\/div>\n\t\t\t\t\t\t<\/div>\n\t\t\t\t<\/div>\n\t\t\t\t<div class=\"elementor-element elementor-element-4863b3f6 elementor-icon-list--layout-inline elementor-align-center elementor-list-item-link-full_width elementor-widget elementor-widget-icon-list\" data-id=\"4863b3f6\" data-element_type=\"widget\" data-e-type=\"widget\" data-widget_type=\"icon-list.default\">\n\t\t\t\t<div class=\"elementor-widget-container\">\n\t\t\t\t\t\t\t<ul class=\"elementor-icon-list-items elementor-inline-items\">\n\t\t\t\t\t\t\t<li class=\"elementor-icon-list-item elementor-inline-item\">\n\t\t\t\t\t\t\t\t\t\t\t<span class=\"elementor-icon-list-icon\">\n\t\t\t\t\t\t\t<svg aria-hidden=\"true\" class=\"e-font-icon-svg e-fas-ruler\" viewbox=\"0 0 640 512\" xmlns=\"http:\/\/www.w3.org\/2000\/svg\"><path d=\"M635.7 167.2L556.1 31.7c-8.8-15-28.3-20.1-43.5-11.5l-69 39.1L503.3 161c2.2 3.8.9 8.5-2.9 10.7l-13.8 7.8c-3.8 2.2-8.7.9-10.9-2.9L416 75l-55.2 31.3 27.9 47.4c2.2 3.8.9 8.5-2.9 10.7l-13.8 7.8c-3.8 2.2-8.7.9-10.9-2.9L333.2 122 278 153.3 337.8 255c2.2 3.7.9 8.5-2.9 10.7l-13.8 7.8c-3.8 2.2-8.7.9-10.9-2.9l-59.7-101.7-55.2 31.3 27.9 47.4c2.2 3.8.9 8.5-2.9 10.7l-13.8 7.8c-3.8 2.2-8.7.9-10.9-2.9l-27.9-47.5-55.2 31.3 59.7 101.7c2.2 3.7.9 8.5-2.9 10.7l-13.8 7.8c-3.8 2.2-8.7.9-10.9-2.9L84.9 262.9l-69 39.1C.7 310.7-4.6 329.8 4.2 344.8l79.6 135.6c8.8 15 28.3 20.1 43.5 11.5L624.1 210c15.2-8.6 20.4-27.8 11.6-42.8z\"><\/path><\/svg>\t\t\t\t\t\t<\/span>\n\t\t\t\t\t\t\t\t\t\t<span class=\"elementor-icon-list-text\">Strecke: 19,4 km <\/span>\n\t\t\t\t\t\t\t\t\t<\/li>\n\t\t\t\t\t\t\t\t<li class=\"elementor-icon-list-item elementor-inline-item\">\n\t\t\t\t\t\t\t\t\t\t\t<span class=\"elementor-icon-list-icon\">\n\t\t\t\t\t\t\t<svg aria-hidden=\"true\" class=\"e-font-icon-svg e-fas-trophy\" viewbox=\"0 0 576 512\" xmlns=\"http:\/\/www.w3.org\/2000\/svg\"><path d=\"M552 64H448V24c0-13.3-10.7-24-24-24H152c-13.3 0-24 10.7-24 24v40H24C10.7 64 0 74.7 0 88v56c0 35.7 22.5 72.4 61.9 100.7 31.5 22.7 69.8 37.1 110 41.7C203.3 338.5 240 360 240 360v72h-48c-35.3 0-64 20.7-64 56v12c0 6.6 5.4 12 12 12h296c6.6 0 12-5.4 12-12v-12c0-35.3-28.7-56-64-56h-48v-72s36.7-21.5 68.1-73.6c40.3-4.6 78.6-19 110-41.7 39.3-28.3 61.9-65 61.9-100.7V88c0-13.3-10.7-24-24-24zM99.3 192.8C74.9 175.2 64 155.6 64 144v-16h64.2c1 32.6 5.8 61.2 12.8 86.2-15.1-5.2-29.2-12.4-41.7-21.4zM512 144c0 16.1-17.7 36.1-35.3 48.8-12.5 9-26.7 16.2-41.8 21.4 7-25 11.8-53.6 12.8-86.2H512v16z\"><\/path><\/svg>\t\t\t\t\t\t<\/span>\n\t\t\t\t\t\t\t\t\t\t<span class=\"elementor-icon-list-text\">Schwierigkeitsgrad: Mittel<\/span>\n\t\t\t\t\t\t\t\t\t<\/li>\n\t\t\t\t\t\t\t\t<li class=\"elementor-icon-list-item elementor-inline-item\">\n\t\t\t\t\t\t\t\t\t\t\t<span class=\"elementor-icon-list-icon\">\n\t\t\t\t\t\t\t<svg aria-hidden=\"true\" class=\"e-font-icon-svg e-fas-sort-amount-up-alt\" viewbox=\"0 0 512 512\" xmlns=\"http:\/\/www.w3.org\/2000\/svg\"><path d=\"M240 96h64a16 16 0 0 0 16-16V48a16 16 0 0 0-16-16h-64a16 16 0 0 0-16 16v32a16 16 0 0 0 16 16zm0 128h128a16 16 0 0 0 16-16v-32a16 16 0 0 0-16-16H240a16 16 0 0 0-16 16v32a16 16 0 0 0 16 16zm256 192H240a16 16 0 0 0-16 16v32a16 16 0 0 0 16 16h256a16 16 0 0 0 16-16v-32a16 16 0 0 0-16-16zm-256-64h192a16 16 0 0 0 16-16v-32a16 16 0 0 0-16-16H240a16 16 0 0 0-16 16v32a16 16 0 0 0 16 16zM16 160h48v304a16 16 0 0 0 16 16h32a16 16 0 0 0 16-16V160h48c14.21 0 21.39-17.24 11.31-27.31l-80-96a16 16 0 0 0-22.62 0l-80 96C-5.35 142.74 1.78 160 16 160z\"><\/path><\/svg>\t\t\t\t\t\t<\/span>\n\t\t\t\t\t\t\t\t\t\t<span class=\"elementor-icon-list-text\">H\u00f6he max: 805<\/span>\n\t\t\t\t\t\t\t\t\t<\/li>\n\t\t\t\t\t\t\t\t<li class=\"elementor-icon-list-item elementor-inline-item\">\n\t\t\t\t\t\t\t\t\t\t\t<span class=\"elementor-icon-list-icon\">\n\t\t\t\t\t\t\t<svg aria-hidden=\"true\" class=\"e-font-icon-svg e-fas-sort-amount-down-alt\" viewbox=\"0 0 512 512\" xmlns=\"http:\/\/www.w3.org\/2000\/svg\"><path d=\"M240 96h64a16 16 0 0 0 16-16V48a16 16 0 0 0-16-16h-64a16 16 0 0 0-16 16v32a16 16 0 0 0 16 16zm0 128h128a16 16 0 0 0 16-16v-32a16 16 0 0 0-16-16H240a16 16 0 0 0-16 16v32a16 16 0 0 0 16 16zm256 192H240a16 16 0 0 0-16 16v32a16 16 0 0 0 16 16h256a16 16 0 0 0 16-16v-32a16 16 0 0 0-16-16zm-256-64h192a16 16 0 0 0 16-16v-32a16 16 0 0 0-16-16H240a16 16 0 0 0-16 16v32a16 16 0 0 0 16 16zm-64 0h-48V48a16 16 0 0 0-16-16H80a16 16 0 0 0-16 16v304H16c-14.19 0-21.37 17.24-11.29 27.31l80 96a16 16 0 0 0 22.62 0l80-96C197.35 369.26 190.22 352 176 352z\"><\/path><\/svg>\t\t\t\t\t\t<\/span>\n\t\t\t\t\t\t\t\t\t\t<span class=\"elementor-icon-list-text\">H\u00f6he min: 170<\/span>\n\t\t\t\t\t\t\t\t\t<\/li>\n\t\t\t\t\t\t\t\t<li class=\"elementor-icon-list-item elementor-inline-item\">\n\t\t\t\t\t\t\t\t\t\t\t<span class=\"elementor-icon-list-icon\">\n\t\t\t\t\t\t\t<svg aria-hidden=\"true\" class=\"e-font-icon-svg e-fas-slash\" viewbox=\"0 0 640 512\" xmlns=\"http:\/\/www.w3.org\/2000\/svg\"><path d=\"M594.53 508.63L6.18 53.9c-6.97-5.42-8.23-15.47-2.81-22.45L23.01 6.18C28.43-.8 38.49-2.06 45.47 3.37L633.82 458.1c6.97 5.42 8.23 15.47 2.81 22.45l-19.64 25.27c-5.42 6.98-15.48 8.23-22.46 2.81z\"><\/path><\/svg>\t\t\t\t\t\t<\/span>\n\t\t\t\t\t\t\t\t\t\t<span class=\"elementor-icon-list-text\">Aufstieg: 1703<\/span>\n\t\t\t\t\t\t\t\t\t<\/li>\n\t\t\t\t\t\t\t\t<li class=\"elementor-icon-list-item elementor-inline-item\">\n\t\t\t\t\t\t\t\t\t\t\t<span class=\"elementor-icon-list-icon\">\n\t\t\t\t\t\t\t<svg aria-hidden=\"true\" class=\"e-font-icon-svg e-fas-slash\" viewbox=\"0 0 640 512\" xmlns=\"http:\/\/www.w3.org\/2000\/svg\"><path d=\"M594.53 508.63L6.18 53.9c-6.97-5.42-8.23-15.47-2.81-22.45L23.01 6.18C28.43-.8 38.49-2.06 45.47 3.37L633.82 458.1c6.97 5.42 8.23 15.47 2.81 22.45l-19.64 25.27c-5.42 6.98-15.48 8.23-22.46 2.81z\"><\/path><\/svg>\t\t\t\t\t\t<\/span>\n\t\t\t\t\t\t\t\t\t\t<span class=\"elementor-icon-list-text\">Abstieg: 1649<\/span>\n\t\t\t\t\t\t\t\t\t<\/li>\n\t\t\t\t\t\t<\/ul>\n\t\t\t\t\t\t<\/div>\n\t\t\t\t<\/div>\n\t\t\t\t<div class=\"elementor-element elementor-element-80428c6 elementor-widget elementor-widget-image\" data-id=\"80428c6\" data-element_type=\"widget\" data-e-type=\"widget\" data-widget_type=\"image.default\">\n\t\t\t\t<div class=\"elementor-widget-container\">\n\t\t\t\t\t\t\t\t\t\t\t\t\t\t\t\t<a href=\"https:\/\/www.rutadelsindiketes.com\/wp-content\/uploads\/2023\/01\/Perfil-etapa-17.png\" data-elementor-open-lightbox=\"yes\" data-elementor-lightbox-title=\"Perfil etapa 17\" data-e-action-hash=\"#elementor-action%3Aaction%3Dlightbox%26settings%3DeyJpZCI6MTk3MSwidXJsIjoiaHR0cHM6XC9cL3d3dy5ydXRhZGVsc2luZGlrZXRlcy5jb21cL3dwLWNvbnRlbnRcL3VwbG9hZHNcLzIwMjNcLzAxXC9QZXJmaWwtZXRhcGEtMTcucG5nIn0%3D\">\n\t\t\t\t\t\t\t<img fetchpriority=\"high\" decoding=\"async\" width=\"800\" height=\"300\" src=\"https:\/\/www.rutadelsindiketes.com\/wp-content\/uploads\/2023\/01\/Perfil-etapa-17.png\" class=\"attachment-large size-large wp-image-1971\" alt=\"\" srcset=\"https:\/\/www.rutadelsindiketes.com\/wp-content\/uploads\/2023\/01\/Perfil-etapa-17.png 960w, https:\/\/www.rutadelsindiketes.com\/wp-content\/uploads\/2023\/01\/Perfil-etapa-17-300x113.png 300w, https:\/\/www.rutadelsindiketes.com\/wp-content\/uploads\/2023\/01\/Perfil-etapa-17-768x288.png 768w\" sizes=\"(max-width: 800px) 100vw, 800px\" \/>\t\t\t\t\t\t\t\t<\/a>\n\t\t\t\t\t\t\t\t\t\t\t\t\t\t\t<\/div>\n\t\t\t\t<\/div>\n\t\t\t\t\t<\/div>\n\t\t<\/div>\n\t\t\t\t\t<\/div>\n\t\t<\/section>\n\t\t\t\t<section class=\"elementor-section elementor-top-section elementor-element elementor-element-77174f7 elementor-section-boxed elementor-section-height-default elementor-section-height-default\" data-id=\"77174f7\" data-element_type=\"section\" data-e-type=\"section\">\n\t\t\t\t\t\t<div class=\"elementor-container elementor-column-gap-default\">\n\t\t\t\t\t<div class=\"elementor-column elementor-col-100 elementor-top-column elementor-element elementor-element-d2b5570\" data-id=\"d2b5570\" data-element_type=\"column\" data-e-type=\"column\">\n\t\t\t<div class=\"elementor-widget-wrap elementor-element-populated\">\n\t\t\t\t\t\t<div class=\"elementor-element elementor-element-9a1b656 elementor-align-center elementor-widget__width-auto elementor-widget elementor-widget-button\" data-id=\"9a1b656\" data-element_type=\"widget\" data-e-type=\"widget\" data-widget_type=\"button.default\">\n\t\t\t\t<div class=\"elementor-widget-container\">\n\t\t\t\t\t\t\t\t\t<div class=\"elementor-button-wrapper\">\n\t\t\t\t\t<a class=\"elementor-button elementor-button-link elementor-size-sm\" href=\"https:\/\/www.rutadelsindiketes.com\/wp-content\/uploads\/2024\/09\/Sant-Llorenc-de-la-Muga-a-Albanya.gpx\">\n\t\t\t\t\t\t<span class=\"elementor-button-content-wrapper\">\n\t\t\t\t\t\t<span class=\"elementor-button-icon\">\n\t\t\t\t<svg aria-hidden=\"true\" class=\"e-font-icon-svg e-fas-walking\" viewbox=\"0 0 320 512\" xmlns=\"http:\/\/www.w3.org\/2000\/svg\"><path d=\"M208 96c26.5 0 48-21.5 48-48S234.5 0 208 0s-48 21.5-48 48 21.5 48 48 48zm94.5 149.1l-23.3-11.8-9.7-29.4c-14.7-44.6-55.7-75.8-102.2-75.9-36-.1-55.9 10.1-93.3 25.2-21.6 8.7-39.3 25.2-49.7 46.2L17.6 213c-7.8 15.8-1.5 35 14.2 42.9 15.6 7.9 34.6 1.5 42.5-14.3L81 228c3.5-7 9.3-12.5 16.5-15.4l26.8-10.8-15.2 60.7c-5.2 20.8.4 42.9 14.9 58.8l59.9 65.4c7.2 7.9 12.3 17.4 14.9 27.7l18.3 73.3c4.3 17.1 21.7 27.6 38.8 23.3 17.1-4.3 27.6-21.7 23.3-38.8l-22.2-89c-2.6-10.3-7.7-19.9-14.9-27.7l-45.5-49.7 17.2-68.7 5.5 16.5c5.3 16.1 16.7 29.4 31.7 37l23.3 11.8c15.6 7.9 34.6 1.5 42.5-14.3 7.7-15.7 1.4-35.1-14.3-43zM73.6 385.8c-3.2 8.1-8 15.4-14.2 21.5l-50 50.1c-12.5 12.5-12.5 32.8 0 45.3s32.7 12.5 45.2 0l59.4-59.4c6.1-6.1 10.9-13.4 14.2-21.5l13.5-33.8c-55.3-60.3-38.7-41.8-47.4-53.7l-20.7 51.5z\"><\/path><\/svg>\t\t\t<\/span>\n\t\t\t\t\t\t\t\t\t<span class=\"elementor-button-text\">GPX<\/span>\n\t\t\t\t\t<\/span>\n\t\t\t\t\t<\/a>\n\t\t\t\t<\/div>\n\t\t\t\t\t\t\t\t<\/div>\n\t\t\t\t<\/div>\n\t\t\t\t<div class=\"elementor-element elementor-element-b932d56 elementor-align-center elementor-widget__width-auto elementor-widget elementor-widget-button\" data-id=\"b932d56\" data-element_type=\"widget\" data-e-type=\"widget\" data-widget_type=\"button.default\">\n\t\t\t\t<div class=\"elementor-widget-container\">\n\t\t\t\t\t\t\t\t\t<div class=\"elementor-button-wrapper\">\n\t\t\t\t\t<a class=\"elementor-button elementor-button-link elementor-size-sm\" href=\"https:\/\/www.rutadelsindiketes.com\/wp-content\/uploads\/2023\/01\/Sant-Llorenc-de-la-Muga-a-Albanya-bicicleta-per-lliurona.gpx\">\n\t\t\t\t\t\t<span class=\"elementor-button-content-wrapper\">\n\t\t\t\t\t\t<span class=\"elementor-button-icon\">\n\t\t\t\t<svg aria-hidden=\"true\" class=\"e-font-icon-svg e-fas-bicycle\" viewbox=\"0 0 640 512\" xmlns=\"http:\/\/www.w3.org\/2000\/svg\"><path d=\"M512.509 192.001c-16.373-.064-32.03 2.955-46.436 8.495l-77.68-125.153A24 24 0 0 0 368.001 64h-64c-8.837 0-16 7.163-16 16v16c0 8.837 7.163 16 16 16h50.649l14.896 24H256.002v-16c0-8.837-7.163-16-16-16h-87.459c-13.441 0-24.777 10.999-24.536 24.437.232 13.044 10.876 23.563 23.995 23.563h48.726l-29.417 47.52c-13.433-4.83-27.904-7.483-42.992-7.52C58.094 191.83.412 249.012.002 319.236-.413 390.279 57.055 448 128.002 448c59.642 0 109.758-40.793 123.967-96h52.033a24 24 0 0 0 20.406-11.367L410.37 201.77l14.938 24.067c-25.455 23.448-41.385 57.081-41.307 94.437.145 68.833 57.899 127.051 126.729 127.719 70.606.685 128.181-55.803 129.255-125.996 1.086-70.941-56.526-129.72-127.476-129.996zM186.75 265.772c9.727 10.529 16.673 23.661 19.642 38.228h-43.306l23.664-38.228zM128.002 400c-44.112 0-80-35.888-80-80s35.888-80 80-80c5.869 0 11.586.653 17.099 1.859l-45.505 73.509C89.715 331.327 101.213 352 120.002 352h81.3c-12.37 28.225-40.562 48-73.3 48zm162.63-96h-35.624c-3.96-31.756-19.556-59.894-42.383-80.026L237.371 184h127.547l-74.286 120zm217.057 95.886c-41.036-2.165-74.049-35.692-75.627-76.755-.812-21.121 6.633-40.518 19.335-55.263l44.433 71.586c4.66 7.508 14.524 9.816 22.032 5.156l13.594-8.437c7.508-4.66 9.817-14.524 5.156-22.032l-44.468-71.643a79.901 79.901 0 0 1 19.858-2.497c44.112 0 80 35.888 80 80-.001 45.54-38.252 82.316-84.313 79.885z\"><\/path><\/svg>\t\t\t<\/span>\n\t\t\t\t\t\t\t\t\t<span class=\"elementor-button-text\">GPX<\/span>\n\t\t\t\t\t<\/span>\n\t\t\t\t\t<\/a>\n\t\t\t\t<\/div>\n\t\t\t\t\t\t\t\t<\/div>\n\t\t\t\t<\/div>\n\t\t\t\t\t<\/div>\n\t\t<\/div>\n\t\t\t\t\t<\/div>\n\t\t<\/section>\n\t\t\t\t<section class=\"elementor-section elementor-top-section elementor-element elementor-element-ec96f5a elementor-section-boxed elementor-section-height-default elementor-section-height-default\" data-id=\"ec96f5a\" data-element_type=\"section\" data-e-type=\"section\">\n\t\t\t\t\t\t<div class=\"elementor-container elementor-column-gap-default\">\n\t\t\t\t\t<div class=\"elementor-column elementor-col-100 elementor-top-column elementor-element elementor-element-725db9d\" data-id=\"725db9d\" data-element_type=\"column\" data-e-type=\"column\">\n\t\t\t<div class=\"elementor-widget-wrap elementor-element-populated\">\n\t\t\t\t\t\t<div class=\"elementor-element elementor-element-224bf89 elementor-widget elementor-widget-heading\" data-id=\"224bf89\" data-element_type=\"widget\" data-e-type=\"widget\" data-widget_type=\"heading.default\">\n\t\t\t\t<div class=\"elementor-widget-container\">\n\t\t\t\t\t<h2 class=\"elementor-heading-title elementor-size-large\"><br>Etappe 17: SANT LLOREN\u00c7 - ALBANY\u00c0<br><\/h2>\t\t\t\t<\/div>\n\t\t\t\t<\/div>\n\t\t\t\t<div class=\"elementor-element elementor-element-6b3b62c elementor-widget elementor-widget-image\" data-id=\"6b3b62c\" data-element_type=\"widget\" data-e-type=\"widget\" data-widget_type=\"image.default\">\n\t\t\t\t<div class=\"elementor-widget-container\">\n\t\t\t\t\t\t\t\t\t\t\t\t\t\t\t\t<a href=\"https:\/\/www.rutadelsindiketes.com\/wp-content\/uploads\/2023\/01\/mapa-etapa-17.png\" data-elementor-open-lightbox=\"yes\" data-elementor-lightbox-title=\"mapa etapa 17\" data-e-action-hash=\"#elementor-action%3Aaction%3Dlightbox%26settings%3DeyJpZCI6MTk3MCwidXJsIjoiaHR0cHM6XC9cL3d3dy5ydXRhZGVsc2luZGlrZXRlcy5jb21cL3dwLWNvbnRlbnRcL3VwbG9hZHNcLzIwMjNcLzAxXC9tYXBhLWV0YXBhLTE3LnBuZyJ9\">\n\t\t\t\t\t\t\t<img decoding=\"async\" width=\"800\" height=\"389\" src=\"https:\/\/www.rutadelsindiketes.com\/wp-content\/uploads\/2023\/01\/mapa-etapa-17.png\" class=\"attachment-large size-large wp-image-1970\" alt=\"\" srcset=\"https:\/\/www.rutadelsindiketes.com\/wp-content\/uploads\/2023\/01\/mapa-etapa-17.png 822w, https:\/\/www.rutadelsindiketes.com\/wp-content\/uploads\/2023\/01\/mapa-etapa-17-300x146.png 300w, https:\/\/www.rutadelsindiketes.com\/wp-content\/uploads\/2023\/01\/mapa-etapa-17-768x374.png 768w\" sizes=\"(max-width: 800px) 100vw, 800px\" \/>\t\t\t\t\t\t\t\t<\/a>\n\t\t\t\t\t\t\t\t\t\t\t\t\t\t\t<\/div>\n\t\t\t\t<\/div>\n\t\t\t\t\t<\/div>\n\t\t<\/div>\n\t\t\t\t\t<\/div>\n\t\t<\/section>\n\t\t<div class=\"elementor-element elementor-element-2dbe80f1 e-flex e-con-boxed e-con e-parent\" data-id=\"2dbe80f1\" data-element_type=\"container\" data-e-type=\"container\">\n\t\t\t\t\t<div class=\"e-con-inner\">\n\t\t<div class=\"elementor-element elementor-element-114326ce e-con-full e-flex e-con e-child\" data-id=\"114326ce\" data-element_type=\"container\" data-e-type=\"container\">\n\t\t\t\t<div class=\"elementor-element elementor-element-436860c4 elementor-widget elementor-widget-text-editor\" data-id=\"436860c4\" data-element_type=\"widget\" data-e-type=\"widget\" data-widget_type=\"text-editor.default\">\n\t\t\t\t<div class=\"elementor-widget-container\">\n\t\t\t\t\t\t\t\t\t<p>Hinweis f\u00fcr Radfahrer: Diese Etappe ist ab Kilometer 10 ganz anders als die Etappen zu Fu\u00df. Siehe die Beschreibung am Ende dieses Dokuments.<\/p><p>Wir verlassen Sant Lloren\u00e7 de la Muga \u00fcber die Carrer del Barri und kommen zu einem Park, in dem ein Wasserrad zur Wassergewinnung steht. Auf der linken Seite sehen wir eine Treppe, die zu einem Metallsteg f\u00fchrt, der \u00fcber einen Wassergraben am Fluss Muga f\u00fchrt.<\/p>\t\t\t\t\t\t\t\t<\/div>\n\t\t\t\t<\/div>\n\t\t\t\t<\/div>\n\t\t<div class=\"elementor-element elementor-element-5cc10815 e-con-full e-flex e-con e-child\" data-id=\"5cc10815\" data-element_type=\"container\" data-e-type=\"container\">\n\t\t\t\t<div class=\"elementor-element elementor-element-7c68a9f8 elementor-widget elementor-widget-image\" data-id=\"7c68a9f8\" data-element_type=\"widget\" data-e-type=\"widget\" data-widget_type=\"image.default\">\n\t\t\t\t<div class=\"elementor-widget-container\">\n\t\t\t\t\t\t\t\t\t\t\t\t\t\t\t<img decoding=\"async\" width=\"800\" height=\"527\" src=\"https:\/\/www.rutadelsindiketes.com\/wp-content\/uploads\/2023\/01\/1-placa-sant-llorenc-e1674958168258-1024x674.jpg\" class=\"attachment-large size-large wp-image-1974\" alt=\"\" srcset=\"https:\/\/www.rutadelsindiketes.com\/wp-content\/uploads\/2023\/01\/1-placa-sant-llorenc-e1674958168258-1024x674.jpg 1024w, https:\/\/www.rutadelsindiketes.com\/wp-content\/uploads\/2023\/01\/1-placa-sant-llorenc-e1674958168258-300x198.jpg 300w, https:\/\/www.rutadelsindiketes.com\/wp-content\/uploads\/2023\/01\/1-placa-sant-llorenc-e1674958168258-768x506.jpg 768w, https:\/\/www.rutadelsindiketes.com\/wp-content\/uploads\/2023\/01\/1-placa-sant-llorenc-e1674958168258.jpg 1130w\" sizes=\"(max-width: 800px) 100vw, 800px\" \/>\t\t\t\t\t\t\t\t\t\t\t\t\t\t\t<\/div>\n\t\t\t\t<\/div>\n\t\t\t\t<\/div>\n\t\t\t\t\t<\/div>\n\t\t\t\t<\/div>\n\t\t<div class=\"elementor-element elementor-element-30dabdce e-flex e-con-boxed e-con e-parent\" data-id=\"30dabdce\" data-element_type=\"container\" data-e-type=\"container\">\n\t\t\t\t\t<div class=\"e-con-inner\">\n\t\t<div class=\"elementor-element elementor-element-3bb76d45 e-con-full e-flex e-con e-child\" data-id=\"3bb76d45\" data-element_type=\"container\" data-e-type=\"container\">\n\t\t\t\t<div class=\"elementor-element elementor-element-cb7e04c elementor-widget elementor-widget-text-editor\" data-id=\"cb7e04c\" data-element_type=\"widget\" data-e-type=\"widget\" data-widget_type=\"text-editor.default\">\n\t\t\t\t<div class=\"elementor-widget-container\">\n\t\t\t\t\t\t\t\t\t<p>Am Ende des Metallstegs erreichen Sie die Einsiedelei Sant Antoni und \u00fcberqueren den Fluss \u00fcber eine sch\u00f6ne Steinbr\u00fccke, an deren Ende Sie rechts abbiegen.\u00a0<\/p><p>Kurz darauf sehen wir eine Abzweigung und fahren nach rechts weiter.\u00a0<span style=\"text-align: var(--text-align); color: var( --e-global-color-dea41e4 ); font-family: var( --e-global-typography-b2ce6af-font-family ), Sans-serif; font-size: var( --e-global-typography-b2ce6af-font-size ); font-weight: var( --e-global-typography-b2ce6af-font-weight ); letter-spacing: var( --e-global-typography-b2ce6af-letter-spacing ); word-spacing: var( --e-global-typography-b2ce6af-word-spacing );\">Dieser Weg wird uns lange Zeit begleiten (6,5 Kilometer).\u00a0<\/span><\/p><p>Nach 1,5 Kilometern, wenn Sie den Bauernhof von Cadamont erreichen, folgen Sie der R\u00fcckseite des Geb\u00e4udes, und dann sehen Sie keinen nennenswerten Umweg mehr bis nach 5,5 Kilometern, wenn Sie den Coll de les Vinyes erreichen, wo sich 4 Wege kreuzen.<\/p>\t\t\t\t\t\t\t\t<\/div>\n\t\t\t\t<\/div>\n\t\t\t\t<\/div>\n\t\t<div class=\"elementor-element elementor-element-419f140 e-con-full e-flex e-con e-child\" data-id=\"419f140\" data-element_type=\"container\" data-e-type=\"container\">\n\t\t\t\t<div class=\"elementor-element elementor-element-3d12b319 elementor-widget elementor-widget-image\" data-id=\"3d12b319\" data-element_type=\"widget\" data-e-type=\"widget\" data-widget_type=\"image.default\">\n\t\t\t\t<div class=\"elementor-widget-container\">\n\t\t\t\t\t\t\t\t\t\t\t\t\t\t\t<img loading=\"lazy\" decoding=\"async\" width=\"375\" height=\"281\" src=\"https:\/\/www.rutadelsindiketes.com\/wp-content\/uploads\/2023\/01\/2-sortint-de-sant-llorenc.png\" class=\"attachment-large size-large wp-image-1975\" alt=\"\" srcset=\"https:\/\/www.rutadelsindiketes.com\/wp-content\/uploads\/2023\/01\/2-sortint-de-sant-llorenc.png 375w, https:\/\/www.rutadelsindiketes.com\/wp-content\/uploads\/2023\/01\/2-sortint-de-sant-llorenc-300x225.png 300w\" sizes=\"(max-width: 375px) 100vw, 375px\" \/>\t\t\t\t\t\t\t\t\t\t\t\t\t\t\t<\/div>\n\t\t\t\t<\/div>\n\t\t\t\t<\/div>\n\t\t\t\t\t<\/div>\n\t\t\t\t<\/div>\n\t\t<div class=\"elementor-element elementor-element-6b10f914 e-flex e-con-boxed e-con e-parent\" data-id=\"6b10f914\" data-element_type=\"container\" data-e-type=\"container\">\n\t\t\t\t\t<div class=\"e-con-inner\">\n\t\t\t\t<div class=\"elementor-element elementor-element-33b45ca8 elementor-widget elementor-widget-text-editor\" data-id=\"33b45ca8\" data-element_type=\"widget\" data-e-type=\"widget\" data-widget_type=\"text-editor.default\">\n\t\t\t\t<div class=\"elementor-widget-container\">\n\t\t\t\t\t\t\t\t\t<p><span style=\"color: var( --e-global-color-dea41e4 ); font-family: var( --e-global-typography-b2ce6af-font-family ), Sans-serif; font-size: var( --e-global-typography-b2ce6af-font-size ); font-weight: var( --e-global-typography-b2ce6af-font-weight ); letter-spacing: var( --e-global-typography-b2ce6af-letter-spacing ); text-align: var(--text-align); word-spacing: var( --e-global-typography-b2ce6af-word-spacing );\">Nehmen Sie den rechten Weg, den sogenannten Cam\u00ed d'Albany\u00e0 a Sant Mart\u00ed Sesserres.\u00a0<\/span><span style=\"color: var( --e-global-color-dea41e4 ); font-family: var( --e-global-typography-b2ce6af-font-family ), Sans-serif; font-size: var( --e-global-typography-b2ce6af-font-size ); font-weight: var( --e-global-typography-b2ce6af-font-weight ); letter-spacing: var( --e-global-typography-b2ce6af-letter-spacing ); text-align: var(--text-align); word-spacing: var( --e-global-typography-b2ce6af-word-spacing );\">Nach 1,1 Kilometern erreichen Sie den Coll de la Cirera (mit einer Kreuzung von 4 Wegen in kurzer Entfernung) und nehmen den Weg rechts, dann an einer Abzweigung etwa 800 Meter weiter links, und wenn Sie einen kleinen Bach (clot de la Costa) erreichen, haben Sie nur noch 350 Meter vor sich, bevor Sie eine riesige H\u00f6hle sehen. Hinweis: Wir m\u00fcssen aufpassen, dass wir den Weg nicht verlieren, da er kaum markiert ist (manchmal mit fluoreszierender oder roter Farbe). In diesem Abschnitt ist es fast unerl\u00e4sslich, den Spuren zu folgen und sich von den Meilensteinen (Steinhaufen) leiten zu lassen, die wir sehen werden.<br \/><\/span><\/p>\t\t\t\t\t\t\t\t<\/div>\n\t\t\t\t<\/div>\n\t\t\t\t\t<\/div>\n\t\t\t\t<\/div>\n\t\t<div class=\"elementor-element elementor-element-2120d9ab e-flex e-con-boxed e-con e-parent\" data-id=\"2120d9ab\" data-element_type=\"container\" data-e-type=\"container\">\n\t\t\t\t\t<div class=\"e-con-inner\">\n\t\t<div class=\"elementor-element elementor-element-5e0e4455 e-con-full e-flex e-con e-child\" data-id=\"5e0e4455\" data-element_type=\"container\" data-e-type=\"container\">\n\t\t\t\t<div class=\"elementor-element elementor-element-2c18e07b elementor-widget elementor-widget-image\" data-id=\"2c18e07b\" data-element_type=\"widget\" data-e-type=\"widget\" data-widget_type=\"image.default\">\n\t\t\t\t<div class=\"elementor-widget-container\">\n\t\t\t\t\t\t\t\t\t\t\t\t\t\t\t<img loading=\"lazy\" decoding=\"async\" width=\"350\" height=\"263\" src=\"https:\/\/www.rutadelsindiketes.com\/wp-content\/uploads\/2023\/01\/8-Bauma-den-Noguer.jpg\" class=\"attachment-large size-large wp-image-1976\" alt=\"\" srcset=\"https:\/\/www.rutadelsindiketes.com\/wp-content\/uploads\/2023\/01\/8-Bauma-den-Noguer.jpg 350w, https:\/\/www.rutadelsindiketes.com\/wp-content\/uploads\/2023\/01\/8-Bauma-den-Noguer-300x225.jpg 300w\" sizes=\"(max-width: 350px) 100vw, 350px\" \/>\t\t\t\t\t\t\t\t\t\t\t\t\t\t\t<\/div>\n\t\t\t\t<\/div>\n\t\t\t\t<\/div>\n\t\t<div class=\"elementor-element elementor-element-1f7f8eca e-con-full e-flex e-con e-child\" data-id=\"1f7f8eca\" data-element_type=\"container\" data-e-type=\"container\">\n\t\t\t\t<div class=\"elementor-element elementor-element-4518943b elementor-widget elementor-widget-image\" data-id=\"4518943b\" data-element_type=\"widget\" data-e-type=\"widget\" data-widget_type=\"image.default\">\n\t\t\t\t<div class=\"elementor-widget-container\">\n\t\t\t\t\t\t\t\t\t\t\t\t\t\t\t<img loading=\"lazy\" decoding=\"async\" width=\"512\" height=\"369\" src=\"https:\/\/www.rutadelsindiketes.com\/wp-content\/uploads\/2023\/01\/9-exemple-bauma.jpg\" class=\"attachment-large size-large wp-image-1977\" alt=\"\" srcset=\"https:\/\/www.rutadelsindiketes.com\/wp-content\/uploads\/2023\/01\/9-exemple-bauma.jpg 512w, https:\/\/www.rutadelsindiketes.com\/wp-content\/uploads\/2023\/01\/9-exemple-bauma-300x216.jpg 300w\" sizes=\"(max-width: 512px) 100vw, 512px\" \/>\t\t\t\t\t\t\t\t\t\t\t\t\t\t\t<\/div>\n\t\t\t\t<\/div>\n\t\t\t\t<\/div>\n\t\t\t\t\t<\/div>\n\t\t\t\t<\/div>\n\t\t<div class=\"elementor-element elementor-element-4449a84a e-flex e-con-boxed e-con e-parent\" data-id=\"4449a84a\" data-element_type=\"container\" data-e-type=\"container\">\n\t\t\t\t\t<div class=\"e-con-inner\">\n\t\t\t\t<div class=\"elementor-element elementor-element-32b007af elementor-widget elementor-widget-text-editor\" data-id=\"32b007af\" data-element_type=\"widget\" data-e-type=\"widget\" data-widget_type=\"text-editor.default\">\n\t\t\t\t<div class=\"elementor-widget-container\">\n\t\t\t\t\t\t\t\t\t<p>Dies ist die Bauma d'en Noguer, eine H\u00f6hle, die von der Jungsteinzeit (5500 v. Chr.) bis zur Bronzezeit (700 v. Chr.) bewohnt war (auf dem H\u00f6hepunkt der <em>indiketes<\/em>).<\/p>\t\t\t\t\t\t\t\t<\/div>\n\t\t\t\t<\/div>\n\t\t\t\t\t<\/div>\n\t\t\t\t<\/div>\n\t\t<div class=\"elementor-element elementor-element-418c3558 e-flex e-con-boxed e-con e-parent\" data-id=\"418c3558\" data-element_type=\"container\" data-e-type=\"container\">\n\t\t\t\t\t<div class=\"e-con-inner\">\n\t\t\t\t<div class=\"elementor-element elementor-element-6fee0e07 elementor-widget elementor-widget-text-editor\" data-id=\"6fee0e07\" data-element_type=\"widget\" data-e-type=\"widget\" data-widget_type=\"text-editor.default\">\n\t\t\t\t<div class=\"elementor-widget-container\">\n\t\t\t\t\t\t\t\t\t<p class=\" translation-block\">Nach der Besichtigung, um herauszufinden, wo der Weg weitergeht, stehen wir mit dem R\u00fccken zur H\u00f6hle und sehen auf der rechten Seite einen Pfad, der einige Felsen hinauff\u00fchrt. Um \"den Weg\" nicht zu verlieren, m\u00fcssen wir wieder den <span class=\"hiddenSpellError\">GPS-Spuren<\/span> folgen und uns von den kleinen Steinh\u00fcgeln leiten lassen. Nach 800 Metern sto\u00dfen wir auf den Weg, der von Albany\u00e0 herauff\u00fchrt und biegen links ab. Da er mit gelber Farbe markiert ist, f\u00e4llt es nicht schwer, dem Weg zu folgen, bis Sie nach 1,1 Metern auf eine zementierte Stra\u00dfe sto\u00dfen.<\/p>\t\t\t\t\t\t\t\t<\/div>\n\t\t\t\t<\/div>\n\t\t\t\t\t<\/div>\n\t\t\t\t<\/div>\n\t\t<div class=\"elementor-element elementor-element-6f5b3a70 e-flex e-con-boxed e-con e-parent\" data-id=\"6f5b3a70\" data-element_type=\"container\" data-e-type=\"container\">\n\t\t\t\t\t<div class=\"e-con-inner\">\n\t\t<div class=\"elementor-element elementor-element-28f78124 e-con-full e-flex e-con e-child\" data-id=\"28f78124\" data-element_type=\"container\" data-e-type=\"container\">\n\t\t\t\t<div class=\"elementor-element elementor-element-3a53f016 elementor-widget elementor-widget-text-editor\" data-id=\"3a53f016\" data-element_type=\"widget\" data-e-type=\"widget\" data-widget_type=\"text-editor.default\">\n\t\t\t\t<div class=\"elementor-widget-container\">\n\t\t\t\t\t\t\t\t\t<p>Hier biegen wir rechts ab und erreichen nach etwa 150 Metern eine gro\u00dfe Esplanade. Wir nehmen den breiten Feldweg zu unserer Linken und erreichen nach 300 Metern das alte Dorf Lliurona.<\/p><p>In der n\u00e4heren Umgebung wurde eine Vielzahl von Steinwerkzeugen aus dem Jungpal\u00e4olithikum (Altw\u00fcrm) vor etwa 33.000 Jahren gefunden, und es besteht der Verdacht, dass die Besiedlung dieses Gebiets \u00e4lter ist.<\/p>\t\t\t\t\t\t\t\t<\/div>\n\t\t\t\t<\/div>\n\t\t\t\t<\/div>\n\t\t<div class=\"elementor-element elementor-element-632f656e e-con-full e-flex e-con e-child\" data-id=\"632f656e\" data-element_type=\"container\" data-e-type=\"container\">\n\t\t\t\t<div class=\"elementor-element elementor-element-193a1edf elementor-widget elementor-widget-image\" data-id=\"193a1edf\" data-element_type=\"widget\" data-e-type=\"widget\" data-widget_type=\"image.default\">\n\t\t\t\t<div class=\"elementor-widget-container\">\n\t\t\t\t\t\t\t\t\t\t\t\t\t\t\t<img loading=\"lazy\" decoding=\"async\" width=\"800\" height=\"523\" src=\"https:\/\/www.rutadelsindiketes.com\/wp-content\/uploads\/2023\/01\/10-entrada-a-Lliurona-e1674958600389-1024x669.jpg\" class=\"attachment-large size-large wp-image-1978\" alt=\"\" srcset=\"https:\/\/www.rutadelsindiketes.com\/wp-content\/uploads\/2023\/01\/10-entrada-a-Lliurona-e1674958600389-1024x669.jpg 1024w, https:\/\/www.rutadelsindiketes.com\/wp-content\/uploads\/2023\/01\/10-entrada-a-Lliurona-e1674958600389-300x196.jpg 300w, https:\/\/www.rutadelsindiketes.com\/wp-content\/uploads\/2023\/01\/10-entrada-a-Lliurona-e1674958600389-768x502.jpg 768w, https:\/\/www.rutadelsindiketes.com\/wp-content\/uploads\/2023\/01\/10-entrada-a-Lliurona-e1674958600389.jpg 1130w\" sizes=\"(max-width: 800px) 100vw, 800px\" \/>\t\t\t\t\t\t\t\t\t\t\t\t\t\t\t<\/div>\n\t\t\t\t<\/div>\n\t\t\t\t<\/div>\n\t\t\t\t\t<\/div>\n\t\t\t\t<\/div>\n\t\t<div class=\"elementor-element elementor-element-1bd91efd e-flex e-con-boxed e-con e-parent\" data-id=\"1bd91efd\" data-element_type=\"container\" data-e-type=\"container\">\n\t\t\t\t\t<div class=\"e-con-inner\">\n\t\t<div class=\"elementor-element elementor-element-6a8773c4 e-con-full e-flex e-con e-child\" data-id=\"6a8773c4\" data-element_type=\"container\" data-e-type=\"container\">\n\t\t\t\t<div class=\"elementor-element elementor-element-51de9352 elementor-widget elementor-widget-text-editor\" data-id=\"51de9352\" data-element_type=\"widget\" data-e-type=\"widget\" data-widget_type=\"text-editor.default\">\n\t\t\t\t<div class=\"elementor-widget-container\">\n\t\t\t\t\t\t\t\t\t<p>Die erste schriftliche Erw\u00e4hnung des Dorfes stammt aus dem Jahr 1019 unter dem Namen <em>Sancti Andrear von Lorona<\/em>.\u00a0<\/p><p>Die Kirche ist dem Heiligen Andreas geweiht und besa\u00df ein wertvolles Altarbild aus dem 16. Jahrhundert mit Szenen aus dem Leben und dem Martyrium des Heiligen Bartholom\u00e4us, das leider zu Beginn des B\u00fcrgerkriegs zerst\u00f6rt wurde.\u00a0<\/p><p>Unserer Meinung nach ist es auch traurig zu sehen, dass heute, obwohl die Kirche entweiht wurde, Tiersch\u00e4del mit H\u00f6rnern an der Seite des Altars zu sehen sind, die wir nicht einmal fotografieren wollten.<\/p>\t\t\t\t\t\t\t\t<\/div>\n\t\t\t\t<\/div>\n\t\t\t\t<\/div>\n\t\t<div class=\"elementor-element elementor-element-44043c9a e-con-full e-flex e-con e-child\" data-id=\"44043c9a\" data-element_type=\"container\" data-e-type=\"container\">\n\t\t\t\t<div class=\"elementor-element elementor-element-4c1371af elementor-widget elementor-widget-image\" data-id=\"4c1371af\" data-element_type=\"widget\" data-e-type=\"widget\" data-widget_type=\"image.default\">\n\t\t\t\t<div class=\"elementor-widget-container\">\n\t\t\t\t\t\t\t\t\t\t\t\t\t\t\t<img loading=\"lazy\" decoding=\"async\" width=\"800\" height=\"600\" src=\"https:\/\/www.rutadelsindiketes.com\/wp-content\/uploads\/2023\/01\/11-iglesia-de-Sant-Andreu-de-Lliurona-1024x768.jpg\" class=\"attachment-large size-large wp-image-1979\" alt=\"\" srcset=\"https:\/\/www.rutadelsindiketes.com\/wp-content\/uploads\/2023\/01\/11-iglesia-de-Sant-Andreu-de-Lliurona-1024x768.jpg 1024w, https:\/\/www.rutadelsindiketes.com\/wp-content\/uploads\/2023\/01\/11-iglesia-de-Sant-Andreu-de-Lliurona-300x225.jpg 300w, https:\/\/www.rutadelsindiketes.com\/wp-content\/uploads\/2023\/01\/11-iglesia-de-Sant-Andreu-de-Lliurona-768x576.jpg 768w, https:\/\/www.rutadelsindiketes.com\/wp-content\/uploads\/2023\/01\/11-iglesia-de-Sant-Andreu-de-Lliurona.jpg 1136w\" sizes=\"(max-width: 800px) 100vw, 800px\" \/>\t\t\t\t\t\t\t\t\t\t\t\t\t\t\t<\/div>\n\t\t\t\t<\/div>\n\t\t\t\t<\/div>\n\t\t\t\t\t<\/div>\n\t\t\t\t<\/div>\n\t\t<div class=\"elementor-element elementor-element-331fdd2a e-flex e-con-boxed e-con e-parent\" data-id=\"331fdd2a\" data-element_type=\"container\" data-e-type=\"container\">\n\t\t\t\t\t<div class=\"e-con-inner\">\n\t\t<div class=\"elementor-element elementor-element-72c1c51d e-con-full e-flex e-con e-child\" data-id=\"72c1c51d\" data-element_type=\"container\" data-e-type=\"container\">\n\t\t\t\t<div class=\"elementor-element elementor-element-1a10579f elementor-widget elementor-widget-text-editor\" data-id=\"1a10579f\" data-element_type=\"widget\" data-e-type=\"widget\" data-widget_type=\"text-editor.default\">\n\t\t\t\t<div class=\"elementor-widget-container\">\n\t\t\t\t\t\t\t\t\t<p>Ab dem 20. Jahrhundert wurde das Dorf allm\u00e4hlich entv\u00f6lkert, bis es schlie\u00dflich ganz aufgegeben wurde. In den 1980er Jahren wurde es wieder von Neo-Ruralen (\"Hippies\" in Anf\u00fchrungszeichen) bewohnt, denen es sogar gelang, eine Schule einzurichten. Die Spuren dieser alternativen Siedlung sind an verschiedenen Stellen zu sehen.<\/p><p>Lliurona oder Llorona, wie es auch genannt wird, war der Hauptort der Gemeinde Bassegoda, zu der mehrere Ortschaften geh\u00f6rten: Ribelles, Pincar\u00f3, Sant Miquel de Bassegoda, Corsavell und Sous, jede mit ihrer eigenen Kirche.<\/p>\t\t\t\t\t\t\t\t<\/div>\n\t\t\t\t<\/div>\n\t\t\t\t<\/div>\n\t\t<div class=\"elementor-element elementor-element-1e7b4281 e-con-full e-flex e-con e-child\" data-id=\"1e7b4281\" data-element_type=\"container\" data-e-type=\"container\">\n\t\t\t\t<div class=\"elementor-element elementor-element-332c71a6 elementor-widget elementor-widget-image\" data-id=\"332c71a6\" data-element_type=\"widget\" data-e-type=\"widget\" data-widget_type=\"image.default\">\n\t\t\t\t<div class=\"elementor-widget-container\">\n\t\t\t\t\t\t\t\t\t\t\t\t\t\t\t<img loading=\"lazy\" decoding=\"async\" width=\"800\" height=\"570\" src=\"https:\/\/www.rutadelsindiketes.com\/wp-content\/uploads\/2023\/01\/12-letreros-de-Lliurona-e1674958826378-1024x730.jpg\" class=\"attachment-large size-large wp-image-1980\" alt=\"\" srcset=\"https:\/\/www.rutadelsindiketes.com\/wp-content\/uploads\/2023\/01\/12-letreros-de-Lliurona-e1674958826378-1024x730.jpg 1024w, https:\/\/www.rutadelsindiketes.com\/wp-content\/uploads\/2023\/01\/12-letreros-de-Lliurona-e1674958826378-300x214.jpg 300w, https:\/\/www.rutadelsindiketes.com\/wp-content\/uploads\/2023\/01\/12-letreros-de-Lliurona-e1674958826378-768x548.jpg 768w, https:\/\/www.rutadelsindiketes.com\/wp-content\/uploads\/2023\/01\/12-letreros-de-Lliurona-e1674958826378.jpg 1130w\" sizes=\"(max-width: 800px) 100vw, 800px\" \/>\t\t\t\t\t\t\t\t\t\t\t\t\t\t\t<\/div>\n\t\t\t\t<\/div>\n\t\t\t\t<\/div>\n\t\t\t\t\t<\/div>\n\t\t\t\t<\/div>\n\t\t<div class=\"elementor-element elementor-element-3d38a6f3 e-flex e-con-boxed e-con e-parent\" data-id=\"3d38a6f3\" data-element_type=\"container\" data-e-type=\"container\">\n\t\t\t\t\t<div class=\"e-con-inner\">\n\t\t\t\t<div class=\"elementor-element elementor-element-10dfbf2b elementor-widget elementor-widget-text-editor\" data-id=\"10dfbf2b\" data-element_type=\"widget\" data-e-type=\"widget\" data-widget_type=\"text-editor.default\">\n\t\t\t\t<div class=\"elementor-widget-container\">\n\t\t\t\t\t\t\t\t\t<p><span style=\"text-align: var(--text-align); color: var( --e-global-color-dea41e4 ); font-family: var( --e-global-typography-b2ce6af-font-family ), Sans-serif; font-size: var( --e-global-typography-b2ce6af-font-size ); font-weight: var( --e-global-typography-b2ce6af-font-weight ); letter-spacing: var( --e-global-typography-b2ce6af-letter-spacing ); word-spacing: var( --e-global-typography-b2ce6af-word-spacing );\">Zu Beginn des letzten Jahrhunderts gab es hier zwei Herbergen (Ca la Petronila und l'Hostal de L'Ar\u00e7), in denen man \u00fcbernachten konnte.\u00a0<\/span>Nach dem Besuch dieses einzigartigen Dorfes kehren wir auf demselben Weg zur\u00fcck und nehmen dann den Weg, der uns zum Dorf Albany\u00e0 f\u00fchrt.\u00a0<\/p><p>Auf diesem Weg geht es 3,5 Kilometer bergab, bis man auf eine Stra\u00dfe st\u00f6\u00dft, an der man rechts abbiegt, eine Br\u00fccke \u00fcberquert und dann \u00fcber die Carrer de Jaume I nach Albany\u00e0 hineinf\u00e4hrt und \u00fcber die Carrer Sant Pere bis zur gleichnamigen Kirche, dem Ziel der Etappe, weiterf\u00e4hrt.<\/p>\t\t\t\t\t\t\t\t<\/div>\n\t\t\t\t<\/div>\n\t\t\t\t\t<\/div>\n\t\t\t\t<\/div>\n\t\t<div class=\"elementor-element elementor-element-57a7392e e-flex e-con-boxed e-con e-parent\" data-id=\"57a7392e\" data-element_type=\"container\" data-e-type=\"container\">\n\t\t\t\t\t<div class=\"e-con-inner\">\n\t\t\t\t<div class=\"elementor-element elementor-element-19d2207 elementor-widget elementor-widget-image\" data-id=\"19d2207\" data-element_type=\"widget\" data-e-type=\"widget\" data-widget_type=\"image.default\">\n\t\t\t\t<div class=\"elementor-widget-container\">\n\t\t\t\t\t\t\t\t\t\t\t\t\t\t\t<img loading=\"lazy\" decoding=\"async\" width=\"768\" height=\"1024\" src=\"https:\/\/www.rutadelsindiketes.com\/wp-content\/uploads\/2023\/01\/15-Esglesia-dAlbanya-768x1024.jpg\" class=\"attachment-large size-large wp-image-1981\" alt=\"\" srcset=\"https:\/\/www.rutadelsindiketes.com\/wp-content\/uploads\/2023\/01\/15-Esglesia-dAlbanya-768x1024.jpg 768w, https:\/\/www.rutadelsindiketes.com\/wp-content\/uploads\/2023\/01\/15-Esglesia-dAlbanya-225x300.jpg 225w, https:\/\/www.rutadelsindiketes.com\/wp-content\/uploads\/2023\/01\/15-Esglesia-dAlbanya.jpg 852w\" sizes=\"(max-width: 768px) 100vw, 768px\" \/>\t\t\t\t\t\t\t\t\t\t\t\t\t\t\t<\/div>\n\t\t\t\t<\/div>\n\t\t\t\t\t<\/div>\n\t\t\t\t<\/div>\n\t\t<div class=\"elementor-element elementor-element-1f43639 e-flex e-con-boxed e-con e-parent\" data-id=\"1f43639\" data-element_type=\"container\" data-e-type=\"container\">\n\t\t\t\t\t<div class=\"e-con-inner\">\n\t\t\t\t<div class=\"elementor-element elementor-element-ca506f2 elementor-widget elementor-widget-heading\" data-id=\"ca506f2\" data-element_type=\"widget\" data-e-type=\"widget\" data-widget_type=\"heading.default\">\n\t\t\t\t<div class=\"elementor-widget-container\">\n\t\t\t\t\t<h3 class=\"elementor-heading-title elementor-size-default\">Route f\u00fcr Fahrr\u00e4der vom Collet de la Cirera:<\/h3>\t\t\t\t<\/div>\n\t\t\t\t<\/div>\n\t\t\t\t\t<\/div>\n\t\t\t\t<\/div>\n\t\t<div class=\"elementor-element elementor-element-50a98d6b e-flex e-con-boxed e-con e-parent\" data-id=\"50a98d6b\" data-element_type=\"container\" data-e-type=\"container\">\n\t\t\t\t\t<div class=\"e-con-inner\">\n\t\t\t\t<div class=\"elementor-element elementor-element-52523208 elementor-widget elementor-widget-text-editor\" data-id=\"52523208\" data-element_type=\"widget\" data-e-type=\"widget\" data-widget_type=\"text-editor.default\">\n\t\t\t\t<div class=\"elementor-widget-container\">\n\t\t\t\t\t\t\t\t\t<p>Wenn Radfahrer die Bauma d'en Noguer besuchen wollen, m\u00fcssen sie den von Wanderern benutzten Weg nehmen (1,2 km) und dann zum selben Punkt zur\u00fcckkehren.<\/p><p>Um das Dorf Lliurona zu erreichen, folgen Sie demselben Weg 270 Meter bis zu einer Abzweigung, an der Sie den Weg nach rechts nehmen, der Sie zur romanischen Kirche Sant Miquel de Cirera aus dem 11. Jahrhundert f\u00fchrt (die derzeit umfassend restauriert wird).<\/p><p>Dann folgen Sie 4,9 Kilometer lang demselben Weg (Cam\u00ed de l'Olivera) bis zur Kreuzung mit der zementierten Stra\u00dfe, die von Sant Mart\u00ed Sesserres kommt. Hier biegen wir rechts ab und erreichen nach weiteren 4 Kilometern, vorbei an einigen Bauernh\u00f6fen, den Coll de Canals del Carig (744 m).<\/p><p>Nach 800 Metern k\u00f6nnen Sie links auf einen unbefestigten Weg, den \"cam\u00ed de l'esgl\u00e9sia\", abbiegen. Nachdem Sie das Geb\u00e4ude des alten Hostal de l'Ar\u00e7 passiert haben, gelangen Sie in den unteren Teil des kuriosen Dorfes Lliurona.<\/p><p>Nach 360 Metern erreichen Sie die gleiche asphaltierte Stra\u00dfe, von der Sie gekommen sind, und biegen links ab.<\/p><p>Ohne sich zu verirren, erreicht man auf dieser Stra\u00dfe nach 13,5 Kilometern den Campingplatz des Bassegoda-Parks und kurz darauf auf einer normalen Stra\u00dfe das Dorf Albany\u00e0, vor der Kirche Sant Pere, das Ende dieser 37 Kilometer langen Etappe.<\/p>\t\t\t\t\t\t\t\t<\/div>\n\t\t\t\t<\/div>\n\t\t\t\t\t<\/div>\n\t\t\t\t<\/div>\n\t\t<div class=\"elementor-element elementor-element-43aedbb8 e-flex e-con-boxed e-con e-parent\" data-id=\"43aedbb8\" data-element_type=\"container\" data-e-type=\"container\">\n\t\t\t\t\t<div class=\"e-con-inner\">\n\t\t\t\t<div class=\"elementor-element elementor-element-ec0e0f0 elementor-widget elementor-widget-heading\" data-id=\"ec0e0f0\" data-element_type=\"widget\" data-e-type=\"widget\" data-widget_type=\"heading.default\">\n\t\t\t\t<div class=\"elementor-widget-container\">\n\t\t\t\t\t<h3 class=\"elementor-heading-title elementor-size-default\">Unterkunft und praktische Informationen Stufe 17<\/h3>\t\t\t\t<\/div>\n\t\t\t\t<\/div>\n\t\t\t\t\t<\/div>\n\t\t\t\t<\/div>\n\t\t<div class=\"elementor-element elementor-element-2f5fce51 e-flex e-con-boxed e-con e-parent\" data-id=\"2f5fce51\" data-element_type=\"container\" data-e-type=\"container\">\n\t\t\t\t\t<div class=\"e-con-inner\">\n\t\t\t\t<div class=\"elementor-element elementor-element-bd1e35c elementor-widget elementor-widget-text-editor\" data-id=\"bd1e35c\" data-element_type=\"widget\" data-e-type=\"widget\" data-widget_type=\"text-editor.default\">\n\t\t\t\t<div class=\"elementor-widget-container\">\n\t\t\t\t\t\t\t\t\t<p style=\"text-align: center;\"><strong>ALBANY\u00c0<\/strong><\/p><p style=\"text-align: center;\">Obwohl das Dorf Albany\u00e0 sehr klein ist, verf\u00fcgt es \u00fcber mehrere \u00dcbernachtungsm\u00f6glichkeiten, ein Restaurant und einige andere Dienstleistungen. Sie k\u00f6nnen die Website hier besuchen:<\/p><p style=\"text-align: center;\"><a href=\"https:\/\/www.ddgi.cat\/comerc-a-casa\/albanya\/public\/\" target=\"_blank\" rel=\"noopener\"><span style=\"color: #339966;\"><strong>https:\/\/www.ddgi.cat\/comerc-a-casa\/albanya\/public\/<\/strong><\/span><\/a><\/p>\t\t\t\t\t\t\t\t<\/div>\n\t\t\t\t<\/div>\n\t\t\t\t\t<\/div>\n\t\t\t\t<\/div>\n\t\t\t\t<\/div>","protected":false},"excerpt":{"rendered":"<p>ETAPA 17 SANT LLOREN\u00c7 &#8211; ALBANY\u00c0 Distancia: 19,4 km Nivel dificultad: NORMAL Altitud m\u00e1xima: 805 Altitud m\u00ednima: 170 Desnivel positivo: 1703 Desnivel negativo: 1649 GPX GPX Etapa 17: SANT LLOREN\u00c7 &#8211; ALBANY\u00c0 Nota para los que van en bicicleta: Esta etapa, pasado el kil\u00f3metro 10 ser\u00e1 bastante diferente comparado con los que vayan a pie. [&hellip;]<\/p>","protected":false},"author":2,"featured_media":0,"parent":0,"menu_order":0,"comment_status":"closed","ping_status":"closed","template":"","meta":{"footnotes":""},"class_list":["post-1266","page","type-page","status-publish","hentry"],"yoast_head":"<!-- This site is optimized with the Yoast SEO plugin v27.2 - https:\/\/yoast.com\/product\/yoast-seo-wordpress\/ -->\n<title>Etapa 17 - Sant Lloren\u00e7 de la Muga - Albany\u00e0-Ruta dels Indiketes<\/title>\n<meta name=\"robots\" content=\"index, follow, max-snippet:-1, max-image-preview:large, max-video-preview:-1\" \/>\n<link rel=\"canonical\" href=\"https:\/\/www.rutadelsindiketes.com\/de\/etappe-17-sant-llorenc-de-la-muga-albanya\/\" \/>\n<meta property=\"og:locale\" content=\"de_DE\" \/>\n<meta property=\"og:type\" content=\"article\" \/>\n<meta property=\"og:title\" content=\"Etapa 17 - Sant Lloren\u00e7 de la Muga - Albany\u00e0-Ruta dels Indiketes\" \/>\n<meta property=\"og:description\" content=\"ETAPA 17 SANT LLOREN\u00c7 &#8211; ALBANY\u00c0 Distancia: 19,4 km Nivel dificultad: NORMAL Altitud m\u00e1xima: 805 Altitud m\u00ednima: 170 Desnivel positivo: 1703 Desnivel negativo: 1649 GPX GPX Etapa 17: SANT LLOREN\u00c7 &#8211; ALBANY\u00c0 Nota para los que van en bicicleta: Esta etapa, pasado el kil\u00f3metro 10 ser\u00e1 bastante diferente comparado con los que vayan a pie. [&hellip;]\" \/>\n<meta property=\"og:url\" content=\"https:\/\/www.rutadelsindiketes.com\/de\/etappe-17-sant-llorenc-de-la-muga-albanya\/\" \/>\n<meta property=\"og:site_name\" content=\"Ruta dels Indiketes\" \/>\n<meta property=\"article:modified_time\" content=\"2024-09-02T19:41:14+00:00\" \/>\n<meta property=\"og:image\" content=\"https:\/\/www.rutadelsindiketes.com\/wp-content\/uploads\/2023\/01\/Perfil-etapa-17.png\" \/>\n<meta name=\"twitter:card\" content=\"summary_large_image\" \/>\n<meta name=\"twitter:label1\" content=\"Gesch\u00e4tzte Lesezeit\" \/>\n\t<meta name=\"twitter:data1\" content=\"7\u00a0Minuten\" \/>\n<script type=\"application\/ld+json\" class=\"yoast-schema-graph\">{\"@context\":\"https:\/\/schema.org\",\"@graph\":[{\"@type\":\"WebPage\",\"@id\":\"https:\/\/www.rutadelsindiketes.com\/etapa-17-sant-llorenc-de-la-muga-albanya\/\",\"url\":\"https:\/\/www.rutadelsindiketes.com\/etapa-17-sant-llorenc-de-la-muga-albanya\/\",\"name\":\"Etapa 17 - Sant Lloren\u00e7 de la Muga - Albany\u00e0-Ruta dels Indiketes\",\"isPartOf\":{\"@id\":\"https:\/\/www.rutadelsindiketes.com\/#website\"},\"primaryImageOfPage\":{\"@id\":\"https:\/\/www.rutadelsindiketes.com\/etapa-17-sant-llorenc-de-la-muga-albanya\/#primaryimage\"},\"image\":{\"@id\":\"https:\/\/www.rutadelsindiketes.com\/etapa-17-sant-llorenc-de-la-muga-albanya\/#primaryimage\"},\"thumbnailUrl\":\"https:\/\/www.rutadelsindiketes.com\/wp-content\/uploads\/2023\/01\/Perfil-etapa-17.png\",\"datePublished\":\"2022-12-13T14:23:50+00:00\",\"dateModified\":\"2024-09-02T19:41:14+00:00\",\"breadcrumb\":{\"@id\":\"https:\/\/www.rutadelsindiketes.com\/etapa-17-sant-llorenc-de-la-muga-albanya\/#breadcrumb\"},\"inLanguage\":\"de\",\"potentialAction\":[{\"@type\":\"ReadAction\",\"target\":[\"https:\/\/www.rutadelsindiketes.com\/etapa-17-sant-llorenc-de-la-muga-albanya\/\"]}]},{\"@type\":\"ImageObject\",\"inLanguage\":\"de\",\"@id\":\"https:\/\/www.rutadelsindiketes.com\/etapa-17-sant-llorenc-de-la-muga-albanya\/#primaryimage\",\"url\":\"https:\/\/www.rutadelsindiketes.com\/wp-content\/uploads\/2023\/01\/Perfil-etapa-17.png\",\"contentUrl\":\"https:\/\/www.rutadelsindiketes.com\/wp-content\/uploads\/2023\/01\/Perfil-etapa-17.png\"},{\"@type\":\"BreadcrumbList\",\"@id\":\"https:\/\/www.rutadelsindiketes.com\/etapa-17-sant-llorenc-de-la-muga-albanya\/#breadcrumb\",\"itemListElement\":[{\"@type\":\"ListItem\",\"position\":1,\"name\":\"Portada\",\"item\":\"https:\/\/www.rutadelsindiketes.com\/ca\/\"},{\"@type\":\"ListItem\",\"position\":2,\"name\":\"Etapa 17 &#8211; Sant Lloren\u00e7 de la Muga &#8211; Albany\u00e0\"}]},{\"@type\":\"WebSite\",\"@id\":\"https:\/\/www.rutadelsindiketes.com\/#website\",\"url\":\"https:\/\/www.rutadelsindiketes.com\/\",\"name\":\"Ruta dels Indiketes\",\"description\":\"S&oacute;lo otro sitio de WordPress\",\"potentialAction\":[{\"@type\":\"SearchAction\",\"target\":{\"@type\":\"EntryPoint\",\"urlTemplate\":\"https:\/\/www.rutadelsindiketes.com\/?s={search_term_string}\"},\"query-input\":{\"@type\":\"PropertyValueSpecification\",\"valueRequired\":true,\"valueName\":\"search_term_string\"}}],\"inLanguage\":\"de\"}]}<\/script>\n<!-- \/ Yoast SEO plugin. -->","yoast_head_json":{"title":"Etapa 17 - Sant Lloren\u00e7 de la Muga - Albany\u00e0-Ruta dels Indiketes","robots":{"index":"index","follow":"follow","max-snippet":"max-snippet:-1","max-image-preview":"max-image-preview:large","max-video-preview":"max-video-preview:-1"},"canonical":"https:\/\/www.rutadelsindiketes.com\/de\/etappe-17-sant-llorenc-de-la-muga-albanya\/","og_locale":"de_DE","og_type":"article","og_title":"Etapa 17 - Sant Lloren\u00e7 de la Muga - Albany\u00e0-Ruta dels Indiketes","og_description":"ETAPA 17 SANT LLOREN\u00c7 &#8211; ALBANY\u00c0 Distancia: 19,4 km Nivel dificultad: NORMAL Altitud m\u00e1xima: 805 Altitud m\u00ednima: 170 Desnivel positivo: 1703 Desnivel negativo: 1649 GPX GPX Etapa 17: SANT LLOREN\u00c7 &#8211; ALBANY\u00c0 Nota para los que van en bicicleta: Esta etapa, pasado el kil\u00f3metro 10 ser\u00e1 bastante diferente comparado con los que vayan a pie. [&hellip;]","og_url":"https:\/\/www.rutadelsindiketes.com\/de\/etappe-17-sant-llorenc-de-la-muga-albanya\/","og_site_name":"Ruta dels Indiketes","article_modified_time":"2024-09-02T19:41:14+00:00","og_image":[{"url":"https:\/\/www.rutadelsindiketes.com\/wp-content\/uploads\/2023\/01\/Perfil-etapa-17.png","type":"","width":"","height":""}],"twitter_card":"summary_large_image","twitter_misc":{"Gesch\u00e4tzte Lesezeit":"7\u00a0Minuten"},"schema":{"@context":"https:\/\/schema.org","@graph":[{"@type":"WebPage","@id":"https:\/\/www.rutadelsindiketes.com\/etapa-17-sant-llorenc-de-la-muga-albanya\/","url":"https:\/\/www.rutadelsindiketes.com\/etapa-17-sant-llorenc-de-la-muga-albanya\/","name":"Etapa 17 - Sant Lloren\u00e7 de la Muga - Albany\u00e0-Ruta dels Indiketes","isPartOf":{"@id":"https:\/\/www.rutadelsindiketes.com\/#website"},"primaryImageOfPage":{"@id":"https:\/\/www.rutadelsindiketes.com\/etapa-17-sant-llorenc-de-la-muga-albanya\/#primaryimage"},"image":{"@id":"https:\/\/www.rutadelsindiketes.com\/etapa-17-sant-llorenc-de-la-muga-albanya\/#primaryimage"},"thumbnailUrl":"https:\/\/www.rutadelsindiketes.com\/wp-content\/uploads\/2023\/01\/Perfil-etapa-17.png","datePublished":"2022-12-13T14:23:50+00:00","dateModified":"2024-09-02T19:41:14+00:00","breadcrumb":{"@id":"https:\/\/www.rutadelsindiketes.com\/etapa-17-sant-llorenc-de-la-muga-albanya\/#breadcrumb"},"inLanguage":"de","potentialAction":[{"@type":"ReadAction","target":["https:\/\/www.rutadelsindiketes.com\/etapa-17-sant-llorenc-de-la-muga-albanya\/"]}]},{"@type":"ImageObject","inLanguage":"de","@id":"https:\/\/www.rutadelsindiketes.com\/etapa-17-sant-llorenc-de-la-muga-albanya\/#primaryimage","url":"https:\/\/www.rutadelsindiketes.com\/wp-content\/uploads\/2023\/01\/Perfil-etapa-17.png","contentUrl":"https:\/\/www.rutadelsindiketes.com\/wp-content\/uploads\/2023\/01\/Perfil-etapa-17.png"},{"@type":"BreadcrumbList","@id":"https:\/\/www.rutadelsindiketes.com\/etapa-17-sant-llorenc-de-la-muga-albanya\/#breadcrumb","itemListElement":[{"@type":"ListItem","position":1,"name":"Portada","item":"https:\/\/www.rutadelsindiketes.com\/ca\/"},{"@type":"ListItem","position":2,"name":"Etapa 17 &#8211; Sant Lloren\u00e7 de la Muga &#8211; Albany\u00e0"}]},{"@type":"WebSite","@id":"https:\/\/www.rutadelsindiketes.com\/#website","url":"https:\/\/www.rutadelsindiketes.com\/","name":"Ruta dels Indiketes","description":"S&oacute;lo otro sitio de WordPress","potentialAction":[{"@type":"SearchAction","target":{"@type":"EntryPoint","urlTemplate":"https:\/\/www.rutadelsindiketes.com\/?s={search_term_string}"},"query-input":{"@type":"PropertyValueSpecification","valueRequired":true,"valueName":"search_term_string"}}],"inLanguage":"de"}]}},"_links":{"self":[{"href":"https:\/\/www.rutadelsindiketes.com\/de\/wp-json\/wp\/v2\/pages\/1266","targetHints":{"allow":["GET"]}}],"collection":[{"href":"https:\/\/www.rutadelsindiketes.com\/de\/wp-json\/wp\/v2\/pages"}],"about":[{"href":"https:\/\/www.rutadelsindiketes.com\/de\/wp-json\/wp\/v2\/types\/page"}],"author":[{"embeddable":true,"href":"https:\/\/www.rutadelsindiketes.com\/de\/wp-json\/wp\/v2\/users\/2"}],"replies":[{"embeddable":true,"href":"https:\/\/www.rutadelsindiketes.com\/de\/wp-json\/wp\/v2\/comments?post=1266"}],"version-history":[{"count":55,"href":"https:\/\/www.rutadelsindiketes.com\/de\/wp-json\/wp\/v2\/pages\/1266\/revisions"}],"predecessor-version":[{"id":4672,"href":"https:\/\/www.rutadelsindiketes.com\/de\/wp-json\/wp\/v2\/pages\/1266\/revisions\/4672"}],"wp:attachment":[{"href":"https:\/\/www.rutadelsindiketes.com\/de\/wp-json\/wp\/v2\/media?parent=1266"}],"curies":[{"name":"wp","href":"https:\/\/api.w.org\/{rel}","templated":true}]}}