{"id":1274,"date":"2022-12-13T15:24:58","date_gmt":"2022-12-13T14:24:58","guid":{"rendered":"https:\/\/www.rutadelsindiketes.com\/?page_id=1274"},"modified":"2024-11-24T17:43:14","modified_gmt":"2024-11-24T16:43:14","slug":"etapa-22-espolla-llanca","status":"publish","type":"page","link":"https:\/\/www.rutadelsindiketes.com\/de\/stufe-22-spike-llanca\/","title":{"rendered":"Etappe 22 - Espolla - Llan\u00e7\u00e0"},"content":{"rendered":"<div data-elementor-type=\"wp-page\" data-elementor-id=\"1274\" class=\"elementor elementor-1274\" data-elementor-post-type=\"page\">\n\t\t\t\t\t\t<section class=\"elementor-section elementor-top-section elementor-element elementor-element-4161d5af elementor-section-height-min-height elementor-section-content-middle elementor-section-boxed elementor-section-height-default elementor-section-items-middle\" data-id=\"4161d5af\" data-element_type=\"section\" data-e-type=\"section\" id=\"entrada\" data-settings=\"{&quot;background_background&quot;:&quot;classic&quot;}\">\n\t\t\t\t\t\t\t<div class=\"elementor-background-overlay\"><\/div>\n\t\t\t\t\t\t\t<div class=\"elementor-container elementor-column-gap-default\">\n\t\t\t\t\t<div class=\"elementor-column elementor-col-100 elementor-top-column elementor-element elementor-element-250f815b\" data-id=\"250f815b\" data-element_type=\"column\" data-e-type=\"column\" data-settings=\"{&quot;background_background&quot;:&quot;classic&quot;}\">\n\t\t\t<div class=\"elementor-widget-wrap elementor-element-populated\">\n\t\t\t\t\t<div class=\"elementor-background-overlay\"><\/div>\n\t\t\t\t\t\t<div class=\"elementor-element elementor-element-8c5db87 elementor-widget elementor-widget-heading\" data-id=\"8c5db87\" data-element_type=\"widget\" data-e-type=\"widget\" data-widget_type=\"heading.default\">\n\t\t\t\t<div class=\"elementor-widget-container\">\n\t\t\t\t\t<h1 class=\"elementor-heading-title elementor-size-default\">STUFE 22<\/h1>\t\t\t\t<\/div>\n\t\t\t\t<\/div>\n\t\t\t\t<div class=\"elementor-element elementor-element-8501329 elementor-widget elementor-widget-heading\" data-id=\"8501329\" data-element_type=\"widget\" data-e-type=\"widget\" data-widget_type=\"heading.default\">\n\t\t\t\t<div class=\"elementor-widget-container\">\n\t\t\t\t\t<h2 class=\"elementor-heading-title elementor-size-default\">ESPOLLA - LLAN\u00c7\u00c0<\/h2>\t\t\t\t<\/div>\n\t\t\t\t<\/div>\n\t\t\t\t<div class=\"elementor-element elementor-element-cc4a6ba elementor-widget elementor-widget-spacer\" data-id=\"cc4a6ba\" data-element_type=\"widget\" data-e-type=\"widget\" data-widget_type=\"spacer.default\">\n\t\t\t\t<div class=\"elementor-widget-container\">\n\t\t\t\t\t\t\t<div class=\"elementor-spacer\">\n\t\t\t<div class=\"elementor-spacer-inner\"><\/div>\n\t\t<\/div>\n\t\t\t\t\t\t<\/div>\n\t\t\t\t<\/div>\n\t\t\t\t<div class=\"elementor-element elementor-element-4863b3f6 elementor-icon-list--layout-inline elementor-align-center elementor-list-item-link-full_width elementor-widget elementor-widget-icon-list\" data-id=\"4863b3f6\" data-element_type=\"widget\" data-e-type=\"widget\" data-widget_type=\"icon-list.default\">\n\t\t\t\t<div class=\"elementor-widget-container\">\n\t\t\t\t\t\t\t<ul class=\"elementor-icon-list-items elementor-inline-items\">\n\t\t\t\t\t\t\t<li class=\"elementor-icon-list-item elementor-inline-item\">\n\t\t\t\t\t\t\t\t\t\t\t<span class=\"elementor-icon-list-icon\">\n\t\t\t\t\t\t\t<svg aria-hidden=\"true\" class=\"e-font-icon-svg e-fas-ruler\" viewbox=\"0 0 640 512\" xmlns=\"http:\/\/www.w3.org\/2000\/svg\"><path d=\"M635.7 167.2L556.1 31.7c-8.8-15-28.3-20.1-43.5-11.5l-69 39.1L503.3 161c2.2 3.8.9 8.5-2.9 10.7l-13.8 7.8c-3.8 2.2-8.7.9-10.9-2.9L416 75l-55.2 31.3 27.9 47.4c2.2 3.8.9 8.5-2.9 10.7l-13.8 7.8c-3.8 2.2-8.7.9-10.9-2.9L333.2 122 278 153.3 337.8 255c2.2 3.7.9 8.5-2.9 10.7l-13.8 7.8c-3.8 2.2-8.7.9-10.9-2.9l-59.7-101.7-55.2 31.3 27.9 47.4c2.2 3.8.9 8.5-2.9 10.7l-13.8 7.8c-3.8 2.2-8.7.9-10.9-2.9l-27.9-47.5-55.2 31.3 59.7 101.7c2.2 3.7.9 8.5-2.9 10.7l-13.8 7.8c-3.8 2.2-8.7.9-10.9-2.9L84.9 262.9l-69 39.1C.7 310.7-4.6 329.8 4.2 344.8l79.6 135.6c8.8 15 28.3 20.1 43.5 11.5L624.1 210c15.2-8.6 20.4-27.8 11.6-42.8z\"><\/path><\/svg>\t\t\t\t\t\t<\/span>\n\t\t\t\t\t\t\t\t\t\t<span class=\"elementor-icon-list-text\">Strecke: 27,3 km <\/span>\n\t\t\t\t\t\t\t\t\t<\/li>\n\t\t\t\t\t\t\t\t<li class=\"elementor-icon-list-item elementor-inline-item\">\n\t\t\t\t\t\t\t\t\t\t\t<span class=\"elementor-icon-list-icon\">\n\t\t\t\t\t\t\t<svg aria-hidden=\"true\" class=\"e-font-icon-svg e-fas-trophy\" viewbox=\"0 0 576 512\" xmlns=\"http:\/\/www.w3.org\/2000\/svg\"><path d=\"M552 64H448V24c0-13.3-10.7-24-24-24H152c-13.3 0-24 10.7-24 24v40H24C10.7 64 0 74.7 0 88v56c0 35.7 22.5 72.4 61.9 100.7 31.5 22.7 69.8 37.1 110 41.7C203.3 338.5 240 360 240 360v72h-48c-35.3 0-64 20.7-64 56v12c0 6.6 5.4 12 12 12h296c6.6 0 12-5.4 12-12v-12c0-35.3-28.7-56-64-56h-48v-72s36.7-21.5 68.1-73.6c40.3-4.6 78.6-19 110-41.7 39.3-28.3 61.9-65 61.9-100.7V88c0-13.3-10.7-24-24-24zM99.3 192.8C74.9 175.2 64 155.6 64 144v-16h64.2c1 32.6 5.8 61.2 12.8 86.2-15.1-5.2-29.2-12.4-41.7-21.4zM512 144c0 16.1-17.7 36.1-35.3 48.8-12.5 9-26.7 16.2-41.8 21.4 7-25 11.8-53.6 12.8-86.2H512v16z\"><\/path><\/svg>\t\t\t\t\t\t<\/span>\n\t\t\t\t\t\t\t\t\t\t<span class=\"elementor-icon-list-text\">Schwierigkeitsgrad: Schwer<\/span>\n\t\t\t\t\t\t\t\t\t<\/li>\n\t\t\t\t\t\t\t\t<li class=\"elementor-icon-list-item elementor-inline-item\">\n\t\t\t\t\t\t\t\t\t\t\t<span class=\"elementor-icon-list-icon\">\n\t\t\t\t\t\t\t<svg aria-hidden=\"true\" class=\"e-font-icon-svg e-fas-sort-amount-up-alt\" viewbox=\"0 0 512 512\" xmlns=\"http:\/\/www.w3.org\/2000\/svg\"><path d=\"M240 96h64a16 16 0 0 0 16-16V48a16 16 0 0 0-16-16h-64a16 16 0 0 0-16 16v32a16 16 0 0 0 16 16zm0 128h128a16 16 0 0 0 16-16v-32a16 16 0 0 0-16-16H240a16 16 0 0 0-16 16v32a16 16 0 0 0 16 16zm256 192H240a16 16 0 0 0-16 16v32a16 16 0 0 0 16 16h256a16 16 0 0 0 16-16v-32a16 16 0 0 0-16-16zm-256-64h192a16 16 0 0 0 16-16v-32a16 16 0 0 0-16-16H240a16 16 0 0 0-16 16v32a16 16 0 0 0 16 16zM16 160h48v304a16 16 0 0 0 16 16h32a16 16 0 0 0 16-16V160h48c14.21 0 21.39-17.24 11.31-27.31l-80-96a16 16 0 0 0-22.62 0l-80 96C-5.35 142.74 1.78 160 16 160z\"><\/path><\/svg>\t\t\t\t\t\t<\/span>\n\t\t\t\t\t\t\t\t\t\t<span class=\"elementor-icon-list-text\">H\u00f6he max: 428<\/span>\n\t\t\t\t\t\t\t\t\t<\/li>\n\t\t\t\t\t\t\t\t<li class=\"elementor-icon-list-item elementor-inline-item\">\n\t\t\t\t\t\t\t\t\t\t\t<span class=\"elementor-icon-list-icon\">\n\t\t\t\t\t\t\t<svg aria-hidden=\"true\" class=\"e-font-icon-svg e-fas-sort-amount-down-alt\" viewbox=\"0 0 512 512\" xmlns=\"http:\/\/www.w3.org\/2000\/svg\"><path d=\"M240 96h64a16 16 0 0 0 16-16V48a16 16 0 0 0-16-16h-64a16 16 0 0 0-16 16v32a16 16 0 0 0 16 16zm0 128h128a16 16 0 0 0 16-16v-32a16 16 0 0 0-16-16H240a16 16 0 0 0-16 16v32a16 16 0 0 0 16 16zm256 192H240a16 16 0 0 0-16 16v32a16 16 0 0 0 16 16h256a16 16 0 0 0 16-16v-32a16 16 0 0 0-16-16zm-256-64h192a16 16 0 0 0 16-16v-32a16 16 0 0 0-16-16H240a16 16 0 0 0-16 16v32a16 16 0 0 0 16 16zm-64 0h-48V48a16 16 0 0 0-16-16H80a16 16 0 0 0-16 16v304H16c-14.19 0-21.37 17.24-11.29 27.31l80 96a16 16 0 0 0 22.62 0l80-96C197.35 369.26 190.22 352 176 352z\"><\/path><\/svg>\t\t\t\t\t\t<\/span>\n\t\t\t\t\t\t\t\t\t\t<span class=\"elementor-icon-list-text\">H\u00f6he min: 6<\/span>\n\t\t\t\t\t\t\t\t\t<\/li>\n\t\t\t\t\t\t\t\t<li class=\"elementor-icon-list-item elementor-inline-item\">\n\t\t\t\t\t\t\t\t\t\t\t<span class=\"elementor-icon-list-icon\">\n\t\t\t\t\t\t\t<svg aria-hidden=\"true\" class=\"e-font-icon-svg e-fas-slash\" viewbox=\"0 0 640 512\" xmlns=\"http:\/\/www.w3.org\/2000\/svg\"><path d=\"M594.53 508.63L6.18 53.9c-6.97-5.42-8.23-15.47-2.81-22.45L23.01 6.18C28.43-.8 38.49-2.06 45.47 3.37L633.82 458.1c6.97 5.42 8.23 15.47 2.81 22.45l-19.64 25.27c-5.42 6.98-15.48 8.23-22.46 2.81z\"><\/path><\/svg>\t\t\t\t\t\t<\/span>\n\t\t\t\t\t\t\t\t\t\t<span class=\"elementor-icon-list-text\">Aufstieg: 1543<\/span>\n\t\t\t\t\t\t\t\t\t<\/li>\n\t\t\t\t\t\t\t\t<li class=\"elementor-icon-list-item elementor-inline-item\">\n\t\t\t\t\t\t\t\t\t\t\t<span class=\"elementor-icon-list-icon\">\n\t\t\t\t\t\t\t<svg aria-hidden=\"true\" class=\"e-font-icon-svg e-fas-slash\" viewbox=\"0 0 640 512\" xmlns=\"http:\/\/www.w3.org\/2000\/svg\"><path d=\"M594.53 508.63L6.18 53.9c-6.97-5.42-8.23-15.47-2.81-22.45L23.01 6.18C28.43-.8 38.49-2.06 45.47 3.37L633.82 458.1c6.97 5.42 8.23 15.47 2.81 22.45l-19.64 25.27c-5.42 6.98-15.48 8.23-22.46 2.81z\"><\/path><\/svg>\t\t\t\t\t\t<\/span>\n\t\t\t\t\t\t\t\t\t\t<span class=\"elementor-icon-list-text\">Abstieg: 1652<\/span>\n\t\t\t\t\t\t\t\t\t<\/li>\n\t\t\t\t\t\t<\/ul>\n\t\t\t\t\t\t<\/div>\n\t\t\t\t<\/div>\n\t\t\t\t<div class=\"elementor-element elementor-element-80428c6 elementor-widget elementor-widget-image\" data-id=\"80428c6\" data-element_type=\"widget\" data-e-type=\"widget\" data-widget_type=\"image.default\">\n\t\t\t\t<div class=\"elementor-widget-container\">\n\t\t\t\t\t\t\t\t\t\t\t\t\t\t\t\t<a href=\"https:\/\/www.rutadelsindiketes.com\/wp-content\/uploads\/2023\/01\/Perfil-etapa-22.png\" data-elementor-open-lightbox=\"yes\" data-elementor-lightbox-title=\"Perfil etapa 22\" data-e-action-hash=\"#elementor-action%3Aaction%3Dlightbox%26settings%3DeyJpZCI6MjEzMywidXJsIjoiaHR0cHM6XC9cL3d3dy5ydXRhZGVsc2luZGlrZXRlcy5jb21cL3dwLWNvbnRlbnRcL3VwbG9hZHNcLzIwMjNcLzAxXC9QZXJmaWwtZXRhcGEtMjIucG5nIn0%3D\">\n\t\t\t\t\t\t\t<img fetchpriority=\"high\" decoding=\"async\" width=\"800\" height=\"300\" src=\"https:\/\/www.rutadelsindiketes.com\/wp-content\/uploads\/2023\/01\/Perfil-etapa-22.png\" class=\"attachment-large size-large wp-image-2133\" alt=\"\" srcset=\"https:\/\/www.rutadelsindiketes.com\/wp-content\/uploads\/2023\/01\/Perfil-etapa-22.png 960w, https:\/\/www.rutadelsindiketes.com\/wp-content\/uploads\/2023\/01\/Perfil-etapa-22-300x113.png 300w, https:\/\/www.rutadelsindiketes.com\/wp-content\/uploads\/2023\/01\/Perfil-etapa-22-768x288.png 768w\" sizes=\"(max-width: 800px) 100vw, 800px\" \/>\t\t\t\t\t\t\t\t<\/a>\n\t\t\t\t\t\t\t\t\t\t\t\t\t\t\t<\/div>\n\t\t\t\t<\/div>\n\t\t\t\t\t<\/div>\n\t\t<\/div>\n\t\t\t\t\t<\/div>\n\t\t<\/section>\n\t\t\t\t<section class=\"elementor-section elementor-top-section elementor-element elementor-element-77174f7 elementor-section-boxed elementor-section-height-default elementor-section-height-default\" data-id=\"77174f7\" data-element_type=\"section\" data-e-type=\"section\">\n\t\t\t\t\t\t<div class=\"elementor-container elementor-column-gap-default\">\n\t\t\t\t\t<div class=\"elementor-column elementor-col-100 elementor-top-column elementor-element elementor-element-d2b5570\" data-id=\"d2b5570\" data-element_type=\"column\" data-e-type=\"column\">\n\t\t\t<div class=\"elementor-widget-wrap elementor-element-populated\">\n\t\t\t\t\t\t<div class=\"elementor-element elementor-element-9a1b656 elementor-align-center elementor-widget__width-auto elementor-widget elementor-widget-button\" data-id=\"9a1b656\" data-element_type=\"widget\" data-e-type=\"widget\" data-widget_type=\"button.default\">\n\t\t\t\t<div class=\"elementor-widget-container\">\n\t\t\t\t\t\t\t\t\t<div class=\"elementor-button-wrapper\">\n\t\t\t\t\t<a class=\"elementor-button elementor-button-link elementor-size-sm\" href=\"https:\/\/www.rutadelsindiketes.com\/wp-content\/uploads\/2024\/05\/Tracks-Espolla-a-Llanca-a-peu.gpx\">\n\t\t\t\t\t\t<span class=\"elementor-button-content-wrapper\">\n\t\t\t\t\t\t<span class=\"elementor-button-icon\">\n\t\t\t\t<svg aria-hidden=\"true\" class=\"e-font-icon-svg e-fas-walking\" viewbox=\"0 0 320 512\" xmlns=\"http:\/\/www.w3.org\/2000\/svg\"><path d=\"M208 96c26.5 0 48-21.5 48-48S234.5 0 208 0s-48 21.5-48 48 21.5 48 48 48zm94.5 149.1l-23.3-11.8-9.7-29.4c-14.7-44.6-55.7-75.8-102.2-75.9-36-.1-55.9 10.1-93.3 25.2-21.6 8.7-39.3 25.2-49.7 46.2L17.6 213c-7.8 15.8-1.5 35 14.2 42.9 15.6 7.9 34.6 1.5 42.5-14.3L81 228c3.5-7 9.3-12.5 16.5-15.4l26.8-10.8-15.2 60.7c-5.2 20.8.4 42.9 14.9 58.8l59.9 65.4c7.2 7.9 12.3 17.4 14.9 27.7l18.3 73.3c4.3 17.1 21.7 27.6 38.8 23.3 17.1-4.3 27.6-21.7 23.3-38.8l-22.2-89c-2.6-10.3-7.7-19.9-14.9-27.7l-45.5-49.7 17.2-68.7 5.5 16.5c5.3 16.1 16.7 29.4 31.7 37l23.3 11.8c15.6 7.9 34.6 1.5 42.5-14.3 7.7-15.7 1.4-35.1-14.3-43zM73.6 385.8c-3.2 8.1-8 15.4-14.2 21.5l-50 50.1c-12.5 12.5-12.5 32.8 0 45.3s32.7 12.5 45.2 0l59.4-59.4c6.1-6.1 10.9-13.4 14.2-21.5l13.5-33.8c-55.3-60.3-38.7-41.8-47.4-53.7l-20.7 51.5z\"><\/path><\/svg>\t\t\t<\/span>\n\t\t\t\t\t\t\t\t\t<span class=\"elementor-button-text\">GPX<\/span>\n\t\t\t\t\t<\/span>\n\t\t\t\t\t<\/a>\n\t\t\t\t<\/div>\n\t\t\t\t\t\t\t\t<\/div>\n\t\t\t\t<\/div>\n\t\t\t\t<div class=\"elementor-element elementor-element-1fcb3e2 elementor-align-center elementor-widget__width-auto elementor-widget elementor-widget-button\" data-id=\"1fcb3e2\" data-element_type=\"widget\" data-e-type=\"widget\" data-widget_type=\"button.default\">\n\t\t\t\t<div class=\"elementor-widget-container\">\n\t\t\t\t\t\t\t\t\t<div class=\"elementor-button-wrapper\">\n\t\t\t\t\t<a class=\"elementor-button elementor-button-link elementor-size-sm\" href=\"https:\/\/www.rutadelsindiketes.com\/wp-content\/uploads\/2024\/09\/Espolla-a-Llanca-amb-bicicleta.gpx\">\n\t\t\t\t\t\t<span class=\"elementor-button-content-wrapper\">\n\t\t\t\t\t\t<span class=\"elementor-button-icon\">\n\t\t\t\t<svg aria-hidden=\"true\" class=\"e-font-icon-svg e-fas-bicycle\" viewbox=\"0 0 640 512\" xmlns=\"http:\/\/www.w3.org\/2000\/svg\"><path d=\"M512.509 192.001c-16.373-.064-32.03 2.955-46.436 8.495l-77.68-125.153A24 24 0 0 0 368.001 64h-64c-8.837 0-16 7.163-16 16v16c0 8.837 7.163 16 16 16h50.649l14.896 24H256.002v-16c0-8.837-7.163-16-16-16h-87.459c-13.441 0-24.777 10.999-24.536 24.437.232 13.044 10.876 23.563 23.995 23.563h48.726l-29.417 47.52c-13.433-4.83-27.904-7.483-42.992-7.52C58.094 191.83.412 249.012.002 319.236-.413 390.279 57.055 448 128.002 448c59.642 0 109.758-40.793 123.967-96h52.033a24 24 0 0 0 20.406-11.367L410.37 201.77l14.938 24.067c-25.455 23.448-41.385 57.081-41.307 94.437.145 68.833 57.899 127.051 126.729 127.719 70.606.685 128.181-55.803 129.255-125.996 1.086-70.941-56.526-129.72-127.476-129.996zM186.75 265.772c9.727 10.529 16.673 23.661 19.642 38.228h-43.306l23.664-38.228zM128.002 400c-44.112 0-80-35.888-80-80s35.888-80 80-80c5.869 0 11.586.653 17.099 1.859l-45.505 73.509C89.715 331.327 101.213 352 120.002 352h81.3c-12.37 28.225-40.562 48-73.3 48zm162.63-96h-35.624c-3.96-31.756-19.556-59.894-42.383-80.026L237.371 184h127.547l-74.286 120zm217.057 95.886c-41.036-2.165-74.049-35.692-75.627-76.755-.812-21.121 6.633-40.518 19.335-55.263l44.433 71.586c4.66 7.508 14.524 9.816 22.032 5.156l13.594-8.437c7.508-4.66 9.817-14.524 5.156-22.032l-44.468-71.643a79.901 79.901 0 0 1 19.858-2.497c44.112 0 80 35.888 80 80-.001 45.54-38.252 82.316-84.313 79.885z\"><\/path><\/svg>\t\t\t<\/span>\n\t\t\t\t\t\t\t\t\t<span class=\"elementor-button-text\">GPX<\/span>\n\t\t\t\t\t<\/span>\n\t\t\t\t\t<\/a>\n\t\t\t\t<\/div>\n\t\t\t\t\t\t\t\t<\/div>\n\t\t\t\t<\/div>\n\t\t\t\t\t<\/div>\n\t\t<\/div>\n\t\t\t\t\t<\/div>\n\t\t<\/section>\n\t\t\t\t<section class=\"elementor-section elementor-top-section elementor-element elementor-element-ec96f5a elementor-section-boxed elementor-section-height-default elementor-section-height-default\" data-id=\"ec96f5a\" data-element_type=\"section\" data-e-type=\"section\">\n\t\t\t\t\t\t<div class=\"elementor-container elementor-column-gap-default\">\n\t\t\t\t\t<div class=\"elementor-column elementor-col-100 elementor-top-column elementor-element elementor-element-725db9d\" data-id=\"725db9d\" data-element_type=\"column\" data-e-type=\"column\">\n\t\t\t<div class=\"elementor-widget-wrap elementor-element-populated\">\n\t\t\t\t\t\t<div class=\"elementor-element elementor-element-224bf89 elementor-widget elementor-widget-heading\" data-id=\"224bf89\" data-element_type=\"widget\" data-e-type=\"widget\" data-widget_type=\"heading.default\">\n\t\t\t\t<div class=\"elementor-widget-container\">\n\t\t\t\t\t<h2 class=\"elementor-heading-title elementor-size-large\"><br>Etappe 22: ESPOLLA - LLAN\u00c7\u00c0<br><\/h2>\t\t\t\t<\/div>\n\t\t\t\t<\/div>\n\t\t\t\t<div class=\"elementor-element elementor-element-6b3b62c elementor-widget elementor-widget-image\" data-id=\"6b3b62c\" data-element_type=\"widget\" data-e-type=\"widget\" data-widget_type=\"image.default\">\n\t\t\t\t<div class=\"elementor-widget-container\">\n\t\t\t\t\t\t\t\t\t\t\t\t\t\t\t\t<a href=\"https:\/\/www.rutadelsindiketes.com\/wp-content\/uploads\/2023\/01\/mapa-etapa-22.png\" data-elementor-open-lightbox=\"yes\" data-elementor-lightbox-title=\"mapa etapa 22\" data-e-action-hash=\"#elementor-action%3Aaction%3Dlightbox%26settings%3DeyJpZCI6MjEzMiwidXJsIjoiaHR0cHM6XC9cL3d3dy5ydXRhZGVsc2luZGlrZXRlcy5jb21cL3dwLWNvbnRlbnRcL3VwbG9hZHNcLzIwMjNcLzAxXC9tYXBhLWV0YXBhLTIyLnBuZyJ9\">\n\t\t\t\t\t\t\t<img decoding=\"async\" width=\"800\" height=\"531\" src=\"https:\/\/www.rutadelsindiketes.com\/wp-content\/uploads\/2023\/01\/mapa-etapa-22-1024x680.png\" class=\"attachment-large size-large wp-image-2132\" alt=\"\" srcset=\"https:\/\/www.rutadelsindiketes.com\/wp-content\/uploads\/2023\/01\/mapa-etapa-22-1024x680.png 1024w, https:\/\/www.rutadelsindiketes.com\/wp-content\/uploads\/2023\/01\/mapa-etapa-22-300x199.png 300w, https:\/\/www.rutadelsindiketes.com\/wp-content\/uploads\/2023\/01\/mapa-etapa-22-768x510.png 768w, https:\/\/www.rutadelsindiketes.com\/wp-content\/uploads\/2023\/01\/mapa-etapa-22.png 1135w\" sizes=\"(max-width: 800px) 100vw, 800px\" \/>\t\t\t\t\t\t\t\t<\/a>\n\t\t\t\t\t\t\t\t\t\t\t\t\t\t\t<\/div>\n\t\t\t\t<\/div>\n\t\t\t\t\t<\/div>\n\t\t<\/div>\n\t\t\t\t\t<\/div>\n\t\t<\/section>\n\t\t<div class=\"elementor-element elementor-element-1c5dc476 e-flex e-con-boxed e-con e-parent\" data-id=\"1c5dc476\" data-element_type=\"container\" data-e-type=\"container\">\n\t\t\t\t\t<div class=\"e-con-inner\">\n\t\t<div class=\"elementor-element elementor-element-32ba9cd4 e-con-full e-flex e-con e-child\" data-id=\"32ba9cd4\" data-element_type=\"container\" data-e-type=\"container\">\n\t\t\t\t<div class=\"elementor-element elementor-element-3a4e49fc elementor-widget elementor-widget-text-editor\" data-id=\"3a4e49fc\" data-element_type=\"widget\" data-e-type=\"widget\" data-widget_type=\"text-editor.default\">\n\t\t\t\t<div class=\"elementor-widget-container\">\n\t\t\t\t\t\t\t\t\t<p>Wir verlassen Espolla und nehmen etwa einen Kilometer lang die Stra\u00dfe, die zum Coll de Banyuls f\u00fchrt, bis wir rechts in Richtung Font del Conill abbiegen.<\/p><p>Hinweis: Wer mit dem Fahrrad unterwegs ist, muss weitere 7 Kilometer auf der Stra\u00dfe Coll de Banyuls weiterfahren, bis er das Bauernhaus Pils erreicht, wo er rechts auf die GR-11 abbiegt. Nach 1 Kilometer treffen sie sich wieder am selben Punkt wie diejenigen, die zu Fu\u00df unterwegs sind (am Coll de Plaja).<\/p><p>\u00a0<\/p>\t\t\t\t\t\t\t\t<\/div>\n\t\t\t\t<\/div>\n\t\t\t\t<\/div>\n\t\t<div class=\"elementor-element elementor-element-22a2b105 e-con-full e-flex e-con e-child\" data-id=\"22a2b105\" data-element_type=\"container\" data-e-type=\"container\">\n\t\t\t\t<div class=\"elementor-element elementor-element-54b825c2 elementor-widget elementor-widget-image\" data-id=\"54b825c2\" data-element_type=\"widget\" data-e-type=\"widget\" data-widget_type=\"image.default\">\n\t\t\t\t<div class=\"elementor-widget-container\">\n\t\t\t\t\t\t\t\t\t\t\t\t\t\t\t<img decoding=\"async\" width=\"800\" height=\"542\" src=\"https:\/\/www.rutadelsindiketes.com\/wp-content\/uploads\/2023\/01\/1-Sortint-dEspolla.-e1675477545205-1024x694.jpg\" class=\"attachment-large size-large wp-image-2134\" alt=\"\" srcset=\"https:\/\/www.rutadelsindiketes.com\/wp-content\/uploads\/2023\/01\/1-Sortint-dEspolla.-e1675477545205-1024x694.jpg 1024w, https:\/\/www.rutadelsindiketes.com\/wp-content\/uploads\/2023\/01\/1-Sortint-dEspolla.-e1675477545205-300x203.jpg 300w, https:\/\/www.rutadelsindiketes.com\/wp-content\/uploads\/2023\/01\/1-Sortint-dEspolla.-e1675477545205-768x521.jpg 768w, https:\/\/www.rutadelsindiketes.com\/wp-content\/uploads\/2023\/01\/1-Sortint-dEspolla.-e1675477545205.jpg 1130w\" sizes=\"(max-width: 800px) 100vw, 800px\" \/>\t\t\t\t\t\t\t\t\t\t\t\t\t\t\t<\/div>\n\t\t\t\t<\/div>\n\t\t\t\t<\/div>\n\t\t\t\t\t<\/div>\n\t\t\t\t<\/div>\n\t\t<div class=\"elementor-element elementor-element-8e1836b e-flex e-con-boxed e-con e-parent\" data-id=\"8e1836b\" data-element_type=\"container\" data-e-type=\"container\">\n\t\t\t\t\t<div class=\"e-con-inner\">\n\t\t<div class=\"elementor-element elementor-element-3de43ae3 e-con-full e-flex e-con e-child\" data-id=\"3de43ae3\" data-element_type=\"container\" data-e-type=\"container\">\n\t\t\t\t<div class=\"elementor-element elementor-element-5382354 elementor-widget elementor-widget-text-editor\" data-id=\"5382354\" data-element_type=\"widget\" data-e-type=\"widget\" data-widget_type=\"text-editor.default\">\n\t\t\t\t<div class=\"elementor-widget-container\">\n\t\t\t\t\t\t\t\t\t<p>Wir \u00fcberqueren den Fluss Orlina \u00fcber die Fu\u00dfg\u00e4ngerbr\u00fccke und biegen an einer Abzweigung, die wir nach 100 Metern sehen, rechts ab. Nach 850 Metern k\u00f6nnen wir auf dem linken Weg den Dolmen von Barranc besuchen.\u00a0<\/p><p>Von hier aus sind es nur noch 650 Meter bis zum Coll de Belitres, wo wir den Pfad verlassen und den Weg nehmen, der vor uns liegt.\u00a0<\/p><p>Wir m\u00fcssen diesem steilen und schmalen Pfad einen Kilometer lang folgen.<\/p>\t\t\t\t\t\t\t\t<\/div>\n\t\t\t\t<\/div>\n\t\t\t\t<\/div>\n\t\t<div class=\"elementor-element elementor-element-240c592e e-con-full e-flex e-con e-child\" data-id=\"240c592e\" data-element_type=\"container\" data-e-type=\"container\">\n\t\t\t\t<div class=\"elementor-element elementor-element-222130c7 elementor-widget elementor-widget-image\" data-id=\"222130c7\" data-element_type=\"widget\" data-e-type=\"widget\" data-widget_type=\"image.default\">\n\t\t\t\t<div class=\"elementor-widget-container\">\n\t\t\t\t\t\t\t\t\t\t\t\t\t\t\t<img loading=\"lazy\" decoding=\"async\" width=\"800\" height=\"600\" src=\"https:\/\/www.rutadelsindiketes.com\/wp-content\/uploads\/2023\/01\/2-Sortint-de-la-Font-del-Conill-1024x768.jpg\" class=\"attachment-large size-large wp-image-2136\" alt=\"\" srcset=\"https:\/\/www.rutadelsindiketes.com\/wp-content\/uploads\/2023\/01\/2-Sortint-de-la-Font-del-Conill-1024x768.jpg 1024w, https:\/\/www.rutadelsindiketes.com\/wp-content\/uploads\/2023\/01\/2-Sortint-de-la-Font-del-Conill-300x225.jpg 300w, https:\/\/www.rutadelsindiketes.com\/wp-content\/uploads\/2023\/01\/2-Sortint-de-la-Font-del-Conill-768x576.jpg 768w, https:\/\/www.rutadelsindiketes.com\/wp-content\/uploads\/2023\/01\/2-Sortint-de-la-Font-del-Conill.jpg 1136w\" sizes=\"(max-width: 800px) 100vw, 800px\" \/>\t\t\t\t\t\t\t\t\t\t\t\t\t\t\t<\/div>\n\t\t\t\t<\/div>\n\t\t\t\t<\/div>\n\t\t\t\t\t<\/div>\n\t\t\t\t<\/div>\n\t\t<div class=\"elementor-element elementor-element-7230e0d3 e-flex e-con-boxed e-con e-parent\" data-id=\"7230e0d3\" data-element_type=\"container\" data-e-type=\"container\">\n\t\t\t\t\t<div class=\"e-con-inner\">\n\t\t<div class=\"elementor-element elementor-element-1fb8b0ee e-con-full e-flex e-con e-child\" data-id=\"1fb8b0ee\" data-element_type=\"container\" data-e-type=\"container\">\n\t\t\t\t<div class=\"elementor-element elementor-element-299588d2 elementor-widget elementor-widget-text-editor\" data-id=\"299588d2\" data-element_type=\"widget\" data-e-type=\"widget\" data-widget_type=\"text-editor.default\">\n\t\t\t\t<div class=\"elementor-widget-container\">\n\t\t\t\t\t\t\t\t\t<p>Dann geht der Weg in eine Stra\u00dfe \u00fcber, und an einer Kreuzung mit einer anderen Stra\u00dfe gehen wir links weiter, bis wir nach 2,1 Kilometern den Puig d'en Gibert und kurz darauf den Coll de Plaja erreichen, von wo aus wir eine sch\u00f6ne Aussicht genie\u00dfen k\u00f6nnen.\u00a0<\/p><p>Dann biegen Sie rechts ab und nehmen den breiten Weg des GR-11, der Sie nach 2,3 Kilometern nach Sant Quirze de Colera f\u00fchrt.<\/p>\t\t\t\t\t\t\t\t<\/div>\n\t\t\t\t<\/div>\n\t\t\t\t<\/div>\n\t\t<div class=\"elementor-element elementor-element-48729eb1 e-con-full e-flex e-con e-child\" data-id=\"48729eb1\" data-element_type=\"container\" data-e-type=\"container\">\n\t\t\t\t<div class=\"elementor-element elementor-element-2f416f7d elementor-widget elementor-widget-image\" data-id=\"2f416f7d\" data-element_type=\"widget\" data-e-type=\"widget\" data-widget_type=\"image.default\">\n\t\t\t\t<div class=\"elementor-widget-container\">\n\t\t\t\t\t\t\t\t\t\t\t\t\t\t\t<img loading=\"lazy\" decoding=\"async\" width=\"800\" height=\"472\" src=\"https:\/\/www.rutadelsindiketes.com\/wp-content\/uploads\/2023\/01\/3-Arribant-a-Sant-Quirze-de-Colera-e1675477702334-1024x604.jpg\" class=\"attachment-large size-large wp-image-2137\" alt=\"\" srcset=\"https:\/\/www.rutadelsindiketes.com\/wp-content\/uploads\/2023\/01\/3-Arribant-a-Sant-Quirze-de-Colera-e1675477702334-1024x604.jpg 1024w, https:\/\/www.rutadelsindiketes.com\/wp-content\/uploads\/2023\/01\/3-Arribant-a-Sant-Quirze-de-Colera-e1675477702334-300x177.jpg 300w, https:\/\/www.rutadelsindiketes.com\/wp-content\/uploads\/2023\/01\/3-Arribant-a-Sant-Quirze-de-Colera-e1675477702334-768x453.jpg 768w, https:\/\/www.rutadelsindiketes.com\/wp-content\/uploads\/2023\/01\/3-Arribant-a-Sant-Quirze-de-Colera-e1675477702334.jpg 1130w\" sizes=\"(max-width: 800px) 100vw, 800px\" \/>\t\t\t\t\t\t\t\t\t\t\t\t\t\t\t<\/div>\n\t\t\t\t<\/div>\n\t\t\t\t<\/div>\n\t\t\t\t\t<\/div>\n\t\t\t\t<\/div>\n\t\t<div class=\"elementor-element elementor-element-6c7f1842 e-flex e-con-boxed e-con e-parent\" data-id=\"6c7f1842\" data-element_type=\"container\" data-e-type=\"container\">\n\t\t\t\t\t<div class=\"e-con-inner\">\n\t\t<div class=\"elementor-element elementor-element-6ac3f325 e-con-full e-flex e-con e-child\" data-id=\"6ac3f325\" data-element_type=\"container\" data-e-type=\"container\">\n\t\t\t\t<div class=\"elementor-element elementor-element-46431aa3 elementor-widget elementor-widget-text-editor\" data-id=\"46431aa3\" data-element_type=\"widget\" data-e-type=\"widget\" data-widget_type=\"text-editor.default\">\n\t\t\t\t<div class=\"elementor-widget-container\">\n\t\t\t\t\t\t\t\t\t<p>Die Urspr\u00fcnge des Klosters sind nicht klar, aber es ist m\u00f6glich, dass sich um 785 mehrere Mitglieder derselben Familie, angef\u00fchrt von den Br\u00fcdern Libuci und Assinari, hier niederlie\u00dfen, um mit der Genehmigung Karls des Gro\u00dfen ein Kloster zu gr\u00fcnden.\u00a0<\/p><p>Getrennt vom Klosterkomplex k\u00f6nnen wir die romanische Kirche Santa Maria de Colera (12. Jahrhundert) besichtigen.<\/p>\t\t\t\t\t\t\t\t<\/div>\n\t\t\t\t<\/div>\n\t\t\t\t<\/div>\n\t\t<div class=\"elementor-element elementor-element-5f0dd076 e-con-full e-flex e-con e-child\" data-id=\"5f0dd076\" data-element_type=\"container\" data-e-type=\"container\">\n\t\t\t\t<div class=\"elementor-element elementor-element-7fe8a871 elementor-widget elementor-widget-image\" data-id=\"7fe8a871\" data-element_type=\"widget\" data-e-type=\"widget\" data-widget_type=\"image.default\">\n\t\t\t\t<div class=\"elementor-widget-container\">\n\t\t\t\t\t\t\t\t\t\t\t\t\t\t\t<img loading=\"lazy\" decoding=\"async\" width=\"486\" height=\"287\" src=\"https:\/\/www.rutadelsindiketes.com\/wp-content\/uploads\/2023\/01\/4-sant-quirze-de-colera-e1675477989354.png\" class=\"attachment-large size-large wp-image-2140\" alt=\"\" srcset=\"https:\/\/www.rutadelsindiketes.com\/wp-content\/uploads\/2023\/01\/4-sant-quirze-de-colera-e1675477989354.png 486w, https:\/\/www.rutadelsindiketes.com\/wp-content\/uploads\/2023\/01\/4-sant-quirze-de-colera-e1675477989354-300x177.png 300w\" sizes=\"(max-width: 486px) 100vw, 486px\" \/>\t\t\t\t\t\t\t\t\t\t\t\t\t\t\t<\/div>\n\t\t\t\t<\/div>\n\t\t\t\t<\/div>\n\t\t\t\t\t<\/div>\n\t\t\t\t<\/div>\n\t\t<div class=\"elementor-element elementor-element-4ca9ad2a e-flex e-con-boxed e-con e-parent\" data-id=\"4ca9ad2a\" data-element_type=\"container\" data-e-type=\"container\">\n\t\t\t\t\t<div class=\"e-con-inner\">\n\t\t\t\t<div class=\"elementor-element elementor-element-6adbc889 elementor-widget elementor-widget-text-editor\" data-id=\"6adbc889\" data-element_type=\"widget\" data-e-type=\"widget\" data-widget_type=\"text-editor.default\">\n\t\t\t\t<div class=\"elementor-widget-container\">\n\t\t\t\t\t\t\t\t\t<p>Wir fahren weiter auf dem GR-11, vorbei am so genannten Cam\u00ed de Villord\u00ed\", der heute asphaltiert ist und nach Rab\u00f3s f\u00fchrt. 2,9 Kilometer weiter biegen wir links in einen Feldweg ein, den wir an einem abgebrochenen Baumstamm erkennen k\u00f6nnen.<\/p><p>Nach 130 Metern erreichen Sie eine Kreuzung und sehen auf der linken Seite den Menhir von Mas Roquer.<\/p>\t\t\t\t\t\t\t\t<\/div>\n\t\t\t\t<\/div>\n\t\t\t\t\t<\/div>\n\t\t\t\t<\/div>\n\t\t<div class=\"elementor-element elementor-element-15fcce7c e-flex e-con-boxed e-con e-parent\" data-id=\"15fcce7c\" data-element_type=\"container\" data-e-type=\"container\">\n\t\t\t\t\t<div class=\"e-con-inner\">\n\t\t<div class=\"elementor-element elementor-element-6a92637d e-con-full e-flex e-con e-child\" data-id=\"6a92637d\" data-element_type=\"container\" data-e-type=\"container\">\n\t\t\t\t<div class=\"elementor-element elementor-element-498531ea elementor-widget elementor-widget-text-editor\" data-id=\"498531ea\" data-element_type=\"widget\" data-e-type=\"widget\" data-widget_type=\"text-editor.default\">\n\t\t\t\t<div class=\"elementor-widget-container\">\n\t\t\t\t\t\t\t\t\t<p>Wir setzen den Weg fort, von dem wir gekommen sind, und folgen dem Verlauf des Rec del Mas Bosc, bis wir nach 2,4 Kilometern den Coll de la Rossa erreichen, ohne einen Umweg zu machen.<\/p><p>An diesem Punkt m\u00fcssen wir aufpassen, denn es geht 480 Meter geradeaus auf einem nicht sehr gut markierten und f\u00fcr Radfahrer schwierigen Weg, der durch ein Schild mit der Aufschrift \"Dolmens\" gekennzeichnet ist.<\/p>\t\t\t\t\t\t\t\t<\/div>\n\t\t\t\t<\/div>\n\t\t\t\t<\/div>\n\t\t<div class=\"elementor-element elementor-element-345dbc0f e-con-full e-flex e-con e-child\" data-id=\"345dbc0f\" data-element_type=\"container\" data-e-type=\"container\">\n\t\t\t\t<div class=\"elementor-element elementor-element-245723dc elementor-widget elementor-widget-image\" data-id=\"245723dc\" data-element_type=\"widget\" data-e-type=\"widget\" data-widget_type=\"image.default\">\n\t\t\t\t<div class=\"elementor-widget-container\">\n\t\t\t\t\t\t\t\t\t\t\t\t\t\t\t<img loading=\"lazy\" decoding=\"async\" width=\"800\" height=\"542\" src=\"https:\/\/www.rutadelsindiketes.com\/wp-content\/uploads\/2023\/01\/5-Menhir-del-Ms-Roquer-e1675478350481-1024x694.jpg\" class=\"attachment-large size-large wp-image-2141\" alt=\"\" srcset=\"https:\/\/www.rutadelsindiketes.com\/wp-content\/uploads\/2023\/01\/5-Menhir-del-Ms-Roquer-e1675478350481-1024x694.jpg 1024w, https:\/\/www.rutadelsindiketes.com\/wp-content\/uploads\/2023\/01\/5-Menhir-del-Ms-Roquer-e1675478350481-300x203.jpg 300w, https:\/\/www.rutadelsindiketes.com\/wp-content\/uploads\/2023\/01\/5-Menhir-del-Ms-Roquer-e1675478350481-768x521.jpg 768w, https:\/\/www.rutadelsindiketes.com\/wp-content\/uploads\/2023\/01\/5-Menhir-del-Ms-Roquer-e1675478350481.jpg 1130w\" sizes=\"(max-width: 800px) 100vw, 800px\" \/>\t\t\t\t\t\t\t\t\t\t\t\t\t\t\t<\/div>\n\t\t\t\t<\/div>\n\t\t\t\t<\/div>\n\t\t\t\t\t<\/div>\n\t\t\t\t<\/div>\n\t\t<div class=\"elementor-element elementor-element-4ec01086 e-flex e-con-boxed e-con e-parent\" data-id=\"4ec01086\" data-element_type=\"container\" data-e-type=\"container\">\n\t\t\t\t\t<div class=\"e-con-inner\">\n\t\t<div class=\"elementor-element elementor-element-10d18d5e e-con-full e-flex e-con e-child\" data-id=\"10d18d5e\" data-element_type=\"container\" data-e-type=\"container\">\n\t\t\t\t<div class=\"elementor-element elementor-element-5f59de12 elementor-widget elementor-widget-text-editor\" data-id=\"5f59de12\" data-element_type=\"widget\" data-e-type=\"widget\" data-widget_type=\"text-editor.default\">\n\t\t\t\t<div class=\"elementor-widget-container\">\n\t\t\t\t\t\t\t\t\t<p>Wir k\u00f6nnen uns an den gelben Farbschildern an den Baumst\u00e4mmen orientieren und erreichen nach einem teilweise steilen Abstieg den Torrent de la Balmeta.<\/p><p>Hier machen die Radfahrer einen Umweg (ohne die Kirche Sant Mart\u00ed de Vallmala besichtigen zu k\u00f6nnen) und steigen auf dem parallel zum Bach verlaufenden Weg ab, bis sie nach der Font Rovellada wieder auf den Weg der Wanderer sto\u00dfen.<\/p>\t\t\t\t\t\t\t\t<\/div>\n\t\t\t\t<\/div>\n\t\t\t\t<\/div>\n\t\t<div class=\"elementor-element elementor-element-593003e9 e-con-full e-flex e-con e-child\" data-id=\"593003e9\" data-element_type=\"container\" data-e-type=\"container\">\n\t\t\t\t<div class=\"elementor-element elementor-element-74019d60 elementor-widget elementor-widget-image\" data-id=\"74019d60\" data-element_type=\"widget\" data-e-type=\"widget\" data-widget_type=\"image.default\">\n\t\t\t\t<div class=\"elementor-widget-container\">\n\t\t\t\t\t\t\t\t\t\t\t\t\t\t\t<img loading=\"lazy\" decoding=\"async\" width=\"522\" height=\"308\" src=\"https:\/\/www.rutadelsindiketes.com\/wp-content\/uploads\/2023\/01\/6-dolmen-del-passatge-e1675478462455.png\" class=\"attachment-large size-large wp-image-2144\" alt=\"\" srcset=\"https:\/\/www.rutadelsindiketes.com\/wp-content\/uploads\/2023\/01\/6-dolmen-del-passatge-e1675478462455.png 522w, https:\/\/www.rutadelsindiketes.com\/wp-content\/uploads\/2023\/01\/6-dolmen-del-passatge-e1675478462455-300x177.png 300w\" sizes=\"(max-width: 522px) 100vw, 522px\" \/>\t\t\t\t\t\t\t\t\t\t\t\t\t\t\t<\/div>\n\t\t\t\t<\/div>\n\t\t\t\t<\/div>\n\t\t\t\t\t<\/div>\n\t\t\t\t<\/div>\n\t\t<div class=\"elementor-element elementor-element-4eae5d22 e-flex e-con-boxed e-con e-parent\" data-id=\"4eae5d22\" data-element_type=\"container\" data-e-type=\"container\">\n\t\t\t\t\t<div class=\"e-con-inner\">\n\t\t\t\t<div class=\"elementor-element elementor-element-6e72e27c elementor-widget elementor-widget-text-editor\" data-id=\"6e72e27c\" data-element_type=\"widget\" data-e-type=\"widget\" data-widget_type=\"text-editor.default\">\n\t\t\t\t<div class=\"elementor-widget-container\">\n\t\t\t\t\t\t\t\t\t<p>Wer zu Fu\u00df unterwegs ist, folgt demselben Weg, muss aber aufpassen, da er nach 65 Metern links auf einen schwierigen Pfad abbiegen muss, der ihn nach 700 Metern zum Dolmen von Passatge f\u00fchrt (der in einem kurzen, steilen Aufstieg besichtigt werden kann).<\/p><p>Nachdem Sie einen kleinen Bach \u00fcberquert haben, erreichen Sie bald die Font Perassa (einen alten Brunnen) und haben nur noch 280 Meter bis nach Sant Mart\u00ed de Vallmala vor sich.<\/p>\t\t\t\t\t\t\t\t<\/div>\n\t\t\t\t<\/div>\n\t\t\t\t\t<\/div>\n\t\t\t\t<\/div>\n\t\t<div class=\"elementor-element elementor-element-55f1aa2 e-flex e-con-boxed e-con e-parent\" data-id=\"55f1aa2\" data-element_type=\"container\" data-e-type=\"container\">\n\t\t\t\t\t<div class=\"e-con-inner\">\n\t\t<div class=\"elementor-element elementor-element-62b5a25f e-con-full e-flex e-con e-child\" data-id=\"62b5a25f\" data-element_type=\"container\" data-e-type=\"container\">\n\t\t\t\t<div class=\"elementor-element elementor-element-f0a9c83 elementor-widget elementor-widget-text-editor\" data-id=\"f0a9c83\" data-element_type=\"widget\" data-e-type=\"widget\" data-widget_type=\"text-editor.default\">\n\t\t\t\t<div class=\"elementor-widget-container\">\n\t\t\t\t\t\t\t\t\t<p>Die erste schriftliche Erw\u00e4hnung dieser M\u00f6nchszelle stammt aus dem Jahr 854, als dieser Ort dem Kloster Sant Esteve de Banyoles \u00fcbergeben wurde.\u00a0<\/p><p>Es ist bekannt, dass sie 1432 in Tr\u00fcmmern lag (vielleicht aufgrund einer Reihe von Erdbeben zwischen 1427 und 1428) und nie wieder aufgebaut wurde.\u00a0<\/p><p>Die Kirche weist vorromanische Elemente aus der Zeit vor der Weihe im Jahr 1019 auf.<\/p>\t\t\t\t\t\t\t\t<\/div>\n\t\t\t\t<\/div>\n\t\t\t\t<\/div>\n\t\t<div class=\"elementor-element elementor-element-14aadd0b e-con-full e-flex e-con e-child\" data-id=\"14aadd0b\" data-element_type=\"container\" data-e-type=\"container\">\n\t\t\t\t<div class=\"elementor-element elementor-element-217e3d6e elementor-widget elementor-widget-image\" data-id=\"217e3d6e\" data-element_type=\"widget\" data-e-type=\"widget\" data-widget_type=\"image.default\">\n\t\t\t\t<div class=\"elementor-widget-container\">\n\t\t\t\t\t\t\t\t\t\t\t\t\t\t\t<img loading=\"lazy\" decoding=\"async\" width=\"428\" height=\"244\" src=\"https:\/\/www.rutadelsindiketes.com\/wp-content\/uploads\/2023\/01\/7-Sant-Marti-de-Vallmala-e1675478621905.png\" class=\"attachment-large size-large wp-image-2145\" alt=\"\" srcset=\"https:\/\/www.rutadelsindiketes.com\/wp-content\/uploads\/2023\/01\/7-Sant-Marti-de-Vallmala-e1675478621905.png 428w, https:\/\/www.rutadelsindiketes.com\/wp-content\/uploads\/2023\/01\/7-Sant-Marti-de-Vallmala-e1675478621905-300x171.png 300w\" sizes=\"(max-width: 428px) 100vw, 428px\" \/>\t\t\t\t\t\t\t\t\t\t\t\t\t\t\t<\/div>\n\t\t\t\t<\/div>\n\t\t\t\t<\/div>\n\t\t\t\t\t<\/div>\n\t\t\t\t<\/div>\n\t\t<div class=\"elementor-element elementor-element-4aa61f67 e-flex e-con-boxed e-con e-parent\" data-id=\"4aa61f67\" data-element_type=\"container\" data-e-type=\"container\">\n\t\t\t\t\t<div class=\"e-con-inner\">\n\t\t<div class=\"elementor-element elementor-element-1dcc45ff e-con-full e-flex e-con e-child\" data-id=\"1dcc45ff\" data-element_type=\"container\" data-e-type=\"container\">\n\t\t\t\t<div class=\"elementor-element elementor-element-6e58b139 elementor-widget elementor-widget-text-editor\" data-id=\"6e58b139\" data-element_type=\"widget\" data-e-type=\"widget\" data-widget_type=\"text-editor.default\">\n\t\t\t\t<div class=\"elementor-widget-container\">\n\t\t\t\t\t\t\t\t\t<p>Folgen Sie dem Weg f\u00fcr einige Meter und nehmen Sie dann den Weg zu Ihrer Rechten (Wegweiser Vilamaniscle 1h), der Sie nach etwa 800 Metern auf einen Feldweg f\u00fchrt.<\/p><p>Hier treffen wir uns mit den Radfahrern und nehmen den Weg, den wir vor uns sehen, der am Mas Blanc vorbeif\u00fchrt und am Ufer des Flusses Sant Silvestre entlangf\u00fchrt, den wir mehrmals \u00fcberqueren. Wir k\u00f6nnen uns an den gelben Schildern orientieren und erreichen nach 2,4 Kilometern Sant Silvestre de la Valleta.<\/p>\t\t\t\t\t\t\t\t<\/div>\n\t\t\t\t<\/div>\n\t\t\t\t<\/div>\n\t\t<div class=\"elementor-element elementor-element-229170d4 e-con-full e-flex e-con e-child\" data-id=\"229170d4\" data-element_type=\"container\" data-e-type=\"container\">\n\t\t\t\t<div class=\"elementor-element elementor-element-7172beb1 elementor-widget elementor-widget-image\" data-id=\"7172beb1\" data-element_type=\"widget\" data-e-type=\"widget\" data-widget_type=\"image.default\">\n\t\t\t\t<div class=\"elementor-widget-container\">\n\t\t\t\t\t\t\t\t\t\t\t\t\t\t\t<img loading=\"lazy\" decoding=\"async\" width=\"800\" height=\"555\" src=\"https:\/\/www.rutadelsindiketes.com\/wp-content\/uploads\/2023\/01\/8-Sant-Silvestre-de-Valleta-e1675057021767-1024x710.jpg\" class=\"attachment-large size-large wp-image-2148\" alt=\"\" srcset=\"https:\/\/www.rutadelsindiketes.com\/wp-content\/uploads\/2023\/01\/8-Sant-Silvestre-de-Valleta-e1675057021767-1024x710.jpg 1024w, https:\/\/www.rutadelsindiketes.com\/wp-content\/uploads\/2023\/01\/8-Sant-Silvestre-de-Valleta-e1675057021767-300x208.jpg 300w, https:\/\/www.rutadelsindiketes.com\/wp-content\/uploads\/2023\/01\/8-Sant-Silvestre-de-Valleta-e1675057021767-768x532.jpg 768w, https:\/\/www.rutadelsindiketes.com\/wp-content\/uploads\/2023\/01\/8-Sant-Silvestre-de-Valleta-e1675057021767.jpg 1130w\" sizes=\"(max-width: 800px) 100vw, 800px\" \/>\t\t\t\t\t\t\t\t\t\t\t\t\t\t\t<\/div>\n\t\t\t\t<\/div>\n\t\t\t\t<\/div>\n\t\t\t\t\t<\/div>\n\t\t\t\t<\/div>\n\t\t<div class=\"elementor-element elementor-element-1e3f1944 e-flex e-con-boxed e-con e-parent\" data-id=\"1e3f1944\" data-element_type=\"container\" data-e-type=\"container\">\n\t\t\t\t\t<div class=\"e-con-inner\">\n\t\t\t\t<div class=\"elementor-element elementor-element-80d0674 elementor-widget elementor-widget-text-editor\" data-id=\"80d0674\" data-element_type=\"widget\" data-e-type=\"widget\" data-widget_type=\"text-editor.default\">\n\t\t\t\t<div class=\"elementor-widget-container\">\n\t\t\t\t\t\t\t\t\t<p>Diese sch\u00f6ne Kirche besteht aus vorromanischen und romanischen Teilen (10.-12. Jahrhundert). Der \u00e4lteste Teil ist die Apsis, in der man die \"<em>Opus spicatum<\/em>\". Im Altertum war der Ort als Budica oder Budiga bekannt.<\/p><p>Wir steigen auf dem Weg hinter der Kirche hinauf, der uns nach 200 Metern zum Weg GR-11 f\u00fchrt, auf dem wir \u00fcber den Coll de Portes 1,4 Kilometer hinaufsteigen, bis wir zu einer Kreuzung von 4 Wegen kommen, wo wir rechts abbiegen.\u00a0<\/p>\t\t\t\t\t\t\t\t<\/div>\n\t\t\t\t<\/div>\n\t\t\t\t\t<\/div>\n\t\t\t\t<\/div>\n\t\t<div class=\"elementor-element elementor-element-18e09d5d e-flex e-con-boxed e-con e-parent\" data-id=\"18e09d5d\" data-element_type=\"container\" data-e-type=\"container\">\n\t\t\t\t\t<div class=\"e-con-inner\">\n\t\t<div class=\"elementor-element elementor-element-5f9b8a98 e-con-full e-flex e-con e-child\" data-id=\"5f9b8a98\" data-element_type=\"container\" data-e-type=\"container\">\n\t\t\t\t<div class=\"elementor-element elementor-element-442f2220 elementor-widget elementor-widget-text-editor\" data-id=\"442f2220\" data-element_type=\"widget\" data-e-type=\"widget\" data-widget_type=\"text-editor.default\">\n\t\t\t\t<div class=\"elementor-widget-container\">\n\t\t\t\t\t\t\t\t\t<p>Jetzt ist es nur noch 1 Kilometer, bis wir links einen Weg sehen, der uns nach Sant Gen\u00eds del Terrer f\u00fchrt.<\/p><p>Diese kleine Kirche, deren unterer Teil der Apsis ein \"opus spicatum\" aufweist, wird im Jahr 974 urkundlich erw\u00e4hnt, wo die Schenkung des Grafen Gaufred an das Kloster Sant Pere de Rodes erw\u00e4hnt wird.<\/p>\t\t\t\t\t\t\t\t<\/div>\n\t\t\t\t<\/div>\n\t\t\t\t<\/div>\n\t\t<div class=\"elementor-element elementor-element-6c8abb1 e-con-full e-flex e-con e-child\" data-id=\"6c8abb1\" data-element_type=\"container\" data-e-type=\"container\">\n\t\t\t\t<div class=\"elementor-element elementor-element-789f8e7c elementor-widget elementor-widget-image\" data-id=\"789f8e7c\" data-element_type=\"widget\" data-e-type=\"widget\" data-widget_type=\"image.default\">\n\t\t\t\t<div class=\"elementor-widget-container\">\n\t\t\t\t\t\t\t\t\t\t\t\t\t\t\t<img loading=\"lazy\" decoding=\"async\" width=\"800\" height=\"418\" src=\"https:\/\/www.rutadelsindiketes.com\/wp-content\/uploads\/2023\/01\/9-Sant-Genis-del-Terrer-e1675479615154-1024x535.jpg\" class=\"attachment-large size-large wp-image-2150\" alt=\"\" srcset=\"https:\/\/www.rutadelsindiketes.com\/wp-content\/uploads\/2023\/01\/9-Sant-Genis-del-Terrer-e1675479615154-1024x535.jpg 1024w, https:\/\/www.rutadelsindiketes.com\/wp-content\/uploads\/2023\/01\/9-Sant-Genis-del-Terrer-e1675479615154-300x157.jpg 300w, https:\/\/www.rutadelsindiketes.com\/wp-content\/uploads\/2023\/01\/9-Sant-Genis-del-Terrer-e1675479615154-768x401.jpg 768w, https:\/\/www.rutadelsindiketes.com\/wp-content\/uploads\/2023\/01\/9-Sant-Genis-del-Terrer-e1675479615154.jpg 1130w\" sizes=\"(max-width: 800px) 100vw, 800px\" \/>\t\t\t\t\t\t\t\t\t\t\t\t\t\t\t<\/div>\n\t\t\t\t<\/div>\n\t\t\t\t<\/div>\n\t\t\t\t\t<\/div>\n\t\t\t\t<\/div>\n\t\t<div class=\"elementor-element elementor-element-74485581 e-flex e-con-boxed e-con e-parent\" data-id=\"74485581\" data-element_type=\"container\" data-e-type=\"container\">\n\t\t\t\t\t<div class=\"e-con-inner\">\n\t\t<div class=\"elementor-element elementor-element-1221ad57 e-con-full e-flex e-con e-child\" data-id=\"1221ad57\" data-element_type=\"container\" data-e-type=\"container\">\n\t\t\t\t<div class=\"elementor-element elementor-element-64bab331 elementor-widget elementor-widget-text-editor\" data-id=\"64bab331\" data-element_type=\"widget\" data-e-type=\"widget\" data-widget_type=\"text-editor.default\">\n\t\t\t\t<div class=\"elementor-widget-container\">\n\t\t\t\t\t\t\t\t\t<p>Wir folgen der Route auf demselben Weg bis zu einem kleinen Bach, der uns f\u00fcr etwa 100 Meter als Weg dient, bis wir am Ufer auf einen Feldweg sto\u00dfen, den wir kurz darauf zementiert und zwischen Steinmauern eingezw\u00e4ngt sehen.<\/p><p>Wir verlassen diesen Weg erst nach 1,1 Kilometern, wenn wir die Bahnlinie unterqueren und kurz danach den Bach Riera de Valleta erreichen, wo wir ein paar Meter hinaufsteigen und dann auf dem GR-11-Weg weitergehen, bis wir die Stra\u00dfe N-260 \u00fcberqueren.<\/p>\t\t\t\t\t\t\t\t<\/div>\n\t\t\t\t<\/div>\n\t\t\t\t<\/div>\n\t\t<div class=\"elementor-element elementor-element-2abc2e5b e-con-full e-flex e-con e-child\" data-id=\"2abc2e5b\" data-element_type=\"container\" data-e-type=\"container\">\n\t\t\t\t<div class=\"elementor-element elementor-element-433a88d3 elementor-widget elementor-widget-image\" data-id=\"433a88d3\" data-element_type=\"widget\" data-e-type=\"widget\" data-widget_type=\"image.default\">\n\t\t\t\t<div class=\"elementor-widget-container\">\n\t\t\t\t\t\t\t\t\t\t\t\t\t\t\t<img loading=\"lazy\" decoding=\"async\" width=\"800\" height=\"600\" src=\"https:\/\/www.rutadelsindiketes.com\/wp-content\/uploads\/2023\/01\/10-1024x768.jpg\" class=\"attachment-large size-large wp-image-2152\" alt=\"\" srcset=\"https:\/\/www.rutadelsindiketes.com\/wp-content\/uploads\/2023\/01\/10-1024x768.jpg 1024w, https:\/\/www.rutadelsindiketes.com\/wp-content\/uploads\/2023\/01\/10-300x225.jpg 300w, https:\/\/www.rutadelsindiketes.com\/wp-content\/uploads\/2023\/01\/10-768x576.jpg 768w, https:\/\/www.rutadelsindiketes.com\/wp-content\/uploads\/2023\/01\/10.jpg 1136w\" sizes=\"(max-width: 800px) 100vw, 800px\" \/>\t\t\t\t\t\t\t\t\t\t\t\t\t\t\t<\/div>\n\t\t\t\t<\/div>\n\t\t\t\t<\/div>\n\t\t\t\t\t<\/div>\n\t\t\t\t<\/div>\n\t\t<div class=\"elementor-element elementor-element-1cf58a96 e-flex e-con-boxed e-con e-parent\" data-id=\"1cf58a96\" data-element_type=\"container\" data-e-type=\"container\">\n\t\t\t\t\t<div class=\"e-con-inner\">\n\t\t\t\t<div class=\"elementor-element elementor-element-7e8050f3 elementor-widget elementor-widget-text-editor\" data-id=\"7e8050f3\" data-element_type=\"widget\" data-e-type=\"widget\" data-widget_type=\"text-editor.default\">\n\t\t\t\t<div class=\"elementor-widget-container\">\n\t\t\t\t\t\t\t\t\t<p>Dann biegen wir in die Stra\u00dfe ein, die wir fast vor uns sehen (Carrer Dolors Falc\u00f3), und sp\u00e4ter gelangen wir \u00fcber die Stra\u00dfe Nicol\u00e1s Salmer\u00f3n auf den Hauptplatz, wo sich die Kirche Sant Vicen\u00e7 befindet, die das Ende dieser Etappe darstellt.<\/p>\t\t\t\t\t\t\t\t<\/div>\n\t\t\t\t<\/div>\n\t\t\t\t\t<\/div>\n\t\t\t\t<\/div>\n\t\t<div class=\"elementor-element elementor-element-5cf2b8ea e-flex e-con-boxed e-con e-parent\" data-id=\"5cf2b8ea\" data-element_type=\"container\" data-e-type=\"container\">\n\t\t\t\t\t<div class=\"e-con-inner\">\n\t\t\t\t<div class=\"elementor-element elementor-element-9edf85f elementor-widget elementor-widget-image\" data-id=\"9edf85f\" data-element_type=\"widget\" data-e-type=\"widget\" data-widget_type=\"image.default\">\n\t\t\t\t<div class=\"elementor-widget-container\">\n\t\t\t\t\t\t\t\t\t\t\t\t\t\t\t<img loading=\"lazy\" decoding=\"async\" width=\"768\" height=\"1024\" src=\"https:\/\/www.rutadelsindiketes.com\/wp-content\/uploads\/2023\/01\/11Esglesia-de-Llanca-768x1024.jpg\" class=\"attachment-large size-large wp-image-2153\" alt=\"\" srcset=\"https:\/\/www.rutadelsindiketes.com\/wp-content\/uploads\/2023\/01\/11Esglesia-de-Llanca-768x1024.jpg 768w, https:\/\/www.rutadelsindiketes.com\/wp-content\/uploads\/2023\/01\/11Esglesia-de-Llanca-225x300.jpg 225w, https:\/\/www.rutadelsindiketes.com\/wp-content\/uploads\/2023\/01\/11Esglesia-de-Llanca.jpg 852w\" sizes=\"(max-width: 768px) 100vw, 768px\" \/>\t\t\t\t\t\t\t\t\t\t\t\t\t\t\t<\/div>\n\t\t\t\t<\/div>\n\t\t\t\t\t<\/div>\n\t\t\t\t<\/div>\n\t\t<div class=\"elementor-element elementor-element-682ec0c8 e-flex e-con-boxed e-con e-parent\" data-id=\"682ec0c8\" data-element_type=\"container\" data-e-type=\"container\">\n\t\t\t\t\t<div class=\"e-con-inner\">\n\t\t\t\t<div class=\"elementor-element elementor-element-cf7370b elementor-widget elementor-widget-heading\" data-id=\"cf7370b\" data-element_type=\"widget\" data-e-type=\"widget\" data-widget_type=\"heading.default\">\n\t\t\t\t<div class=\"elementor-widget-container\">\n\t\t\t\t\t<h3 class=\"elementor-heading-title elementor-size-default\">UNTERKUNFT UND PRAKTISCHE INFORMATIONEN ETAPPE 22<\/h3>\t\t\t\t<\/div>\n\t\t\t\t<\/div>\n\t\t\t\t\t<\/div>\n\t\t\t\t<\/div>\n\t\t<div class=\"elementor-element elementor-element-2e85b61f e-flex e-con-boxed e-con e-parent\" data-id=\"2e85b61f\" data-element_type=\"container\" data-e-type=\"container\">\n\t\t\t\t\t<div class=\"e-con-inner\">\n\t\t\t\t<div class=\"elementor-element elementor-element-175243d5 elementor-widget elementor-widget-text-editor\" data-id=\"175243d5\" data-element_type=\"widget\" data-e-type=\"widget\" data-widget_type=\"text-editor.default\">\n\t\t\t\t<div class=\"elementor-widget-container\">\n\t\t\t\t\t\t\t\t\t<p style=\"text-align: center;\"><strong>SANT QUIRZE DE COLERA<\/strong><\/p><p style=\"text-align: center;\"><span style=\"text-align: center;\">Restaurant Corral de Sant Quirze (972 19 31 86) Monestir de St. Quirze. Men\u00fc 18\u20ac.<\/span><\/p>\t\t\t\t\t\t\t\t<\/div>\n\t\t\t\t<\/div>\n\t\t\t\t\t<\/div>\n\t\t\t\t<\/div>\n\t\t<div class=\"elementor-element elementor-element-718b2f2 e-flex e-con-boxed e-con e-parent\" data-id=\"718b2f2\" data-element_type=\"container\" data-e-type=\"container\">\n\t\t\t\t\t<div class=\"e-con-inner\">\n\t\t\t\t<div class=\"elementor-element elementor-element-9abdf0f elementor-widget elementor-widget-text-editor\" data-id=\"9abdf0f\" data-element_type=\"widget\" data-e-type=\"widget\" data-widget_type=\"text-editor.default\">\n\t\t\t\t<div class=\"elementor-widget-container\">\n\t\t\t\t\t\t\t\t\t<p style=\"text-align: center;\"><strong>LLAN\u00c7\u00c0<\/strong><\/p><p style=\"text-align: center;\">Da es sich um ein besonders touristisches Dorf handelt, verf\u00fcgt es \u00fcber verschiedene Unterk\u00fcnfte, Restaurants und andere Dienstleistungen. Sie k\u00f6nnen die Website hier besuchen:<\/p><p style=\"text-align: center;\"><a href=\"https:\/\/www.visitllanca.cat\/es\/\" target=\"_blank\" rel=\"noopener\"><strong><span style=\"color: #339966;\">https:\/\/www.visitllanca.cat\/es\/<\/span><\/strong><\/a><\/p>\t\t\t\t\t\t\t\t<\/div>\n\t\t\t\t<\/div>\n\t\t\t\t\t<\/div>\n\t\t\t\t<\/div>\n\t\t\t\t<\/div>","protected":false},"excerpt":{"rendered":"<p>ETAPA 22 ESPOLLA \u2013 LLAN\u00c7\u00c0 Distancia: 27,3 km Nivel dificultad: DIF\u00cdCIL Altitud m\u00e1xima: 428 Altitud m\u00ednima: 6 Desnivel positivo: 1543 Desnivel negativo: 1652 GPX GPX Etapa 22: ESPOLLA \u2013 LLAN\u00c7\u00c0 Saldremos de Espolla cogiendo la carretera que lleva al Coll de Banyuls, durante aproximadamente un kil\u00f3metro, hasta que tomaremos un desv\u00edo a la derecha en [&hellip;]<\/p>","protected":false},"author":2,"featured_media":0,"parent":0,"menu_order":0,"comment_status":"closed","ping_status":"closed","template":"","meta":{"footnotes":""},"class_list":["post-1274","page","type-page","status-publish","hentry"],"yoast_head":"<!-- This site is optimized with the Yoast SEO plugin v27.2 - https:\/\/yoast.com\/product\/yoast-seo-wordpress\/ -->\n<title>Etapa 22 - Espolla - Llan\u00e7\u00e0-Ruta dels Indiketes<\/title>\n<meta name=\"robots\" content=\"index, follow, max-snippet:-1, max-image-preview:large, max-video-preview:-1\" \/>\n<link rel=\"canonical\" href=\"https:\/\/www.rutadelsindiketes.com\/de\/stufe-22-spike-llanca\/\" \/>\n<meta property=\"og:locale\" content=\"de_DE\" \/>\n<meta property=\"og:type\" content=\"article\" \/>\n<meta property=\"og:title\" content=\"Etapa 22 - Espolla - Llan\u00e7\u00e0-Ruta dels Indiketes\" \/>\n<meta property=\"og:description\" content=\"ETAPA 22 ESPOLLA \u2013 LLAN\u00c7\u00c0 Distancia: 27,3 km Nivel dificultad: DIF\u00cdCIL Altitud m\u00e1xima: 428 Altitud m\u00ednima: 6 Desnivel positivo: 1543 Desnivel negativo: 1652 GPX GPX Etapa 22: ESPOLLA \u2013 LLAN\u00c7\u00c0 Saldremos de Espolla cogiendo la carretera que lleva al Coll de Banyuls, durante aproximadamente un kil\u00f3metro, hasta que tomaremos un desv\u00edo a la derecha en [&hellip;]\" \/>\n<meta property=\"og:url\" content=\"https:\/\/www.rutadelsindiketes.com\/de\/stufe-22-spike-llanca\/\" \/>\n<meta property=\"og:site_name\" content=\"Ruta dels Indiketes\" \/>\n<meta property=\"article:modified_time\" content=\"2024-11-24T16:43:14+00:00\" \/>\n<meta property=\"og:image\" content=\"https:\/\/www.rutadelsindiketes.com\/wp-content\/uploads\/2023\/01\/Perfil-etapa-22.png\" \/>\n<meta name=\"twitter:card\" content=\"summary_large_image\" \/>\n<meta name=\"twitter:label1\" content=\"Gesch\u00e4tzte Lesezeit\" \/>\n\t<meta name=\"twitter:data1\" content=\"8\u00a0Minuten\" \/>\n<script type=\"application\/ld+json\" class=\"yoast-schema-graph\">{\"@context\":\"https:\/\/schema.org\",\"@graph\":[{\"@type\":\"WebPage\",\"@id\":\"https:\/\/www.rutadelsindiketes.com\/etapa-22-espolla-llanca\/\",\"url\":\"https:\/\/www.rutadelsindiketes.com\/etapa-22-espolla-llanca\/\",\"name\":\"Etapa 22 - Espolla - Llan\u00e7\u00e0-Ruta dels Indiketes\",\"isPartOf\":{\"@id\":\"https:\/\/www.rutadelsindiketes.com\/#website\"},\"primaryImageOfPage\":{\"@id\":\"https:\/\/www.rutadelsindiketes.com\/etapa-22-espolla-llanca\/#primaryimage\"},\"image\":{\"@id\":\"https:\/\/www.rutadelsindiketes.com\/etapa-22-espolla-llanca\/#primaryimage\"},\"thumbnailUrl\":\"https:\/\/www.rutadelsindiketes.com\/wp-content\/uploads\/2023\/01\/Perfil-etapa-22.png\",\"datePublished\":\"2022-12-13T14:24:58+00:00\",\"dateModified\":\"2024-11-24T16:43:14+00:00\",\"breadcrumb\":{\"@id\":\"https:\/\/www.rutadelsindiketes.com\/etapa-22-espolla-llanca\/#breadcrumb\"},\"inLanguage\":\"de\",\"potentialAction\":[{\"@type\":\"ReadAction\",\"target\":[\"https:\/\/www.rutadelsindiketes.com\/etapa-22-espolla-llanca\/\"]}]},{\"@type\":\"ImageObject\",\"inLanguage\":\"de\",\"@id\":\"https:\/\/www.rutadelsindiketes.com\/etapa-22-espolla-llanca\/#primaryimage\",\"url\":\"https:\/\/www.rutadelsindiketes.com\/wp-content\/uploads\/2023\/01\/Perfil-etapa-22.png\",\"contentUrl\":\"https:\/\/www.rutadelsindiketes.com\/wp-content\/uploads\/2023\/01\/Perfil-etapa-22.png\"},{\"@type\":\"BreadcrumbList\",\"@id\":\"https:\/\/www.rutadelsindiketes.com\/etapa-22-espolla-llanca\/#breadcrumb\",\"itemListElement\":[{\"@type\":\"ListItem\",\"position\":1,\"name\":\"Portada\",\"item\":\"https:\/\/www.rutadelsindiketes.com\/ca\/\"},{\"@type\":\"ListItem\",\"position\":2,\"name\":\"Etapa 22 &#8211; Espolla &#8211; Llan\u00e7\u00e0\"}]},{\"@type\":\"WebSite\",\"@id\":\"https:\/\/www.rutadelsindiketes.com\/#website\",\"url\":\"https:\/\/www.rutadelsindiketes.com\/\",\"name\":\"Ruta dels Indiketes\",\"description\":\"S&oacute;lo otro sitio de WordPress\",\"potentialAction\":[{\"@type\":\"SearchAction\",\"target\":{\"@type\":\"EntryPoint\",\"urlTemplate\":\"https:\/\/www.rutadelsindiketes.com\/?s={search_term_string}\"},\"query-input\":{\"@type\":\"PropertyValueSpecification\",\"valueRequired\":true,\"valueName\":\"search_term_string\"}}],\"inLanguage\":\"de\"}]}<\/script>\n<!-- \/ Yoast SEO plugin. -->","yoast_head_json":{"title":"Etapa 22 - Espolla - Llan\u00e7\u00e0-Ruta dels Indiketes","robots":{"index":"index","follow":"follow","max-snippet":"max-snippet:-1","max-image-preview":"max-image-preview:large","max-video-preview":"max-video-preview:-1"},"canonical":"https:\/\/www.rutadelsindiketes.com\/de\/stufe-22-spike-llanca\/","og_locale":"de_DE","og_type":"article","og_title":"Etapa 22 - Espolla - Llan\u00e7\u00e0-Ruta dels Indiketes","og_description":"ETAPA 22 ESPOLLA \u2013 LLAN\u00c7\u00c0 Distancia: 27,3 km Nivel dificultad: DIF\u00cdCIL Altitud m\u00e1xima: 428 Altitud m\u00ednima: 6 Desnivel positivo: 1543 Desnivel negativo: 1652 GPX GPX Etapa 22: ESPOLLA \u2013 LLAN\u00c7\u00c0 Saldremos de Espolla cogiendo la carretera que lleva al Coll de Banyuls, durante aproximadamente un kil\u00f3metro, hasta que tomaremos un desv\u00edo a la derecha en [&hellip;]","og_url":"https:\/\/www.rutadelsindiketes.com\/de\/stufe-22-spike-llanca\/","og_site_name":"Ruta dels Indiketes","article_modified_time":"2024-11-24T16:43:14+00:00","og_image":[{"url":"https:\/\/www.rutadelsindiketes.com\/wp-content\/uploads\/2023\/01\/Perfil-etapa-22.png","type":"","width":"","height":""}],"twitter_card":"summary_large_image","twitter_misc":{"Gesch\u00e4tzte Lesezeit":"8\u00a0Minuten"},"schema":{"@context":"https:\/\/schema.org","@graph":[{"@type":"WebPage","@id":"https:\/\/www.rutadelsindiketes.com\/etapa-22-espolla-llanca\/","url":"https:\/\/www.rutadelsindiketes.com\/etapa-22-espolla-llanca\/","name":"Etapa 22 - Espolla - Llan\u00e7\u00e0-Ruta dels Indiketes","isPartOf":{"@id":"https:\/\/www.rutadelsindiketes.com\/#website"},"primaryImageOfPage":{"@id":"https:\/\/www.rutadelsindiketes.com\/etapa-22-espolla-llanca\/#primaryimage"},"image":{"@id":"https:\/\/www.rutadelsindiketes.com\/etapa-22-espolla-llanca\/#primaryimage"},"thumbnailUrl":"https:\/\/www.rutadelsindiketes.com\/wp-content\/uploads\/2023\/01\/Perfil-etapa-22.png","datePublished":"2022-12-13T14:24:58+00:00","dateModified":"2024-11-24T16:43:14+00:00","breadcrumb":{"@id":"https:\/\/www.rutadelsindiketes.com\/etapa-22-espolla-llanca\/#breadcrumb"},"inLanguage":"de","potentialAction":[{"@type":"ReadAction","target":["https:\/\/www.rutadelsindiketes.com\/etapa-22-espolla-llanca\/"]}]},{"@type":"ImageObject","inLanguage":"de","@id":"https:\/\/www.rutadelsindiketes.com\/etapa-22-espolla-llanca\/#primaryimage","url":"https:\/\/www.rutadelsindiketes.com\/wp-content\/uploads\/2023\/01\/Perfil-etapa-22.png","contentUrl":"https:\/\/www.rutadelsindiketes.com\/wp-content\/uploads\/2023\/01\/Perfil-etapa-22.png"},{"@type":"BreadcrumbList","@id":"https:\/\/www.rutadelsindiketes.com\/etapa-22-espolla-llanca\/#breadcrumb","itemListElement":[{"@type":"ListItem","position":1,"name":"Portada","item":"https:\/\/www.rutadelsindiketes.com\/ca\/"},{"@type":"ListItem","position":2,"name":"Etapa 22 &#8211; Espolla &#8211; Llan\u00e7\u00e0"}]},{"@type":"WebSite","@id":"https:\/\/www.rutadelsindiketes.com\/#website","url":"https:\/\/www.rutadelsindiketes.com\/","name":"Ruta dels Indiketes","description":"S&oacute;lo otro sitio de WordPress","potentialAction":[{"@type":"SearchAction","target":{"@type":"EntryPoint","urlTemplate":"https:\/\/www.rutadelsindiketes.com\/?s={search_term_string}"},"query-input":{"@type":"PropertyValueSpecification","valueRequired":true,"valueName":"search_term_string"}}],"inLanguage":"de"}]}},"_links":{"self":[{"href":"https:\/\/www.rutadelsindiketes.com\/de\/wp-json\/wp\/v2\/pages\/1274","targetHints":{"allow":["GET"]}}],"collection":[{"href":"https:\/\/www.rutadelsindiketes.com\/de\/wp-json\/wp\/v2\/pages"}],"about":[{"href":"https:\/\/www.rutadelsindiketes.com\/de\/wp-json\/wp\/v2\/types\/page"}],"author":[{"embeddable":true,"href":"https:\/\/www.rutadelsindiketes.com\/de\/wp-json\/wp\/v2\/users\/2"}],"replies":[{"embeddable":true,"href":"https:\/\/www.rutadelsindiketes.com\/de\/wp-json\/wp\/v2\/comments?post=1274"}],"version-history":[{"count":97,"href":"https:\/\/www.rutadelsindiketes.com\/de\/wp-json\/wp\/v2\/pages\/1274\/revisions"}],"predecessor-version":[{"id":4748,"href":"https:\/\/www.rutadelsindiketes.com\/de\/wp-json\/wp\/v2\/pages\/1274\/revisions\/4748"}],"wp:attachment":[{"href":"https:\/\/www.rutadelsindiketes.com\/de\/wp-json\/wp\/v2\/media?parent=1274"}],"curies":[{"name":"wp","href":"https:\/\/api.w.org\/{rel}","templated":true}]}}