{"id":4230,"date":"2023-05-09T15:48:29","date_gmt":"2023-05-09T13:48:29","guid":{"rendered":"https:\/\/www.rutadelsindiketes.com\/?page_id=4230"},"modified":"2023-05-09T17:08:31","modified_gmt":"2023-05-09T15:08:31","slug":"historia-de-los-indiketes","status":"publish","type":"page","link":"https:\/\/www.rutadelsindiketes.com\/de\/geschichte-der-indiketes\/","title":{"rendered":"Geschichte der Indiketes"},"content":{"rendered":"<div data-elementor-type=\"wp-page\" data-elementor-id=\"4230\" class=\"elementor elementor-4230\" data-elementor-post-type=\"page\">\n\t\t\t\t\t\t<section class=\"elementor-section elementor-top-section elementor-element elementor-element-386c4be0 elementor-section-boxed elementor-section-height-default elementor-section-height-default\" data-id=\"386c4be0\" data-element_type=\"section\" data-e-type=\"section\">\n\t\t\t\t\t\t<div class=\"elementor-container elementor-column-gap-default\">\n\t\t\t\t\t<div class=\"elementor-column elementor-col-100 elementor-top-column elementor-element elementor-element-4f083d93\" data-id=\"4f083d93\" data-element_type=\"column\" data-e-type=\"column\">\n\t\t\t<div class=\"elementor-widget-wrap elementor-element-populated\">\n\t\t\t\t\t\t<div class=\"elementor-element elementor-element-92deae8 elementor-widget elementor-widget-heading\" data-id=\"92deae8\" data-element_type=\"widget\" data-e-type=\"widget\" data-widget_type=\"heading.default\">\n\t\t\t\t<div class=\"elementor-widget-container\">\n\t\t\t\t\t<h1 class=\"elementor-heading-title elementor-size-default\">Geschichte der Indiketes<\/h1>\t\t\t\t<\/div>\n\t\t\t\t<\/div>\n\t\t\t\t\t<\/div>\n\t\t<\/div>\n\t\t\t\t\t<\/div>\n\t\t<\/section>\n\t\t<div class=\"elementor-element elementor-element-f231c82 e-flex e-con-boxed e-con e-parent\" data-id=\"f231c82\" data-element_type=\"container\" data-e-type=\"container\">\n\t\t\t\t\t<div class=\"e-con-inner\">\n\t\t<div class=\"elementor-element elementor-element-d5b5fb0 e-con-full e-flex e-con e-parent\" data-id=\"d5b5fb0\" data-element_type=\"container\" data-e-type=\"container\">\n\t\t\t\t<div class=\"elementor-element elementor-element-7b20d41 elementor-widget elementor-widget-text-editor\" data-id=\"7b20d41\" data-element_type=\"widget\" data-e-type=\"widget\" data-widget_type=\"text-editor.default\">\n\t\t\t\t<div class=\"elementor-widget-container\">\n\t\t\t\t\t\t\t\t\t\n<p>Die Indiketen waren ein iberisches Volk, das die nord\u00f6stliche Region Kataloniens bewohnte, die als Empord\u00e0 und die umliegenden Gebiete bekannt ist. Die iberische Kultur entstand am Ende der Bronzezeit und zu Beginn der Eisenzeit (8. bis 2. Jahrhundert v. Chr.).<\/p>\n<p>Die Iberer bewohnten einen Landstreifen, der sich vom S\u00fcden der Iberischen Halbinsel bis zum Fluss Erau in der Region Languedoc in Frankreich erstreckte.<\/p>\n<p>Man geht davon aus, dass sie alle eine \u00e4hnliche Sprache sprachen und sich Ende des 5. Jahrhunderts v. Chr. im Gebiet von Alicante bis S\u00fcdfrankreich eine iberische Schrift herausbildete, die von links nach rechts geschrieben wurde und die bis heute nicht entziffert werden konnte, deren Laute aber bekannt sind.<\/p>\n<p>Der \u00e4lteste Text, der sich auf dieses Gebiet bezieht, sind die Verse der Ora Maritima\" von Avieno, die auf \u00e4lteren Texten beruhen und wahrscheinlich aus dem 6. Jahrhundert v. Chr. stammen:<\/p>\n\t\t\t\t\t\t\t\t<\/div>\n\t\t\t\t<\/div>\n\t\t\t\t<\/div>\n\t\t<div class=\"elementor-element elementor-element-6e312e9 e-con-full e-flex e-con e-parent\" data-id=\"6e312e9\" data-element_type=\"container\" data-e-type=\"container\">\n\t\t\t\t<div class=\"elementor-element elementor-element-2929119 elementor-widget elementor-widget-image\" data-id=\"2929119\" data-element_type=\"widget\" data-e-type=\"widget\" data-widget_type=\"image.default\">\n\t\t\t\t<div class=\"elementor-widget-container\">\n\t\t\t\t\t\t\t\t\t\t\t\t<figure class=\"wp-caption\">\n\t\t\t\t\t\t\t\t\t\t\t<a href=\"https:\/\/www.rutadelsindiketes.com\/wp-content\/uploads\/2023\/05\/1-Mapa-de-la-Indikecia.jpg\" data-elementor-open-lightbox=\"yes\" data-elementor-lightbox-title=\"1 Mapa de la Indikecia\" data-e-action-hash=\"#elementor-action%3Aaction%3Dlightbox%26settings%3DeyJpZCI6NDI1OCwidXJsIjoiaHR0cHM6XC9cL3d3dy5ydXRhZGVsc2luZGlrZXRlcy5jb21cL3dwLWNvbnRlbnRcL3VwbG9hZHNcLzIwMjNcLzA1XC8xLU1hcGEtZGUtbGEtSW5kaWtlY2lhLmpwZyJ9\">\n\t\t\t\t\t\t\t<img fetchpriority=\"high\" decoding=\"async\" width=\"745\" height=\"994\" src=\"https:\/\/www.rutadelsindiketes.com\/wp-content\/uploads\/2023\/05\/1-Mapa-de-la-Indikecia.jpg\" class=\"attachment-large size-large wp-image-4258\" alt=\"\" srcset=\"https:\/\/www.rutadelsindiketes.com\/wp-content\/uploads\/2023\/05\/1-Mapa-de-la-Indikecia.jpg 745w, https:\/\/www.rutadelsindiketes.com\/wp-content\/uploads\/2023\/05\/1-Mapa-de-la-Indikecia-225x300.jpg 225w, https:\/\/www.rutadelsindiketes.com\/wp-content\/uploads\/2023\/05\/1-Mapa-de-la-Indikecia-9x12.jpg 9w\" sizes=\"(max-width: 745px) 100vw, 745px\" \/>\t\t\t\t\t\t\t\t<\/a>\n\t\t\t\t\t\t\t\t\t\t\t<figcaption class=\"widget-image-caption wp-caption-text\">Karte von Indiketia<\/figcaption>\n\t\t\t\t\t\t\t\t\t\t<\/figure>\n\t\t\t\t\t\t\t\t\t<\/div>\n\t\t\t\t<\/div>\n\t\t\t\t<\/div>\n\t\t\t\t\t<\/div>\n\t\t\t\t<\/div>\n\t\t<div class=\"elementor-element elementor-element-eeff181 e-flex e-con-boxed e-con e-parent\" data-id=\"eeff181\" data-element_type=\"container\" data-e-type=\"container\">\n\t\t\t\t\t<div class=\"e-con-inner\">\n\t\t<div class=\"elementor-element elementor-element-08f4535 e-con-full e-flex e-con e-parent\" data-id=\"08f4535\" data-element_type=\"container\" data-e-type=\"container\" data-settings=\"{&quot;background_background&quot;:&quot;classic&quot;}\">\n\t\t\t\t<div class=\"elementor-element elementor-element-78f392e e-transform elementor-widget elementor-widget-heading\" data-id=\"78f392e\" data-element_type=\"widget\" data-e-type=\"widget\" data-settings=\"{&quot;_transform_rotateZ_effect&quot;:{&quot;unit&quot;:&quot;px&quot;,&quot;size&quot;:270,&quot;sizes&quot;:[]},&quot;_transform_rotateZ_effect_tablet&quot;:{&quot;unit&quot;:&quot;deg&quot;,&quot;size&quot;:&quot;&quot;,&quot;sizes&quot;:[]},&quot;_transform_rotateZ_effect_mobile&quot;:{&quot;unit&quot;:&quot;deg&quot;,&quot;size&quot;:&quot;&quot;,&quot;sizes&quot;:[]}}\" data-widget_type=\"heading.default\">\n\t\t\t\t<div class=\"elementor-widget-container\">\n\t\t\t\t\t<h3 class=\"elementor-heading-title elementor-size-default\">QUOTE<\/h3>\t\t\t\t<\/div>\n\t\t\t\t<\/div>\n\t\t\t\t<\/div>\n\t\t<div class=\"elementor-element elementor-element-0ee6b86 e-con-full e-flex e-con e-parent\" data-id=\"0ee6b86\" data-element_type=\"container\" data-e-type=\"container\" data-settings=\"{&quot;background_background&quot;:&quot;classic&quot;}\">\n\t\t\t\t<div class=\"elementor-element elementor-element-1390a02 elementor-view-default elementor-widget elementor-widget-icon\" data-id=\"1390a02\" data-element_type=\"widget\" data-e-type=\"widget\" data-widget_type=\"icon.default\">\n\t\t\t\t<div class=\"elementor-widget-container\">\n\t\t\t\t\t\t\t<div class=\"elementor-icon-wrapper\">\n\t\t\t<div class=\"elementor-icon\">\n\t\t\t<svg aria-hidden=\"true\" class=\"e-font-icon-svg e-fas-quote-left\" viewbox=\"0 0 512 512\" xmlns=\"http:\/\/www.w3.org\/2000\/svg\"><path d=\"M464 256h-80v-64c0-35.3 28.7-64 64-64h8c13.3 0 24-10.7 24-24V56c0-13.3-10.7-24-24-24h-8c-88.4 0-160 71.6-160 160v240c0 26.5 21.5 48 48 48h128c26.5 0 48-21.5 48-48V304c0-26.5-21.5-48-48-48zm-288 0H96v-64c0-35.3 28.7-64 64-64h8c13.3 0 24-10.7 24-24V56c0-13.3-10.7-24-24-24h-8C71.6 32 0 103.6 0 192v240c0 26.5 21.5 48 48 48h128c26.5 0 48-21.5 48-48V304c0-26.5-21.5-48-48-48z\"><\/path><\/svg>\t\t\t<\/div>\n\t\t<\/div>\n\t\t\t\t\t\t<\/div>\n\t\t\t\t<\/div>\n\t\t\t\t<div class=\"elementor-element elementor-element-c76ab26 elementor-widget elementor-widget-text-editor\" data-id=\"c76ab26\" data-element_type=\"widget\" data-e-type=\"widget\" data-widget_type=\"text-editor.default\">\n\t\t\t\t<div class=\"elementor-widget-container\">\n\t\t\t\t\t\t\t\t\t<p><em>... dann kommen die rauen Indiketes;<\/em><br \/><em>Menschen, die so hart sind; Menschen, die wild auf der Jagd sind<\/em><br \/><em>und h\u00f6hlenbewohnend. Kap Celebantic<\/em><br \/><em>streckt dann seinen R\u00fccken ins salzige Meer.<\/em><\/p>\n<p><em>Dass die Stadt Cypsela bei ihm war.<\/em><br \/><em>ist nur noch ein Ger\u00fccht, da keine Spur des<\/em><br \/><em>die alte Stadt hat ihren rauen Boden behalten.<\/em><\/p>\n<p><em>\u00d6ffnen Sie dort einen Hafen in einem gro\u00dfen Golf und in einer gro\u00dfen<\/em><br \/><em>das Meer dringt in das gew\u00f6lbte Land ein,<\/em><br \/><em>Danach wird die K\u00fcste von Indikecio zur\u00fcckgesetzt.<\/em><br \/><em>bis zur Spitze des Kap Pyren\u00e4en.<\/em><\/p>\n<p><em>Hinter dieser K\u00fcstenlinie liegt die<\/em><br \/><em>Malodes Berg, und zwei Stolpersteine entstehen<\/em><br \/><em>in Richtung der Wolken die Doppelspitze.<\/em><br \/><em>Darunter befindet sich ein ausgedehnter Hafen,<\/em><br \/><em>das Meer nicht dem Wind ausgesetzt ist.<\/em><\/p>\n<p><em>Die Gipfel der Felsen, mit ihren Wellenbrechern davor,<\/em><br \/><em>alle Flanken und zwischen den Felsvorspr\u00fcngen<\/em><br \/><em>der Meeresabgrund sch\u00fctzt sich still und leise,<\/em><br \/><em>das Meer ruht, das Meer bleibt unbeweglich in seiner Enge.<\/em><\/p>\t\t\t\t\t\t\t\t<\/div>\n\t\t\t\t<\/div>\n\t\t\t\t<div class=\"elementor-element elementor-element-27eb37a elementor-view-default elementor-widget elementor-widget-icon\" data-id=\"27eb37a\" data-element_type=\"widget\" data-e-type=\"widget\" data-widget_type=\"icon.default\">\n\t\t\t\t<div class=\"elementor-widget-container\">\n\t\t\t\t\t\t\t<div class=\"elementor-icon-wrapper\">\n\t\t\t<div class=\"elementor-icon\">\n\t\t\t<svg aria-hidden=\"true\" class=\"e-font-icon-svg e-fas-quote-right\" viewbox=\"0 0 512 512\" xmlns=\"http:\/\/www.w3.org\/2000\/svg\"><path d=\"M464 32H336c-26.5 0-48 21.5-48 48v128c0 26.5 21.5 48 48 48h80v64c0 35.3-28.7 64-64 64h-8c-13.3 0-24 10.7-24 24v48c0 13.3 10.7 24 24 24h8c88.4 0 160-71.6 160-160V80c0-26.5-21.5-48-48-48zm-288 0H48C21.5 32 0 53.5 0 80v128c0 26.5 21.5 48 48 48h80v64c0 35.3-28.7 64-64 64h-8c-13.3 0-24 10.7-24 24v48c0 13.3 10.7 24 24 24h8c88.4 0 160-71.6 160-160V80c0-26.5-21.5-48-48-48z\"><\/path><\/svg>\t\t\t<\/div>\n\t\t<\/div>\n\t\t\t\t\t\t<\/div>\n\t\t\t\t<\/div>\n\t\t\t\t<\/div>\n\t\t<div class=\"elementor-element elementor-element-70638d2 e-con-full e-flex e-con e-parent\" data-id=\"70638d2\" data-element_type=\"container\" data-e-type=\"container\">\n\t\t\t\t<\/div>\n\t\t\t\t\t<\/div>\n\t\t\t\t<\/div>\n\t\t\t\t<section class=\"elementor-section elementor-top-section elementor-element elementor-element-7382e89 elementor-section-boxed elementor-section-height-default elementor-section-height-default\" data-id=\"7382e89\" data-element_type=\"section\" data-e-type=\"section\">\n\t\t\t\t\t\t<div class=\"elementor-container elementor-column-gap-default\">\n\t\t\t\t\t<div class=\"elementor-column elementor-col-100 elementor-top-column elementor-element elementor-element-d6d5fdc\" data-id=\"d6d5fdc\" data-element_type=\"column\" data-e-type=\"column\">\n\t\t\t<div class=\"elementor-widget-wrap elementor-element-populated\">\n\t\t\t\t\t\t<div class=\"elementor-element elementor-element-1a0bf78 elementor-widget elementor-widget-text-editor\" data-id=\"1a0bf78\" data-element_type=\"widget\" data-e-type=\"widget\" data-widget_type=\"text-editor.default\">\n\t\t\t\t<div class=\"elementor-widget-container\">\n\t\t\t\t\t\t\t\t\t<p><\/p>\n<p>Im 7. Jahrhundert v. Chr. kn\u00fcpften die Indiketas Handelskontakte mit Ph\u00f6niziern und Etruskern. Und Jahre sp\u00e4ter mit Griechen, so dass sich zwischen 575-550 v. Chr. ph\u00f6nizische Kolonisten (aus Ph\u00f4kaia, einer griechischen Stadt in Kleinasien) auf der Insel Sant Mart\u00ed d'Empuries niederlie\u00dfen und kurz darauf an die K\u00fcste zogen und zusammen mit den Indiketern die Stadt Emporion (Empuries) gr\u00fcndeten.<\/p>\n<p>\u00a0<\/p>\n<figure id=\"attachment_4259\" aria-describedby=\"caption-attachment-4259\" style=\"width: 763px\" class=\"wp-caption aligncenter\"><a href=\"https:\/\/www.rutadelsindiketes.com\/wp-content\/uploads\/2023\/05\/2-Indika_-capital-de-los-Indiketes.jpg\"><img decoding=\"async\" class=\"wp-image-4259 size-full\" src=\"https:\/\/www.rutadelsindiketes.com\/wp-content\/uploads\/2023\/05\/2-Indika_-capital-de-los-Indiketes.jpg\" alt=\"\" width=\"763\" height=\"439\" srcset=\"https:\/\/www.rutadelsindiketes.com\/wp-content\/uploads\/2023\/05\/2-Indika_-capital-de-los-Indiketes.jpg 763w, https:\/\/www.rutadelsindiketes.com\/wp-content\/uploads\/2023\/05\/2-Indika_-capital-de-los-Indiketes-300x173.jpg 300w, https:\/\/www.rutadelsindiketes.com\/wp-content\/uploads\/2023\/05\/2-Indika_-capital-de-los-Indiketes-18x10.jpg 18w\" sizes=\"(max-width: 763px) 100vw, 763px\" \/><\/a><figcaption id=\"caption-attachment-4259\" class=\"wp-caption-text\">Indika: Hauptstadt der Indiketes<\/figcaption><\/figure>\n<p>Es wird angenommen, dass die Hauptstadt der Indiketen Indika war, die weiter s\u00fcdlich auf dem Puig de Sant Andreu und auf der Insel Reixac in der N\u00e4he des heutigen Dorfes Ullastret lag. In diesem Video k\u00f6nnen Sie eine 3D-Rekonstruktion der Stadt sehen:<\/p>\n<p><\/p>\t\t\t\t\t\t\t\t<\/div>\n\t\t\t\t<\/div>\n\t\t\t\t<div class=\"elementor-element elementor-element-e19ceb5 elementor-widget elementor-widget-video\" data-id=\"e19ceb5\" data-element_type=\"widget\" data-e-type=\"widget\" data-settings=\"{&quot;youtube_url&quot;:&quot;https:\\\/\\\/youtu.be\\\/73HOao7W7oA&quot;,&quot;video_type&quot;:&quot;youtube&quot;,&quot;controls&quot;:&quot;yes&quot;}\" data-widget_type=\"video.default\">\n\t\t\t\t<div class=\"elementor-widget-container\">\n\t\t\t\t\t\t\t<div class=\"elementor-wrapper elementor-open-inline\">\n\t\t\t<div class=\"elementor-video\"><\/div>\t\t<\/div>\n\t\t\t\t\t\t<\/div>\n\t\t\t\t<\/div>\n\t\t\t\t<div class=\"elementor-element elementor-element-e29dc26 elementor-widget elementor-widget-text-editor\" data-id=\"e29dc26\" data-element_type=\"widget\" data-e-type=\"widget\" data-widget_type=\"text-editor.default\">\n\t\t\t\t<div class=\"elementor-widget-container\">\n\t\t\t\t\t\t\t\t\t\n<p>Aus dieser Zeit sind die ersten iberischen Habitatbauten mit geplanter Stadtplanung aus Stein mit viereckigem Grundriss belegt. Die Siedlungen (Oppidum) von Mas Castellar (Pontos), Ullastret, Castell (Palam\u00f3s), Peralada usw. wurden konsolidiert.<\/p>\n<p>Das von den Indiketes besetzte Gebiet war gr\u00f6\u00dfer als das durch die Indiketes-Route abgegrenzte, da ihre s\u00fcdliche Grenze vermutlich der Fluss Tordera in der heutigen Stadt Blanes war. Die Indiketen bewohnten also den oberen und unteren Empord\u00e0 und einen gro\u00dfen Teil der Regionen Giron\u00e8s, Pla de l'Estany und La Selva. Die wichtigsten Siedlungen in diesem Gebiet (Oppidum) sind Puig d'en Rovira (Quart), Mas Castell (Porqueres), Sant Juli\u00e0 de Ramis und Montbarbat (zwischen den Gemeinden Lloret de Mar und Ma\u00e7anet de la Selva).<\/p>\n<figure id=\"attachment_4260\" aria-describedby=\"caption-attachment-4260\" style=\"width: 855px\" class=\"wp-caption alignnone\"><a href=\"https:\/\/www.rutadelsindiketes.com\/wp-content\/uploads\/2023\/05\/3-Plato-de-pescado-del-Mas-Castellar-Pontos.jpg\"><img decoding=\"async\" class=\"wp-image-4260 size-full\" src=\"https:\/\/www.rutadelsindiketes.com\/wp-content\/uploads\/2023\/05\/3-Plato-de-pescado-del-Mas-Castellar-Pontos.jpg\" alt=\"\" width=\"855\" height=\"513\" srcset=\"https:\/\/www.rutadelsindiketes.com\/wp-content\/uploads\/2023\/05\/3-Plato-de-pescado-del-Mas-Castellar-Pontos.jpg 855w, https:\/\/www.rutadelsindiketes.com\/wp-content\/uploads\/2023\/05\/3-Plato-de-pescado-del-Mas-Castellar-Pontos-300x180.jpg 300w, https:\/\/www.rutadelsindiketes.com\/wp-content\/uploads\/2023\/05\/3-Plato-de-pescado-del-Mas-Castellar-Pontos-768x461.jpg 768w, https:\/\/www.rutadelsindiketes.com\/wp-content\/uploads\/2023\/05\/3-Plato-de-pescado-del-Mas-Castellar-Pontos-18x12.jpg 18w\" sizes=\"(max-width: 855px) 100vw, 855px\" \/><\/a><figcaption id=\"caption-attachment-4260\" class=\"wp-caption-text\">Fischgericht aus Mas Castellar (Pont\u00f3s)<\/figcaption><\/figure>\n<p>Ab 525 v. Chr. begann die Eisenmetallurgie, wof\u00fcr es in Illa d'en Reixac (Ullastret) eindeutige Belege gibt, und kurz darauf, 515 v. Chr., wurden in Emporion die ersten M\u00fcnzen gepr\u00e4gt.<\/p>\n<p>Im Jahr 375 v. Chr. wurde die griechische Siedlung Rhode (Rosen) von Griechen aus Massalia (dem heutigen Marseille) gegr\u00fcndet und fiel damit in die Zeit der Expansion des Indiketes.<\/p>\n<p>Die H\u00e4fen von Emporion und Rhodos waren die treibende Kraft hinter der gro\u00dfen Handelskraft von Indiketien, neben der Entwicklung und Ausdehnung des Getreideanbaus im gesamten Gebiet. Die Kommunikation erfolgte auf dem Landweg \u00fcber die tausendj\u00e4hrige Via Heraclea und den so genannten Cam\u00ed d'Empuries und seine zahlreichen Abzweigungen, aber auch auf dem Flussweg, denn entlang der Fl\u00fcsse Fluvi\u00e0 und Ter konnte man sowohl von der griechischen Stadt als auch von Ullastret aus das Innere des Gebiets erreichen.<\/p>\n<p>Die Indiketen kopierten die T\u00f6pfertechniken der Griechen und schufen ihren eigenen Stil, indem sie sie mit wei\u00dfer Farbe verzierten. Sie nutzten auch die Metallurgie, zun\u00e4chst mit Bronze und ab dem 5. Jahrhundert v. Chr. vor allem mit Eisen. Sie stellten auch Schmuck f\u00fcr ihren pers\u00f6nlichen Bedarf her (Ohrringe, Ringe, Fibeln usw.) und fertigten Textilien f\u00fcr ihre Kleidung, insbesondere Wolle und Leinen, und verwendeten Espartogras und Felle f\u00fcr ihre Schuhe. In der M\u00fcnzanstalt von Emp\u00f9ries wurden auch M\u00fcnzen mit der Aufschrift Untikesken, d. h. \"von den Indiketes\", gepr\u00e4gt.<\/p>\n<p>Im Jahr 226 v. Chr. unterzeichneten Rom und Karthago den so genannten Vertrag vom Ebro, der f\u00fcr die Indiketen katastrophale Folgen hatte, denn einige Jahre sp\u00e4ter brach der karthagische Feldherr Hannibal Barca diesen Vertrag, indem er die mit Rom verb\u00fcndete iberische Stadt Sagunto angriff und anschlie\u00dfend mit einem gro\u00dfen Heer nach Italien vorstie\u00df, wodurch der Zweite Punische Krieg begann.<\/p>\n<p>Nach der \u00dcberquerung der Pyren\u00e4en baten die R\u00f6mer den Indiketes um die Anlandung von Truppen bei Emporion, um Hannibals Nachhut abzuschneiden, was auch gew\u00e4hrt wurde. So landete im Jahr 218 v. Chr. ein gro\u00dfes r\u00f6misches Heer unter dem Kommando von Cnaeus Publius Cornelius Scipio.<\/p>\n<p>206 v. Chr. besiegten die R\u00f6mer schlie\u00dflich die Karthager, gaben aber die in der Stadt Emporion errichtete Speerspitze nicht auf und begannen, Steuern (stipendium) zu verlangen, was von den Indiketern nicht akzeptiert wurde, so dass 197 v. Chr. ein gro\u00dfer Aufstand ausbrach.<\/p>\n<p>Die R\u00f6mer schickten den Konsul Marcus Porcius Cato den \u00c4lteren, um das Gebiet zu befrieden. Bei seiner Ankunft mit den Kriegsschiffen landete er als erstes in Rhode (Roses) und schlug den Widerstand der indianischen Garnison (die sich angeblich in Puig Rom befand) nieder.<\/p>\n<p>Anschlie\u00dfend landete der gr\u00f6\u00dfte Teil der r\u00f6mischen Armee in Emporion (Empuries), wo Cato der \u00c4ltere seinen St\u00fctzpunkt errichtete. Es wird gesch\u00e4tzt, dass er insgesamt 50.000 Mann hatte (zwei Legionen, 8.000 Mann Infanterie, 15.000 Mann Verb\u00fcndete (die iberischen Ilergetes, die von ihrem K\u00f6nig Bilistages befehligt wurden), 800 Reiter aus dem konsularischen Heer, 2.000 Mann Infanterie und 200 Reiter f\u00fcr jeden der Pr\u00e4toren.<\/p>\n<p>Das Heer von Indiketa bestand aus etwa 40.000 Mann, zumeist Bauern und Bewohner der verschiedenen Oppidums der Region. Die wenigen Berufssoldaten waren mit einer keltisch gepr\u00e4gten Ausr\u00fcstung vom Typ La Tene bewaffnet, mit einem Leder- oder Metallhelm vom Typ Montefortino, einem geraden Schwert, einem Holzspeer mit Metallenden und einem ovalen Schild.<\/p>\n<p>Als Cato der Meinung war, dass die Truppen bereit waren, die Eingeborenen auf offenem Feld zu bek\u00e4mpfen, verlegte er die Truppen in die castra hiberna, ein zweites Lager 3000 Schritte von der Stadt entfernt auf dem Festland, in feindlich besetztem Gebiet, von wo aus er die Rebellen nachts auspeitschte, indem er ihre Felder niederbrannte und ihre Ernten und ihr Vieh stahl, den Feind demoralisierte, seine Truppen im Kampf ausbildete und die Verb\u00fcndeten der Ilergetes unterst\u00fctzte.<\/p>\n<p>Die Schlacht soll einige Kilometer von Emporion entfernt, westlich der Gebirgskette Creu de Ventall\u00f3 und des Berges Sant Grau, stattgefunden haben. Die R\u00f6mer errangen einen totalen Sieg, indem sie das wenig ausgebildete indianische Heer vollst\u00e4ndig ausl\u00f6schten. In diesem Zusammenhang zwangen die R\u00f6mer sie, die griechische Siedlung Rodhes, die iberische Stadt Ullastret und viele andere Siedlungen wie Mas Castellar (Pont\u00f3s), Castell Barri (Calonge), Puig Castellet (Lloret de Mar) usw. aufzugeben.<\/p>\n<p>Im Jahr 71 v. Chr. besiegte der r\u00f6mische Konsul Gnaeus Pompeius Magnus im Rahmen eines B\u00fcrgerkriegs den von verschiedenen iberischen St\u00e4mmen unterst\u00fctzten General Sertorius und lie\u00df zum Gedenken daran die so genannten Troph\u00e4en des Pompeius (die 1995 im Coll de Panissars in der Gemeinde La Jonquera entdeckt wurden) \u00fcber dem Pass der alten Via Heraclea (der sp\u00e4teren Via Augusta) aufstellen.<br \/><br \/><\/p>\n<figure id=\"attachment_4261\" aria-describedby=\"caption-attachment-4261\" style=\"width: 669px\" class=\"wp-caption aligncenter\"><a href=\"https:\/\/www.rutadelsindiketes.com\/wp-content\/uploads\/2023\/05\/4-Ruinas-del-monumento-de-Pompeyo-el-Grande-en-el-Coll-de-Panissars_-en-La-Jonquera.jpg\"><img loading=\"lazy\" decoding=\"async\" class=\"wp-image-4261 size-full\" src=\"https:\/\/www.rutadelsindiketes.com\/wp-content\/uploads\/2023\/05\/4-Ruinas-del-monumento-de-Pompeyo-el-Grande-en-el-Coll-de-Panissars_-en-La-Jonquera.jpg\" alt=\"\" width=\"669\" height=\"501\" srcset=\"https:\/\/www.rutadelsindiketes.com\/wp-content\/uploads\/2023\/05\/4-Ruinas-del-monumento-de-Pompeyo-el-Grande-en-el-Coll-de-Panissars_-en-La-Jonquera.jpg 669w, https:\/\/www.rutadelsindiketes.com\/wp-content\/uploads\/2023\/05\/4-Ruinas-del-monumento-de-Pompeyo-el-Grande-en-el-Coll-de-Panissars_-en-La-Jonquera-300x225.jpg 300w, https:\/\/www.rutadelsindiketes.com\/wp-content\/uploads\/2023\/05\/4-Ruinas-del-monumento-de-Pompeyo-el-Grande-en-el-Coll-de-Panissars_-en-La-Jonquera-16x12.jpg 16w\" sizes=\"(max-width: 669px) 100vw, 669px\" \/><\/a><figcaption id=\"caption-attachment-4261\" class=\"wp-caption-text\">Ruinen des Denkmals von Pompejus dem Gro\u00dfen auf dem Coll de Panissars in La Jonquera<\/figcaption><\/figure>\n\t\t\t\t\t\t\t\t<\/div>\n\t\t\t\t<\/div>\n\t\t\t\t<div class=\"elementor-element elementor-element-571e56b elementor-alert-warning elementor-widget elementor-widget-alert\" data-id=\"571e56b\" data-element_type=\"widget\" data-e-type=\"widget\" data-widget_type=\"alert.default\">\n\t\t\t\t<div class=\"elementor-widget-container\">\n\t\t\t\t\t\t\t<div class=\"elementor-alert\" role=\"alert\">\n\n\t\t\t\t\t\t<span class=\"elementor-alert-title\">Hinweis<\/span>\n\t\t\t\n\t\t\t\t\t\t<span class=\"elementor-alert-description\">Die r\u00e4tselhafte Stadt Cypcela (oder Kypcela), die von Rufus Festus Avienus beschrieben wurde, ist noch nicht entdeckt worden. Einige Hypothesen besagen, dass es sich um die iberische Hauptstadt von Indika (Ullastret) handeln k\u00f6nnte. Unserer Meinung nach k\u00f6nnte sie in einem Tsunami verschwunden oder unter dem Sand am Fu\u00dfe des Begur, in den Sorreras de Can Mateu und Puig Broc\u00e0, begraben worden sein, da die K\u00fcstenlinie viel weiter landeinw\u00e4rts lag als heute. Sie befand sich also in dem Gebiet, das in der damaligen Geologie als \"Korridor von Palafrugell\" bezeichnet wurde. Nach dieser Theorie k\u00f6nnte es sich bei den beiden von Avieno erw\u00e4hnten Felsen (oder Riffen) um die Bergmassive Montgr\u00ed und Begur handeln.<\/span>\n\t\t\t\n\t\t\t\n\t\t<\/div>\n\t\t\t\t\t\t<\/div>\n\t\t\t\t<\/div>\n\t\t\t\t<div class=\"elementor-element elementor-element-cdbe426 elementor-widget elementor-widget-image\" data-id=\"cdbe426\" data-element_type=\"widget\" data-e-type=\"widget\" data-widget_type=\"image.default\">\n\t\t\t\t<div class=\"elementor-widget-container\">\n\t\t\t\t\t\t\t\t\t\t\t\t<figure class=\"wp-caption\">\n\t\t\t\t\t\t\t\t\t\t\t<a href=\"https:\/\/www.rutadelsindiketes.com\/wp-content\/uploads\/2023\/05\/5-Mapa-de-la-geologia-de-lEmporda.jpg\" data-elementor-open-lightbox=\"yes\" data-elementor-lightbox-title=\"5 Mapa de la geolog\u00eda de l&#039;Empord\u00e0_\" data-e-action-hash=\"#elementor-action%3Aaction%3Dlightbox%26settings%3DeyJpZCI6NDI2MiwidXJsIjoiaHR0cHM6XC9cL3d3dy5ydXRhZGVsc2luZGlrZXRlcy5jb21cL3dwLWNvbnRlbnRcL3VwbG9hZHNcLzIwMjNcLzA1XC81LU1hcGEtZGUtbGEtZ2VvbG9naWEtZGUtbEVtcG9yZGEuanBnIn0%3D\">\n\t\t\t\t\t\t\t<img loading=\"lazy\" decoding=\"async\" width=\"788\" height=\"642\" src=\"https:\/\/www.rutadelsindiketes.com\/wp-content\/uploads\/2023\/05\/5-Mapa-de-la-geologia-de-lEmporda.jpg\" class=\"attachment-large size-large wp-image-4262\" alt=\"\" srcset=\"https:\/\/www.rutadelsindiketes.com\/wp-content\/uploads\/2023\/05\/5-Mapa-de-la-geologia-de-lEmporda.jpg 788w, https:\/\/www.rutadelsindiketes.com\/wp-content\/uploads\/2023\/05\/5-Mapa-de-la-geologia-de-lEmporda-300x244.jpg 300w, https:\/\/www.rutadelsindiketes.com\/wp-content\/uploads\/2023\/05\/5-Mapa-de-la-geologia-de-lEmporda-768x626.jpg 768w, https:\/\/www.rutadelsindiketes.com\/wp-content\/uploads\/2023\/05\/5-Mapa-de-la-geologia-de-lEmporda-15x12.jpg 15w\" sizes=\"(max-width: 788px) 100vw, 788px\" \/>\t\t\t\t\t\t\t\t<\/a>\n\t\t\t\t\t\t\t\t\t\t\t<figcaption class=\"widget-image-caption wp-caption-text\">Karte der Geologie von l'Empord\u00e0<\/figcaption>\n\t\t\t\t\t\t\t\t\t\t<\/figure>\n\t\t\t\t\t\t\t\t\t<\/div>\n\t\t\t\t<\/div>\n\t\t\t\t\t<\/div>\n\t\t<\/div>\n\t\t\t\t\t<\/div>\n\t\t<\/section>\n\t\t\t\t<\/div>","protected":false},"excerpt":{"rendered":"<p>Los Indiketes era el pueblo \u00edbero que habitaba la regi\u00f3n norte oriental de Catalu\u00f1a, lo que se conoce con el nombre de Ampurd\u00e1n y sus \u00e1reas pr\u00f3ximas. La cultura \u00edbera se forj\u00f3 a finales de la edad del bronce e inicios de la edad del hierro (siglos VIII-II a.C). Los iberos ocuparon una franja que [&hellip;]<\/p>","protected":false},"author":2,"featured_media":0,"parent":0,"menu_order":0,"comment_status":"closed","ping_status":"closed","template":"elementor_theme","meta":{"footnotes":""},"class_list":["post-4230","page","type-page","status-publish","hentry"],"yoast_head":"<!-- This site is optimized with the Yoast SEO plugin v27.2 - https:\/\/yoast.com\/product\/yoast-seo-wordpress\/ -->\n<title>Historia de los Indiketes-Ruta dels Indiketes<\/title>\n<meta name=\"robots\" content=\"index, follow, max-snippet:-1, max-image-preview:large, max-video-preview:-1\" \/>\n<link rel=\"canonical\" href=\"https:\/\/www.rutadelsindiketes.com\/de\/geschichte-der-indiketes\/\" \/>\n<meta property=\"og:locale\" content=\"de_DE\" \/>\n<meta property=\"og:type\" content=\"article\" \/>\n<meta property=\"og:title\" content=\"Historia de los Indiketes-Ruta dels Indiketes\" \/>\n<meta property=\"og:description\" content=\"Los Indiketes era el pueblo \u00edbero que habitaba la regi\u00f3n norte oriental de Catalu\u00f1a, lo que se conoce con el nombre de Ampurd\u00e1n y sus \u00e1reas pr\u00f3ximas. La cultura \u00edbera se forj\u00f3 a finales de la edad del bronce e inicios de la edad del hierro (siglos VIII-II a.C). Los iberos ocuparon una franja que [&hellip;]\" \/>\n<meta property=\"og:url\" content=\"https:\/\/www.rutadelsindiketes.com\/de\/geschichte-der-indiketes\/\" \/>\n<meta property=\"og:site_name\" content=\"Ruta dels Indiketes\" \/>\n<meta property=\"article:modified_time\" content=\"2023-05-09T15:08:31+00:00\" \/>\n<meta property=\"og:image\" content=\"https:\/\/www.rutadelsindiketes.com\/wp-content\/uploads\/2023\/05\/1-Mapa-de-la-Indikecia.jpg\" \/>\n<meta name=\"twitter:card\" content=\"summary_large_image\" \/>\n<meta name=\"twitter:label1\" content=\"Gesch\u00e4tzte Lesezeit\" \/>\n\t<meta name=\"twitter:data1\" content=\"8\u00a0Minuten\" \/>\n<script type=\"application\/ld+json\" class=\"yoast-schema-graph\">{\"@context\":\"https:\/\/schema.org\",\"@graph\":[{\"@type\":\"WebPage\",\"@id\":\"https:\/\/www.rutadelsindiketes.com\/historia-de-los-indiketes\/\",\"url\":\"https:\/\/www.rutadelsindiketes.com\/historia-de-los-indiketes\/\",\"name\":\"Historia de los Indiketes-Ruta dels Indiketes\",\"isPartOf\":{\"@id\":\"https:\/\/www.rutadelsindiketes.com\/#website\"},\"primaryImageOfPage\":{\"@id\":\"https:\/\/www.rutadelsindiketes.com\/historia-de-los-indiketes\/#primaryimage\"},\"image\":{\"@id\":\"https:\/\/www.rutadelsindiketes.com\/historia-de-los-indiketes\/#primaryimage\"},\"thumbnailUrl\":\"https:\/\/www.rutadelsindiketes.com\/wp-content\/uploads\/2023\/05\/1-Mapa-de-la-Indikecia.jpg\",\"datePublished\":\"2023-05-09T13:48:29+00:00\",\"dateModified\":\"2023-05-09T15:08:31+00:00\",\"breadcrumb\":{\"@id\":\"https:\/\/www.rutadelsindiketes.com\/historia-de-los-indiketes\/#breadcrumb\"},\"inLanguage\":\"de\",\"potentialAction\":[{\"@type\":\"ReadAction\",\"target\":[\"https:\/\/www.rutadelsindiketes.com\/historia-de-los-indiketes\/\"]}]},{\"@type\":\"ImageObject\",\"inLanguage\":\"de\",\"@id\":\"https:\/\/www.rutadelsindiketes.com\/historia-de-los-indiketes\/#primaryimage\",\"url\":\"https:\/\/www.rutadelsindiketes.com\/wp-content\/uploads\/2023\/05\/1-Mapa-de-la-Indikecia.jpg\",\"contentUrl\":\"https:\/\/www.rutadelsindiketes.com\/wp-content\/uploads\/2023\/05\/1-Mapa-de-la-Indikecia.jpg\"},{\"@type\":\"BreadcrumbList\",\"@id\":\"https:\/\/www.rutadelsindiketes.com\/historia-de-los-indiketes\/#breadcrumb\",\"itemListElement\":[{\"@type\":\"ListItem\",\"position\":1,\"name\":\"Portada\",\"item\":\"https:\/\/www.rutadelsindiketes.com\/ca\/\"},{\"@type\":\"ListItem\",\"position\":2,\"name\":\"Historia de los Indiketes\"}]},{\"@type\":\"WebSite\",\"@id\":\"https:\/\/www.rutadelsindiketes.com\/#website\",\"url\":\"https:\/\/www.rutadelsindiketes.com\/\",\"name\":\"Ruta dels Indiketes\",\"description\":\"S&oacute;lo otro sitio de WordPress\",\"potentialAction\":[{\"@type\":\"SearchAction\",\"target\":{\"@type\":\"EntryPoint\",\"urlTemplate\":\"https:\/\/www.rutadelsindiketes.com\/?s={search_term_string}\"},\"query-input\":{\"@type\":\"PropertyValueSpecification\",\"valueRequired\":true,\"valueName\":\"search_term_string\"}}],\"inLanguage\":\"de\"}]}<\/script>\n<!-- \/ Yoast SEO plugin. -->","yoast_head_json":{"title":"Historia de los Indiketes-Ruta dels Indiketes","robots":{"index":"index","follow":"follow","max-snippet":"max-snippet:-1","max-image-preview":"max-image-preview:large","max-video-preview":"max-video-preview:-1"},"canonical":"https:\/\/www.rutadelsindiketes.com\/de\/geschichte-der-indiketes\/","og_locale":"de_DE","og_type":"article","og_title":"Historia de los Indiketes-Ruta dels Indiketes","og_description":"Los Indiketes era el pueblo \u00edbero que habitaba la regi\u00f3n norte oriental de Catalu\u00f1a, lo que se conoce con el nombre de Ampurd\u00e1n y sus \u00e1reas pr\u00f3ximas. La cultura \u00edbera se forj\u00f3 a finales de la edad del bronce e inicios de la edad del hierro (siglos VIII-II a.C). Los iberos ocuparon una franja que [&hellip;]","og_url":"https:\/\/www.rutadelsindiketes.com\/de\/geschichte-der-indiketes\/","og_site_name":"Ruta dels Indiketes","article_modified_time":"2023-05-09T15:08:31+00:00","og_image":[{"url":"https:\/\/www.rutadelsindiketes.com\/wp-content\/uploads\/2023\/05\/1-Mapa-de-la-Indikecia.jpg","type":"","width":"","height":""}],"twitter_card":"summary_large_image","twitter_misc":{"Gesch\u00e4tzte Lesezeit":"8\u00a0Minuten"},"schema":{"@context":"https:\/\/schema.org","@graph":[{"@type":"WebPage","@id":"https:\/\/www.rutadelsindiketes.com\/historia-de-los-indiketes\/","url":"https:\/\/www.rutadelsindiketes.com\/historia-de-los-indiketes\/","name":"Historia de los Indiketes-Ruta dels Indiketes","isPartOf":{"@id":"https:\/\/www.rutadelsindiketes.com\/#website"},"primaryImageOfPage":{"@id":"https:\/\/www.rutadelsindiketes.com\/historia-de-los-indiketes\/#primaryimage"},"image":{"@id":"https:\/\/www.rutadelsindiketes.com\/historia-de-los-indiketes\/#primaryimage"},"thumbnailUrl":"https:\/\/www.rutadelsindiketes.com\/wp-content\/uploads\/2023\/05\/1-Mapa-de-la-Indikecia.jpg","datePublished":"2023-05-09T13:48:29+00:00","dateModified":"2023-05-09T15:08:31+00:00","breadcrumb":{"@id":"https:\/\/www.rutadelsindiketes.com\/historia-de-los-indiketes\/#breadcrumb"},"inLanguage":"de","potentialAction":[{"@type":"ReadAction","target":["https:\/\/www.rutadelsindiketes.com\/historia-de-los-indiketes\/"]}]},{"@type":"ImageObject","inLanguage":"de","@id":"https:\/\/www.rutadelsindiketes.com\/historia-de-los-indiketes\/#primaryimage","url":"https:\/\/www.rutadelsindiketes.com\/wp-content\/uploads\/2023\/05\/1-Mapa-de-la-Indikecia.jpg","contentUrl":"https:\/\/www.rutadelsindiketes.com\/wp-content\/uploads\/2023\/05\/1-Mapa-de-la-Indikecia.jpg"},{"@type":"BreadcrumbList","@id":"https:\/\/www.rutadelsindiketes.com\/historia-de-los-indiketes\/#breadcrumb","itemListElement":[{"@type":"ListItem","position":1,"name":"Portada","item":"https:\/\/www.rutadelsindiketes.com\/ca\/"},{"@type":"ListItem","position":2,"name":"Historia de los Indiketes"}]},{"@type":"WebSite","@id":"https:\/\/www.rutadelsindiketes.com\/#website","url":"https:\/\/www.rutadelsindiketes.com\/","name":"Ruta dels Indiketes","description":"S&oacute;lo otro sitio de WordPress","potentialAction":[{"@type":"SearchAction","target":{"@type":"EntryPoint","urlTemplate":"https:\/\/www.rutadelsindiketes.com\/?s={search_term_string}"},"query-input":{"@type":"PropertyValueSpecification","valueRequired":true,"valueName":"search_term_string"}}],"inLanguage":"de"}]}},"_links":{"self":[{"href":"https:\/\/www.rutadelsindiketes.com\/de\/wp-json\/wp\/v2\/pages\/4230","targetHints":{"allow":["GET"]}}],"collection":[{"href":"https:\/\/www.rutadelsindiketes.com\/de\/wp-json\/wp\/v2\/pages"}],"about":[{"href":"https:\/\/www.rutadelsindiketes.com\/de\/wp-json\/wp\/v2\/types\/page"}],"author":[{"embeddable":true,"href":"https:\/\/www.rutadelsindiketes.com\/de\/wp-json\/wp\/v2\/users\/2"}],"replies":[{"embeddable":true,"href":"https:\/\/www.rutadelsindiketes.com\/de\/wp-json\/wp\/v2\/comments?post=4230"}],"version-history":[{"count":55,"href":"https:\/\/www.rutadelsindiketes.com\/de\/wp-json\/wp\/v2\/pages\/4230\/revisions"}],"predecessor-version":[{"id":4298,"href":"https:\/\/www.rutadelsindiketes.com\/de\/wp-json\/wp\/v2\/pages\/4230\/revisions\/4298"}],"wp:attachment":[{"href":"https:\/\/www.rutadelsindiketes.com\/de\/wp-json\/wp\/v2\/media?parent=4230"}],"curies":[{"name":"wp","href":"https:\/\/api.w.org\/{rel}","templated":true}]}}