{"id":439,"date":"2022-02-03T00:36:39","date_gmt":"2022-02-02T23:36:39","guid":{"rendered":"https:\/\/www.rutadelsindiketes.com\/?page_id=439"},"modified":"2023-10-16T13:54:24","modified_gmt":"2023-10-16T11:54:24","slug":"el-recorrido","status":"publish","type":"page","link":"https:\/\/www.rutadelsindiketes.com\/de\/the-trail\/","title":{"rendered":"Die Route"},"content":{"rendered":"<div data-elementor-type=\"wp-page\" data-elementor-id=\"439\" class=\"elementor elementor-439\" data-elementor-post-type=\"page\">\n\t\t\t\t\t\t<section class=\"elementor-section elementor-top-section elementor-element elementor-element-db2b793 elementor-section-boxed elementor-section-height-default elementor-section-height-default\" data-id=\"db2b793\" data-element_type=\"section\" data-e-type=\"section\">\n\t\t\t\t\t\t<div class=\"elementor-container elementor-column-gap-default\">\n\t\t\t\t\t<div class=\"elementor-column elementor-col-100 elementor-top-column elementor-element elementor-element-2ef45f0\" data-id=\"2ef45f0\" data-element_type=\"column\" data-e-type=\"column\">\n\t\t\t<div class=\"elementor-widget-wrap elementor-element-populated\">\n\t\t\t\t\t\t<div class=\"elementor-element elementor-element-e2eb20f elementor-widget elementor-widget-heading\" data-id=\"e2eb20f\" data-element_type=\"widget\" data-e-type=\"widget\" data-widget_type=\"heading.default\">\n\t\t\t\t<div class=\"elementor-widget-container\">\n\t\t\t\t\t<h1 class=\"elementor-heading-title elementor-size-default\">Die Route<\/h1>\t\t\t\t<\/div>\n\t\t\t\t<\/div>\n\t\t\t\t\t<\/div>\n\t\t<\/div>\n\t\t\t\t\t<\/div>\n\t\t<\/section>\n\t\t\t\t<section class=\"elementor-section elementor-top-section elementor-element elementor-element-1e0b421 elementor-section-boxed elementor-section-height-default elementor-section-height-default\" data-id=\"1e0b421\" data-element_type=\"section\" data-e-type=\"section\">\n\t\t\t\t\t\t<div class=\"elementor-container elementor-column-gap-default\">\n\t\t\t\t\t<div class=\"elementor-column elementor-col-100 elementor-top-column elementor-element elementor-element-0d927b2\" data-id=\"0d927b2\" data-element_type=\"column\" data-e-type=\"column\">\n\t\t\t<div class=\"elementor-widget-wrap elementor-element-populated\">\n\t\t\t\t\t\t<div class=\"elementor-element elementor-element-6f5b1e1 elementor-arrows-position-inside elementor-pagination-position-outside elementor-widget elementor-widget-image-carousel\" data-id=\"6f5b1e1\" data-element_type=\"widget\" data-e-type=\"widget\" data-settings=\"{&quot;slides_to_show&quot;:&quot;1&quot;,&quot;infinite&quot;:&quot;no&quot;,&quot;navigation&quot;:&quot;both&quot;,&quot;autoplay&quot;:&quot;yes&quot;,&quot;pause_on_hover&quot;:&quot;yes&quot;,&quot;pause_on_interaction&quot;:&quot;yes&quot;,&quot;autoplay_speed&quot;:5000,&quot;effect&quot;:&quot;slide&quot;,&quot;speed&quot;:500}\" data-widget_type=\"image-carousel.default\">\n\t\t\t\t<div class=\"elementor-widget-container\">\n\t\t\t\t\t\t\t<div class=\"elementor-image-carousel-wrapper swiper\" role=\"region\" aria-roledescription=\"carousel\" aria-label=\"Image Carousel\" dir=\"ltr\" data-no-translation-aria-label=\"\">\n\t\t\t<div class=\"elementor-image-carousel swiper-wrapper\" aria-live=\"off\">\n\t\t\t\t\t\t\t\t<div class=\"swiper-slide\" role=\"group\" aria-roledescription=\"slide\" aria-label=\"1 of 4\" data-no-translation-aria-label=\"\"><a data-elementor-open-lightbox=\"yes\" data-elementor-lightbox-slideshow=\"6f5b1e1\" data-elementor-lightbox-title=\"Perfil-total-a-4500-amb-pobles-horizontals_01\" data-e-action-hash=\"#elementor-action%3Aaction%3Dlightbox%26settings%3DeyJpZCI6MTE4NiwidXJsIjoiaHR0cHM6XC9cL3d3dy5ydXRhZGVsc2luZGlrZXRlcy5jb21cL3dwLWNvbnRlbnRcL3VwbG9hZHNcLzIwMjJcLzA1XC9QZXJmaWwtdG90YWwtYS00NTAwLWFtYi1wb2JsZXMtaG9yaXpvbnRhbHNfMDEucG5nIiwic2xpZGVzaG93IjoiNmY1YjFlMSJ9\" href=\"https:\/\/www.rutadelsindiketes.com\/wp-content\/uploads\/2022\/05\/Perfil-total-a-4500-amb-pobles-horizontals_01.png\"><figure class=\"swiper-slide-inner\"><img decoding=\"async\" class=\"swiper-slide-image\" src=\"https:\/\/www.rutadelsindiketes.com\/wp-content\/uploads\/2022\/05\/Perfil-total-a-4500-amb-pobles-horizontals_01.png\" alt=\"Perfil-total-a-4500-amb-pobles-horizontals_01\" \/><\/figure><\/a><\/div><div class=\"swiper-slide\" role=\"group\" aria-roledescription=\"slide\" aria-label=\"2 of 4\" data-no-translation-aria-label=\"\"><a data-elementor-open-lightbox=\"yes\" data-elementor-lightbox-slideshow=\"6f5b1e1\" data-elementor-lightbox-title=\"Perfil-total-a-4500-amb-pobles-horizontals_02\" data-e-action-hash=\"#elementor-action%3Aaction%3Dlightbox%26settings%3DeyJpZCI6MTE4NywidXJsIjoiaHR0cHM6XC9cL3d3dy5ydXRhZGVsc2luZGlrZXRlcy5jb21cL3dwLWNvbnRlbnRcL3VwbG9hZHNcLzIwMjJcLzA1XC9QZXJmaWwtdG90YWwtYS00NTAwLWFtYi1wb2JsZXMtaG9yaXpvbnRhbHNfMDIucG5nIiwic2xpZGVzaG93IjoiNmY1YjFlMSJ9\" href=\"https:\/\/www.rutadelsindiketes.com\/wp-content\/uploads\/2022\/05\/Perfil-total-a-4500-amb-pobles-horizontals_02.png\"><figure class=\"swiper-slide-inner\"><img decoding=\"async\" class=\"swiper-slide-image\" src=\"https:\/\/www.rutadelsindiketes.com\/wp-content\/uploads\/2022\/05\/Perfil-total-a-4500-amb-pobles-horizontals_02.png\" alt=\"Perfil-total-a-4500-amb-pobles-horizontals_02\" \/><\/figure><\/a><\/div><div class=\"swiper-slide\" role=\"group\" aria-roledescription=\"slide\" aria-label=\"3 of 4\" data-no-translation-aria-label=\"\"><a data-elementor-open-lightbox=\"yes\" data-elementor-lightbox-slideshow=\"6f5b1e1\" data-elementor-lightbox-title=\"Perfil-total-a-4500-amb-pobles-horizontals_03\" data-e-action-hash=\"#elementor-action%3Aaction%3Dlightbox%26settings%3DeyJpZCI6MTE4OCwidXJsIjoiaHR0cHM6XC9cL3d3dy5ydXRhZGVsc2luZGlrZXRlcy5jb21cL3dwLWNvbnRlbnRcL3VwbG9hZHNcLzIwMjJcLzA1XC9QZXJmaWwtdG90YWwtYS00NTAwLWFtYi1wb2JsZXMtaG9yaXpvbnRhbHNfMDMucG5nIiwic2xpZGVzaG93IjoiNmY1YjFlMSJ9\" href=\"https:\/\/www.rutadelsindiketes.com\/wp-content\/uploads\/2022\/05\/Perfil-total-a-4500-amb-pobles-horizontals_03.png\"><figure class=\"swiper-slide-inner\"><img decoding=\"async\" class=\"swiper-slide-image\" src=\"https:\/\/www.rutadelsindiketes.com\/wp-content\/uploads\/2022\/05\/Perfil-total-a-4500-amb-pobles-horizontals_03.png\" alt=\"Perfil-total-a-4500-amb-pobles-horizontals_03\" \/><\/figure><\/a><\/div><div class=\"swiper-slide\" role=\"group\" aria-roledescription=\"slide\" aria-label=\"4 of 4\" data-no-translation-aria-label=\"\"><a data-elementor-open-lightbox=\"yes\" data-elementor-lightbox-slideshow=\"6f5b1e1\" data-elementor-lightbox-title=\"Perfil-total-a-4500-amb-pobles-horizontals_04\" data-e-action-hash=\"#elementor-action%3Aaction%3Dlightbox%26settings%3DeyJpZCI6MTE4OSwidXJsIjoiaHR0cHM6XC9cL3d3dy5ydXRhZGVsc2luZGlrZXRlcy5jb21cL3dwLWNvbnRlbnRcL3VwbG9hZHNcLzIwMjJcLzA1XC9QZXJmaWwtdG90YWwtYS00NTAwLWFtYi1wb2JsZXMtaG9yaXpvbnRhbHNfMDQucG5nIiwic2xpZGVzaG93IjoiNmY1YjFlMSJ9\" href=\"https:\/\/www.rutadelsindiketes.com\/wp-content\/uploads\/2022\/05\/Perfil-total-a-4500-amb-pobles-horizontals_04.png\"><figure class=\"swiper-slide-inner\"><img decoding=\"async\" class=\"swiper-slide-image\" src=\"https:\/\/www.rutadelsindiketes.com\/wp-content\/uploads\/2022\/05\/Perfil-total-a-4500-amb-pobles-horizontals_04.png\" alt=\"Perfil-total-a-4500-amb-pobles-horizontals_04\" \/><\/figure><\/a><\/div>\t\t\t<\/div>\n\t\t\t\t\t\t\t\t\t\t\t\t<div class=\"elementor-swiper-button elementor-swiper-button-prev\" role=\"button\" tabindex=\"0\">\n\t\t\t\t\t\t<svg aria-hidden=\"true\" class=\"e-font-icon-svg e-eicon-chevron-left\" viewbox=\"0 0 1000 1000\" xmlns=\"http:\/\/www.w3.org\/2000\/svg\"><path d=\"M646 125C629 125 613 133 604 142L308 442C296 454 292 471 292 487 292 504 296 521 308 533L604 854C617 867 629 875 646 875 663 875 679 871 692 858 704 846 713 829 713 812 713 796 708 779 692 767L438 487 692 225C700 217 708 204 708 187 708 171 704 154 692 142 675 129 663 125 646 125Z\"><\/path><\/svg>\t\t\t\t\t<\/div>\n\t\t\t\t\t<div class=\"elementor-swiper-button elementor-swiper-button-next\" role=\"button\" tabindex=\"0\">\n\t\t\t\t\t\t<svg aria-hidden=\"true\" class=\"e-font-icon-svg e-eicon-chevron-right\" viewbox=\"0 0 1000 1000\" xmlns=\"http:\/\/www.w3.org\/2000\/svg\"><path d=\"M696 533C708 521 713 504 713 487 713 471 708 454 696 446L400 146C388 133 375 125 354 125 338 125 325 129 313 142 300 154 292 171 292 187 292 204 296 221 308 233L563 492 304 771C292 783 288 800 288 817 288 833 296 850 308 863 321 871 338 875 354 875 371 875 388 867 400 854L696 533Z\"><\/path><\/svg>\t\t\t\t\t<\/div>\n\t\t\t\t\n\t\t\t\t\t\t\t\t\t<div class=\"swiper-pagination\"><\/div>\n\t\t\t\t\t\t\t\t\t<\/div>\n\t\t\t\t\t\t<\/div>\n\t\t\t\t<\/div>\n\t\t\t\t\t<\/div>\n\t\t<\/div>\n\t\t\t\t\t<\/div>\n\t\t<\/section>\n\t\t\t\t<section class=\"elementor-section elementor-top-section elementor-element elementor-element-663a999a elementor-section-boxed elementor-section-height-default elementor-section-height-default\" data-id=\"663a999a\" data-element_type=\"section\" data-e-type=\"section\">\n\t\t\t\t\t\t<div class=\"elementor-container elementor-column-gap-default\">\n\t\t\t\t\t<div class=\"elementor-column elementor-col-100 elementor-top-column elementor-element elementor-element-450f2b97\" data-id=\"450f2b97\" data-element_type=\"column\" data-e-type=\"column\">\n\t\t\t<div class=\"elementor-widget-wrap elementor-element-populated\">\n\t\t\t\t\t\t<section class=\"elementor-section elementor-inner-section elementor-element elementor-element-b47e550 elementor-section-boxed elementor-section-height-default elementor-section-height-default\" data-id=\"b47e550\" data-element_type=\"section\" data-e-type=\"section\">\n\t\t\t\t\t\t<div class=\"elementor-container elementor-column-gap-default\">\n\t\t\t\t\t<div class=\"elementor-column elementor-col-50 elementor-inner-column elementor-element elementor-element-07adf8d\" data-id=\"07adf8d\" data-element_type=\"column\" data-e-type=\"column\">\n\t\t\t<div class=\"elementor-widget-wrap elementor-element-populated\">\n\t\t\t\t\t\t<div class=\"elementor-element elementor-element-2305b31 elementor-widget elementor-widget-image\" data-id=\"2305b31\" data-element_type=\"widget\" data-e-type=\"widget\" data-widget_type=\"image.default\">\n\t\t\t\t<div class=\"elementor-widget-container\">\n\t\t\t\t\t\t\t\t\t\t\t\t\t\t\t\t<a href=\"https:\/\/www.rutadelsindiketes.com\/wp-content\/uploads\/2022\/02\/SALINAS.jpg\" data-elementor-open-lightbox=\"yes\" data-elementor-lightbox-title=\"SALINAS\" data-e-action-hash=\"#elementor-action%3Aaction%3Dlightbox%26settings%3DeyJpZCI6NDU2LCJ1cmwiOiJodHRwczpcL1wvd3d3LnJ1dGFkZWxzaW5kaWtldGVzLmNvbVwvd3AtY29udGVudFwvdXBsb2Fkc1wvMjAyMlwvMDJcL1NBTElOQVMuanBnIn0%3D\">\n\t\t\t\t\t\t\t<img fetchpriority=\"high\" decoding=\"async\" width=\"800\" height=\"600\" src=\"https:\/\/www.rutadelsindiketes.com\/wp-content\/uploads\/2022\/02\/SALINAS.jpg\" class=\"attachment-large size-large wp-image-456\" alt=\"\" srcset=\"https:\/\/www.rutadelsindiketes.com\/wp-content\/uploads\/2022\/02\/SALINAS.jpg 1024w, https:\/\/www.rutadelsindiketes.com\/wp-content\/uploads\/2022\/02\/SALINAS-300x225.jpg 300w, https:\/\/www.rutadelsindiketes.com\/wp-content\/uploads\/2022\/02\/SALINAS-768x576.jpg 768w\" sizes=\"(max-width: 800px) 100vw, 800px\" \/>\t\t\t\t\t\t\t\t<\/a>\n\t\t\t\t\t\t\t\t\t\t\t\t\t\t\t<\/div>\n\t\t\t\t<\/div>\n\t\t\t\t\t<\/div>\n\t\t<\/div>\n\t\t\t\t<div class=\"elementor-column elementor-col-50 elementor-inner-column elementor-element elementor-element-32a7554\" data-id=\"32a7554\" data-element_type=\"column\" data-e-type=\"column\">\n\t\t\t<div class=\"elementor-widget-wrap elementor-element-populated\">\n\t\t\t\t\t\t<div class=\"elementor-element elementor-element-faa0f5c elementor-widget elementor-widget-image\" data-id=\"faa0f5c\" data-element_type=\"widget\" data-e-type=\"widget\" data-widget_type=\"image.default\">\n\t\t\t\t<div class=\"elementor-widget-container\">\n\t\t\t\t\t\t\t\t\t\t\t\t\t\t\t\t<a href=\"https:\/\/www.rutadelsindiketes.com\/wp-content\/uploads\/2022\/02\/PASO-ARBOLES.jpg\" data-elementor-open-lightbox=\"yes\" data-elementor-lightbox-title=\"PASO \u00c1RBOLES\" data-e-action-hash=\"#elementor-action%3Aaction%3Dlightbox%26settings%3DeyJpZCI6NDU1LCJ1cmwiOiJodHRwczpcL1wvd3d3LnJ1dGFkZWxzaW5kaWtldGVzLmNvbVwvd3AtY29udGVudFwvdXBsb2Fkc1wvMjAyMlwvMDJcL1BBU08tQVJCT0xFUy5qcGcifQ%3D%3D\">\n\t\t\t\t\t\t\t<img decoding=\"async\" width=\"800\" height=\"600\" src=\"https:\/\/www.rutadelsindiketes.com\/wp-content\/uploads\/2022\/02\/PASO-ARBOLES-1024x768.jpg\" class=\"attachment-large size-large wp-image-455\" alt=\"\" srcset=\"https:\/\/www.rutadelsindiketes.com\/wp-content\/uploads\/2022\/02\/PASO-ARBOLES-1024x768.jpg 1024w, https:\/\/www.rutadelsindiketes.com\/wp-content\/uploads\/2022\/02\/PASO-ARBOLES-300x225.jpg 300w, https:\/\/www.rutadelsindiketes.com\/wp-content\/uploads\/2022\/02\/PASO-ARBOLES-768x576.jpg 768w, https:\/\/www.rutadelsindiketes.com\/wp-content\/uploads\/2022\/02\/PASO-ARBOLES.jpg 1136w\" sizes=\"(max-width: 800px) 100vw, 800px\" \/>\t\t\t\t\t\t\t\t<\/a>\n\t\t\t\t\t\t\t\t\t\t\t\t\t\t\t<\/div>\n\t\t\t\t<\/div>\n\t\t\t\t\t<\/div>\n\t\t<\/div>\n\t\t\t\t\t<\/div>\n\t\t<\/section>\n\t\t\t\t<section class=\"elementor-section elementor-inner-section elementor-element elementor-element-447521f elementor-section-boxed elementor-section-height-default elementor-section-height-default\" data-id=\"447521f\" data-element_type=\"section\" data-e-type=\"section\">\n\t\t\t\t\t\t<div class=\"elementor-container elementor-column-gap-default\">\n\t\t\t\t\t<div class=\"elementor-column elementor-col-50 elementor-inner-column elementor-element elementor-element-e8c6a9a\" data-id=\"e8c6a9a\" data-element_type=\"column\" data-e-type=\"column\">\n\t\t\t<div class=\"elementor-widget-wrap elementor-element-populated\">\n\t\t\t\t\t\t<div class=\"elementor-element elementor-element-50d6f68 elementor-widget elementor-widget-text-editor\" data-id=\"50d6f68\" data-element_type=\"widget\" data-e-type=\"widget\" data-widget_type=\"text-editor.default\">\n\t\t\t\t<div class=\"elementor-widget-container\">\n\t\t\t\t\t\t\t\t\t<p>Die Route des Indiketes ist eine Rundtour durch das Alt und Baix Empord\u00e0 in Etappen mit einer Streckenl\u00e4nge von 476 km, die im K\u00fcstengebiet gr\u00f6\u00dftenteils auf dem GR-92 und im Gebirge auf dem GR-2 verl\u00e4uft, aber auch sie Pfade und unmarkierte Wege, die dieser Route einen besonderen Charakter verleihen.<\/p><p>Die H\u00f6henlage des Empord\u00e0 ist sehr unterschiedlich: Der h\u00f6chste Punkt der Route des Indiketes liegt auf 1.084 Metern \u00fcber dem Meeresspiegel im Gebiet Mare de D\u00e9u de les Salines in der Gemeinde Ma\u00e7anet de Cabrenys, und an anderen bergigen Stellen f\u00fchrt die Route mehrmals \u00fcber verschiedene P\u00e4sse, die mehr als 500 Meter hoch sind. In der Ebene des Empord\u00e0 hingegen verl\u00e4uft die Route fast auf Meeresh\u00f6he. Und an einigen Stellen der zerkl\u00fcfteten K\u00fcste verl\u00e4uft sie auf schmalen, oft technischen Pfaden mit st\u00e4ndigen Auf- und Abstiegen. Diese H\u00f6henunterschiede und die gro\u00dfe Entfernung machen die Route des Indiketes zu einer Wanderherausforderung, die nicht f\u00fcr jeden zug\u00e4nglich ist.<\/p><p>Die Ruta dels Indiketes ist auch eine sehr attraktive Route f\u00fcr Mountainbiker. In einigen sehr schwierigen Abschnitten ist es ratsam, eine andere Route als die Wanderroute zu benutzen, aber in 90% der Strecke ist die Route genau die gleiche, was ein zus\u00e4tzlicher Anreiz f\u00fcr Mountainbike-Enthusiasten ist.<\/p>\t\t\t\t\t\t\t\t<\/div>\n\t\t\t\t<\/div>\n\t\t\t\t<div class=\"elementor-element elementor-element-88565d8 elementor-widget elementor-widget-heading\" data-id=\"88565d8\" data-element_type=\"widget\" data-e-type=\"widget\" data-widget_type=\"heading.default\">\n\t\t\t\t<div class=\"elementor-widget-container\">\n\t\t\t\t\t<h3 class=\"elementor-heading-title elementor-size-default\">Technische Daten<\/h3>\t\t\t\t<\/div>\n\t\t\t\t<\/div>\n\t\t\t\t<div class=\"elementor-element elementor-element-4d229cf elementor-icon-list--layout-traditional elementor-list-item-link-full_width elementor-widget elementor-widget-icon-list\" data-id=\"4d229cf\" data-element_type=\"widget\" data-e-type=\"widget\" data-widget_type=\"icon-list.default\">\n\t\t\t\t<div class=\"elementor-widget-container\">\n\t\t\t\t\t\t\t<ul class=\"elementor-icon-list-items\">\n\t\t\t\t\t\t\t<li class=\"elementor-icon-list-item\">\n\t\t\t\t\t\t\t\t\t\t\t<span class=\"elementor-icon-list-icon\">\n\t\t\t\t\t\t\t<i aria-hidden=\"true\" class=\"icon icon-location\"><\/i>\t\t\t\t\t\t<\/span>\n\t\t\t\t\t\t\t\t\t\t<span class=\"elementor-icon-list-text\">Entfernung: 476 km <\/span>\n\t\t\t\t\t\t\t\t\t<\/li>\n\t\t\t\t\t\t\t\t<li class=\"elementor-icon-list-item\">\n\t\t\t\t\t\t\t\t\t\t\t<span class=\"elementor-icon-list-icon\">\n\t\t\t\t\t\t\t<i aria-hidden=\"true\" class=\"icon icon-line-chart1\"><\/i>\t\t\t\t\t\t<\/span>\n\t\t\t\t\t\t\t\t\t\t<span class=\"elementor-icon-list-text\">Kumulierter H\u00f6henunterschied: 21.253 m<\/span>\n\t\t\t\t\t\t\t\t\t<\/li>\n\t\t\t\t\t\t<\/ul>\n\t\t\t\t\t\t<\/div>\n\t\t\t\t<\/div>\n\t\t\t\t<div class=\"elementor-element elementor-element-6623ae3 elementor-widget elementor-widget-heading\" data-id=\"6623ae3\" data-element_type=\"widget\" data-e-type=\"widget\" data-widget_type=\"heading.default\">\n\t\t\t\t<div class=\"elementor-widget-container\">\n\t\t\t\t\t<p class=\"elementor-heading-title elementor-size-default\"><b>Die 22 Etappen der Ruta dels Indiketes k\u00f6nnen Sie unter folgendem Link sehen:<\/b><\/p>\t\t\t\t<\/div>\n\t\t\t\t<\/div>\n\t\t\t\t<div class=\"elementor-element elementor-element-9d15e56 elementor-widget elementor-widget-heading\" data-id=\"9d15e56\" data-element_type=\"widget\" data-e-type=\"widget\" data-widget_type=\"heading.default\">\n\t\t\t\t<div class=\"elementor-widget-container\">\n\t\t\t\t\t<p class=\"elementor-heading-title elementor-size-default\"><a href=\"https:\/\/www.rutadelsindiketes.com\/de\/stufen\/\">ETAPPEN<\/a><\/p>\t\t\t\t<\/div>\n\t\t\t\t<\/div>\n\t\t\t\t\t<\/div>\n\t\t<\/div>\n\t\t\t\t<div class=\"elementor-column elementor-col-50 elementor-inner-column elementor-element elementor-element-7e0a2f2\" data-id=\"7e0a2f2\" data-element_type=\"column\" data-e-type=\"column\">\n\t\t\t<div class=\"elementor-widget-wrap elementor-element-populated\">\n\t\t\t\t\t\t<div class=\"elementor-element elementor-element-9d1ddc6 elementor-widget elementor-widget-image\" data-id=\"9d1ddc6\" data-element_type=\"widget\" data-e-type=\"widget\" data-widget_type=\"image.default\">\n\t\t\t\t<div class=\"elementor-widget-container\">\n\t\t\t\t\t\t\t\t\t\t\t\t\t\t\t\t<a href=\"https:\/\/www.rutadelsindiketes.com\/wp-content\/uploads\/2023\/10\/1-arreglar-mapa-y-poner-en-web-2.png\" data-elementor-open-lightbox=\"no\">\n\t\t\t\t\t\t\t<img decoding=\"async\" width=\"681\" height=\"883\" src=\"https:\/\/www.rutadelsindiketes.com\/wp-content\/uploads\/2023\/10\/1-arreglar-mapa-y-poner-en-web-2.png\" class=\"attachment-large size-large wp-image-4484\" alt=\"\" srcset=\"https:\/\/www.rutadelsindiketes.com\/wp-content\/uploads\/2023\/10\/1-arreglar-mapa-y-poner-en-web-2.png 681w, https:\/\/www.rutadelsindiketes.com\/wp-content\/uploads\/2023\/10\/1-arreglar-mapa-y-poner-en-web-2-231x300.png 231w, https:\/\/www.rutadelsindiketes.com\/wp-content\/uploads\/2023\/10\/1-arreglar-mapa-y-poner-en-web-2-9x12.png 9w\" sizes=\"(max-width: 681px) 100vw, 681px\" \/>\t\t\t\t\t\t\t\t<\/a>\n\t\t\t\t\t\t\t\t\t\t\t\t\t\t\t<\/div>\n\t\t\t\t<\/div>\n\t\t\t\t\t<\/div>\n\t\t<\/div>\n\t\t\t\t\t<\/div>\n\t\t<\/section>\n\t\t\t\t\t<\/div>\n\t\t<\/div>\n\t\t\t\t\t<\/div>\n\t\t<\/section>\n\t\t\t\t<\/div>","protected":false},"excerpt":{"rendered":"<p>La Ruta de los Indiketes es la vuelta circular al Alto y Bajo Ampurd\u00e1n por etapas con un recorrido de 476 km que en la zona costera transita en buena parte por el GR-92 y en la zona monta\u00f1osa por el GR-2, aunque en casi todas las etapas se usan senderos y caminos no se\u00f1alizados [&hellip;]<\/p>","protected":false},"author":2,"featured_media":0,"parent":0,"menu_order":0,"comment_status":"closed","ping_status":"closed","template":"","meta":{"footnotes":""},"class_list":["post-439","page","type-page","status-publish","hentry"],"yoast_head":"<!-- This site is optimized with the Yoast SEO plugin v27.2 - https:\/\/yoast.com\/product\/yoast-seo-wordpress\/ -->\n<title>El recorrido-Ruta dels Indiketes<\/title>\n<meta name=\"robots\" content=\"index, follow, max-snippet:-1, max-image-preview:large, max-video-preview:-1\" \/>\n<link rel=\"canonical\" href=\"https:\/\/www.rutadelsindiketes.com\/de\/el-recorregut\/\" \/>\n<meta property=\"og:locale\" content=\"de_DE\" \/>\n<meta property=\"og:type\" content=\"article\" \/>\n<meta property=\"og:title\" content=\"El recorrido-Ruta dels Indiketes\" \/>\n<meta property=\"og:description\" content=\"La Ruta de los Indiketes es la vuelta circular al Alto y Bajo Ampurd\u00e1n por etapas con un recorrido de 476 km que en la zona costera transita en buena parte por el GR-92 y en la zona monta\u00f1osa por el GR-2, aunque en casi todas las etapas se usan senderos y caminos no se\u00f1alizados [&hellip;]\" \/>\n<meta property=\"og:url\" content=\"https:\/\/www.rutadelsindiketes.com\/de\/el-recorregut\/\" \/>\n<meta property=\"og:site_name\" content=\"Ruta dels Indiketes\" \/>\n<meta property=\"article:modified_time\" content=\"2023-10-16T11:54:24+00:00\" \/>\n<meta property=\"og:image\" content=\"https:\/\/www.rutadelsindiketes.com\/wp-content\/uploads\/2022\/05\/Perfil-total-a-4500-amb-pobles-horizontals_01.png\" \/>\n<meta name=\"twitter:card\" content=\"summary_large_image\" \/>\n<meta name=\"twitter:label1\" content=\"Gesch\u00e4tzte Lesezeit\" \/>\n\t<meta name=\"twitter:data1\" content=\"3\u00a0Minuten\" \/>\n<script type=\"application\/ld+json\" class=\"yoast-schema-graph\">{\"@context\":\"https:\/\/schema.org\",\"@graph\":[{\"@type\":\"WebPage\",\"@id\":\"https:\/\/www.rutadelsindiketes.com\/el-recorregut\/\",\"url\":\"https:\/\/www.rutadelsindiketes.com\/el-recorregut\/\",\"name\":\"El recorrido-Ruta dels Indiketes\",\"isPartOf\":{\"@id\":\"https:\/\/www.rutadelsindiketes.com\/#website\"},\"primaryImageOfPage\":{\"@id\":\"https:\/\/www.rutadelsindiketes.com\/el-recorregut\/#primaryimage\"},\"image\":{\"@id\":\"https:\/\/www.rutadelsindiketes.com\/el-recorregut\/#primaryimage\"},\"thumbnailUrl\":\"https:\/\/www.rutadelsindiketes.com\/wp-content\/uploads\/2022\/05\/Perfil-total-a-4500-amb-pobles-horizontals_01.png\",\"datePublished\":\"2022-02-02T23:36:39+00:00\",\"dateModified\":\"2023-10-16T11:54:24+00:00\",\"breadcrumb\":{\"@id\":\"https:\/\/www.rutadelsindiketes.com\/el-recorregut\/#breadcrumb\"},\"inLanguage\":\"de\",\"potentialAction\":[{\"@type\":\"ReadAction\",\"target\":[\"https:\/\/www.rutadelsindiketes.com\/el-recorregut\/\"]}]},{\"@type\":\"ImageObject\",\"inLanguage\":\"de\",\"@id\":\"https:\/\/www.rutadelsindiketes.com\/el-recorregut\/#primaryimage\",\"url\":\"https:\/\/www.rutadelsindiketes.com\/wp-content\/uploads\/2022\/05\/Perfil-total-a-4500-amb-pobles-horizontals_01.png\",\"contentUrl\":\"https:\/\/www.rutadelsindiketes.com\/wp-content\/uploads\/2022\/05\/Perfil-total-a-4500-amb-pobles-horizontals_01.png\"},{\"@type\":\"BreadcrumbList\",\"@id\":\"https:\/\/www.rutadelsindiketes.com\/el-recorregut\/#breadcrumb\",\"itemListElement\":[{\"@type\":\"ListItem\",\"position\":1,\"name\":\"Portada\",\"item\":\"https:\/\/www.rutadelsindiketes.com\/ca\/\"},{\"@type\":\"ListItem\",\"position\":2,\"name\":\"El recorrido\"}]},{\"@type\":\"WebSite\",\"@id\":\"https:\/\/www.rutadelsindiketes.com\/#website\",\"url\":\"https:\/\/www.rutadelsindiketes.com\/\",\"name\":\"Ruta dels Indiketes\",\"description\":\"S&oacute;lo otro sitio de WordPress\",\"potentialAction\":[{\"@type\":\"SearchAction\",\"target\":{\"@type\":\"EntryPoint\",\"urlTemplate\":\"https:\/\/www.rutadelsindiketes.com\/?s={search_term_string}\"},\"query-input\":{\"@type\":\"PropertyValueSpecification\",\"valueRequired\":true,\"valueName\":\"search_term_string\"}}],\"inLanguage\":\"de\"}]}<\/script>\n<!-- \/ Yoast SEO plugin. -->","yoast_head_json":{"title":"El recorrido-Ruta dels Indiketes","robots":{"index":"index","follow":"follow","max-snippet":"max-snippet:-1","max-image-preview":"max-image-preview:large","max-video-preview":"max-video-preview:-1"},"canonical":"https:\/\/www.rutadelsindiketes.com\/de\/el-recorregut\/","og_locale":"de_DE","og_type":"article","og_title":"El recorrido-Ruta dels Indiketes","og_description":"La Ruta de los Indiketes es la vuelta circular al Alto y Bajo Ampurd\u00e1n por etapas con un recorrido de 476 km que en la zona costera transita en buena parte por el GR-92 y en la zona monta\u00f1osa por el GR-2, aunque en casi todas las etapas se usan senderos y caminos no se\u00f1alizados [&hellip;]","og_url":"https:\/\/www.rutadelsindiketes.com\/de\/el-recorregut\/","og_site_name":"Ruta dels Indiketes","article_modified_time":"2023-10-16T11:54:24+00:00","og_image":[{"url":"https:\/\/www.rutadelsindiketes.com\/wp-content\/uploads\/2022\/05\/Perfil-total-a-4500-amb-pobles-horizontals_01.png","type":"","width":"","height":""}],"twitter_card":"summary_large_image","twitter_misc":{"Gesch\u00e4tzte Lesezeit":"3\u00a0Minuten"},"schema":{"@context":"https:\/\/schema.org","@graph":[{"@type":"WebPage","@id":"https:\/\/www.rutadelsindiketes.com\/el-recorregut\/","url":"https:\/\/www.rutadelsindiketes.com\/el-recorregut\/","name":"El recorrido-Ruta dels Indiketes","isPartOf":{"@id":"https:\/\/www.rutadelsindiketes.com\/#website"},"primaryImageOfPage":{"@id":"https:\/\/www.rutadelsindiketes.com\/el-recorregut\/#primaryimage"},"image":{"@id":"https:\/\/www.rutadelsindiketes.com\/el-recorregut\/#primaryimage"},"thumbnailUrl":"https:\/\/www.rutadelsindiketes.com\/wp-content\/uploads\/2022\/05\/Perfil-total-a-4500-amb-pobles-horizontals_01.png","datePublished":"2022-02-02T23:36:39+00:00","dateModified":"2023-10-16T11:54:24+00:00","breadcrumb":{"@id":"https:\/\/www.rutadelsindiketes.com\/el-recorregut\/#breadcrumb"},"inLanguage":"de","potentialAction":[{"@type":"ReadAction","target":["https:\/\/www.rutadelsindiketes.com\/el-recorregut\/"]}]},{"@type":"ImageObject","inLanguage":"de","@id":"https:\/\/www.rutadelsindiketes.com\/el-recorregut\/#primaryimage","url":"https:\/\/www.rutadelsindiketes.com\/wp-content\/uploads\/2022\/05\/Perfil-total-a-4500-amb-pobles-horizontals_01.png","contentUrl":"https:\/\/www.rutadelsindiketes.com\/wp-content\/uploads\/2022\/05\/Perfil-total-a-4500-amb-pobles-horizontals_01.png"},{"@type":"BreadcrumbList","@id":"https:\/\/www.rutadelsindiketes.com\/el-recorregut\/#breadcrumb","itemListElement":[{"@type":"ListItem","position":1,"name":"Portada","item":"https:\/\/www.rutadelsindiketes.com\/ca\/"},{"@type":"ListItem","position":2,"name":"El recorrido"}]},{"@type":"WebSite","@id":"https:\/\/www.rutadelsindiketes.com\/#website","url":"https:\/\/www.rutadelsindiketes.com\/","name":"Ruta dels Indiketes","description":"S&oacute;lo otro sitio de WordPress","potentialAction":[{"@type":"SearchAction","target":{"@type":"EntryPoint","urlTemplate":"https:\/\/www.rutadelsindiketes.com\/?s={search_term_string}"},"query-input":{"@type":"PropertyValueSpecification","valueRequired":true,"valueName":"search_term_string"}}],"inLanguage":"de"}]}},"_links":{"self":[{"href":"https:\/\/www.rutadelsindiketes.com\/de\/wp-json\/wp\/v2\/pages\/439","targetHints":{"allow":["GET"]}}],"collection":[{"href":"https:\/\/www.rutadelsindiketes.com\/de\/wp-json\/wp\/v2\/pages"}],"about":[{"href":"https:\/\/www.rutadelsindiketes.com\/de\/wp-json\/wp\/v2\/types\/page"}],"author":[{"embeddable":true,"href":"https:\/\/www.rutadelsindiketes.com\/de\/wp-json\/wp\/v2\/users\/2"}],"replies":[{"embeddable":true,"href":"https:\/\/www.rutadelsindiketes.com\/de\/wp-json\/wp\/v2\/comments?post=439"}],"version-history":[{"count":121,"href":"https:\/\/www.rutadelsindiketes.com\/de\/wp-json\/wp\/v2\/pages\/439\/revisions"}],"predecessor-version":[{"id":4487,"href":"https:\/\/www.rutadelsindiketes.com\/de\/wp-json\/wp\/v2\/pages\/439\/revisions\/4487"}],"wp:attachment":[{"href":"https:\/\/www.rutadelsindiketes.com\/de\/wp-json\/wp\/v2\/media?parent=439"}],"curies":[{"name":"wp","href":"https:\/\/api.w.org\/{rel}","templated":true}]}}