{"id":1238,"date":"2022-12-13T15:20:26","date_gmt":"2022-12-13T14:20:26","guid":{"rendered":"https:\/\/www.rutadelsindiketes.com\/?page_id=1238"},"modified":"2023-04-07T13:32:54","modified_gmt":"2023-04-07T11:32:54","slug":"etapa-3-roses-castello-dempuries","status":"publish","type":"page","link":"https:\/\/www.rutadelsindiketes.com\/fr\/etape-3-roses-castello-dempuries\/","title":{"rendered":"\u00c9tape 3 - Roses - Castell\u00f3 d'Emp\u00faries"},"content":{"rendered":"<div data-elementor-type=\"wp-page\" data-elementor-id=\"1238\" class=\"elementor elementor-1238\" data-elementor-post-type=\"page\">\n\t\t\t\t\t\t<section class=\"elementor-section elementor-top-section elementor-element elementor-element-4161d5af elementor-section-height-min-height elementor-section-content-middle elementor-section-boxed elementor-section-height-default elementor-section-items-middle\" data-id=\"4161d5af\" data-element_type=\"section\" data-e-type=\"section\" id=\"entrada\" data-settings=\"{&quot;background_background&quot;:&quot;classic&quot;}\">\n\t\t\t\t\t\t\t<div class=\"elementor-background-overlay\"><\/div>\n\t\t\t\t\t\t\t<div class=\"elementor-container elementor-column-gap-default\">\n\t\t\t\t\t<div class=\"elementor-column elementor-col-100 elementor-top-column elementor-element elementor-element-250f815b\" data-id=\"250f815b\" data-element_type=\"column\" data-e-type=\"column\" data-settings=\"{&quot;background_background&quot;:&quot;classic&quot;}\">\n\t\t\t<div class=\"elementor-widget-wrap elementor-element-populated\">\n\t\t\t\t\t<div class=\"elementor-background-overlay\"><\/div>\n\t\t\t\t\t\t<div class=\"elementor-element elementor-element-8c5db87 elementor-widget elementor-widget-heading\" data-id=\"8c5db87\" data-element_type=\"widget\" data-e-type=\"widget\" data-widget_type=\"heading.default\">\n\t\t\t\t<div class=\"elementor-widget-container\">\n\t\t\t\t\t<h1 class=\"elementor-heading-title elementor-size-default\">STAGE 3<\/h1>\t\t\t\t<\/div>\n\t\t\t\t<\/div>\n\t\t\t\t<div class=\"elementor-element elementor-element-8501329 elementor-widget elementor-widget-heading\" data-id=\"8501329\" data-element_type=\"widget\" data-e-type=\"widget\" data-widget_type=\"heading.default\">\n\t\t\t\t<div class=\"elementor-widget-container\">\n\t\t\t\t\t<h2 class=\"elementor-heading-title elementor-size-default\">Roses - Castell\u00f3 d'Emp\u00faries<\/h2>\t\t\t\t<\/div>\n\t\t\t\t<\/div>\n\t\t\t\t<div class=\"elementor-element elementor-element-cc4a6ba elementor-widget elementor-widget-spacer\" data-id=\"cc4a6ba\" data-element_type=\"widget\" data-e-type=\"widget\" data-widget_type=\"spacer.default\">\n\t\t\t\t<div class=\"elementor-widget-container\">\n\t\t\t\t\t\t\t<div class=\"elementor-spacer\">\n\t\t\t<div class=\"elementor-spacer-inner\"><\/div>\n\t\t<\/div>\n\t\t\t\t\t\t<\/div>\n\t\t\t\t<\/div>\n\t\t\t\t<div class=\"elementor-element elementor-element-4863b3f6 elementor-icon-list--layout-inline elementor-align-center elementor-list-item-link-full_width elementor-widget elementor-widget-icon-list\" data-id=\"4863b3f6\" data-element_type=\"widget\" data-e-type=\"widget\" data-widget_type=\"icon-list.default\">\n\t\t\t\t<div class=\"elementor-widget-container\">\n\t\t\t\t\t\t\t<ul class=\"elementor-icon-list-items elementor-inline-items\">\n\t\t\t\t\t\t\t<li class=\"elementor-icon-list-item elementor-inline-item\">\n\t\t\t\t\t\t\t\t\t\t\t<span class=\"elementor-icon-list-icon\">\n\t\t\t\t\t\t\t<svg aria-hidden=\"true\" class=\"e-font-icon-svg e-fas-ruler\" viewbox=\"0 0 640 512\" xmlns=\"http:\/\/www.w3.org\/2000\/svg\"><path d=\"M635.7 167.2L556.1 31.7c-8.8-15-28.3-20.1-43.5-11.5l-69 39.1L503.3 161c2.2 3.8.9 8.5-2.9 10.7l-13.8 7.8c-3.8 2.2-8.7.9-10.9-2.9L416 75l-55.2 31.3 27.9 47.4c2.2 3.8.9 8.5-2.9 10.7l-13.8 7.8c-3.8 2.2-8.7.9-10.9-2.9L333.2 122 278 153.3 337.8 255c2.2 3.7.9 8.5-2.9 10.7l-13.8 7.8c-3.8 2.2-8.7.9-10.9-2.9l-59.7-101.7-55.2 31.3 27.9 47.4c2.2 3.8.9 8.5-2.9 10.7l-13.8 7.8c-3.8 2.2-8.7.9-10.9-2.9l-27.9-47.5-55.2 31.3 59.7 101.7c2.2 3.7.9 8.5-2.9 10.7l-13.8 7.8c-3.8 2.2-8.7.9-10.9-2.9L84.9 262.9l-69 39.1C.7 310.7-4.6 329.8 4.2 344.8l79.6 135.6c8.8 15 28.3 20.1 43.5 11.5L624.1 210c15.2-8.6 20.4-27.8 11.6-42.8z\"><\/path><\/svg>\t\t\t\t\t\t<\/span>\n\t\t\t\t\t\t\t\t\t\t<span class=\"elementor-icon-list-text\">Distance : 26,4 KM<\/span>\n\t\t\t\t\t\t\t\t\t<\/li>\n\t\t\t\t\t\t\t\t<li class=\"elementor-icon-list-item elementor-inline-item\">\n\t\t\t\t\t\t\t\t\t\t\t<span class=\"elementor-icon-list-icon\">\n\t\t\t\t\t\t\t<svg aria-hidden=\"true\" class=\"e-font-icon-svg e-fas-trophy\" viewbox=\"0 0 576 512\" xmlns=\"http:\/\/www.w3.org\/2000\/svg\"><path d=\"M552 64H448V24c0-13.3-10.7-24-24-24H152c-13.3 0-24 10.7-24 24v40H24C10.7 64 0 74.7 0 88v56c0 35.7 22.5 72.4 61.9 100.7 31.5 22.7 69.8 37.1 110 41.7C203.3 338.5 240 360 240 360v72h-48c-35.3 0-64 20.7-64 56v12c0 6.6 5.4 12 12 12h296c6.6 0 12-5.4 12-12v-12c0-35.3-28.7-56-64-56h-48v-72s36.7-21.5 68.1-73.6c40.3-4.6 78.6-19 110-41.7 39.3-28.3 61.9-65 61.9-100.7V88c0-13.3-10.7-24-24-24zM99.3 192.8C74.9 175.2 64 155.6 64 144v-16h64.2c1 32.6 5.8 61.2 12.8 86.2-15.1-5.2-29.2-12.4-41.7-21.4zM512 144c0 16.1-17.7 36.1-35.3 48.8-12.5 9-26.7 16.2-41.8 21.4 7-25 11.8-53.6 12.8-86.2H512v16z\"><\/path><\/svg>\t\t\t\t\t\t<\/span>\n\t\t\t\t\t\t\t\t\t\t<span class=\"elementor-icon-list-text\">Niveau de difficult\u00e9 : facile<\/span>\n\t\t\t\t\t\t\t\t\t<\/li>\n\t\t\t\t\t\t\t\t<li class=\"elementor-icon-list-item elementor-inline-item\">\n\t\t\t\t\t\t\t\t\t\t\t<span class=\"elementor-icon-list-icon\">\n\t\t\t\t\t\t\t<svg aria-hidden=\"true\" class=\"e-font-icon-svg e-fas-sort-amount-up-alt\" viewbox=\"0 0 512 512\" xmlns=\"http:\/\/www.w3.org\/2000\/svg\"><path d=\"M240 96h64a16 16 0 0 0 16-16V48a16 16 0 0 0-16-16h-64a16 16 0 0 0-16 16v32a16 16 0 0 0 16 16zm0 128h128a16 16 0 0 0 16-16v-32a16 16 0 0 0-16-16H240a16 16 0 0 0-16 16v32a16 16 0 0 0 16 16zm256 192H240a16 16 0 0 0-16 16v32a16 16 0 0 0 16 16h256a16 16 0 0 0 16-16v-32a16 16 0 0 0-16-16zm-256-64h192a16 16 0 0 0 16-16v-32a16 16 0 0 0-16-16H240a16 16 0 0 0-16 16v32a16 16 0 0 0 16 16zM16 160h48v304a16 16 0 0 0 16 16h32a16 16 0 0 0 16-16V160h48c14.21 0 21.39-17.24 11.31-27.31l-80-96a16 16 0 0 0-22.62 0l-80 96C-5.35 142.74 1.78 160 16 160z\"><\/path><\/svg>\t\t\t\t\t\t<\/span>\n\t\t\t\t\t\t\t\t\t\t<span class=\"elementor-icon-list-text\">Altitude maximale : 176<\/span>\n\t\t\t\t\t\t\t\t\t<\/li>\n\t\t\t\t\t\t\t\t<li class=\"elementor-icon-list-item elementor-inline-item\">\n\t\t\t\t\t\t\t\t\t\t\t<span class=\"elementor-icon-list-icon\">\n\t\t\t\t\t\t\t<svg aria-hidden=\"true\" class=\"e-font-icon-svg e-fas-sort-amount-down-alt\" viewbox=\"0 0 512 512\" xmlns=\"http:\/\/www.w3.org\/2000\/svg\"><path d=\"M240 96h64a16 16 0 0 0 16-16V48a16 16 0 0 0-16-16h-64a16 16 0 0 0-16 16v32a16 16 0 0 0 16 16zm0 128h128a16 16 0 0 0 16-16v-32a16 16 0 0 0-16-16H240a16 16 0 0 0-16 16v32a16 16 0 0 0 16 16zm256 192H240a16 16 0 0 0-16 16v32a16 16 0 0 0 16 16h256a16 16 0 0 0 16-16v-32a16 16 0 0 0-16-16zm-256-64h192a16 16 0 0 0 16-16v-32a16 16 0 0 0-16-16H240a16 16 0 0 0-16 16v32a16 16 0 0 0 16 16zm-64 0h-48V48a16 16 0 0 0-16-16H80a16 16 0 0 0-16 16v304H16c-14.19 0-21.37 17.24-11.29 27.31l80 96a16 16 0 0 0 22.62 0l80-96C197.35 369.26 190.22 352 176 352z\"><\/path><\/svg>\t\t\t\t\t\t<\/span>\n\t\t\t\t\t\t\t\t\t\t<span class=\"elementor-icon-list-text\">Altitude minimale : 1<\/span>\n\t\t\t\t\t\t\t\t\t<\/li>\n\t\t\t\t\t\t\t\t<li class=\"elementor-icon-list-item elementor-inline-item\">\n\t\t\t\t\t\t\t\t\t\t\t<span class=\"elementor-icon-list-icon\">\n\t\t\t\t\t\t\t<svg aria-hidden=\"true\" class=\"e-font-icon-svg e-fas-slash\" viewbox=\"0 0 640 512\" xmlns=\"http:\/\/www.w3.org\/2000\/svg\"><path d=\"M594.53 508.63L6.18 53.9c-6.97-5.42-8.23-15.47-2.81-22.45L23.01 6.18C28.43-.8 38.49-2.06 45.47 3.37L633.82 458.1c6.97 5.42 8.23 15.47 2.81 22.45l-19.64 25.27c-5.42 6.98-15.48 8.23-22.46 2.81z\"><\/path><\/svg>\t\t\t\t\t\t<\/span>\n\t\t\t\t\t\t\t\t\t\t<span class=\"elementor-icon-list-text\">D\u00e9nivel\u00e9 positif : 381<\/span>\n\t\t\t\t\t\t\t\t\t<\/li>\n\t\t\t\t\t\t\t\t<li class=\"elementor-icon-list-item elementor-inline-item\">\n\t\t\t\t\t\t\t\t\t\t\t<span class=\"elementor-icon-list-icon\">\n\t\t\t\t\t\t\t<svg aria-hidden=\"true\" class=\"e-font-icon-svg e-fas-slash\" viewbox=\"0 0 640 512\" xmlns=\"http:\/\/www.w3.org\/2000\/svg\"><path d=\"M594.53 508.63L6.18 53.9c-6.97-5.42-8.23-15.47-2.81-22.45L23.01 6.18C28.43-.8 38.49-2.06 45.47 3.37L633.82 458.1c6.97 5.42 8.23 15.47 2.81 22.45l-19.64 25.27c-5.42 6.98-15.48 8.23-22.46 2.81z\"><\/path><\/svg>\t\t\t\t\t\t<\/span>\n\t\t\t\t\t\t\t\t\t\t<span class=\"elementor-icon-list-text\">D\u00e9nivel\u00e9 n\u00e9gative : 372<\/span>\n\t\t\t\t\t\t\t\t\t<\/li>\n\t\t\t\t\t\t<\/ul>\n\t\t\t\t\t\t<\/div>\n\t\t\t\t<\/div>\n\t\t\t\t<div class=\"elementor-element elementor-element-80428c6 elementor-widget elementor-widget-image\" data-id=\"80428c6\" data-element_type=\"widget\" data-e-type=\"widget\" data-widget_type=\"image.default\">\n\t\t\t\t<div class=\"elementor-widget-container\">\n\t\t\t\t\t\t\t\t\t\t\t\t\t\t\t\t<a href=\"https:\/\/www.rutadelsindiketes.com\/wp-content\/uploads\/2022\/12\/Perfil-etapa-3-1.png\" data-elementor-open-lightbox=\"yes\" data-elementor-lightbox-title=\"Perfil etapa 3\" data-e-action-hash=\"#elementor-action%3Aaction%3Dlightbox%26settings%3DeyJpZCI6MTMxNSwidXJsIjoiaHR0cHM6XC9cL3d3dy5ydXRhZGVsc2luZGlrZXRlcy5jb21cL3dwLWNvbnRlbnRcL3VwbG9hZHNcLzIwMjJcLzEyXC9QZXJmaWwtZXRhcGEtMy0xLnBuZyJ9\">\n\t\t\t\t\t\t\t<img fetchpriority=\"high\" decoding=\"async\" width=\"800\" height=\"300\" src=\"https:\/\/www.rutadelsindiketes.com\/wp-content\/uploads\/2022\/12\/Perfil-etapa-3-1.png\" class=\"attachment-large size-large wp-image-1315\" alt=\"\" srcset=\"https:\/\/www.rutadelsindiketes.com\/wp-content\/uploads\/2022\/12\/Perfil-etapa-3-1.png 960w, https:\/\/www.rutadelsindiketes.com\/wp-content\/uploads\/2022\/12\/Perfil-etapa-3-1-300x113.png 300w, https:\/\/www.rutadelsindiketes.com\/wp-content\/uploads\/2022\/12\/Perfil-etapa-3-1-768x288.png 768w\" sizes=\"(max-width: 800px) 100vw, 800px\" \/>\t\t\t\t\t\t\t\t<\/a>\n\t\t\t\t\t\t\t\t\t\t\t\t\t\t\t<\/div>\n\t\t\t\t<\/div>\n\t\t\t\t\t<\/div>\n\t\t<\/div>\n\t\t\t\t\t<\/div>\n\t\t<\/section>\n\t\t\t\t<section class=\"elementor-section elementor-top-section elementor-element elementor-element-77174f7 elementor-section-boxed elementor-section-height-default elementor-section-height-default\" data-id=\"77174f7\" data-element_type=\"section\" data-e-type=\"section\">\n\t\t\t\t\t\t<div class=\"elementor-container elementor-column-gap-default\">\n\t\t\t\t\t<div class=\"elementor-column elementor-col-100 elementor-top-column elementor-element elementor-element-d2b5570\" data-id=\"d2b5570\" data-element_type=\"column\" data-e-type=\"column\">\n\t\t\t<div class=\"elementor-widget-wrap elementor-element-populated\">\n\t\t\t\t\t\t<div class=\"elementor-element elementor-element-9a1b656 elementor-align-center elementor-widget__width-auto elementor-widget elementor-widget-button\" data-id=\"9a1b656\" data-element_type=\"widget\" data-e-type=\"widget\" data-widget_type=\"button.default\">\n\t\t\t\t<div class=\"elementor-widget-container\">\n\t\t\t\t\t\t\t\t\t<div class=\"elementor-button-wrapper\">\n\t\t\t\t\t<a class=\"elementor-button elementor-button-link elementor-size-sm\" href=\"https:\/\/www.rutadelsindiketes.com\/wp-content\/uploads\/2023\/04\/Roses-a-Castello-dEmpuries-.gpx\">\n\t\t\t\t\t\t<span class=\"elementor-button-content-wrapper\">\n\t\t\t\t\t\t<span class=\"elementor-button-icon\">\n\t\t\t\t<svg aria-hidden=\"true\" class=\"e-font-icon-svg e-fas-route\" viewbox=\"0 0 512 512\" xmlns=\"http:\/\/www.w3.org\/2000\/svg\"><path d=\"M416 320h-96c-17.6 0-32-14.4-32-32s14.4-32 32-32h96s96-107 96-160-43-96-96-96-96 43-96 96c0 25.5 22.2 63.4 45.3 96H320c-52.9 0-96 43.1-96 96s43.1 96 96 96h96c17.6 0 32 14.4 32 32s-14.4 32-32 32H185.5c-16 24.8-33.8 47.7-47.3 64H416c52.9 0 96-43.1 96-96s-43.1-96-96-96zm0-256c17.7 0 32 14.3 32 32s-14.3 32-32 32-32-14.3-32-32 14.3-32 32-32zM96 256c-53 0-96 43-96 96s96 160 96 160 96-107 96-160-43-96-96-96zm0 128c-17.7 0-32-14.3-32-32s14.3-32 32-32 32 14.3 32 32-14.3 32-32 32z\"><\/path><\/svg>\t\t\t<\/span>\n\t\t\t\t\t\t\t\t\t<span class=\"elementor-button-text\">GPX<\/span>\n\t\t\t\t\t<\/span>\n\t\t\t\t\t<\/a>\n\t\t\t\t<\/div>\n\t\t\t\t\t\t\t\t<\/div>\n\t\t\t\t<\/div>\n\t\t\t\t\t<\/div>\n\t\t<\/div>\n\t\t\t\t\t<\/div>\n\t\t<\/section>\n\t\t\t\t<section class=\"elementor-section elementor-top-section elementor-element elementor-element-ec96f5a elementor-section-boxed elementor-section-height-default elementor-section-height-default\" data-id=\"ec96f5a\" data-element_type=\"section\" data-e-type=\"section\">\n\t\t\t\t\t\t<div class=\"elementor-container elementor-column-gap-default\">\n\t\t\t\t\t<div class=\"elementor-column elementor-col-100 elementor-top-column elementor-element elementor-element-725db9d\" data-id=\"725db9d\" data-element_type=\"column\" data-e-type=\"column\">\n\t\t\t<div class=\"elementor-widget-wrap elementor-element-populated\">\n\t\t\t\t\t\t<div class=\"elementor-element elementor-element-224bf89 elementor-widget elementor-widget-heading\" data-id=\"224bf89\" data-element_type=\"widget\" data-e-type=\"widget\" data-widget_type=\"heading.default\">\n\t\t\t\t<div class=\"elementor-widget-container\">\n\t\t\t\t\t<h2 class=\"elementor-heading-title elementor-size-large\"><br>\u00c9tape 3 : Roses - Castell\u00f3 d'Emp\u00faries<br><\/h2>\t\t\t\t<\/div>\n\t\t\t\t<\/div>\n\t\t\t\t<div class=\"elementor-element elementor-element-6b3b62c elementor-widget elementor-widget-image\" data-id=\"6b3b62c\" data-element_type=\"widget\" data-e-type=\"widget\" data-widget_type=\"image.default\">\n\t\t\t\t<div class=\"elementor-widget-container\">\n\t\t\t\t\t\t\t\t\t\t\t\t\t\t\t<img decoding=\"async\" width=\"904\" height=\"723\" src=\"https:\/\/www.rutadelsindiketes.com\/wp-content\/uploads\/2022\/12\/Mapa-etapa-3.png\" class=\"attachment-full size-full wp-image-1284\" alt=\"Carte \u00e9tape 3\" srcset=\"https:\/\/www.rutadelsindiketes.com\/wp-content\/uploads\/2022\/12\/Mapa-etapa-3.png 904w, https:\/\/www.rutadelsindiketes.com\/wp-content\/uploads\/2022\/12\/Mapa-etapa-3-300x240.png 300w, https:\/\/www.rutadelsindiketes.com\/wp-content\/uploads\/2022\/12\/Mapa-etapa-3-768x614.png 768w\" sizes=\"(max-width: 904px) 100vw, 904px\" \/>\t\t\t\t\t\t\t\t\t\t\t\t\t\t\t<\/div>\n\t\t\t\t<\/div>\n\t\t\t\t\t<\/div>\n\t\t<\/div>\n\t\t\t\t\t<\/div>\n\t\t<\/section>\n\t\t<div class=\"elementor-element elementor-element-99b798b e-flex e-con-boxed e-con e-parent\" data-id=\"99b798b\" data-element_type=\"container\" data-e-type=\"container\">\n\t\t\t\t\t<div class=\"e-con-inner\">\n\t\t<div class=\"elementor-element elementor-element-b5c1099 e-con-full e-flex e-con e-child\" data-id=\"b5c1099\" data-element_type=\"container\" data-e-type=\"container\">\n\t\t\t\t<div class=\"elementor-element elementor-element-d0a9d7f elementor-widget elementor-widget-text-editor\" data-id=\"d0a9d7f\" data-element_type=\"widget\" data-e-type=\"widget\" data-widget_type=\"text-editor.default\">\n\t\t\t\t<div class=\"elementor-widget-container\">\n\t\t\t\t\t\t\t\t\t<p>En quittant la place de l'\u00e9glise de Santa Maria de Roses, nous partirons \u00e0 la recherche de la plage, puis nous longerons l'avenue Rhode vers le sud, en direction de la Ciutadella, que nous contournerons en la laissant sur notre droite. Nous tournerons ensuite \u00e0 droite dans la rue Cala Pedrosa.<\/p><p>Ensuite, traversez le p\u00e9riph\u00e9rique Ronda de Circunvalaci\u00f3n et continuez par la rue Collsacabra et peu apr\u00e8s l'avoir termin\u00e9e, tournez \u00e0 gauche sur un chemin de terre pendant environ 500 m\u00e8tres, jusqu'\u00e0 ce que vous croisiez la route GI-614 de Cadaqu\u00e9s.<\/p>\t\t\t\t\t\t\t\t<\/div>\n\t\t\t\t<\/div>\n\t\t\t\t<\/div>\n\t\t<div class=\"elementor-element elementor-element-ea88b11 e-con-full e-flex e-con e-child\" data-id=\"ea88b11\" data-element_type=\"container\" data-e-type=\"container\">\n\t\t\t\t<div class=\"elementor-element elementor-element-dc1493c elementor-widget elementor-widget-image\" data-id=\"dc1493c\" data-element_type=\"widget\" data-e-type=\"widget\" data-widget_type=\"image.default\">\n\t\t\t\t<div class=\"elementor-widget-container\">\n\t\t\t\t\t\t\t\t\t\t\t\t\t\t\t<img decoding=\"async\" width=\"800\" height=\"566\" src=\"https:\/\/www.rutadelsindiketes.com\/wp-content\/uploads\/2022\/12\/Etapa-3-Roses-Castello-dEmpuries-Calle-Cala-Pedrosa.png\" class=\"attachment-large size-large wp-image-1531\" alt=\"\u00c9tape 3 : Roses - Castell\u00f3 d&#039;Emp\u00faries - Rue Cala Pedrosa\" srcset=\"https:\/\/www.rutadelsindiketes.com\/wp-content\/uploads\/2022\/12\/Etapa-3-Roses-Castello-dEmpuries-Calle-Cala-Pedrosa.png 945w, https:\/\/www.rutadelsindiketes.com\/wp-content\/uploads\/2022\/12\/Etapa-3-Roses-Castello-dEmpuries-Calle-Cala-Pedrosa-300x212.png 300w, https:\/\/www.rutadelsindiketes.com\/wp-content\/uploads\/2022\/12\/Etapa-3-Roses-Castello-dEmpuries-Calle-Cala-Pedrosa-768x544.png 768w\" sizes=\"(max-width: 800px) 100vw, 800px\" \/>\t\t\t\t\t\t\t\t\t\t\t\t\t\t\t<\/div>\n\t\t\t\t<\/div>\n\t\t\t\t<\/div>\n\t\t\t\t\t<\/div>\n\t\t\t\t<\/div>\n\t\t<div class=\"elementor-element elementor-element-3141e3d2 e-flex e-con-boxed e-con e-parent\" data-id=\"3141e3d2\" data-element_type=\"container\" data-e-type=\"container\">\n\t\t\t\t\t<div class=\"e-con-inner\">\n\t\t<div class=\"elementor-element elementor-element-3d03b1ad e-con-full e-flex e-con e-child\" data-id=\"3d03b1ad\" data-element_type=\"container\" data-e-type=\"container\">\n\t\t\t\t<div class=\"elementor-element elementor-element-2169aed0 elementor-widget elementor-widget-text-editor\" data-id=\"2169aed0\" data-element_type=\"widget\" data-e-type=\"widget\" data-widget_type=\"text-editor.default\">\n\t\t\t\t<div class=\"elementor-widget-container\">\n\t\t\t\t\t\t\t\t\t<p>Apr\u00e8s environ 150 m\u00e8tres, vous arriverez \u00e0 un carrefour avec 4 chemins et vous prendrez celui de droite jusqu'au lotissement Mas Bosc\u00e0, o\u00f9 vous continuerez sur le chemin de terre, en laissant les maisons sur votre droite.<\/p><p>Nous continuerons sur ce chemin, en ignorant toute d\u00e9viation pendant plus d'un kilom\u00e8tre, en passant par des oliveraies, jusqu'\u00e0 atteindre un croisement de 3\/4 chemins, o\u00f9 nous prendrons celui de gauche.<\/p>\t\t\t\t\t\t\t\t<\/div>\n\t\t\t\t<\/div>\n\t\t\t\t<\/div>\n\t\t<div class=\"elementor-element elementor-element-6f698aec e-con-full e-flex e-con e-child\" data-id=\"6f698aec\" data-element_type=\"container\" data-e-type=\"container\">\n\t\t\t\t<div class=\"elementor-element elementor-element-211d241b elementor-widget elementor-widget-image\" data-id=\"211d241b\" data-element_type=\"widget\" data-e-type=\"widget\" data-widget_type=\"image.default\">\n\t\t\t\t<div class=\"elementor-widget-container\">\n\t\t\t\t\t\t\t\t\t\t\t\t\t\t\t<img loading=\"lazy\" decoding=\"async\" width=\"800\" height=\"600\" src=\"https:\/\/www.rutadelsindiketes.com\/wp-content\/uploads\/2022\/12\/2-1024x768.jpg\" class=\"attachment-large size-large wp-image-1295\" alt=\"\" srcset=\"https:\/\/www.rutadelsindiketes.com\/wp-content\/uploads\/2022\/12\/2-1024x768.jpg 1024w, https:\/\/www.rutadelsindiketes.com\/wp-content\/uploads\/2022\/12\/2-300x225.jpg 300w, https:\/\/www.rutadelsindiketes.com\/wp-content\/uploads\/2022\/12\/2-768x576.jpg 768w, https:\/\/www.rutadelsindiketes.com\/wp-content\/uploads\/2022\/12\/2.jpg 1136w\" sizes=\"(max-width: 800px) 100vw, 800px\" \/>\t\t\t\t\t\t\t\t\t\t\t\t\t\t\t<\/div>\n\t\t\t\t<\/div>\n\t\t\t\t<\/div>\n\t\t\t\t\t<\/div>\n\t\t\t\t<\/div>\n\t\t<div class=\"elementor-element elementor-element-48d29126 e-flex e-con-boxed e-con e-parent\" data-id=\"48d29126\" data-element_type=\"container\" data-e-type=\"container\">\n\t\t\t\t\t<div class=\"e-con-inner\">\n\t\t<div class=\"elementor-element elementor-element-4960e667 e-con-full e-flex e-con e-child\" data-id=\"4960e667\" data-element_type=\"container\" data-e-type=\"container\">\n\t\t\t\t<div class=\"elementor-element elementor-element-70637f2f elementor-widget elementor-widget-text-editor\" data-id=\"70637f2f\" data-element_type=\"widget\" data-e-type=\"widget\" data-widget_type=\"text-editor.default\">\n\t\t\t\t<div class=\"elementor-widget-container\">\n\t\t\t\t\t\t\t\t\t<p>Apr\u00e8s environ 250 m\u00e8tres, vous arriverez \u00e0 une fourche et vous tournerez \u00e0 droite.\u00a0<\/p><p>A partir de l\u00e0, et pendant un kilom\u00e8tre et demi, ignorez les nombreuses d\u00e9viations sur votre droite, jusqu'\u00e0 atteindre un carrefour tr\u00e8s proche de la route GI-610, o\u00f9 vous prendrez le chemin qui continue devant vous.\u00a0<\/p><p>Ainsi, en passant presque \u00e0 c\u00f4t\u00e9 de cette route, apr\u00e8s 700 m\u00e8tres, nous arrivons \u00e0 Palau-Saverdera, en entrant par la rue Maresme.<\/p>\t\t\t\t\t\t\t\t<\/div>\n\t\t\t\t<\/div>\n\t\t\t\t<\/div>\n\t\t<div class=\"elementor-element elementor-element-1c05aa3b e-con-full e-flex e-con e-child\" data-id=\"1c05aa3b\" data-element_type=\"container\" data-e-type=\"container\">\n\t\t\t\t<div class=\"elementor-element elementor-element-22547a3e elementor-widget elementor-widget-image\" data-id=\"22547a3e\" data-element_type=\"widget\" data-e-type=\"widget\" data-widget_type=\"image.default\">\n\t\t\t\t<div class=\"elementor-widget-container\">\n\t\t\t\t\t\t\t\t\t\t\t\t\t\t\t<img loading=\"lazy\" decoding=\"async\" width=\"800\" height=\"567\" src=\"https:\/\/www.rutadelsindiketes.com\/wp-content\/uploads\/2022\/12\/Etapa-3-Roses-Castello-dEmpuries-carretera-GI-610.png\" class=\"attachment-large size-large wp-image-1511\" alt=\"\u00c9tape 3 : Roses - Castell\u00f3 d&#039;Emp\u00faries - route GI-610\" srcset=\"https:\/\/www.rutadelsindiketes.com\/wp-content\/uploads\/2022\/12\/Etapa-3-Roses-Castello-dEmpuries-carretera-GI-610.png 907w, https:\/\/www.rutadelsindiketes.com\/wp-content\/uploads\/2022\/12\/Etapa-3-Roses-Castello-dEmpuries-carretera-GI-610-300x213.png 300w, https:\/\/www.rutadelsindiketes.com\/wp-content\/uploads\/2022\/12\/Etapa-3-Roses-Castello-dEmpuries-carretera-GI-610-768x544.png 768w\" sizes=\"(max-width: 800px) 100vw, 800px\" \/>\t\t\t\t\t\t\t\t\t\t\t\t\t\t\t<\/div>\n\t\t\t\t<\/div>\n\t\t\t\t<\/div>\n\t\t\t\t\t<\/div>\n\t\t\t\t<\/div>\n\t\t<div class=\"elementor-element elementor-element-20494ccf e-flex e-con-boxed e-con e-parent\" data-id=\"20494ccf\" data-element_type=\"container\" data-e-type=\"container\">\n\t\t\t\t\t<div class=\"e-con-inner\">\n\t\t\t\t<div class=\"elementor-element elementor-element-6bded0c elementor-widget elementor-widget-text-editor\" data-id=\"6bded0c\" data-element_type=\"widget\" data-e-type=\"widget\" data-widget_type=\"text-editor.default\">\n\t\t\t\t<div class=\"elementor-widget-container\">\n\t\t\t\t\t\t\t\t\t<p><span style=\"text-align: var(--text-align); color: var( --e-global-color-dea41e4 ); font-family: var( --e-global-typography-b2ce6af-font-family ), Sans-serif; font-size: var( --e-global-typography-b2ce6af-font-size ); font-weight: var( --e-global-typography-b2ce6af-font-weight ); letter-spacing: var( --e-global-typography-b2ce6af-letter-spacing ); word-spacing: var( --e-global-typography-b2ce6af-word-spacing );\">Ici, nous tournons \u00e0 gauche et prenons la rue de l'Esgl\u00e9sia pour visiter l'\u00e9glise de Sant Joan.\u00a0<\/span><\/p>\t\t\t\t\t\t\t\t<\/div>\n\t\t\t\t<\/div>\n\t\t\t\t\t<\/div>\n\t\t\t\t<\/div>\n\t\t<div class=\"elementor-element elementor-element-16af8052 e-flex e-con-boxed e-con e-parent\" data-id=\"16af8052\" data-element_type=\"container\" data-e-type=\"container\">\n\t\t\t\t\t<div class=\"e-con-inner\">\n\t\t<div class=\"elementor-element elementor-element-779ffeba e-con-full e-flex e-con e-child\" data-id=\"779ffeba\" data-element_type=\"container\" data-e-type=\"container\">\n\t\t\t\t<div class=\"elementor-element elementor-element-278ad268 elementor-widget elementor-widget-text-editor\" data-id=\"278ad268\" data-element_type=\"widget\" data-e-type=\"widget\" data-widget_type=\"text-editor.default\">\n\t\t\t\t<div class=\"elementor-widget-container\">\n\t\t\t\t\t\t\t\t\t<p>Ensuite, en suivant la rue Pla\u00e7a de la Generalitat et la rue Giron\u00e9s, vous arriverez \u00e0 un rond-point et continuerez sur l'Avinguda del Mas Oriol.<\/p><p>Nous monterons \u00e0 travers cette urbanisation en laissant sur notre gauche diff\u00e9rentes rues avec des noms de pays jusqu'\u00e0 atteindre la rue Anglaterra.\u00a0<\/p><p>Ici, le<span style=\"text-align: var(--text-align); color: var( --e-global-color-dea41e4 ); font-family: var( --e-global-typography-b2ce6af-font-family ), Sans-serif; font-size: var( --e-global-typography-b2ce6af-font-size ); font-weight: var( --e-global-typography-b2ce6af-font-weight ); letter-spacing: var( --e-global-typography-b2ce6af-letter-spacing ); word-spacing: var( --e-global-typography-b2ce6af-word-spacing );\"> \u00e0 pied peuvent prendre le chemin \u00e0 notre droite\u00a0<\/span><span style=\"text-align: var(--text-align); color: var( --e-global-color-dea41e4 ); font-family: var( --e-global-typography-b2ce6af-font-family ), Sans-serif; font-size: var( --e-global-typography-b2ce6af-font-size ); font-weight: var( --e-global-typography-b2ce6af-font-weight ); letter-spacing: var( --e-global-typography-b2ce6af-letter-spacing ); word-spacing: var( --e-global-typography-b2ce6af-word-spacing );\">qui nous am\u00e8nera \u00e0 visiter quelques dolmens pr\u00e9historiques avant d'arriver au site n\u00e9olithique de Ca n'Isach.<\/span><\/p>\t\t\t\t\t\t\t\t<\/div>\n\t\t\t\t<\/div>\n\t\t\t\t<\/div>\n\t\t<div class=\"elementor-element elementor-element-71e892d0 e-con-full e-flex e-con e-child\" data-id=\"71e892d0\" data-element_type=\"container\" data-e-type=\"container\">\n\t\t\t\t<div class=\"elementor-element elementor-element-284d3f89 elementor-widget elementor-widget-image\" data-id=\"284d3f89\" data-element_type=\"widget\" data-e-type=\"widget\" data-widget_type=\"image.default\">\n\t\t\t\t<div class=\"elementor-widget-container\">\n\t\t\t\t\t\t\t\t\t\t\t\t\t\t\t<img loading=\"lazy\" decoding=\"async\" width=\"800\" height=\"518\" src=\"https:\/\/www.rutadelsindiketes.com\/wp-content\/uploads\/2022\/12\/Etapa-3-Roses-Castello-dEmpuries-sendero.png\" class=\"attachment-large size-large wp-image-1512\" alt=\"\u00c9tape 3 : Roses - Castell\u00f3 d&#039;Emp\u00faries - Trail\" srcset=\"https:\/\/www.rutadelsindiketes.com\/wp-content\/uploads\/2022\/12\/Etapa-3-Roses-Castello-dEmpuries-sendero.png 945w, https:\/\/www.rutadelsindiketes.com\/wp-content\/uploads\/2022\/12\/Etapa-3-Roses-Castello-dEmpuries-sendero-300x194.png 300w, https:\/\/www.rutadelsindiketes.com\/wp-content\/uploads\/2022\/12\/Etapa-3-Roses-Castello-dEmpuries-sendero-768x497.png 768w\" sizes=\"(max-width: 800px) 100vw, 800px\" \/>\t\t\t\t\t\t\t\t\t\t\t\t\t\t\t<\/div>\n\t\t\t\t<\/div>\n\t\t\t\t<\/div>\n\t\t\t\t\t<\/div>\n\t\t\t\t<\/div>\n\t\t<div class=\"elementor-element elementor-element-2ec162c e-flex e-con-boxed e-con e-parent\" data-id=\"2ec162c\" data-element_type=\"container\" data-e-type=\"container\">\n\t\t\t\t\t<div class=\"e-con-inner\">\n\t\t<div class=\"elementor-element elementor-element-cf9b5bf e-con-full e-flex e-con e-child\" data-id=\"cf9b5bf\" data-element_type=\"container\" data-e-type=\"container\">\n\t\t\t\t<div class=\"elementor-element elementor-element-fe5621e elementor-widget elementor-widget-image\" data-id=\"fe5621e\" data-element_type=\"widget\" data-e-type=\"widget\" data-widget_type=\"image.default\">\n\t\t\t\t<div class=\"elementor-widget-container\">\n\t\t\t\t\t\t\t\t\t\t\t\t\t\t\t<img loading=\"lazy\" decoding=\"async\" width=\"800\" height=\"600\" src=\"https:\/\/www.rutadelsindiketes.com\/wp-content\/uploads\/2022\/12\/5-Dolmen-de-la-Devessa-1024x768.jpg\" class=\"attachment-large size-large wp-image-1298\" alt=\"5 Dolmen de la Devessa\" srcset=\"https:\/\/www.rutadelsindiketes.com\/wp-content\/uploads\/2022\/12\/5-Dolmen-de-la-Devessa-1024x768.jpg 1024w, https:\/\/www.rutadelsindiketes.com\/wp-content\/uploads\/2022\/12\/5-Dolmen-de-la-Devessa-300x225.jpg 300w, https:\/\/www.rutadelsindiketes.com\/wp-content\/uploads\/2022\/12\/5-Dolmen-de-la-Devessa-768x576.jpg 768w, https:\/\/www.rutadelsindiketes.com\/wp-content\/uploads\/2022\/12\/5-Dolmen-de-la-Devessa.jpg 1136w\" sizes=\"(max-width: 800px) 100vw, 800px\" \/>\t\t\t\t\t\t\t\t\t\t\t\t\t\t\t<\/div>\n\t\t\t\t<\/div>\n\t\t\t\t<\/div>\n\t\t<div class=\"elementor-element elementor-element-ddec8a7 e-con-full e-flex e-con e-child\" data-id=\"ddec8a7\" data-element_type=\"container\" data-e-type=\"container\">\n\t\t\t\t<div class=\"elementor-element elementor-element-bcf479a elementor-widget elementor-widget-image\" data-id=\"bcf479a\" data-element_type=\"widget\" data-e-type=\"widget\" data-widget_type=\"image.default\">\n\t\t\t\t<div class=\"elementor-widget-container\">\n\t\t\t\t\t\t\t\t\t\t\t\t\t\t\t<img loading=\"lazy\" decoding=\"async\" width=\"800\" height=\"600\" src=\"https:\/\/www.rutadelsindiketes.com\/wp-content\/uploads\/2022\/12\/6-Dolmen-del-ms-Bofill-1024x768.jpg\" class=\"attachment-large size-large wp-image-1299\" alt=\"6 Dolmen del ms Bofill\" srcset=\"https:\/\/www.rutadelsindiketes.com\/wp-content\/uploads\/2022\/12\/6-Dolmen-del-ms-Bofill-1024x768.jpg 1024w, https:\/\/www.rutadelsindiketes.com\/wp-content\/uploads\/2022\/12\/6-Dolmen-del-ms-Bofill-300x225.jpg 300w, https:\/\/www.rutadelsindiketes.com\/wp-content\/uploads\/2022\/12\/6-Dolmen-del-ms-Bofill-768x576.jpg 768w, https:\/\/www.rutadelsindiketes.com\/wp-content\/uploads\/2022\/12\/6-Dolmen-del-ms-Bofill.jpg 1136w\" sizes=\"(max-width: 800px) 100vw, 800px\" \/>\t\t\t\t\t\t\t\t\t\t\t\t\t\t\t<\/div>\n\t\t\t\t<\/div>\n\t\t\t\t<\/div>\n\t\t\t\t\t<\/div>\n\t\t\t\t<\/div>\n\t\t<div class=\"elementor-element elementor-element-be2c71c e-flex e-con-boxed e-con e-parent\" data-id=\"be2c71c\" data-element_type=\"container\" data-e-type=\"container\">\n\t\t\t\t\t<div class=\"e-con-inner\">\n\t\t\t\t<div class=\"elementor-element elementor-element-87eadb4 elementor-widget elementor-widget-text-editor\" data-id=\"87eadb4\" data-element_type=\"widget\" data-e-type=\"widget\" data-widget_type=\"text-editor.default\">\n\t\t\t\t<div class=\"elementor-widget-container\">\n\t\t\t\t\t\t\t\t\t<p>Les cyclistes doivent continuer sur la rue Inglaterra jusqu'\u00e0 ce qu'ils rejoignent les marcheurs sur le site arch\u00e9ologique.<\/p>\t\t\t\t\t\t\t\t<\/div>\n\t\t\t\t<\/div>\n\t\t\t\t\t<\/div>\n\t\t\t\t<\/div>\n\t\t<div class=\"elementor-element elementor-element-3124eeea e-flex e-con-boxed e-con e-parent\" data-id=\"3124eeea\" data-element_type=\"container\" data-e-type=\"container\">\n\t\t\t\t\t<div class=\"e-con-inner\">\n\t\t<div class=\"elementor-element elementor-element-50656714 e-con-full e-flex e-con e-child\" data-id=\"50656714\" data-element_type=\"container\" data-e-type=\"container\">\n\t\t\t\t<div class=\"elementor-element elementor-element-54ba60 elementor-widget elementor-widget-text-editor\" data-id=\"54ba60\" data-element_type=\"widget\" data-e-type=\"widget\" data-widget_type=\"text-editor.default\">\n\t\t\t\t<div class=\"elementor-widget-container\">\n\t\t\t\t\t\t\t\t\t<p>Malheureusement, nous ne pourrons certainement pas voir cet ensemble int\u00e9ressant de l'\u00e8re n\u00e9olithique (car il est normalement ferm\u00e9 et ne peut \u00eatre visit\u00e9).<\/p><p>Et nous devrons nous contenter de contempler la vue spectaculaire sur le golfe des Roses.<\/p><p>L'\u00e9tablissement est dat\u00e9 d'environ 4600 avant J.-C., et \u00e0 travers la cl\u00f4ture, nous pouvons voir une hutte reconstitu\u00e9e telle qu'elle est cens\u00e9e avoir \u00e9t\u00e9 \u00e9rig\u00e9e, ainsi que les vestiges de quatre maisons mitoyennes en forme de \"U\".<\/p>\t\t\t\t\t\t\t\t<\/div>\n\t\t\t\t<\/div>\n\t\t\t\t<\/div>\n\t\t<div class=\"elementor-element elementor-element-646b6a2b e-con-full e-flex e-con e-child\" data-id=\"646b6a2b\" data-element_type=\"container\" data-e-type=\"container\">\n\t\t\t\t<div class=\"elementor-element elementor-element-82e3692 elementor-widget elementor-widget-image\" data-id=\"82e3692\" data-element_type=\"widget\" data-e-type=\"widget\" data-widget_type=\"image.default\">\n\t\t\t\t<div class=\"elementor-widget-container\">\n\t\t\t\t\t\t\t\t\t\t\t\t\t\t\t<img loading=\"lazy\" decoding=\"async\" width=\"800\" height=\"600\" src=\"https:\/\/www.rutadelsindiketes.com\/wp-content\/uploads\/2023\/01\/etapa-3-7-1024x768.jpg\" class=\"attachment-large size-large wp-image-2461\" alt=\"\u00c9tape 3 : Roses - Castell\u00f3 d&#039;Emp\u00faries - village\" srcset=\"https:\/\/www.rutadelsindiketes.com\/wp-content\/uploads\/2023\/01\/etapa-3-7-1024x768.jpg 1024w, https:\/\/www.rutadelsindiketes.com\/wp-content\/uploads\/2023\/01\/etapa-3-7-300x225.jpg 300w, https:\/\/www.rutadelsindiketes.com\/wp-content\/uploads\/2023\/01\/etapa-3-7-768x576.jpg 768w, https:\/\/www.rutadelsindiketes.com\/wp-content\/uploads\/2023\/01\/etapa-3-7.jpg 1136w\" sizes=\"(max-width: 800px) 100vw, 800px\" \/>\t\t\t\t\t\t\t\t\t\t\t\t\t\t\t<\/div>\n\t\t\t\t<\/div>\n\t\t\t\t<\/div>\n\t\t\t\t\t<\/div>\n\t\t\t\t<\/div>\n\t\t<div class=\"elementor-element elementor-element-26e57692 e-flex e-con-boxed e-con e-parent\" data-id=\"26e57692\" data-element_type=\"container\" data-e-type=\"container\">\n\t\t\t\t\t<div class=\"e-con-inner\">\n\t\t<div class=\"elementor-element elementor-element-229d5b9e e-con-full e-flex e-con e-child\" data-id=\"229d5b9e\" data-element_type=\"container\" data-e-type=\"container\">\n\t\t\t\t<div class=\"elementor-element elementor-element-62d5c69e elementor-widget elementor-widget-text-editor\" data-id=\"62d5c69e\" data-element_type=\"widget\" data-e-type=\"widget\" data-widget_type=\"text-editor.default\">\n\t\t\t\t<div class=\"elementor-widget-container\">\n\t\t\t\t\t\t\t\t\t<p><span style=\"text-align: var(--text-align); color: var( --e-global-color-dea41e4 ); font-family: var( --e-global-typography-b2ce6af-font-family ), Sans-serif; font-size: var( --e-global-typography-b2ce6af-font-size ); font-weight: var( --e-global-typography-b2ce6af-font-weight ); letter-spacing: var( --e-global-typography-b2ce6af-letter-spacing ); word-spacing: var( --e-global-typography-b2ce6af-word-spacing );\">Nous continuons sur la route qui relie la rue o\u00f9 nous rencontrons la rue Nord du village voisin de Pau, en passant au milieu de la for\u00eat.<\/span><\/p><p>De l'autre c\u00f4t\u00e9, en continuant dans cette rue, \u00e0 quelques m\u00e8tres sur la droite, vous verrez le dolmen de Barraca d'en Rabert, qui date d'environ 3500 av.<\/p><p>Sur la montagne voisine (Puig Castellar), on a trouv\u00e9 les traces d'une colonie\u00a0<em>Indiketa.<\/em><\/p>\t\t\t\t\t\t\t\t<\/div>\n\t\t\t\t<\/div>\n\t\t\t\t<\/div>\n\t\t<div class=\"elementor-element elementor-element-762a9f61 e-con-full e-flex e-con e-child\" data-id=\"762a9f61\" data-element_type=\"container\" data-e-type=\"container\">\n\t\t\t\t<div class=\"elementor-element elementor-element-6fdd2b4a elementor-widget elementor-widget-image\" data-id=\"6fdd2b4a\" data-element_type=\"widget\" data-e-type=\"widget\" data-widget_type=\"image.default\">\n\t\t\t\t<div class=\"elementor-widget-container\">\n\t\t\t\t\t\t\t\t\t\t\t\t\t\t\t<img loading=\"lazy\" decoding=\"async\" width=\"800\" height=\"567\" src=\"https:\/\/www.rutadelsindiketes.com\/wp-content\/uploads\/2022\/12\/Etapa-3-Roses-Castello-dEmpuries-Dolmen-de-la-Barraca-den-Rabert.png\" class=\"attachment-large size-large wp-image-1518\" alt=\"\u00c9tape 3 : Roses - Castell\u00f3 d&#039;Emp\u00faries - Dolmen de la Barraca d&#039;en Rabert\" srcset=\"https:\/\/www.rutadelsindiketes.com\/wp-content\/uploads\/2022\/12\/Etapa-3-Roses-Castello-dEmpuries-Dolmen-de-la-Barraca-den-Rabert.png 945w, https:\/\/www.rutadelsindiketes.com\/wp-content\/uploads\/2022\/12\/Etapa-3-Roses-Castello-dEmpuries-Dolmen-de-la-Barraca-den-Rabert-300x213.png 300w, https:\/\/www.rutadelsindiketes.com\/wp-content\/uploads\/2022\/12\/Etapa-3-Roses-Castello-dEmpuries-Dolmen-de-la-Barraca-den-Rabert-768x545.png 768w\" sizes=\"(max-width: 800px) 100vw, 800px\" \/>\t\t\t\t\t\t\t\t\t\t\t\t\t\t\t<\/div>\n\t\t\t\t<\/div>\n\t\t\t\t<\/div>\n\t\t\t\t\t<\/div>\n\t\t\t\t<\/div>\n\t\t<div class=\"elementor-element elementor-element-4a8e5660 e-flex e-con-boxed e-con e-parent\" data-id=\"4a8e5660\" data-element_type=\"container\" data-e-type=\"container\">\n\t\t\t\t\t<div class=\"e-con-inner\">\n\t\t\t\t<div class=\"elementor-element elementor-element-b403486 elementor-widget elementor-widget-text-editor\" data-id=\"b403486\" data-element_type=\"widget\" data-e-type=\"widget\" data-widget_type=\"text-editor.default\">\n\t\t\t\t<div class=\"elementor-widget-container\">\n\t\t\t\t\t\t\t\t\t<p><span style=\"text-align: var(--text-align); color: var( --e-global-color-dea41e4 ); font-family: var( --e-global-typography-b2ce6af-font-family ), Sans-serif; font-size: var( --e-global-typography-b2ce6af-font-size ); font-weight: var( --e-global-typography-b2ce6af-font-weight ); letter-spacing: var( --e-global-typography-b2ce6af-letter-spacing ); word-spacing: var( --e-global-typography-b2ce6af-word-spacing );\">Prenez ensuite la rue Llevant et suivez le Cam\u00ed de Sant Pere jusqu'\u00e0 l'arri\u00e8re du village de Pau.\u00a0<\/span><span style=\"text-align: var(--text-align); color: var( --e-global-color-dea41e4 ); font-family: var( --e-global-typography-b2ce6af-font-family ), Sans-serif; font-size: var( --e-global-typography-b2ce6af-font-size ); font-weight: var( --e-global-typography-b2ce6af-font-weight ); letter-spacing: var( --e-global-typography-b2ce6af-letter-spacing ); word-spacing: var( --e-global-typography-b2ce6af-word-spacing );\">En continuant sur la Carrer de Sant Pere de Rodes, nous pouvons visiter l'\u00e9glise de Sant Mart\u00ed.<\/span><\/p><p>Nous quittons le village en suivant la rue Vilaju\u00efga jusqu'\u00e0 ce que nous apercevions la piste de terre qui est parall\u00e8le \u00e0 la route GI-610 et qui, en un peu plus d'un kilom\u00e8tre et demi, nous m\u00e8nera directement au village de Vilaju\u00efga.<\/p><p><span style=\"text-align: var(--text-align); color: var( --e-global-color-dea41e4 ); font-family: var( --e-global-typography-b2ce6af-font-family ), Sans-serif; font-size: var( --e-global-typography-b2ce6af-font-size ); font-weight: var( --e-global-typography-b2ce6af-font-weight ); letter-spacing: var( --e-global-typography-b2ce6af-letter-spacing ); word-spacing: var( --e-global-typography-b2ce6af-word-spacing );\"><strong>Note<\/strong>: Dans ce village se trouve le ch\u00e2teau de\u00a0<\/span><span class=\"hiddenSpellError\" style=\"text-align: var(--text-align); color: var( --e-global-color-dea41e4 ); font-family: var( --e-global-typography-b2ce6af-font-family ), Sans-serif; font-size: var( --e-global-typography-b2ce6af-font-size ); font-weight: var( --e-global-typography-b2ce6af-font-weight ); letter-spacing: var( --e-global-typography-b2ce6af-letter-spacing ); word-spacing: var( --e-global-typography-b2ce6af-word-spacing );\">Querman\u00e7\u00f2<\/span><span style=\"text-align: var(--text-align); color: var( --e-global-color-dea41e4 ); font-family: var( --e-global-typography-b2ce6af-font-family ), Sans-serif; font-size: var( --e-global-typography-b2ce6af-font-size ); font-weight: var( --e-global-typography-b2ce6af-font-weight ); letter-spacing: var( --e-global-typography-b2ce6af-letter-spacing ); word-spacing: var( --e-global-typography-b2ce6af-word-spacing );\">\u00a0o\u00f9 il peut y avoir eu un r\u00e8glement\u00a0<\/span><em style=\"text-align: var(--text-align); color: var( --e-global-color-dea41e4 ); font-family: var( --e-global-typography-b2ce6af-font-family ), Sans-serif; font-size: var( --e-global-typography-b2ce6af-font-size ); font-weight: var( --e-global-typography-b2ce6af-font-weight ); letter-spacing: var( --e-global-typography-b2ce6af-letter-spacing ); word-spacing: var( --e-global-typography-b2ce6af-word-spacing );\">Indiketa<\/em><span style=\"text-align: var(--text-align); color: var( --e-global-color-dea41e4 ); font-family: var( --e-global-typography-b2ce6af-font-family ), Sans-serif; font-size: var( --e-global-typography-b2ce6af-font-size ); font-weight: var( --e-global-typography-b2ce6af-font-weight ); letter-spacing: var( --e-global-typography-b2ce6af-letter-spacing ); word-spacing: var( --e-global-typography-b2ce6af-word-spacing );\">. Si vous avez le temps, nous vous recommandons une visite de ce lieu magique o\u00f9 Salvador Dal\u00ed voulait construire un orgue qui \u00e9mettrait des sons avec le vent de la tramontane.<\/span><\/p><p>Nous entrons par la rue Passeig de Pau et, en la suivant, nous pouvons visiter l'\u00e9glise de Sant Feliu, puis nous continuons par la rue Figueres jusqu'\u00e0 ce que nous arrivions \u00e0 un grand rond-point, o\u00f9 nous continuons sur environ 200 m\u00e8tres par la route qui m\u00e8ne \u00e0 Marz\u00e0, jusqu'\u00e0 ce que nous voyions un tournant sur notre gauche.<\/p><p>Apr\u00e8s environ 150 m\u00e8tres, vous arriverez \u00e0 un carrefour et vous prendrez \u00e0 nouveau le chemin sur la gauche, que vous suivrez tout droit pendant environ 600 m\u00e8tres jusqu'\u00e0 ce que vous arriviez \u00e0 une autre bifurcation, o\u00f9 vous prendrez le chemin sur la droite.<\/p>\t\t\t\t\t\t\t\t<\/div>\n\t\t\t\t<\/div>\n\t\t\t\t\t<\/div>\n\t\t\t\t<\/div>\n\t\t<div class=\"elementor-element elementor-element-e2e5bf7 e-flex e-con-boxed e-con e-parent\" data-id=\"e2e5bf7\" data-element_type=\"container\" data-e-type=\"container\">\n\t\t\t\t\t<div class=\"e-con-inner\">\n\t\t<div class=\"elementor-element elementor-element-6fcfe68a e-con-full e-flex e-con e-child\" data-id=\"6fcfe68a\" data-element_type=\"container\" data-e-type=\"container\">\n\t\t\t\t<div class=\"elementor-element elementor-element-2955d6cf elementor-widget elementor-widget-text-editor\" data-id=\"2955d6cf\" data-element_type=\"widget\" data-e-type=\"widget\" data-widget_type=\"text-editor.default\">\n\t\t\t\t<div class=\"elementor-widget-container\">\n\t\t\t\t\t\t\t\t\t<p>Apr\u00e8s environ 1 kilom\u00e8tre, traverser la route GIV-6101.<\/p><p>Nous continuons sur la piste de terre pendant encore un kilom\u00e8tre et demi jusqu'\u00e0 ce que nous traversions une autre route goudronn\u00e9e.\u00a0<\/p><p>Cette fois-ci, nous tournons \u00e0 gauche et ignorons le premier chemin de terre que nous voyons sur notre droite, et prenons le second, qui en 700 m\u00e8tres environ nous m\u00e8nera au groupe de maisons de Vila\u00fct.<\/p>\t\t\t\t\t\t\t\t<\/div>\n\t\t\t\t<\/div>\n\t\t\t\t<\/div>\n\t\t<div class=\"elementor-element elementor-element-1656a6ad e-con-full e-flex e-con e-child\" data-id=\"1656a6ad\" data-element_type=\"container\" data-e-type=\"container\">\n\t\t\t\t<div class=\"elementor-element elementor-element-5d75413d elementor-widget elementor-widget-image\" data-id=\"5d75413d\" data-element_type=\"widget\" data-e-type=\"widget\" data-widget_type=\"image.default\">\n\t\t\t\t<div class=\"elementor-widget-container\">\n\t\t\t\t\t\t\t\t\t\t\t\t\t\t\t<img loading=\"lazy\" decoding=\"async\" width=\"800\" height=\"565\" src=\"https:\/\/www.rutadelsindiketes.com\/wp-content\/uploads\/2022\/12\/Etapa-3-Roses-Castello-dEmpuries-Arribant-a-Vilaut.png\" class=\"attachment-large size-large wp-image-1519\" alt=\"\u00c9tape 3 : Roses - Castell\u00f3 d&#039;Emp\u00faries - Arriv\u00e9e \u00e0 Vilaut\" srcset=\"https:\/\/www.rutadelsindiketes.com\/wp-content\/uploads\/2022\/12\/Etapa-3-Roses-Castello-dEmpuries-Arribant-a-Vilaut.png 945w, https:\/\/www.rutadelsindiketes.com\/wp-content\/uploads\/2022\/12\/Etapa-3-Roses-Castello-dEmpuries-Arribant-a-Vilaut-300x212.png 300w, https:\/\/www.rutadelsindiketes.com\/wp-content\/uploads\/2022\/12\/Etapa-3-Roses-Castello-dEmpuries-Arribant-a-Vilaut-768x542.png 768w\" sizes=\"(max-width: 800px) 100vw, 800px\" \/>\t\t\t\t\t\t\t\t\t\t\t\t\t\t\t<\/div>\n\t\t\t\t<\/div>\n\t\t\t\t<\/div>\n\t\t\t\t\t<\/div>\n\t\t\t\t<\/div>\n\t\t<div class=\"elementor-element elementor-element-40f61019 e-flex e-con-boxed e-con e-parent\" data-id=\"40f61019\" data-element_type=\"container\" data-e-type=\"container\">\n\t\t\t\t\t<div class=\"e-con-inner\">\n\t\t<div class=\"elementor-element elementor-element-5c0ec7f1 e-con-full e-flex e-con e-child\" data-id=\"5c0ec7f1\" data-element_type=\"container\" data-e-type=\"container\">\n\t\t\t\t<div class=\"elementor-element elementor-element-6e926a71 elementor-widget elementor-widget-text-editor\" data-id=\"6e926a71\" data-element_type=\"widget\" data-e-type=\"widget\" data-widget_type=\"text-editor.default\">\n\t\t\t\t<div class=\"elementor-widget-container\">\n\t\t\t\t\t\t\t\t\t<p><span style=\"text-align: var(--text-align); color: var( --e-global-color-dea41e4 ); font-family: var( --e-global-typography-b2ce6af-font-family ), Sans-serif; font-size: var( --e-global-typography-b2ce6af-font-size ); font-weight: var( --e-global-typography-b2ce6af-font-weight ); letter-spacing: var( --e-global-typography-b2ce6af-letter-spacing ); word-spacing: var( --e-global-typography-b2ce6af-word-spacing );\">Ici, nous continuons sur le chemin de droite (GR-92) et \u00e0 un peu plus de 600 m\u00e8tres, en tournant \u00e0 nouveau \u00e0 droite, nous pouvons visiter l'\u00e9tang ou la lagune de Vila\u00fct, dernier souvenir de l'ancien marais de Castell\u00f3 d'Emp\u00faries, qui occupait une grande partie de la plaine et qui fait partie du parc naturel des Aiguamolls de l'Empord\u00e0.<\/span><\/p><p>Apr\u00e8s la visite, la route d\u00e9bouche sur le GIV-6103 et, en tournant \u00e0 droite, nous la suivons pendant 1 km jusqu'\u00e0 ce que nous voyions un sentier sur notre gauche qui entre dans les aiguamolls (GR-92).<\/p>\t\t\t\t\t\t\t\t<\/div>\n\t\t\t\t<\/div>\n\t\t\t\t<\/div>\n\t\t<div class=\"elementor-element elementor-element-fbeea85 e-con-full e-flex e-con e-child\" data-id=\"fbeea85\" data-element_type=\"container\" data-e-type=\"container\">\n\t\t\t\t<div class=\"elementor-element elementor-element-7740b9fe elementor-widget elementor-widget-image\" data-id=\"7740b9fe\" data-element_type=\"widget\" data-e-type=\"widget\" data-widget_type=\"image.default\">\n\t\t\t\t<div class=\"elementor-widget-container\">\n\t\t\t\t\t\t\t\t\t\t\t\t\t\t\t<img loading=\"lazy\" decoding=\"async\" width=\"800\" height=\"600\" src=\"https:\/\/www.rutadelsindiketes.com\/wp-content\/uploads\/2022\/12\/10-Tram-poc-despres-del-Estany-de-Vilaut-1024x768.jpg\" class=\"attachment-large size-large wp-image-1303\" alt=\"10 Tramway peu apr\u00e8s le lac de Vilaut\" srcset=\"https:\/\/www.rutadelsindiketes.com\/wp-content\/uploads\/2022\/12\/10-Tram-poc-despres-del-Estany-de-Vilaut-1024x768.jpg 1024w, https:\/\/www.rutadelsindiketes.com\/wp-content\/uploads\/2022\/12\/10-Tram-poc-despres-del-Estany-de-Vilaut-300x225.jpg 300w, https:\/\/www.rutadelsindiketes.com\/wp-content\/uploads\/2022\/12\/10-Tram-poc-despres-del-Estany-de-Vilaut-768x576.jpg 768w, https:\/\/www.rutadelsindiketes.com\/wp-content\/uploads\/2022\/12\/10-Tram-poc-despres-del-Estany-de-Vilaut.jpg 1136w\" sizes=\"(max-width: 800px) 100vw, 800px\" \/>\t\t\t\t\t\t\t\t\t\t\t\t\t\t\t<\/div>\n\t\t\t\t<\/div>\n\t\t\t\t<\/div>\n\t\t\t\t\t<\/div>\n\t\t\t\t<\/div>\n\t\t<div class=\"elementor-element elementor-element-bdd925c e-flex e-con-boxed e-con e-parent\" data-id=\"bdd925c\" data-element_type=\"container\" data-e-type=\"container\">\n\t\t\t\t\t<div class=\"e-con-inner\">\n\t\t<div class=\"elementor-element elementor-element-97d428 e-con-full e-flex e-con e-child\" data-id=\"97d428\" data-element_type=\"container\" data-e-type=\"container\">\n\t\t\t\t<div class=\"elementor-element elementor-element-3da6b67b elementor-widget elementor-widget-text-editor\" data-id=\"3da6b67b\" data-element_type=\"widget\" data-e-type=\"widget\" data-widget_type=\"text-editor.default\">\n\t\t\t\t<div class=\"elementor-widget-container\">\n\t\t\t\t\t\t\t\t\t<p><span style=\"text-align: var(--text-align); color: var( --e-global-color-dea41e4 ); font-family: var( --e-global-typography-b2ce6af-font-family ), Sans-serif; font-size: var( --e-global-typography-b2ce6af-font-size ); font-weight: var( --e-global-typography-b2ce6af-font-weight ); letter-spacing: var( --e-global-typography-b2ce6af-letter-spacing ); word-spacing: var( --e-global-typography-b2ce6af-word-spacing );\">Nous suivrons ce chemin pendant environ 2,2 kilom\u00e8tres jusqu'\u00e0 atteindre le large chemin du Mas d'en Bec, qui est en fait un ancien chemin de transhumance utilis\u00e9 par les bergers depuis le Moyen \u00c2ge.<\/span><\/p><div><span style=\"text-align: var(--text-align); color: var( --e-global-color-dea41e4 ); font-family: var( --e-global-typography-b2ce6af-font-family ), Sans-serif; font-size: var( --e-global-typography-b2ce6af-font-size ); font-weight: var( --e-global-typography-b2ce6af-font-weight ); letter-spacing: var( --e-global-typography-b2ce6af-letter-spacing ); word-spacing: var( --e-global-typography-b2ce6af-word-spacing );\">\u00c0 partir de ce point, il ne nous restera plus que 2,8 kilom\u00e8tres pour atteindre Castell\u00f3 d'Emp\u00faries, ville qui fut le si\u00e8ge du comt\u00e9 d'Ampurias \u00e0 partir de 1064.<\/span><\/div><div>\u00a0<\/div>\t\t\t\t\t\t\t\t<\/div>\n\t\t\t\t<\/div>\n\t\t\t\t<\/div>\n\t\t<div class=\"elementor-element elementor-element-6653d6ab e-con-full e-flex e-con e-child\" data-id=\"6653d6ab\" data-element_type=\"container\" data-e-type=\"container\">\n\t\t\t\t<div class=\"elementor-element elementor-element-1cb5d56d elementor-widget elementor-widget-image\" data-id=\"1cb5d56d\" data-element_type=\"widget\" data-e-type=\"widget\" data-widget_type=\"image.default\">\n\t\t\t\t<div class=\"elementor-widget-container\">\n\t\t\t\t\t\t\t\t\t\t\t\t\t\t\t<img loading=\"lazy\" decoding=\"async\" width=\"800\" height=\"422\" src=\"https:\/\/www.rutadelsindiketes.com\/wp-content\/uploads\/2022\/12\/11-Carrerada-Trnashuman-del-cami-Real-aprop-de-Castello-dEmpuries-e1675455750986-1024x540.jpg\" class=\"attachment-large size-large wp-image-1304\" alt=\"11 Carrerada Trnashuman del cam\u00ed Real aprop de Castell\u00f3 d&#039;Empuries\" srcset=\"https:\/\/www.rutadelsindiketes.com\/wp-content\/uploads\/2022\/12\/11-Carrerada-Trnashuman-del-cami-Real-aprop-de-Castello-dEmpuries-e1675455750986-1024x540.jpg 1024w, https:\/\/www.rutadelsindiketes.com\/wp-content\/uploads\/2022\/12\/11-Carrerada-Trnashuman-del-cami-Real-aprop-de-Castello-dEmpuries-e1675455750986-300x158.jpg 300w, https:\/\/www.rutadelsindiketes.com\/wp-content\/uploads\/2022\/12\/11-Carrerada-Trnashuman-del-cami-Real-aprop-de-Castello-dEmpuries-e1675455750986-768x405.jpg 768w, https:\/\/www.rutadelsindiketes.com\/wp-content\/uploads\/2022\/12\/11-Carrerada-Trnashuman-del-cami-Real-aprop-de-Castello-dEmpuries-e1675455750986.jpg 1130w\" sizes=\"(max-width: 800px) 100vw, 800px\" \/>\t\t\t\t\t\t\t\t\t\t\t\t\t\t\t<\/div>\n\t\t\t\t<\/div>\n\t\t\t\t<\/div>\n\t\t\t\t\t<\/div>\n\t\t\t\t<\/div>\n\t\t<div class=\"elementor-element elementor-element-3a4e6b8e e-flex e-con-boxed e-con e-parent\" data-id=\"3a4e6b8e\" data-element_type=\"container\" data-e-type=\"container\">\n\t\t\t\t\t<div class=\"e-con-inner\">\n\t\t\t\t<div class=\"elementor-element elementor-element-176bfeb7 elementor-widget elementor-widget-text-editor\" data-id=\"176bfeb7\" data-element_type=\"widget\" data-e-type=\"widget\" data-widget_type=\"text-editor.default\">\n\t\t\t\t<div class=\"elementor-widget-container\">\n\t\t\t\t\t\t\t\t\t<p><span style=\"text-align: justify;\">Nous entrerons par la rue de Mar\u00edn o\u00f9 nous verrons le lavoir, puis en suivant la rue Sant Francesc nous nous dirigerons vers la Basilique Santa de Maria, fin de cette \u00e9tape.<\/span><\/p>\t\t\t\t\t\t\t\t<\/div>\n\t\t\t\t<\/div>\n\t\t\t\t\t<\/div>\n\t\t\t\t<\/div>\n\t\t<div class=\"elementor-element elementor-element-3267973 e-flex e-con-boxed e-con e-parent\" data-id=\"3267973\" data-element_type=\"container\" data-e-type=\"container\">\n\t\t\t\t\t<div class=\"e-con-inner\">\n\t\t\t\t<div class=\"elementor-element elementor-element-c7c39a9 elementor-widget elementor-widget-image\" data-id=\"c7c39a9\" data-element_type=\"widget\" data-e-type=\"widget\" data-widget_type=\"image.default\">\n\t\t\t\t<div class=\"elementor-widget-container\">\n\t\t\t\t\t\t\t\t\t\t\t\t\t\t\t<img loading=\"lazy\" decoding=\"async\" width=\"768\" height=\"1024\" src=\"https:\/\/www.rutadelsindiketes.com\/wp-content\/uploads\/2022\/12\/0-Castello-dEmpuries-basilica-de-Santa-Maria-1-768x1024.jpg\" class=\"attachment-large size-large wp-image-1582\" alt=\"\" srcset=\"https:\/\/www.rutadelsindiketes.com\/wp-content\/uploads\/2022\/12\/0-Castello-dEmpuries-basilica-de-Santa-Maria-1-768x1024.jpg 768w, https:\/\/www.rutadelsindiketes.com\/wp-content\/uploads\/2022\/12\/0-Castello-dEmpuries-basilica-de-Santa-Maria-1-225x300.jpg 225w, https:\/\/www.rutadelsindiketes.com\/wp-content\/uploads\/2022\/12\/0-Castello-dEmpuries-basilica-de-Santa-Maria-1.jpg 852w\" sizes=\"(max-width: 768px) 100vw, 768px\" \/>\t\t\t\t\t\t\t\t\t\t\t\t\t\t\t<\/div>\n\t\t\t\t<\/div>\n\t\t\t\t\t<\/div>\n\t\t\t\t<\/div>\n\t\t<div class=\"elementor-element elementor-element-9597835 e-flex e-con-boxed e-con e-parent\" data-id=\"9597835\" data-element_type=\"container\" data-e-type=\"container\">\n\t\t\t\t\t<div class=\"e-con-inner\">\n\t\t\t\t<div class=\"elementor-element elementor-element-5549cbb elementor-widget elementor-widget-heading\" data-id=\"5549cbb\" data-element_type=\"widget\" data-e-type=\"widget\" data-widget_type=\"heading.default\">\n\t\t\t\t<div class=\"elementor-widget-container\">\n\t\t\t\t\t<h3 class=\"elementor-heading-title elementor-size-default\">LOGEMENT ET INFORMATIONS PRATIQUES \u00c9TAPE 3<\/h3>\t\t\t\t<\/div>\n\t\t\t\t<\/div>\n\t\t\t\t\t<\/div>\n\t\t\t\t<\/div>\n\t\t<div class=\"elementor-element elementor-element-1dac2798 e-flex e-con-boxed e-con e-parent\" data-id=\"1dac2798\" data-element_type=\"container\" data-e-type=\"container\">\n\t\t\t\t\t<div class=\"e-con-inner\">\n\t\t\t\t<div class=\"elementor-element elementor-element-235cfe64 elementor-widget elementor-widget-text-editor\" data-id=\"235cfe64\" data-element_type=\"widget\" data-e-type=\"widget\" data-widget_type=\"text-editor.default\">\n\t\t\t\t<div class=\"elementor-widget-container\">\n\t\t\t\t\t\t\t\t\t<p style=\"text-align: center;\"><span style=\"font-weight: bolder;\">ROSES<\/span><\/p><p style=\"text-align: center;\">Comme il s'agit d'une ville \u00e9minemment touristique, elle dispose de toutes sortes d'h\u00f4tels, de restaurants et d'autres services. Vous pouvez consulter ici le site de l'Office du tourisme :<\/p><p style=\"text-align: center;\"><span style=\"color: #339966;\"><strong><a style=\"color: #339966;\" href=\"http:\/\/es.visit.roses.cat\/\">VISITER LE WEB<\/a><\/strong><\/span><\/p>\t\t\t\t\t\t\t\t<\/div>\n\t\t\t\t<\/div>\n\t\t\t\t\t<\/div>\n\t\t\t\t<\/div>\n\t\t<div class=\"elementor-element elementor-element-2a528fdc e-flex e-con-boxed e-con e-parent\" data-id=\"2a528fdc\" data-element_type=\"container\" data-e-type=\"container\">\n\t\t\t\t\t<div class=\"e-con-inner\">\n\t\t\t\t<div class=\"elementor-element elementor-element-348f0ba0 elementor-widget elementor-widget-text-editor\" data-id=\"348f0ba0\" data-element_type=\"widget\" data-e-type=\"widget\" data-widget_type=\"text-editor.default\">\n\t\t\t\t<div class=\"elementor-widget-container\">\n\t\t\t\t\t\t\t\t\t<p style=\"text-align: center;\"><span style=\"font-weight: bolder;\">PALAU-SAVERDERA<\/span><\/p><p style=\"text-align: center;\">H\u00f4tel El Cau de Palau (671 60 03 03) c\/ La Costa 19. \u00c0 partir de 112\u20ac.<\/p><p style=\"text-align: center;\">H\u00f4tel Boutique Niu de Sol (671 600 303) c\/ Nou, 34. \u00c0 partir de 113\u20ac.<\/p><p style=\"text-align: center;\">Restaurant Bar Ca La J\u00falia (972 53 02 93) Carrer de Roses s\/n Menu \u00e0 13\u20ac.<\/p><p style=\"text-align: center;\">Cente civique Palau Saverdera Carrer Tramuntana, 1 Menu \u00e0 14\u20ac.<\/p><p style=\"text-align: center;\">Can Carriot (972 53 02 79) Carrer Figueres, 14 55 Menu 15\u20ac 15\u20ac.<\/p>\t\t\t\t\t\t\t\t<\/div>\n\t\t\t\t<\/div>\n\t\t\t\t\t<\/div>\n\t\t\t\t<\/div>\n\t\t<div class=\"elementor-element elementor-element-4d98f260 e-flex e-con-boxed e-con e-parent\" data-id=\"4d98f260\" data-element_type=\"container\" data-e-type=\"container\">\n\t\t\t\t\t<div class=\"e-con-inner\">\n\t\t\t\t<div class=\"elementor-element elementor-element-59cd8710 elementor-widget elementor-widget-text-editor\" data-id=\"59cd8710\" data-element_type=\"widget\" data-e-type=\"widget\" data-widget_type=\"text-editor.default\">\n\t\t\t\t<div class=\"elementor-widget-container\">\n\t\t\t\t\t\t\t\t\t<p style=\"text-align: center;\"><span style=\"font-weight: bolder;\">PAU<\/span><\/p><p style=\"text-align: center;\">H\u00f4tel Can Massana (630 01 99 53) Carrer dels Grecs, 6. \u00c0 partir de 148\u20ac.<\/p><p style=\"text-align: center;\">H\u00f4tel Mas Lazuli (872 22 22 20) Ctra. de Roses s\/n. A partir de 150\u20ac.<\/p><p style=\"text-align: center;\">Restaurant Centre C\u00edvic (972 552 252) Carrer Sant Pere, 12. Menu 12\u20ac.<\/p><p style=\"text-align: center;\">Restaurant El Garimall (972 53 08 66) Carrer Concepci\u00f3, 6. Menu \u00e0 14\u20ac.<\/p>\t\t\t\t\t\t\t\t<\/div>\n\t\t\t\t<\/div>\n\t\t\t\t\t<\/div>\n\t\t\t\t<\/div>\n\t\t<div class=\"elementor-element elementor-element-2055bb41 e-flex e-con-boxed e-con e-parent\" data-id=\"2055bb41\" data-element_type=\"container\" data-e-type=\"container\">\n\t\t\t\t\t<div class=\"e-con-inner\">\n\t\t\t\t<div class=\"elementor-element elementor-element-12d7c9c6 elementor-widget elementor-widget-text-editor\" data-id=\"12d7c9c6\" data-element_type=\"widget\" data-e-type=\"widget\" data-widget_type=\"text-editor.default\">\n\t\t\t\t<div class=\"elementor-widget-container\">\n\t\t\t\t\t\t\t\t\t<p style=\"text-align: center;\"><span style=\"font-weight: bolder;\">VILAJU\u00cfGA<\/span><\/p><p style=\"text-align: center;\">Hostal Xavi (972 530 003) Carretera Roses, 17 \u00c0 partir de 45\u20ac.<\/p><p style=\"text-align: center;\">Restaurant El Rac\u00f3 de la Vila - Centre C\u00edvic (872 20 68 19) Pla\u00e7a Onze de Setembre s\/n. Menu \u00e0 12\u20ac.<\/p><p style=\"text-align: center;\">Restaurant Can Maricanes (972 531 952) C\/ Pompeu Fabra, 1. Menu \u00e0 13\u20ac.<\/p><p style=\"text-align: center;\">Restaurant El Cau (972 530 186) Ctra. de Roses, 1. Menu \u00e0 13\u20ac.<\/p><p style=\"text-align: center;\">Restaurant Cal Carboner (972 530 139) c\/ Figueres, 6. Menu \u00e0 13\u20ac.<\/p>\t\t\t\t\t\t\t\t<\/div>\n\t\t\t\t<\/div>\n\t\t\t\t\t<\/div>\n\t\t\t\t<\/div>\n\t\t<div class=\"elementor-element elementor-element-6f82cb23 e-flex e-con-boxed e-con e-parent\" data-id=\"6f82cb23\" data-element_type=\"container\" data-e-type=\"container\">\n\t\t\t\t\t<div class=\"e-con-inner\">\n\t\t\t\t<div class=\"elementor-element elementor-element-7b66a685 elementor-widget elementor-widget-text-editor\" data-id=\"7b66a685\" data-element_type=\"widget\" data-e-type=\"widget\" data-widget_type=\"text-editor.default\">\n\t\t\t\t<div class=\"elementor-widget-container\">\n\t\t\t\t\t\t\t\t\t<p style=\"text-align: center;\"><span style=\"font-weight: bolder;\">CASTELL\u00d3 D'EMP\u00daRIES<\/span><\/p><p style=\"text-align: center;\">Comme il s'agit d'une ville \u00e9minemment touristique, elle dispose de toutes sortes d'h\u00f4tels, de restaurants et d'autres services. Vous pouvez consulter ici le site de l'Office du tourisme :<\/p><p style=\"text-align: center;\"><a href=\"https:\/\/castelloempuriabrava.com\/es\/\"><strong><span style=\"color: #339966;\">VISITER LE WEB<\/span><\/strong><\/a><\/p>\t\t\t\t\t\t\t\t<\/div>\n\t\t\t\t<\/div>\n\t\t\t\t\t<\/div>\n\t\t\t\t<\/div>\n\t\t\t\t<\/div>","protected":false},"excerpt":{"rendered":"<p>ETAPA 3 Roses &#8211; Castell\u00f3 d\u2019Emp\u00faries Distancia: 26,4 KM Nivel dificultad: F\u00c1CIL Altitud m\u00e1xima: 176 Altitud m\u00ednima: 1 Desnivel positivo: 381 Desnivel negativo: 372 GPX Etapa 3: Roses &#8211; Castell\u00f3 d\u2019Emp\u00faries Saliendo de la plaza de la iglesia de Santa Mar\u00eda de Roses iremos en busca de la playa y luego por la Avenida de [&hellip;]<\/p>","protected":false},"author":2,"featured_media":0,"parent":0,"menu_order":0,"comment_status":"closed","ping_status":"closed","template":"","meta":{"footnotes":""},"class_list":["post-1238","page","type-page","status-publish","hentry"],"yoast_head":"<!-- This site is optimized with the Yoast SEO plugin v27.2 - https:\/\/yoast.com\/product\/yoast-seo-wordpress\/ -->\n<title>Etapa 3 - Roses - Castell\u00f3 d\u2019Emp\u00faries-Ruta dels Indiketes<\/title>\n<meta name=\"robots\" content=\"index, follow, max-snippet:-1, max-image-preview:large, max-video-preview:-1\" \/>\n<link rel=\"canonical\" href=\"https:\/\/www.rutadelsindiketes.com\/fr\/etapa-3-roses-castell-dempuries\/\" \/>\n<meta property=\"og:locale\" content=\"fr_FR\" \/>\n<meta property=\"og:type\" content=\"article\" \/>\n<meta property=\"og:title\" content=\"Etapa 3 - Roses - Castell\u00f3 d\u2019Emp\u00faries-Ruta dels Indiketes\" \/>\n<meta property=\"og:description\" content=\"ETAPA 3 Roses &#8211; Castell\u00f3 d\u2019Emp\u00faries Distancia: 26,4 KM Nivel dificultad: F\u00c1CIL Altitud m\u00e1xima: 176 Altitud m\u00ednima: 1 Desnivel positivo: 381 Desnivel negativo: 372 GPX Etapa 3: Roses &#8211; Castell\u00f3 d\u2019Emp\u00faries Saliendo de la plaza de la iglesia de Santa Mar\u00eda de Roses iremos en busca de la playa y luego por la Avenida de [&hellip;]\" \/>\n<meta property=\"og:url\" content=\"https:\/\/www.rutadelsindiketes.com\/fr\/etapa-3-roses-castell-dempuries\/\" \/>\n<meta property=\"og:site_name\" content=\"Ruta dels Indiketes\" \/>\n<meta property=\"article:modified_time\" content=\"2023-04-07T11:32:54+00:00\" \/>\n<meta property=\"og:image\" content=\"https:\/\/www.rutadelsindiketes.com\/wp-content\/uploads\/2022\/12\/Perfil-etapa-3-1.png\" \/>\n<meta name=\"twitter:card\" content=\"summary_large_image\" \/>\n<meta name=\"twitter:label1\" content=\"Dur\u00e9e de lecture estim\u00e9e\" \/>\n\t<meta name=\"twitter:data1\" content=\"9 minutes\" \/>\n<script type=\"application\/ld+json\" class=\"yoast-schema-graph\">{\"@context\":\"https:\/\/schema.org\",\"@graph\":[{\"@type\":\"WebPage\",\"@id\":\"https:\/\/www.rutadelsindiketes.com\/etapa-3-roses-castell-dempuries\/\",\"url\":\"https:\/\/www.rutadelsindiketes.com\/etapa-3-roses-castell-dempuries\/\",\"name\":\"Etapa 3 - Roses - Castell\u00f3 d\u2019Emp\u00faries-Ruta dels Indiketes\",\"isPartOf\":{\"@id\":\"https:\/\/www.rutadelsindiketes.com\/#website\"},\"primaryImageOfPage\":{\"@id\":\"https:\/\/www.rutadelsindiketes.com\/etapa-3-roses-castell-dempuries\/#primaryimage\"},\"image\":{\"@id\":\"https:\/\/www.rutadelsindiketes.com\/etapa-3-roses-castell-dempuries\/#primaryimage\"},\"thumbnailUrl\":\"https:\/\/www.rutadelsindiketes.com\/wp-content\/uploads\/2022\/12\/Perfil-etapa-3-1.png\",\"datePublished\":\"2022-12-13T14:20:26+00:00\",\"dateModified\":\"2023-04-07T11:32:54+00:00\",\"breadcrumb\":{\"@id\":\"https:\/\/www.rutadelsindiketes.com\/etapa-3-roses-castell-dempuries\/#breadcrumb\"},\"inLanguage\":\"fr-FR\",\"potentialAction\":[{\"@type\":\"ReadAction\",\"target\":[\"https:\/\/www.rutadelsindiketes.com\/etapa-3-roses-castell-dempuries\/\"]}]},{\"@type\":\"ImageObject\",\"inLanguage\":\"fr-FR\",\"@id\":\"https:\/\/www.rutadelsindiketes.com\/etapa-3-roses-castell-dempuries\/#primaryimage\",\"url\":\"https:\/\/www.rutadelsindiketes.com\/wp-content\/uploads\/2022\/12\/Perfil-etapa-3-1.png\",\"contentUrl\":\"https:\/\/www.rutadelsindiketes.com\/wp-content\/uploads\/2022\/12\/Perfil-etapa-3-1.png\"},{\"@type\":\"BreadcrumbList\",\"@id\":\"https:\/\/www.rutadelsindiketes.com\/etapa-3-roses-castell-dempuries\/#breadcrumb\",\"itemListElement\":[{\"@type\":\"ListItem\",\"position\":1,\"name\":\"Portada\",\"item\":\"https:\/\/www.rutadelsindiketes.com\/ca\/\"},{\"@type\":\"ListItem\",\"position\":2,\"name\":\"Etapa 3 &#8211; Roses &#8211; Castell\u00f3 d\u2019Emp\u00faries\"}]},{\"@type\":\"WebSite\",\"@id\":\"https:\/\/www.rutadelsindiketes.com\/#website\",\"url\":\"https:\/\/www.rutadelsindiketes.com\/\",\"name\":\"Ruta dels Indiketes\",\"description\":\"S&oacute;lo otro sitio de WordPress\",\"potentialAction\":[{\"@type\":\"SearchAction\",\"target\":{\"@type\":\"EntryPoint\",\"urlTemplate\":\"https:\/\/www.rutadelsindiketes.com\/?s={search_term_string}\"},\"query-input\":{\"@type\":\"PropertyValueSpecification\",\"valueRequired\":true,\"valueName\":\"search_term_string\"}}],\"inLanguage\":\"fr-FR\"}]}<\/script>\n<!-- \/ Yoast SEO plugin. -->","yoast_head_json":{"title":"Etapa 3 - Roses - Castell\u00f3 d\u2019Emp\u00faries-Ruta dels Indiketes","robots":{"index":"index","follow":"follow","max-snippet":"max-snippet:-1","max-image-preview":"max-image-preview:large","max-video-preview":"max-video-preview:-1"},"canonical":"https:\/\/www.rutadelsindiketes.com\/fr\/etapa-3-roses-castell-dempuries\/","og_locale":"fr_FR","og_type":"article","og_title":"Etapa 3 - Roses - Castell\u00f3 d\u2019Emp\u00faries-Ruta dels Indiketes","og_description":"ETAPA 3 Roses &#8211; Castell\u00f3 d\u2019Emp\u00faries Distancia: 26,4 KM Nivel dificultad: F\u00c1CIL Altitud m\u00e1xima: 176 Altitud m\u00ednima: 1 Desnivel positivo: 381 Desnivel negativo: 372 GPX Etapa 3: Roses &#8211; Castell\u00f3 d\u2019Emp\u00faries Saliendo de la plaza de la iglesia de Santa Mar\u00eda de Roses iremos en busca de la playa y luego por la Avenida de [&hellip;]","og_url":"https:\/\/www.rutadelsindiketes.com\/fr\/etapa-3-roses-castell-dempuries\/","og_site_name":"Ruta dels Indiketes","article_modified_time":"2023-04-07T11:32:54+00:00","og_image":[{"url":"https:\/\/www.rutadelsindiketes.com\/wp-content\/uploads\/2022\/12\/Perfil-etapa-3-1.png","type":"","width":"","height":""}],"twitter_card":"summary_large_image","twitter_misc":{"Dur\u00e9e de lecture estim\u00e9e":"9 minutes"},"schema":{"@context":"https:\/\/schema.org","@graph":[{"@type":"WebPage","@id":"https:\/\/www.rutadelsindiketes.com\/etapa-3-roses-castell-dempuries\/","url":"https:\/\/www.rutadelsindiketes.com\/etapa-3-roses-castell-dempuries\/","name":"Etapa 3 - Roses - Castell\u00f3 d\u2019Emp\u00faries-Ruta dels Indiketes","isPartOf":{"@id":"https:\/\/www.rutadelsindiketes.com\/#website"},"primaryImageOfPage":{"@id":"https:\/\/www.rutadelsindiketes.com\/etapa-3-roses-castell-dempuries\/#primaryimage"},"image":{"@id":"https:\/\/www.rutadelsindiketes.com\/etapa-3-roses-castell-dempuries\/#primaryimage"},"thumbnailUrl":"https:\/\/www.rutadelsindiketes.com\/wp-content\/uploads\/2022\/12\/Perfil-etapa-3-1.png","datePublished":"2022-12-13T14:20:26+00:00","dateModified":"2023-04-07T11:32:54+00:00","breadcrumb":{"@id":"https:\/\/www.rutadelsindiketes.com\/etapa-3-roses-castell-dempuries\/#breadcrumb"},"inLanguage":"fr-FR","potentialAction":[{"@type":"ReadAction","target":["https:\/\/www.rutadelsindiketes.com\/etapa-3-roses-castell-dempuries\/"]}]},{"@type":"ImageObject","inLanguage":"fr-FR","@id":"https:\/\/www.rutadelsindiketes.com\/etapa-3-roses-castell-dempuries\/#primaryimage","url":"https:\/\/www.rutadelsindiketes.com\/wp-content\/uploads\/2022\/12\/Perfil-etapa-3-1.png","contentUrl":"https:\/\/www.rutadelsindiketes.com\/wp-content\/uploads\/2022\/12\/Perfil-etapa-3-1.png"},{"@type":"BreadcrumbList","@id":"https:\/\/www.rutadelsindiketes.com\/etapa-3-roses-castell-dempuries\/#breadcrumb","itemListElement":[{"@type":"ListItem","position":1,"name":"Portada","item":"https:\/\/www.rutadelsindiketes.com\/ca\/"},{"@type":"ListItem","position":2,"name":"Etapa 3 &#8211; Roses &#8211; Castell\u00f3 d\u2019Emp\u00faries"}]},{"@type":"WebSite","@id":"https:\/\/www.rutadelsindiketes.com\/#website","url":"https:\/\/www.rutadelsindiketes.com\/","name":"Ruta dels Indiketes","description":"S&oacute;lo otro sitio de WordPress","potentialAction":[{"@type":"SearchAction","target":{"@type":"EntryPoint","urlTemplate":"https:\/\/www.rutadelsindiketes.com\/?s={search_term_string}"},"query-input":{"@type":"PropertyValueSpecification","valueRequired":true,"valueName":"search_term_string"}}],"inLanguage":"fr-FR"}]}},"_links":{"self":[{"href":"https:\/\/www.rutadelsindiketes.com\/fr\/wp-json\/wp\/v2\/pages\/1238","targetHints":{"allow":["GET"]}}],"collection":[{"href":"https:\/\/www.rutadelsindiketes.com\/fr\/wp-json\/wp\/v2\/pages"}],"about":[{"href":"https:\/\/www.rutadelsindiketes.com\/fr\/wp-json\/wp\/v2\/types\/page"}],"author":[{"embeddable":true,"href":"https:\/\/www.rutadelsindiketes.com\/fr\/wp-json\/wp\/v2\/users\/2"}],"replies":[{"embeddable":true,"href":"https:\/\/www.rutadelsindiketes.com\/fr\/wp-json\/wp\/v2\/comments?post=1238"}],"version-history":[{"count":268,"href":"https:\/\/www.rutadelsindiketes.com\/fr\/wp-json\/wp\/v2\/pages\/1238\/revisions"}],"predecessor-version":[{"id":4013,"href":"https:\/\/www.rutadelsindiketes.com\/fr\/wp-json\/wp\/v2\/pages\/1238\/revisions\/4013"}],"wp:attachment":[{"href":"https:\/\/www.rutadelsindiketes.com\/fr\/wp-json\/wp\/v2\/media?parent=1238"}],"curies":[{"name":"wp","href":"https:\/\/api.w.org\/{rel}","templated":true}]}}