{"id":1270,"date":"2022-12-13T15:24:24","date_gmt":"2022-12-13T14:24:24","guid":{"rendered":"https:\/\/www.rutadelsindiketes.com\/?page_id=1270"},"modified":"2023-04-07T13:56:05","modified_gmt":"2023-04-07T11:56:05","slug":"etapa-19-macanet-de-cabrenys-la-jonquera","status":"publish","type":"page","link":"https:\/\/www.rutadelsindiketes.com\/fr\/etape-19-macanet-de-cabrenys-la-jonquera\/","title":{"rendered":"\u00c9tape 19 - Ma\u00e7anet de Cabrenys - La Jonquera"},"content":{"rendered":"<div data-elementor-type=\"wp-page\" data-elementor-id=\"1270\" class=\"elementor elementor-1270\" data-elementor-post-type=\"page\">\n\t\t\t\t\t\t<section class=\"elementor-section elementor-top-section elementor-element elementor-element-4161d5af elementor-section-height-min-height elementor-section-content-middle elementor-section-boxed elementor-section-height-default elementor-section-items-middle\" data-id=\"4161d5af\" data-element_type=\"section\" data-e-type=\"section\" id=\"entrada\" data-settings=\"{&quot;background_background&quot;:&quot;classic&quot;}\">\n\t\t\t\t\t\t\t<div class=\"elementor-background-overlay\"><\/div>\n\t\t\t\t\t\t\t<div class=\"elementor-container elementor-column-gap-default\">\n\t\t\t\t\t<div class=\"elementor-column elementor-col-100 elementor-top-column elementor-element elementor-element-250f815b\" data-id=\"250f815b\" data-element_type=\"column\" data-e-type=\"column\" data-settings=\"{&quot;background_background&quot;:&quot;classic&quot;}\">\n\t\t\t<div class=\"elementor-widget-wrap elementor-element-populated\">\n\t\t\t\t\t<div class=\"elementor-background-overlay\"><\/div>\n\t\t\t\t\t\t<div class=\"elementor-element elementor-element-8c5db87 elementor-widget elementor-widget-heading\" data-id=\"8c5db87\" data-element_type=\"widget\" data-e-type=\"widget\" data-widget_type=\"heading.default\">\n\t\t\t\t<div class=\"elementor-widget-container\">\n\t\t\t\t\t<h1 class=\"elementor-heading-title elementor-size-default\">\u00c9TAPE 19<\/h1>\t\t\t\t<\/div>\n\t\t\t\t<\/div>\n\t\t\t\t<div class=\"elementor-element elementor-element-8501329 elementor-widget elementor-widget-heading\" data-id=\"8501329\" data-element_type=\"widget\" data-e-type=\"widget\" data-widget_type=\"heading.default\">\n\t\t\t\t<div class=\"elementor-widget-container\">\n\t\t\t\t\t<h2 class=\"elementor-heading-title elementor-size-default\">MA\u00c7ANET  DE CABRENYS  - LA JONQUERA<\/h2>\t\t\t\t<\/div>\n\t\t\t\t<\/div>\n\t\t\t\t<div class=\"elementor-element elementor-element-cc4a6ba elementor-widget elementor-widget-spacer\" data-id=\"cc4a6ba\" data-element_type=\"widget\" data-e-type=\"widget\" data-widget_type=\"spacer.default\">\n\t\t\t\t<div class=\"elementor-widget-container\">\n\t\t\t\t\t\t\t<div class=\"elementor-spacer\">\n\t\t\t<div class=\"elementor-spacer-inner\"><\/div>\n\t\t<\/div>\n\t\t\t\t\t\t<\/div>\n\t\t\t\t<\/div>\n\t\t\t\t<div class=\"elementor-element elementor-element-4863b3f6 elementor-icon-list--layout-inline elementor-align-center elementor-list-item-link-full_width elementor-widget elementor-widget-icon-list\" data-id=\"4863b3f6\" data-element_type=\"widget\" data-e-type=\"widget\" data-widget_type=\"icon-list.default\">\n\t\t\t\t<div class=\"elementor-widget-container\">\n\t\t\t\t\t\t\t<ul class=\"elementor-icon-list-items elementor-inline-items\">\n\t\t\t\t\t\t\t<li class=\"elementor-icon-list-item elementor-inline-item\">\n\t\t\t\t\t\t\t\t\t\t\t<span class=\"elementor-icon-list-icon\">\n\t\t\t\t\t\t\t<svg aria-hidden=\"true\" class=\"e-font-icon-svg e-fas-ruler\" viewbox=\"0 0 640 512\" xmlns=\"http:\/\/www.w3.org\/2000\/svg\"><path d=\"M635.7 167.2L556.1 31.7c-8.8-15-28.3-20.1-43.5-11.5l-69 39.1L503.3 161c2.2 3.8.9 8.5-2.9 10.7l-13.8 7.8c-3.8 2.2-8.7.9-10.9-2.9L416 75l-55.2 31.3 27.9 47.4c2.2 3.8.9 8.5-2.9 10.7l-13.8 7.8c-3.8 2.2-8.7.9-10.9-2.9L333.2 122 278 153.3 337.8 255c2.2 3.7.9 8.5-2.9 10.7l-13.8 7.8c-3.8 2.2-8.7.9-10.9-2.9l-59.7-101.7-55.2 31.3 27.9 47.4c2.2 3.8.9 8.5-2.9 10.7l-13.8 7.8c-3.8 2.2-8.7.9-10.9-2.9l-27.9-47.5-55.2 31.3 59.7 101.7c2.2 3.7.9 8.5-2.9 10.7l-13.8 7.8c-3.8 2.2-8.7.9-10.9-2.9L84.9 262.9l-69 39.1C.7 310.7-4.6 329.8 4.2 344.8l79.6 135.6c8.8 15 28.3 20.1 43.5 11.5L624.1 210c15.2-8.6 20.4-27.8 11.6-42.8z\"><\/path><\/svg>\t\t\t\t\t\t<\/span>\n\t\t\t\t\t\t\t\t\t\t<span class=\"elementor-icon-list-text\">Distance : 25,7 km <\/span>\n\t\t\t\t\t\t\t\t\t<\/li>\n\t\t\t\t\t\t\t\t<li class=\"elementor-icon-list-item elementor-inline-item\">\n\t\t\t\t\t\t\t\t\t\t\t<span class=\"elementor-icon-list-icon\">\n\t\t\t\t\t\t\t<svg aria-hidden=\"true\" class=\"e-font-icon-svg e-fas-trophy\" viewbox=\"0 0 576 512\" xmlns=\"http:\/\/www.w3.org\/2000\/svg\"><path d=\"M552 64H448V24c0-13.3-10.7-24-24-24H152c-13.3 0-24 10.7-24 24v40H24C10.7 64 0 74.7 0 88v56c0 35.7 22.5 72.4 61.9 100.7 31.5 22.7 69.8 37.1 110 41.7C203.3 338.5 240 360 240 360v72h-48c-35.3 0-64 20.7-64 56v12c0 6.6 5.4 12 12 12h296c6.6 0 12-5.4 12-12v-12c0-35.3-28.7-56-64-56h-48v-72s36.7-21.5 68.1-73.6c40.3-4.6 78.6-19 110-41.7 39.3-28.3 61.9-65 61.9-100.7V88c0-13.3-10.7-24-24-24zM99.3 192.8C74.9 175.2 64 155.6 64 144v-16h64.2c1 32.6 5.8 61.2 12.8 86.2-15.1-5.2-29.2-12.4-41.7-21.4zM512 144c0 16.1-17.7 36.1-35.3 48.8-12.5 9-26.7 16.2-41.8 21.4 7-25 11.8-53.6 12.8-86.2H512v16z\"><\/path><\/svg>\t\t\t\t\t\t<\/span>\n\t\t\t\t\t\t\t\t\t\t<span class=\"elementor-icon-list-text\">Niveau de difficult\u00e9 : \u00e9lev\u00e9<\/span>\n\t\t\t\t\t\t\t\t\t<\/li>\n\t\t\t\t\t\t\t\t<li class=\"elementor-icon-list-item elementor-inline-item\">\n\t\t\t\t\t\t\t\t\t\t\t<span class=\"elementor-icon-list-icon\">\n\t\t\t\t\t\t\t<svg aria-hidden=\"true\" class=\"e-font-icon-svg e-fas-sort-amount-up-alt\" viewbox=\"0 0 512 512\" xmlns=\"http:\/\/www.w3.org\/2000\/svg\"><path d=\"M240 96h64a16 16 0 0 0 16-16V48a16 16 0 0 0-16-16h-64a16 16 0 0 0-16 16v32a16 16 0 0 0 16 16zm0 128h128a16 16 0 0 0 16-16v-32a16 16 0 0 0-16-16H240a16 16 0 0 0-16 16v32a16 16 0 0 0 16 16zm256 192H240a16 16 0 0 0-16 16v32a16 16 0 0 0 16 16h256a16 16 0 0 0 16-16v-32a16 16 0 0 0-16-16zm-256-64h192a16 16 0 0 0 16-16v-32a16 16 0 0 0-16-16H240a16 16 0 0 0-16 16v32a16 16 0 0 0 16 16zM16 160h48v304a16 16 0 0 0 16 16h32a16 16 0 0 0 16-16V160h48c14.21 0 21.39-17.24 11.31-27.31l-80-96a16 16 0 0 0-22.62 0l-80 96C-5.35 142.74 1.78 160 16 160z\"><\/path><\/svg>\t\t\t\t\t\t<\/span>\n\t\t\t\t\t\t\t\t\t\t<span class=\"elementor-icon-list-text\">Altitude maximale : 1136<\/span>\n\t\t\t\t\t\t\t\t\t<\/li>\n\t\t\t\t\t\t\t\t<li class=\"elementor-icon-list-item elementor-inline-item\">\n\t\t\t\t\t\t\t\t\t\t\t<span class=\"elementor-icon-list-icon\">\n\t\t\t\t\t\t\t<svg aria-hidden=\"true\" class=\"e-font-icon-svg e-fas-sort-amount-down-alt\" viewbox=\"0 0 512 512\" xmlns=\"http:\/\/www.w3.org\/2000\/svg\"><path d=\"M240 96h64a16 16 0 0 0 16-16V48a16 16 0 0 0-16-16h-64a16 16 0 0 0-16 16v32a16 16 0 0 0 16 16zm0 128h128a16 16 0 0 0 16-16v-32a16 16 0 0 0-16-16H240a16 16 0 0 0-16 16v32a16 16 0 0 0 16 16zm256 192H240a16 16 0 0 0-16 16v32a16 16 0 0 0 16 16h256a16 16 0 0 0 16-16v-32a16 16 0 0 0-16-16zm-256-64h192a16 16 0 0 0 16-16v-32a16 16 0 0 0-16-16H240a16 16 0 0 0-16 16v32a16 16 0 0 0 16 16zm-64 0h-48V48a16 16 0 0 0-16-16H80a16 16 0 0 0-16 16v304H16c-14.19 0-21.37 17.24-11.29 27.31l80 96a16 16 0 0 0 22.62 0l80-96C197.35 369.26 190.22 352 176 352z\"><\/path><\/svg>\t\t\t\t\t\t<\/span>\n\t\t\t\t\t\t\t\t\t\t<span class=\"elementor-icon-list-text\">Altitude minimale : 103<\/span>\n\t\t\t\t\t\t\t\t\t<\/li>\n\t\t\t\t\t\t\t\t<li class=\"elementor-icon-list-item elementor-inline-item\">\n\t\t\t\t\t\t\t\t\t\t\t<span class=\"elementor-icon-list-icon\">\n\t\t\t\t\t\t\t<svg aria-hidden=\"true\" class=\"e-font-icon-svg e-fas-slash\" viewbox=\"0 0 640 512\" xmlns=\"http:\/\/www.w3.org\/2000\/svg\"><path d=\"M594.53 508.63L6.18 53.9c-6.97-5.42-8.23-15.47-2.81-22.45L23.01 6.18C28.43-.8 38.49-2.06 45.47 3.37L633.82 458.1c6.97 5.42 8.23 15.47 2.81 22.45l-19.64 25.27c-5.42 6.98-15.48 8.23-22.46 2.81z\"><\/path><\/svg>\t\t\t\t\t\t<\/span>\n\t\t\t\t\t\t\t\t\t\t<span class=\"elementor-icon-list-text\">D\u00e9nivel\u00e9 positif : 1327<\/span>\n\t\t\t\t\t\t\t\t\t<\/li>\n\t\t\t\t\t\t\t\t<li class=\"elementor-icon-list-item elementor-inline-item\">\n\t\t\t\t\t\t\t\t\t\t\t<span class=\"elementor-icon-list-icon\">\n\t\t\t\t\t\t\t<svg aria-hidden=\"true\" class=\"e-font-icon-svg e-fas-slash\" viewbox=\"0 0 640 512\" xmlns=\"http:\/\/www.w3.org\/2000\/svg\"><path d=\"M594.53 508.63L6.18 53.9c-6.97-5.42-8.23-15.47-2.81-22.45L23.01 6.18C28.43-.8 38.49-2.06 45.47 3.37L633.82 458.1c6.97 5.42 8.23 15.47 2.81 22.45l-19.64 25.27c-5.42 6.98-15.48 8.23-22.46 2.81z\"><\/path><\/svg>\t\t\t\t\t\t<\/span>\n\t\t\t\t\t\t\t\t\t\t<span class=\"elementor-icon-list-text\">D\u00e9nivel\u00e9 n\u00e9gative : 1584<\/span>\n\t\t\t\t\t\t\t\t\t<\/li>\n\t\t\t\t\t\t<\/ul>\n\t\t\t\t\t\t<\/div>\n\t\t\t\t<\/div>\n\t\t\t\t<div class=\"elementor-element elementor-element-80428c6 elementor-widget elementor-widget-image\" data-id=\"80428c6\" data-element_type=\"widget\" data-e-type=\"widget\" data-widget_type=\"image.default\">\n\t\t\t\t<div class=\"elementor-widget-container\">\n\t\t\t\t\t\t\t\t\t\t\t\t\t\t\t\t<a href=\"https:\/\/www.rutadelsindiketes.com\/wp-content\/uploads\/2023\/01\/perfil-etapa-19.png\" data-elementor-open-lightbox=\"yes\" data-elementor-lightbox-title=\"perfil etapa 19\" data-e-action-hash=\"#elementor-action%3Aaction%3Dlightbox%26settings%3DeyJpZCI6MTkwMCwidXJsIjoiaHR0cHM6XC9cL3d3dy5ydXRhZGVsc2luZGlrZXRlcy5jb21cL3dwLWNvbnRlbnRcL3VwbG9hZHNcLzIwMjNcLzAxXC9wZXJmaWwtZXRhcGEtMTkucG5nIn0%3D\">\n\t\t\t\t\t\t\t<img fetchpriority=\"high\" decoding=\"async\" width=\"800\" height=\"300\" src=\"https:\/\/www.rutadelsindiketes.com\/wp-content\/uploads\/2023\/01\/perfil-etapa-19.png\" class=\"attachment-large size-large wp-image-1900\" alt=\"\" srcset=\"https:\/\/www.rutadelsindiketes.com\/wp-content\/uploads\/2023\/01\/perfil-etapa-19.png 960w, https:\/\/www.rutadelsindiketes.com\/wp-content\/uploads\/2023\/01\/perfil-etapa-19-300x113.png 300w, https:\/\/www.rutadelsindiketes.com\/wp-content\/uploads\/2023\/01\/perfil-etapa-19-768x288.png 768w\" sizes=\"(max-width: 800px) 100vw, 800px\" \/>\t\t\t\t\t\t\t\t<\/a>\n\t\t\t\t\t\t\t\t\t\t\t\t\t\t\t<\/div>\n\t\t\t\t<\/div>\n\t\t\t\t\t<\/div>\n\t\t<\/div>\n\t\t\t\t\t<\/div>\n\t\t<\/section>\n\t\t\t\t<section class=\"elementor-section elementor-top-section elementor-element elementor-element-77174f7 elementor-section-boxed elementor-section-height-default elementor-section-height-default\" data-id=\"77174f7\" data-element_type=\"section\" data-e-type=\"section\">\n\t\t\t\t\t\t<div class=\"elementor-container elementor-column-gap-default\">\n\t\t\t\t\t<div class=\"elementor-column elementor-col-100 elementor-top-column elementor-element elementor-element-d2b5570\" data-id=\"d2b5570\" data-element_type=\"column\" data-e-type=\"column\">\n\t\t\t<div class=\"elementor-widget-wrap elementor-element-populated\">\n\t\t\t\t\t\t<div class=\"elementor-element elementor-element-b932d56 elementor-align-center elementor-widget__width-auto elementor-widget elementor-widget-button\" data-id=\"b932d56\" data-element_type=\"widget\" data-e-type=\"widget\" data-widget_type=\"button.default\">\n\t\t\t\t<div class=\"elementor-widget-container\">\n\t\t\t\t\t\t\t\t\t<div class=\"elementor-button-wrapper\">\n\t\t\t\t\t<a class=\"elementor-button elementor-button-link elementor-size-sm\" href=\"https:\/\/www.rutadelsindiketes.com\/wp-content\/uploads\/2023\/04\/Macanet-de-Cabrenys-a-La-Jonquera.gpx\">\n\t\t\t\t\t\t<span class=\"elementor-button-content-wrapper\">\n\t\t\t\t\t\t<span class=\"elementor-button-icon\">\n\t\t\t\t<svg aria-hidden=\"true\" class=\"e-font-icon-svg e-fas-route\" viewbox=\"0 0 512 512\" xmlns=\"http:\/\/www.w3.org\/2000\/svg\"><path d=\"M416 320h-96c-17.6 0-32-14.4-32-32s14.4-32 32-32h96s96-107 96-160-43-96-96-96-96 43-96 96c0 25.5 22.2 63.4 45.3 96H320c-52.9 0-96 43.1-96 96s43.1 96 96 96h96c17.6 0 32 14.4 32 32s-14.4 32-32 32H185.5c-16 24.8-33.8 47.7-47.3 64H416c52.9 0 96-43.1 96-96s-43.1-96-96-96zm0-256c17.7 0 32 14.3 32 32s-14.3 32-32 32-32-14.3-32-32 14.3-32 32-32zM96 256c-53 0-96 43-96 96s96 160 96 160 96-107 96-160-43-96-96-96zm0 128c-17.7 0-32-14.3-32-32s14.3-32 32-32 32 14.3 32 32-14.3 32-32 32z\"><\/path><\/svg>\t\t\t<\/span>\n\t\t\t\t\t\t\t\t\t<span class=\"elementor-button-text\">GPX<\/span>\n\t\t\t\t\t<\/span>\n\t\t\t\t\t<\/a>\n\t\t\t\t<\/div>\n\t\t\t\t\t\t\t\t<\/div>\n\t\t\t\t<\/div>\n\t\t\t\t\t<\/div>\n\t\t<\/div>\n\t\t\t\t\t<\/div>\n\t\t<\/section>\n\t\t\t\t<section class=\"elementor-section elementor-top-section elementor-element elementor-element-ec96f5a elementor-section-boxed elementor-section-height-default elementor-section-height-default\" data-id=\"ec96f5a\" data-element_type=\"section\" data-e-type=\"section\">\n\t\t\t\t\t\t<div class=\"elementor-container elementor-column-gap-default\">\n\t\t\t\t\t<div class=\"elementor-column elementor-col-100 elementor-top-column elementor-element elementor-element-725db9d\" data-id=\"725db9d\" data-element_type=\"column\" data-e-type=\"column\">\n\t\t\t<div class=\"elementor-widget-wrap elementor-element-populated\">\n\t\t\t\t\t\t<div class=\"elementor-element elementor-element-224bf89 elementor-widget elementor-widget-heading\" data-id=\"224bf89\" data-element_type=\"widget\" data-e-type=\"widget\" data-widget_type=\"heading.default\">\n\t\t\t\t<div class=\"elementor-widget-container\">\n\t\t\t\t\t<h2 class=\"elementor-heading-title elementor-size-large\"><br>\u00c9tape 19 : MA\u00c7ANET DE CABRENYS - LA JONQUERA<br><\/h2>\t\t\t\t<\/div>\n\t\t\t\t<\/div>\n\t\t\t\t<div class=\"elementor-element elementor-element-6b3b62c elementor-widget elementor-widget-image\" data-id=\"6b3b62c\" data-element_type=\"widget\" data-e-type=\"widget\" data-widget_type=\"image.default\">\n\t\t\t\t<div class=\"elementor-widget-container\">\n\t\t\t\t\t\t\t\t\t\t\t\t\t\t\t\t<a href=\"https:\/\/www.rutadelsindiketes.com\/wp-content\/uploads\/2023\/01\/mapa-etapa-19.png\" data-elementor-open-lightbox=\"yes\" data-elementor-lightbox-title=\"mapa etapa 19\" data-e-action-hash=\"#elementor-action%3Aaction%3Dlightbox%26settings%3DeyJpZCI6MTg5OSwidXJsIjoiaHR0cHM6XC9cL3d3dy5ydXRhZGVsc2luZGlrZXRlcy5jb21cL3dwLWNvbnRlbnRcL3VwbG9hZHNcLzIwMjNcLzAxXC9tYXBhLWV0YXBhLTE5LnBuZyJ9\">\n\t\t\t\t\t\t\t<img decoding=\"async\" width=\"800\" height=\"365\" src=\"https:\/\/www.rutadelsindiketes.com\/wp-content\/uploads\/2023\/01\/mapa-etapa-19.png\" class=\"attachment-large size-large wp-image-1899\" alt=\"\" srcset=\"https:\/\/www.rutadelsindiketes.com\/wp-content\/uploads\/2023\/01\/mapa-etapa-19.png 1008w, https:\/\/www.rutadelsindiketes.com\/wp-content\/uploads\/2023\/01\/mapa-etapa-19-300x137.png 300w, https:\/\/www.rutadelsindiketes.com\/wp-content\/uploads\/2023\/01\/mapa-etapa-19-768x350.png 768w\" sizes=\"(max-width: 800px) 100vw, 800px\" \/>\t\t\t\t\t\t\t\t<\/a>\n\t\t\t\t\t\t\t\t\t\t\t\t\t\t\t<\/div>\n\t\t\t\t<\/div>\n\t\t\t\t\t<\/div>\n\t\t<\/div>\n\t\t\t\t\t<\/div>\n\t\t<\/section>\n\t\t<div class=\"elementor-element elementor-element-7e361429 e-flex e-con-boxed e-con e-parent\" data-id=\"7e361429\" data-element_type=\"container\" data-e-type=\"container\">\n\t\t\t\t\t<div class=\"e-con-inner\">\n\t\t\t\t<div class=\"elementor-element elementor-element-6bdff64b elementor-widget elementor-widget-text-editor\" data-id=\"6bdff64b\" data-element_type=\"widget\" data-e-type=\"widget\" data-widget_type=\"text-editor.default\">\n\t\t\t\t<div class=\"elementor-widget-container\">\n\t\t\t\t\t\t\t\t\t<p>Nous partirons de devant l'\u00e9glise de Sant Mart\u00ed et irons \u00e0 l'arri\u00e8re de l'\u00e9glise. L\u00e0, nous verrons un petit chemin de terre (passage) et en le suivant, nous passerons derri\u00e8re l'Hostal La Quadra, puis devant l'entr\u00e9e de la cour de r\u00e9cr\u00e9ation de l'\u00e9cole, nous tournerons \u00e0 gauche, sur un chemin pav\u00e9 avec un passage d'eau sur l'un de ses c\u00f4t\u00e9s.<\/p>\t\t\t\t\t\t\t\t<\/div>\n\t\t\t\t<\/div>\n\t\t\t\t\t<\/div>\n\t\t\t\t<\/div>\n\t\t<div class=\"elementor-element elementor-element-32d60e9e e-flex e-con-boxed e-con e-parent\" data-id=\"32d60e9e\" data-element_type=\"container\" data-e-type=\"container\">\n\t\t\t\t\t<div class=\"e-con-inner\">\n\t\t<div class=\"elementor-element elementor-element-1ad99ce2 e-con-full e-flex e-con e-child\" data-id=\"1ad99ce2\" data-element_type=\"container\" data-e-type=\"container\">\n\t\t\t\t<div class=\"elementor-element elementor-element-52419fc3 elementor-widget elementor-widget-image\" data-id=\"52419fc3\" data-element_type=\"widget\" data-e-type=\"widget\" data-widget_type=\"image.default\">\n\t\t\t\t<div class=\"elementor-widget-container\">\n\t\t\t\t\t\t\t\t\t\t\t\t\t\t\t<img decoding=\"async\" width=\"768\" height=\"1024\" src=\"https:\/\/www.rutadelsindiketes.com\/wp-content\/uploads\/2023\/01\/1-Plaza-de-Macanet-de-Cabrenys_-con-la-barra-den-Roldan-en-el-centro..jpg\" class=\"attachment-large size-large wp-image-1905\" alt=\"\" srcset=\"https:\/\/www.rutadelsindiketes.com\/wp-content\/uploads\/2023\/01\/1-Plaza-de-Macanet-de-Cabrenys_-con-la-barra-den-Roldan-en-el-centro..jpg 768w, https:\/\/www.rutadelsindiketes.com\/wp-content\/uploads\/2023\/01\/1-Plaza-de-Macanet-de-Cabrenys_-con-la-barra-den-Roldan-en-el-centro.-225x300.jpg 225w\" sizes=\"(max-width: 768px) 100vw, 768px\" \/>\t\t\t\t\t\t\t\t\t\t\t\t\t\t\t<\/div>\n\t\t\t\t<\/div>\n\t\t\t\t<\/div>\n\t\t<div class=\"elementor-element elementor-element-26294815 e-con-full e-flex e-con e-child\" data-id=\"26294815\" data-element_type=\"container\" data-e-type=\"container\">\n\t\t\t\t<div class=\"elementor-element elementor-element-5adf9a71 elementor-widget elementor-widget-image\" data-id=\"5adf9a71\" data-element_type=\"widget\" data-e-type=\"widget\" data-widget_type=\"image.default\">\n\t\t\t\t<div class=\"elementor-widget-container\">\n\t\t\t\t\t\t\t\t\t\t\t\t\t\t\t<img loading=\"lazy\" decoding=\"async\" width=\"800\" height=\"600\" src=\"https:\/\/www.rutadelsindiketes.com\/wp-content\/uploads\/2023\/01\/2-Saliendo-de-Macanet-de-Cabrenys_-cerca-de-la-Urbanizacion-del-Mas-Saguer.-Al-fondo_-arriba-de-la-montana-se-divisa-el-penasco-del-Castell-de-Cabrera..jpg\" class=\"attachment-large size-large wp-image-1906\" alt=\"\" srcset=\"https:\/\/www.rutadelsindiketes.com\/wp-content\/uploads\/2023\/01\/2-Saliendo-de-Macanet-de-Cabrenys_-cerca-de-la-Urbanizacion-del-Mas-Saguer.-Al-fondo_-arriba-de-la-montana-se-divisa-el-penasco-del-Castell-de-Cabrera..jpg 1024w, https:\/\/www.rutadelsindiketes.com\/wp-content\/uploads\/2023\/01\/2-Saliendo-de-Macanet-de-Cabrenys_-cerca-de-la-Urbanizacion-del-Mas-Saguer.-Al-fondo_-arriba-de-la-montana-se-divisa-el-penasco-del-Castell-de-Cabrera.-300x225.jpg 300w, https:\/\/www.rutadelsindiketes.com\/wp-content\/uploads\/2023\/01\/2-Saliendo-de-Macanet-de-Cabrenys_-cerca-de-la-Urbanizacion-del-Mas-Saguer.-Al-fondo_-arriba-de-la-montana-se-divisa-el-penasco-del-Castell-de-Cabrera.-768x576.jpg 768w\" sizes=\"(max-width: 800px) 100vw, 800px\" \/>\t\t\t\t\t\t\t\t\t\t\t\t\t\t\t<\/div>\n\t\t\t\t<\/div>\n\t\t\t\t<\/div>\n\t\t\t\t\t<\/div>\n\t\t\t\t<\/div>\n\t\t<div class=\"elementor-element elementor-element-9ddf03b e-flex e-con-boxed e-con e-parent\" data-id=\"9ddf03b\" data-element_type=\"container\" data-e-type=\"container\">\n\t\t\t\t\t<div class=\"e-con-inner\">\n\t\t\t\t<div class=\"elementor-element elementor-element-ab540c5 elementor-widget elementor-widget-text-editor\" data-id=\"ab540c5\" data-element_type=\"widget\" data-e-type=\"widget\" data-widget_type=\"text-editor.default\">\n\t\t\t\t<div class=\"elementor-widget-container\">\n\t\t\t\t\t\t\t\t\t<p>Apr\u00e8s 300 m\u00e8tres, nous d\u00e9bouchons sur la route qui monte vers Les Salines, mais apr\u00e8s 15 m\u00e8tres, nous prenons un petit chemin que nous voyons sur notre droite, qui apr\u00e8s 300 m\u00e8tres nous ram\u00e8ne \u00e0 la route de Les Salines, \u00e0 un endroit situ\u00e9 entre la ferme Can Muntada sur notre gauche et la ferme Can Gallat sur notre droite.<\/p>\t\t\t\t\t\t\t\t<\/div>\n\t\t\t\t<\/div>\n\t\t\t\t\t<\/div>\n\t\t\t\t<\/div>\n\t\t<div class=\"elementor-element elementor-element-1f513330 e-flex e-con-boxed e-con e-parent\" data-id=\"1f513330\" data-element_type=\"container\" data-e-type=\"container\">\n\t\t\t\t\t<div class=\"e-con-inner\">\n\t\t<div class=\"elementor-element elementor-element-2f40724b e-con-full e-flex e-con e-child\" data-id=\"2f40724b\" data-element_type=\"container\" data-e-type=\"container\">\n\t\t\t\t<div class=\"elementor-element elementor-element-5b8274f6 elementor-widget elementor-widget-text-editor\" data-id=\"5b8274f6\" data-element_type=\"widget\" data-e-type=\"widget\" data-widget_type=\"text-editor.default\">\n\t\t\t\t<div class=\"elementor-widget-container\">\n\t\t\t\t\t\t\t\t\t<p style=\"text-align: justify;\"><span style=\"color: var( --e-global-color-dea41e4 ); font-family: var( --e-global-typography-b2ce6af-font-family ), Sans-serif; font-size: var( --e-global-typography-b2ce6af-font-size ); font-weight: var( --e-global-typography-b2ce6af-font-weight ); letter-spacing: var( --e-global-typography-b2ce6af-letter-spacing ); text-align: var(--text-align); word-spacing: var( --e-global-typography-b2ce6af-word-spacing );\">Ici, les cyclistes continueront \u00e0 monter la route qui, en 12 kilom\u00e8tres, les m\u00e8nera directement aux Salines.\u00a0<\/span><\/p><p style=\"text-align: justify;\"><span style=\"text-align: var(--text-align); color: var( --e-global-color-dea41e4 ); font-family: var( --e-global-typography-b2ce6af-font-family ), Sans-serif; font-size: var( --e-global-typography-b2ce6af-font-size ); font-weight: var( --e-global-typography-b2ce6af-font-weight ); letter-spacing: var( --e-global-typography-b2ce6af-letter-spacing ); word-spacing: var( --e-global-typography-b2ce6af-word-spacing );\">Ceux qui sont \u00e0 pied continueront sur un chemin de terre que nous verrons sur notre droite et qui, en 460 m\u00e8tres environ, nous fera passer devant Les Casotes.<\/span><\/p><p style=\"text-align: justify;\">Continuez \u00e0 gauche sur le chemin qui vient directement de Can Gallat et, apr\u00e8s 130 m\u00e8tres, vous traverserez le ruisseau Ardenya et, juste en face de lui, vous verrez la fontaine Font del Fil, appel\u00e9e ainsi en raison de son faible d\u00e9bit.\u00a0<\/p>\t\t\t\t\t\t\t\t<\/div>\n\t\t\t\t<\/div>\n\t\t\t\t<\/div>\n\t\t<div class=\"elementor-element elementor-element-fec8c7b e-con-full e-flex e-con e-child\" data-id=\"fec8c7b\" data-element_type=\"container\" data-e-type=\"container\">\n\t\t\t\t<div class=\"elementor-element elementor-element-3d86ce7a elementor-widget elementor-widget-image\" data-id=\"3d86ce7a\" data-element_type=\"widget\" data-e-type=\"widget\" data-widget_type=\"image.default\">\n\t\t\t\t<div class=\"elementor-widget-container\">\n\t\t\t\t\t\t\t\t\t\t\t\t\t\t\t<img loading=\"lazy\" decoding=\"async\" width=\"800\" height=\"600\" src=\"https:\/\/www.rutadelsindiketes.com\/wp-content\/uploads\/2023\/01\/3-Casalot-del-Mas-de-can-Gallart.jpg\" class=\"attachment-large size-large wp-image-1907\" alt=\"\" srcset=\"https:\/\/www.rutadelsindiketes.com\/wp-content\/uploads\/2023\/01\/3-Casalot-del-Mas-de-can-Gallart.jpg 1024w, https:\/\/www.rutadelsindiketes.com\/wp-content\/uploads\/2023\/01\/3-Casalot-del-Mas-de-can-Gallart-300x225.jpg 300w, https:\/\/www.rutadelsindiketes.com\/wp-content\/uploads\/2023\/01\/3-Casalot-del-Mas-de-can-Gallart-768x576.jpg 768w\" sizes=\"(max-width: 800px) 100vw, 800px\" \/>\t\t\t\t\t\t\t\t\t\t\t\t\t\t\t<\/div>\n\t\t\t\t<\/div>\n\t\t\t\t<\/div>\n\t\t\t\t\t<\/div>\n\t\t\t\t<\/div>\n\t\t<div class=\"elementor-element elementor-element-27eb0cec e-flex e-con-boxed e-con e-parent\" data-id=\"27eb0cec\" data-element_type=\"container\" data-e-type=\"container\">\n\t\t\t\t\t<div class=\"e-con-inner\">\n\t\t<div class=\"elementor-element elementor-element-7627cf89 e-con-full e-flex e-con e-child\" data-id=\"7627cf89\" data-element_type=\"container\" data-e-type=\"container\">\n\t\t\t\t<div class=\"elementor-element elementor-element-562d7205 elementor-widget elementor-widget-text-editor\" data-id=\"562d7205\" data-element_type=\"widget\" data-e-type=\"widget\" data-widget_type=\"text-editor.default\">\n\t\t\t\t<div class=\"elementor-widget-container\">\n\t\t\t\t\t\t\t\t\t<p><span style=\"text-align: justify;\">Ici, nous tournons \u00e0 gauche, en suivant le chemin de terre sur une mont\u00e9e raide d'environ 370 m\u00e8tres, o\u00f9 nous verrons le chemin sur la gauche qui nous m\u00e8nera aux Salines.<\/span><\/p><p><span style=\"text-align: justify;\">Suivez ce chemin pendant 3,3 kilom\u00e8tres jusqu'\u00e0 ce que vous atteigniez un chemin de terre o\u00f9 vous tournerez \u00e0 gauche.\u00a0<\/span><\/p><p><span style=\"color: var( --e-global-color-dea41e4 ); font-family: var( --e-global-typography-b2ce6af-font-family ), Sans-serif; font-size: var( --e-global-typography-b2ce6af-font-size ); font-weight: var( --e-global-typography-b2ce6af-font-weight ); letter-spacing: var( --e-global-typography-b2ce6af-letter-spacing ); text-align: var(--text-align); word-spacing: var( --e-global-typography-b2ce6af-word-spacing );\">Apr\u00e8s 300 m\u00e8tres, ce chemin d\u00e9bouche sur la route qui permet de monter depuis Ma\u00e7anet de Cabrenys.\u00a0<\/span><span style=\"text-align: justify;\"><br \/><\/span><\/p>\t\t\t\t\t\t\t\t<\/div>\n\t\t\t\t<\/div>\n\t\t\t\t<\/div>\n\t\t<div class=\"elementor-element elementor-element-672e2593 e-con-full e-flex e-con e-child\" data-id=\"672e2593\" data-element_type=\"container\" data-e-type=\"container\">\n\t\t\t\t<div class=\"elementor-element elementor-element-7629d8d0 elementor-widget elementor-widget-image\" data-id=\"7629d8d0\" data-element_type=\"widget\" data-e-type=\"widget\" data-widget_type=\"image.default\">\n\t\t\t\t<div class=\"elementor-widget-container\">\n\t\t\t\t\t\t\t\t\t\t\t\t\t\t\t<img loading=\"lazy\" decoding=\"async\" width=\"800\" height=\"551\" src=\"https:\/\/www.rutadelsindiketes.com\/wp-content\/uploads\/2023\/01\/4-Cruce-de-caminos-en-la-parte-alta-de-Les-Salines-e1675460728568.jpg\" class=\"attachment-large size-large wp-image-1908\" alt=\"\" srcset=\"https:\/\/www.rutadelsindiketes.com\/wp-content\/uploads\/2023\/01\/4-Cruce-de-caminos-en-la-parte-alta-de-Les-Salines-e1675460728568.jpg 1013w, https:\/\/www.rutadelsindiketes.com\/wp-content\/uploads\/2023\/01\/4-Cruce-de-caminos-en-la-parte-alta-de-Les-Salines-e1675460728568-300x207.jpg 300w, https:\/\/www.rutadelsindiketes.com\/wp-content\/uploads\/2023\/01\/4-Cruce-de-caminos-en-la-parte-alta-de-Les-Salines-e1675460728568-768x529.jpg 768w\" sizes=\"(max-width: 800px) 100vw, 800px\" \/>\t\t\t\t\t\t\t\t\t\t\t\t\t\t\t<\/div>\n\t\t\t\t<\/div>\n\t\t\t\t<\/div>\n\t\t\t\t\t<\/div>\n\t\t\t\t<\/div>\n\t\t<div class=\"elementor-element elementor-element-47335cbb e-flex e-con-boxed e-con e-parent\" data-id=\"47335cbb\" data-element_type=\"container\" data-e-type=\"container\">\n\t\t\t\t\t<div class=\"e-con-inner\">\n\t\t<div class=\"elementor-element elementor-element-10e5645 e-con-full e-flex e-con e-child\" data-id=\"10e5645\" data-element_type=\"container\" data-e-type=\"container\">\n\t\t\t\t<div class=\"elementor-element elementor-element-7720e9ee elementor-widget elementor-widget-text-editor\" data-id=\"7720e9ee\" data-element_type=\"widget\" data-e-type=\"widget\" data-widget_type=\"text-editor.default\">\n\t\t\t\t<div class=\"elementor-widget-container\">\n\t\t\t\t\t\t\t\t\t<p>Ici, nous tournons \u00e0 droite et en un peu moins d'un kilom\u00e8tre, nous atteignons le sanctuaire de la Mare de D\u00e9u de les Salines.\u00a0<\/p><p>Peu avant d'arriver, nous verrons une petite grotte o\u00f9 l'on dit que l'image de la Vierge Marie a \u00e9t\u00e9 trouv\u00e9e par un taureau de Mas Roure (une ferme situ\u00e9e pr\u00e8s de Can Quint\u00e0).<\/p><p>L'\u00e9glise romane a \u00e9t\u00e9 construite en 1275, mais il reste tr\u00e8s peu de choses de cette ancienne construction, car elle a \u00e9t\u00e9 presque enti\u00e8rement remodel\u00e9e \u00e0 la fin du 17e si\u00e8cle.\u00a0<\/p><p>L'un des b\u00e2timents est l'hostellerie et l'ancienne maison de l'ermite. Un autre des b\u00e2timents est l'ancien poulailler, que le CEE (Centre Excursionista Empordan\u00e9s) a transform\u00e9 en 1967 en refuge pour les randonneurs.<\/p>\t\t\t\t\t\t\t\t<\/div>\n\t\t\t\t<\/div>\n\t\t\t\t<\/div>\n\t\t<div class=\"elementor-element elementor-element-4a0ffe4c e-con-full e-flex e-con e-child\" data-id=\"4a0ffe4c\" data-element_type=\"container\" data-e-type=\"container\">\n\t\t\t\t<div class=\"elementor-element elementor-element-284c72fa elementor-widget elementor-widget-image\" data-id=\"284c72fa\" data-element_type=\"widget\" data-e-type=\"widget\" data-widget_type=\"image.default\">\n\t\t\t\t<div class=\"elementor-widget-container\">\n\t\t\t\t\t\t\t\t\t\t\t\t\t\t\t<img loading=\"lazy\" decoding=\"async\" width=\"768\" height=\"1024\" src=\"https:\/\/www.rutadelsindiketes.com\/wp-content\/uploads\/2023\/01\/5-Poco-antes-de-llegar-al-Santuario-de-la-Mare-de-Deu-de-les-Salines_-se-encuentra-la-gruta-con-un-altar-donde-se-supone-se-encontro-la-imagen-de-la-Virgen-que-se-venera.jpg\" class=\"attachment-large size-large wp-image-1909\" alt=\"\" srcset=\"https:\/\/www.rutadelsindiketes.com\/wp-content\/uploads\/2023\/01\/5-Poco-antes-de-llegar-al-Santuario-de-la-Mare-de-Deu-de-les-Salines_-se-encuentra-la-gruta-con-un-altar-donde-se-supone-se-encontro-la-imagen-de-la-Virgen-que-se-venera.jpg 768w, https:\/\/www.rutadelsindiketes.com\/wp-content\/uploads\/2023\/01\/5-Poco-antes-de-llegar-al-Santuario-de-la-Mare-de-Deu-de-les-Salines_-se-encuentra-la-gruta-con-un-altar-donde-se-supone-se-encontro-la-imagen-de-la-Virgen-que-se-venera-225x300.jpg 225w\" sizes=\"(max-width: 768px) 100vw, 768px\" \/>\t\t\t\t\t\t\t\t\t\t\t\t\t\t\t<\/div>\n\t\t\t\t<\/div>\n\t\t\t\t<\/div>\n\t\t\t\t\t<\/div>\n\t\t\t\t<\/div>\n\t\t<div class=\"elementor-element elementor-element-59668ae e-flex e-con-boxed e-con e-parent\" data-id=\"59668ae\" data-element_type=\"container\" data-e-type=\"container\">\n\t\t\t\t\t<div class=\"e-con-inner\">\n\t\t\t\t<div class=\"elementor-element elementor-element-5bfdbbe5 elementor-widget elementor-widget-text-editor\" data-id=\"5bfdbbe5\" data-element_type=\"widget\" data-e-type=\"widget\" data-widget_type=\"text-editor.default\">\n\t\t\t\t<div class=\"elementor-widget-container\">\n\t\t\t\t\t\t\t\t\t<p><span style=\"color: var( --e-global-color-dea41e4 ); font-family: var( --e-global-typography-b2ce6af-font-family ), Sans-serif; font-size: var( --e-global-typography-b2ce6af-font-size ); font-weight: var( --e-global-typography-b2ce6af-font-weight ); letter-spacing: var( --e-global-typography-b2ce6af-letter-spacing ); text-align: var(--text-align); word-spacing: var( --e-global-typography-b2ce6af-word-spacing );\">Apr\u00e8s avoir pris un rafra\u00eechissement \u00e0 l'auberge (si elle est ouverte), nous continuerons le parcours en passant par la fontaine des 3 becs, puis nous prendrons le chemin qui descend jusqu'au ruisseau des Salines et qui continue \u00e0 monter jusqu'au chemin qui m\u00e8ne \u00e0 La Vajol o\u00f9 nous tournerons \u00e0 gauche.<\/span><\/p>\t\t\t\t\t\t\t\t<\/div>\n\t\t\t\t<\/div>\n\t\t\t\t\t<\/div>\n\t\t\t\t<\/div>\n\t\t<div class=\"elementor-element elementor-element-27750eea e-flex e-con-boxed e-con e-parent\" data-id=\"27750eea\" data-element_type=\"container\" data-e-type=\"container\">\n\t\t\t\t\t<div class=\"e-con-inner\">\n\t\t<div class=\"elementor-element elementor-element-3fea9df5 e-con-full e-flex e-con e-child\" data-id=\"3fea9df5\" data-element_type=\"container\" data-e-type=\"container\">\n\t\t\t\t<div class=\"elementor-element elementor-element-3b0d3511 elementor-widget elementor-widget-image\" data-id=\"3b0d3511\" data-element_type=\"widget\" data-e-type=\"widget\" data-widget_type=\"image.default\">\n\t\t\t\t<div class=\"elementor-widget-container\">\n\t\t\t\t\t\t\t\t\t\t\t\t\t\t\t<img loading=\"lazy\" decoding=\"async\" width=\"800\" height=\"600\" src=\"https:\/\/www.rutadelsindiketes.com\/wp-content\/uploads\/2023\/01\/7-Fuente-de-3-canos-del-Santuario-de-Nuestra-Senora-de-les-Salines..jpg\" class=\"attachment-large size-large wp-image-1910\" alt=\"\" srcset=\"https:\/\/www.rutadelsindiketes.com\/wp-content\/uploads\/2023\/01\/7-Fuente-de-3-canos-del-Santuario-de-Nuestra-Senora-de-les-Salines..jpg 1024w, https:\/\/www.rutadelsindiketes.com\/wp-content\/uploads\/2023\/01\/7-Fuente-de-3-canos-del-Santuario-de-Nuestra-Senora-de-les-Salines.-300x225.jpg 300w, https:\/\/www.rutadelsindiketes.com\/wp-content\/uploads\/2023\/01\/7-Fuente-de-3-canos-del-Santuario-de-Nuestra-Senora-de-les-Salines.-768x576.jpg 768w\" sizes=\"(max-width: 800px) 100vw, 800px\" \/>\t\t\t\t\t\t\t\t\t\t\t\t\t\t\t<\/div>\n\t\t\t\t<\/div>\n\t\t\t\t<\/div>\n\t\t<div class=\"elementor-element elementor-element-3532a9a e-con-full e-flex e-con e-child\" data-id=\"3532a9a\" data-element_type=\"container\" data-e-type=\"container\">\n\t\t\t\t<div class=\"elementor-element elementor-element-63660a9 elementor-widget elementor-widget-image\" data-id=\"63660a9\" data-element_type=\"widget\" data-e-type=\"widget\" data-widget_type=\"image.default\">\n\t\t\t\t<div class=\"elementor-widget-container\">\n\t\t\t\t\t\t\t\t\t\t\t\t\t\t\t<img loading=\"lazy\" decoding=\"async\" width=\"800\" height=\"600\" src=\"https:\/\/www.rutadelsindiketes.com\/wp-content\/uploads\/2023\/01\/8-vistas-despues-del-cruce-del-castillo-de-cabrera.jpg\" class=\"attachment-large size-large wp-image-1911\" alt=\"\" srcset=\"https:\/\/www.rutadelsindiketes.com\/wp-content\/uploads\/2023\/01\/8-vistas-despues-del-cruce-del-castillo-de-cabrera.jpg 1024w, https:\/\/www.rutadelsindiketes.com\/wp-content\/uploads\/2023\/01\/8-vistas-despues-del-cruce-del-castillo-de-cabrera-300x225.jpg 300w, https:\/\/www.rutadelsindiketes.com\/wp-content\/uploads\/2023\/01\/8-vistas-despues-del-cruce-del-castillo-de-cabrera-768x576.jpg 768w\" sizes=\"(max-width: 800px) 100vw, 800px\" \/>\t\t\t\t\t\t\t\t\t\t\t\t\t\t\t<\/div>\n\t\t\t\t<\/div>\n\t\t\t\t<\/div>\n\t\t\t\t\t<\/div>\n\t\t\t\t<\/div>\n\t\t<div class=\"elementor-element elementor-element-75a65bdc e-flex e-con-boxed e-con e-parent\" data-id=\"75a65bdc\" data-element_type=\"container\" data-e-type=\"container\">\n\t\t\t\t\t<div class=\"e-con-inner\">\n\t\t\t\t<div class=\"elementor-element elementor-element-422f6a28 elementor-widget elementor-widget-text-editor\" data-id=\"422f6a28\" data-element_type=\"widget\" data-e-type=\"widget\" data-widget_type=\"text-editor.default\">\n\t\t\t\t<div class=\"elementor-widget-container\">\n\t\t\t\t\t\t\t\t\t<p><span style=\"text-align: var(--text-align); color: var( --e-global-color-dea41e4 ); font-family: var( --e-global-typography-b2ce6af-font-family ), Sans-serif; font-size: var( --e-global-typography-b2ce6af-font-size ); font-weight: var( --e-global-typography-b2ce6af-font-weight ); letter-spacing: var( --e-global-typography-b2ce6af-letter-spacing ); word-spacing: var( --e-global-typography-b2ce6af-word-spacing );\">Apr\u00e8s 1,6 km, nous verrons un carrefour sur notre droite qui m\u00e8ne aux ruines du ch\u00e2teau de Cabrera, datant du 11e si\u00e8cle.\u00a0<\/span><span style=\"text-align: var(--text-align); color: var( --e-global-color-dea41e4 ); font-family: var( --e-global-typography-b2ce6af-font-family ), Sans-serif; font-size: var( --e-global-typography-b2ce6af-font-size ); font-weight: var( --e-global-typography-b2ce6af-font-weight ); letter-spacing: var( --e-global-typography-b2ce6af-letter-spacing ); word-spacing: var( --e-global-typography-b2ce6af-word-spacing );\">Nous continuons sur la m\u00eame piste pendant encore 3,4 kilom\u00e8tres avec des vues agr\u00e9ables sur notre droite.<\/span><\/p><p>Passer le Coll de Ll\u00ed et descendre jusqu'\u00e0 la route GI-505 qui m\u00e8ne \u00e0 la France. Passer devant le restaurant Manrella et continuer \u00e0 descendre par la route ou par un chemin parall\u00e8le jusqu'\u00e0 l'entr\u00e9e de La Vajol par la rue Illes et prendre le chemin des Mines jusqu'\u00e0 la place de l'\u00e9glise de Sant Mart\u00ed.<\/p>\t\t\t\t\t\t\t\t<\/div>\n\t\t\t\t<\/div>\n\t\t\t\t\t<\/div>\n\t\t\t\t<\/div>\n\t\t<div class=\"elementor-element elementor-element-6d6bcbb6 e-flex e-con-boxed e-con e-parent\" data-id=\"6d6bcbb6\" data-element_type=\"container\" data-e-type=\"container\">\n\t\t\t\t\t<div class=\"e-con-inner\">\n\t\t\t\t<div class=\"elementor-element elementor-element-5dbda75 elementor-widget elementor-widget-image\" data-id=\"5dbda75\" data-element_type=\"widget\" data-e-type=\"widget\" data-widget_type=\"image.default\">\n\t\t\t\t<div class=\"elementor-widget-container\">\n\t\t\t\t\t\t\t\t\t\t\t\t\t\t\t<img loading=\"lazy\" decoding=\"async\" width=\"768\" height=\"1024\" src=\"https:\/\/www.rutadelsindiketes.com\/wp-content\/uploads\/2023\/01\/9-Iglesia-romanica-de-Sant-Marti-de-La-Vajol-s.-XII-XIII.jpg\" class=\"attachment-large size-large wp-image-1912\" alt=\"\" srcset=\"https:\/\/www.rutadelsindiketes.com\/wp-content\/uploads\/2023\/01\/9-Iglesia-romanica-de-Sant-Marti-de-La-Vajol-s.-XII-XIII.jpg 768w, https:\/\/www.rutadelsindiketes.com\/wp-content\/uploads\/2023\/01\/9-Iglesia-romanica-de-Sant-Marti-de-La-Vajol-s.-XII-XIII-225x300.jpg 225w\" sizes=\"(max-width: 768px) 100vw, 768px\" \/>\t\t\t\t\t\t\t\t\t\t\t\t\t\t\t<\/div>\n\t\t\t\t<\/div>\n\t\t\t\t\t<\/div>\n\t\t\t\t<\/div>\n\t\t<div class=\"elementor-element elementor-element-ab67215 e-flex e-con-boxed e-con e-parent\" data-id=\"ab67215\" data-element_type=\"container\" data-e-type=\"container\">\n\t\t\t\t\t<div class=\"e-con-inner\">\n\t\t\t\t<div class=\"elementor-element elementor-element-5277880b elementor-widget elementor-widget-text-editor\" data-id=\"5277880b\" data-element_type=\"widget\" data-e-type=\"widget\" data-widget_type=\"text-editor.default\">\n\t\t\t\t<div class=\"elementor-widget-container\">\n\t\t\t\t\t\t\t\t\t<p><span style=\"text-align: var(--text-align); color: var( --e-global-color-dea41e4 ); font-family: var( --e-global-typography-b2ce6af-font-family ), Sans-serif; font-size: var( --e-global-typography-b2ce6af-font-size ); font-weight: var( --e-global-typography-b2ce6af-font-weight ); letter-spacing: var( --e-global-typography-b2ce6af-letter-spacing ); word-spacing: var( --e-global-typography-b2ce6af-word-spacing );\">NOTE : Pour aller de La Vajol \u00e0 Agullana, il y a deux possibilit\u00e9s. L'une, la plus courte, consiste \u00e0 parcourir l'ensemble du trajet sur la route GI-501, mais elle pr\u00e9sente l'inconv\u00e9nient d'\u00eatre goudronn\u00e9e tout au long du parcours. L'autre, un peu plus longue, permet d'emprunter des chemins de terre, plus agr\u00e9ables pour la marche.<\/span><\/p><p>La raison pour laquelle nous donnons ces options est qu'en passant sur la route, 150 m\u00e8tres apr\u00e8s avoir pass\u00e9 le point du Km 3, sur le c\u00f4t\u00e9 gauche, entre la ferme Mas Bec de Baix et la route elle-m\u00eame, il y a une n\u00e9cropole importante de l'\u00e9poque de les <em>Indiketes<\/em>Xe et VIIe si\u00e8cles avant J.-C.) avec plus de 400 s\u00e9pultures \u00e9tudi\u00e9es et on sait qu'il y en a beaucoup plus, mais comme il ne peut pas \u00eatre visit\u00e9 \"in situ\", nous nous proposons de ne pas passer par l\u00e0.<\/p><p>Il s'agit d'un cimeti\u00e8re de type urn-field, caract\u00e9ris\u00e9 par le fait que, apr\u00e8s avoir br\u00fbl\u00e9 les morts, les restes du squelette \u00e9taient plac\u00e9s dans un r\u00e9cipient en c\u00e9ramique et enterr\u00e9s dans des fosses creus\u00e9es dans le sol.<br \/><br \/><span style=\"text-align: var(--text-align); color: var( --e-global-color-dea41e4 ); font-family: var( --e-global-typography-b2ce6af-font-family ), Sans-serif; font-size: var( --e-global-typography-b2ce6af-font-size ); font-weight: var( --e-global-typography-b2ce6af-font-weight ); letter-spacing: var( --e-global-typography-b2ce6af-letter-spacing ); word-spacing: var( --e-global-typography-b2ce6af-word-spacing );\"><img loading=\"lazy\" decoding=\"async\" class=\"alignnone size-full wp-image-3946\" src=\"https:\/\/www.rutadelsindiketes.com\/wp-content\/uploads\/2023\/04\/museu-indiketa-agullana-1.jpg\" alt=\"\" width=\"1632\" height=\"918\" srcset=\"https:\/\/www.rutadelsindiketes.com\/wp-content\/uploads\/2023\/04\/museu-indiketa-agullana-1.jpg 1632w, https:\/\/www.rutadelsindiketes.com\/wp-content\/uploads\/2023\/04\/museu-indiketa-agullana-1-300x169.jpg 300w, https:\/\/www.rutadelsindiketes.com\/wp-content\/uploads\/2023\/04\/museu-indiketa-agullana-1-1024x576.jpg 1024w, https:\/\/www.rutadelsindiketes.com\/wp-content\/uploads\/2023\/04\/museu-indiketa-agullana-1-768x432.jpg 768w, https:\/\/www.rutadelsindiketes.com\/wp-content\/uploads\/2023\/04\/museu-indiketa-agullana-1-1536x864.jpg 1536w, https:\/\/www.rutadelsindiketes.com\/wp-content\/uploads\/2023\/04\/museu-indiketa-agullana-1-18x10.jpg 18w\" sizes=\"(max-width: 1632px) 100vw, 1632px\" \/><\/span><\/p><p>Dans le village d'Agullana, \u00e0 c\u00f4t\u00e9 de l'\u00e9glise, se trouve une salle d'exposition (avec un discours didactique grav\u00e9) que l'on peut visiter les samedis et dimanches matins et tous les jours du mois d'ao\u00fbt (les autres jours sur rendez-vous).<\/p><p><span style=\"color: var( --e-global-color-dea41e4 ); font-family: var( --e-global-typography-b2ce6af-font-family ), Sans-serif; font-size: var( --e-global-typography-b2ce6af-font-size ); font-weight: var( --e-global-typography-b2ce6af-font-weight ); letter-spacing: var( --e-global-typography-b2ce6af-letter-spacing ); text-align: var(--text-align); word-spacing: var( --e-global-typography-b2ce6af-word-spacing );\">Pour arriver \u00e0 Agullana sans passer par la route asphalt\u00e9e, quittez le village par la rue Cam\u00ed Font d'Avall et continuez sur le chemin de terre jusqu'\u00e0 ce que vous arriviez \u00e0 un tournant, environ 500 m\u00e8tres plus loin, tournez \u00e0 gauche. Ensuite, apr\u00e8s 1,3 km, lorsque vous atteignez un virage, tournez \u00e0 gauche.\u00a0\u00a0<\/span><span style=\"color: var( --e-global-color-dea41e4 ); font-family: var( --e-global-typography-b2ce6af-font-family ), Sans-serif; font-size: var( --e-global-typography-b2ce6af-font-size ); font-weight: var( --e-global-typography-b2ce6af-font-weight ); letter-spacing: var( --e-global-typography-b2ce6af-letter-spacing ); text-align: var(--text-align); word-spacing: var( --e-global-typography-b2ce6af-word-spacing );\">Nous continuerons \u00e0 suivre le chemin qui se trouve devant nous. Apr\u00e8s avoir parcouru 1,8 km, nous arriverons au Cam\u00ed de Agullana al Mas Portell, o\u00f9 nous tournerons \u00e0 droite. Nous l'identifierons gr\u00e2ce \u00e0 des fils de fer qui emp\u00eachent le passage des v\u00e9hicules motoris\u00e9s et \u00e0 des panneaux qui indiquent la direction d'Agullana par le chemin que nous suivions. Malheureusement, la v\u00e9g\u00e9tation le recouvre, mais il ne s'agit que de 900 m\u00e8tres de sentier ab\u00eem\u00e9 jusqu'\u00e0 une route asphalt\u00e9e o\u00f9 l'on tourne \u00e0 droite.<br \/><\/span><\/p>\t\t\t\t\t\t\t\t<\/div>\n\t\t\t\t<\/div>\n\t\t\t\t\t<\/div>\n\t\t\t\t<\/div>\n\t\t<div class=\"elementor-element elementor-element-6688f5bb e-flex e-con-boxed e-con e-parent\" data-id=\"6688f5bb\" data-element_type=\"container\" data-e-type=\"container\">\n\t\t\t\t\t<div class=\"e-con-inner\">\n\t\t<div class=\"elementor-element elementor-element-49a304f9 e-con-full e-flex e-con e-child\" data-id=\"49a304f9\" data-element_type=\"container\" data-e-type=\"container\">\n\t\t\t\t<div class=\"elementor-element elementor-element-72464bd elementor-widget elementor-widget-image\" data-id=\"72464bd\" data-element_type=\"widget\" data-e-type=\"widget\" data-widget_type=\"image.default\">\n\t\t\t\t<div class=\"elementor-widget-container\">\n\t\t\t\t\t\t\t\t\t\t\t\t\t\t\t<img loading=\"lazy\" decoding=\"async\" width=\"800\" height=\"600\" src=\"https:\/\/www.rutadelsindiketes.com\/wp-content\/uploads\/2023\/01\/12-Igelsia-de-Santa-Maria-de-Agullana_-del-siglo-XII-o-comienzos-del-XIII..jpg\" class=\"attachment-large size-large wp-image-1913\" alt=\"\" srcset=\"https:\/\/www.rutadelsindiketes.com\/wp-content\/uploads\/2023\/01\/12-Igelsia-de-Santa-Maria-de-Agullana_-del-siglo-XII-o-comienzos-del-XIII..jpg 1024w, https:\/\/www.rutadelsindiketes.com\/wp-content\/uploads\/2023\/01\/12-Igelsia-de-Santa-Maria-de-Agullana_-del-siglo-XII-o-comienzos-del-XIII.-300x225.jpg 300w, https:\/\/www.rutadelsindiketes.com\/wp-content\/uploads\/2023\/01\/12-Igelsia-de-Santa-Maria-de-Agullana_-del-siglo-XII-o-comienzos-del-XIII.-768x576.jpg 768w\" sizes=\"(max-width: 800px) 100vw, 800px\" \/>\t\t\t\t\t\t\t\t\t\t\t\t\t\t\t<\/div>\n\t\t\t\t<\/div>\n\t\t\t\t<\/div>\n\t\t<div class=\"elementor-element elementor-element-5ad2fd26 e-con-full e-flex e-con e-child\" data-id=\"5ad2fd26\" data-element_type=\"container\" data-e-type=\"container\">\n\t\t\t\t<div class=\"elementor-element elementor-element-5aa8d6c3 elementor-widget elementor-widget-image\" data-id=\"5aa8d6c3\" data-element_type=\"widget\" data-e-type=\"widget\" data-widget_type=\"image.default\">\n\t\t\t\t<div class=\"elementor-widget-container\">\n\t\t\t\t\t\t\t\t\t\t\t\t\t\t\t<img loading=\"lazy\" decoding=\"async\" width=\"800\" height=\"600\" src=\"https:\/\/www.rutadelsindiketes.com\/wp-content\/uploads\/2023\/01\/13-Puerta-de-entrada-modernista-del-Asilo-Gomis-de-Agullana..jpg\" class=\"attachment-large size-large wp-image-1914\" alt=\"\" srcset=\"https:\/\/www.rutadelsindiketes.com\/wp-content\/uploads\/2023\/01\/13-Puerta-de-entrada-modernista-del-Asilo-Gomis-de-Agullana..jpg 1024w, https:\/\/www.rutadelsindiketes.com\/wp-content\/uploads\/2023\/01\/13-Puerta-de-entrada-modernista-del-Asilo-Gomis-de-Agullana.-300x225.jpg 300w, https:\/\/www.rutadelsindiketes.com\/wp-content\/uploads\/2023\/01\/13-Puerta-de-entrada-modernista-del-Asilo-Gomis-de-Agullana.-768x576.jpg 768w\" sizes=\"(max-width: 800px) 100vw, 800px\" \/>\t\t\t\t\t\t\t\t\t\t\t\t\t\t\t<\/div>\n\t\t\t\t<\/div>\n\t\t\t\t<\/div>\n\t\t\t\t\t<\/div>\n\t\t\t\t<\/div>\n\t\t<div class=\"elementor-element elementor-element-5ae3f594 e-flex e-con-boxed e-con e-parent\" data-id=\"5ae3f594\" data-element_type=\"container\" data-e-type=\"container\">\n\t\t\t\t\t<div class=\"e-con-inner\">\n\t\t\t\t<div class=\"elementor-element elementor-element-30a3c403 elementor-widget elementor-widget-text-editor\" data-id=\"30a3c403\" data-element_type=\"widget\" data-e-type=\"widget\" data-widget_type=\"text-editor.default\">\n\t\t\t\t<div class=\"elementor-widget-container\">\n\t\t\t\t\t\t\t\t\t<p>\u00c0 partir de ce point, la route est facile \u00e0 suivre. En continuant sur cette route \u00e9troite et peu fr\u00e9quent\u00e9e, apr\u00e8s 2,4 kilom\u00e8tres, vous atteindrez la partie haute d'Agullana et descendrez le long de la rue Tapers vers l'\u00e9glise visible de Santa Maria, \u00e0 c\u00f4t\u00e9 de laquelle se trouve le mus\u00e9e de la n\u00e9cropole d'Indiketa.<\/p>\t\t\t\t\t\t\t\t<\/div>\n\t\t\t\t<\/div>\n\t\t\t\t\t<\/div>\n\t\t\t\t<\/div>\n\t\t<div class=\"elementor-element elementor-element-71925f e-flex e-con-boxed e-con e-parent\" data-id=\"71925f\" data-element_type=\"container\" data-e-type=\"container\">\n\t\t\t\t\t<div class=\"e-con-inner\">\n\t\t\t\t<div class=\"elementor-element elementor-element-4c49a908 elementor-widget elementor-widget-text-editor\" data-id=\"4c49a908\" data-element_type=\"widget\" data-e-type=\"widget\" data-widget_type=\"text-editor.default\">\n\t\t\t\t<div class=\"elementor-widget-container\">\n\t\t\t\t\t\t\t\t\t<p>Nous quitterons Agullana par la rue Lluis Gomis, en passant devant l'entr\u00e9e de l'ancienne maison Gomis (actuellement Can Parellada), puis nous continuerons le long de la rue Colom et lorsque nous atteindrons la route GI-501, nous tournerons \u00e0 gauche et partirons \u00e0 la recherche de la passerelle de bois qui traverse  le ruisseau del Gou.\u00a0<\/p>\t\t\t\t\t\t\t\t<\/div>\n\t\t\t\t<\/div>\n\t\t\t\t\t<\/div>\n\t\t\t\t<\/div>\n\t\t<div class=\"elementor-element elementor-element-74fe7ffe e-flex e-con-boxed e-con e-parent\" data-id=\"74fe7ffe\" data-element_type=\"container\" data-e-type=\"container\">\n\t\t\t\t\t<div class=\"e-con-inner\">\n\t\t<div class=\"elementor-element elementor-element-1793e12a e-con-full e-flex e-con e-child\" data-id=\"1793e12a\" data-element_type=\"container\" data-e-type=\"container\">\n\t\t\t\t<div class=\"elementor-element elementor-element-1ad7478c elementor-widget elementor-widget-text-editor\" data-id=\"1ad7478c\" data-element_type=\"widget\" data-e-type=\"widget\" data-widget_type=\"text-editor.default\">\n\t\t\t\t<div class=\"elementor-widget-container\">\n\t\t\t\t\t\t\t\t\t<p><span style=\"text-align: var(--text-align); color: var( --e-global-color-dea41e4 ); font-family: var( --e-global-typography-b2ce6af-font-family ), Sans-serif; font-size: var( --e-global-typography-b2ce6af-font-size ); font-weight: var( --e-global-typography-b2ce6af-font-weight ); letter-spacing: var( --e-global-typography-b2ce6af-letter-spacing ); word-spacing: var( --e-global-typography-b2ce6af-word-spacing );\">Nous continuons ensuite sur le chemin de terre en direction du village de L'Estrada, situ\u00e9 \u00e0 1,5 kilom\u00e8tre.<\/span><\/p><p>Le nom de L'Estrada, qui signifie en latin \"route pav\u00e9e\", vient de l'antique <em>Strata Francisca<\/em>. Il est l'h\u00e9ritier de la Via Augusta romaine, qui est cens\u00e9e \u00eatre pass\u00e9e par cet endroit.\u00a0<\/p><p>Cependant, on soup\u00e7onne que cette route \u00e9tait ant\u00e9rieure \u00e0 l'arriv\u00e9e des Romains.<span style=\"text-align: var(--text-align); color: var( --e-global-color-dea41e4 ); font-family: var( --e-global-typography-b2ce6af-font-family ), Sans-serif; font-size: var( --e-global-typography-b2ce6af-font-size ); font-weight: var( --e-global-typography-b2ce6af-font-weight ); letter-spacing: var( --e-global-typography-b2ce6af-letter-spacing ); word-spacing: var( --e-global-typography-b2ce6af-word-spacing );\"><br \/><\/span><\/p>\t\t\t\t\t\t\t\t<\/div>\n\t\t\t\t<\/div>\n\t\t\t\t<\/div>\n\t\t<div class=\"elementor-element elementor-element-ddae053 e-con-full e-flex e-con e-child\" data-id=\"ddae053\" data-element_type=\"container\" data-e-type=\"container\">\n\t\t\t\t<div class=\"elementor-element elementor-element-64f85d1a elementor-widget elementor-widget-image\" data-id=\"64f85d1a\" data-element_type=\"widget\" data-e-type=\"widget\" data-widget_type=\"image.default\">\n\t\t\t\t<div class=\"elementor-widget-container\">\n\t\t\t\t\t\t\t\t\t\t\t\t\t\t\t<img loading=\"lazy\" decoding=\"async\" width=\"800\" height=\"505\" src=\"https:\/\/www.rutadelsindiketes.com\/wp-content\/uploads\/2023\/01\/14-Vista-del-agregado-de-la-Estrada-e1675017863416.jpg\" class=\"attachment-large size-large wp-image-1915\" alt=\"\" srcset=\"https:\/\/www.rutadelsindiketes.com\/wp-content\/uploads\/2023\/01\/14-Vista-del-agregado-de-la-Estrada-e1675017863416.jpg 1013w, https:\/\/www.rutadelsindiketes.com\/wp-content\/uploads\/2023\/01\/14-Vista-del-agregado-de-la-Estrada-e1675017863416-300x190.jpg 300w, https:\/\/www.rutadelsindiketes.com\/wp-content\/uploads\/2023\/01\/14-Vista-del-agregado-de-la-Estrada-e1675017863416-768x485.jpg 768w\" sizes=\"(max-width: 800px) 100vw, 800px\" \/>\t\t\t\t\t\t\t\t\t\t\t\t\t\t\t<\/div>\n\t\t\t\t<\/div>\n\t\t\t\t<\/div>\n\t\t\t\t\t<\/div>\n\t\t\t\t<\/div>\n\t\t<div class=\"elementor-element elementor-element-7d2eb20e e-flex e-con-boxed e-con e-parent\" data-id=\"7d2eb20e\" data-element_type=\"container\" data-e-type=\"container\">\n\t\t\t\t\t<div class=\"e-con-inner\">\n\t\t<div class=\"elementor-element elementor-element-6ab9b712 e-con-full e-flex e-con e-child\" data-id=\"6ab9b712\" data-element_type=\"container\" data-e-type=\"container\">\n\t\t\t\t<div class=\"elementor-element elementor-element-6f29af0d elementor-widget elementor-widget-text-editor\" data-id=\"6f29af0d\" data-element_type=\"widget\" data-e-type=\"widget\" data-widget_type=\"text-editor.default\">\n\t\t\t\t<div class=\"elementor-widget-container\">\n\t\t\t\t\t\t\t\t\t<p>\u00c0 partir d'ici, nous suivons les panneaux peints en rouge et blanc du GR-2, qui en 2,6 kilom\u00e8tres nous m\u00e8nera \u00e0 La Jonquera, dont le dernier tron\u00e7on n'est pas tr\u00e8s agr\u00e9able en raison des nombreuses infrastructures que nous devrons traverser.\u00a0<\/p><p>Passez d'abord sous les voies du train \u00e0 grande vitesse, puis par l'aire de service de la Porta Catalana avant de passer au-dessus de l'autoroute A-7 puis de la route internationale N-II.<\/p>\t\t\t\t\t\t\t\t<\/div>\n\t\t\t\t<\/div>\n\t\t\t\t<\/div>\n\t\t<div class=\"elementor-element elementor-element-68a8e7bc e-con-full e-flex e-con e-child\" data-id=\"68a8e7bc\" data-element_type=\"container\" data-e-type=\"container\">\n\t\t\t\t<div class=\"elementor-element elementor-element-6a659a9b elementor-widget elementor-widget-image\" data-id=\"6a659a9b\" data-element_type=\"widget\" data-e-type=\"widget\" data-widget_type=\"image.default\">\n\t\t\t\t<div class=\"elementor-widget-container\">\n\t\t\t\t\t\t\t\t\t\t\t\t\t\t\t<img loading=\"lazy\" decoding=\"async\" width=\"800\" height=\"473\" src=\"https:\/\/www.rutadelsindiketes.com\/wp-content\/uploads\/2023\/01\/15-Paso-para-cruzar-la-autopista-en-La-Jonquera.-e1675017953239.jpg\" class=\"attachment-large size-large wp-image-1916\" alt=\"\" srcset=\"https:\/\/www.rutadelsindiketes.com\/wp-content\/uploads\/2023\/01\/15-Paso-para-cruzar-la-autopista-en-La-Jonquera.-e1675017953239.jpg 1013w, https:\/\/www.rutadelsindiketes.com\/wp-content\/uploads\/2023\/01\/15-Paso-para-cruzar-la-autopista-en-La-Jonquera.-e1675017953239-300x177.jpg 300w, https:\/\/www.rutadelsindiketes.com\/wp-content\/uploads\/2023\/01\/15-Paso-para-cruzar-la-autopista-en-La-Jonquera.-e1675017953239-768x454.jpg 768w\" sizes=\"(max-width: 800px) 100vw, 800px\" \/>\t\t\t\t\t\t\t\t\t\t\t\t\t\t\t<\/div>\n\t\t\t\t<\/div>\n\t\t\t\t<\/div>\n\t\t\t\t\t<\/div>\n\t\t\t\t<\/div>\n\t\t<div class=\"elementor-element elementor-element-6e0e8a86 e-flex e-con-boxed e-con e-parent\" data-id=\"6e0e8a86\" data-element_type=\"container\" data-e-type=\"container\">\n\t\t\t\t\t<div class=\"e-con-inner\">\n\t\t\t\t<div class=\"elementor-element elementor-element-497c20d4 elementor-widget elementor-widget-text-editor\" data-id=\"497c20d4\" data-element_type=\"widget\" data-e-type=\"widget\" data-widget_type=\"text-editor.default\">\n\t\t\t\t<div class=\"elementor-widget-container\">\n\t\t\t\t\t\t\t\t\t<p><span style=\"text-align: var(--text-align); color: var( --e-global-color-dea41e4 ); font-family: var( --e-global-typography-b2ce6af-font-family ), Sans-serif; font-size: var( --e-global-typography-b2ce6af-font-size ); font-weight: var( --e-global-typography-b2ce6af-font-weight ); letter-spacing: var( --e-global-typography-b2ce6af-letter-spacing ); word-spacing: var( --e-global-typography-b2ce6af-word-spacing );\">Enfin, apr\u00e8s ce d\u00e9sagr\u00e9ment, nous marcherons le long de la rue principale de La Jonquera jusqu'\u00e0 l'\u00e9glise de Santa Maria, qui marque la fin de cette \u00e9tape.<\/span><\/p>\t\t\t\t\t\t\t\t<\/div>\n\t\t\t\t<\/div>\n\t\t\t\t\t<\/div>\n\t\t\t\t<\/div>\n\t\t<div class=\"elementor-element elementor-element-7b7f242 e-flex e-con-boxed e-con e-parent\" data-id=\"7b7f242\" data-element_type=\"container\" data-e-type=\"container\">\n\t\t\t\t\t<div class=\"e-con-inner\">\n\t\t\t\t<div class=\"elementor-element elementor-element-49ae626 elementor-widget elementor-widget-image\" data-id=\"49ae626\" data-element_type=\"widget\" data-e-type=\"widget\" data-widget_type=\"image.default\">\n\t\t\t\t<div class=\"elementor-widget-container\">\n\t\t\t\t\t\t\t\t\t\t\t\t\t\t\t<img loading=\"lazy\" decoding=\"async\" width=\"800\" height=\"600\" src=\"https:\/\/www.rutadelsindiketes.com\/wp-content\/uploads\/2023\/01\/16-Calle-principal-e-iglesia-parroquial-de-Santa-Maria-de-La-Jonquera-s.-XIV..jpg\" class=\"attachment-large size-large wp-image-1917\" alt=\"\" srcset=\"https:\/\/www.rutadelsindiketes.com\/wp-content\/uploads\/2023\/01\/16-Calle-principal-e-iglesia-parroquial-de-Santa-Maria-de-La-Jonquera-s.-XIV..jpg 1024w, https:\/\/www.rutadelsindiketes.com\/wp-content\/uploads\/2023\/01\/16-Calle-principal-e-iglesia-parroquial-de-Santa-Maria-de-La-Jonquera-s.-XIV.-300x225.jpg 300w, https:\/\/www.rutadelsindiketes.com\/wp-content\/uploads\/2023\/01\/16-Calle-principal-e-iglesia-parroquial-de-Santa-Maria-de-La-Jonquera-s.-XIV.-768x576.jpg 768w\" sizes=\"(max-width: 800px) 100vw, 800px\" \/>\t\t\t\t\t\t\t\t\t\t\t\t\t\t\t<\/div>\n\t\t\t\t<\/div>\n\t\t\t\t\t<\/div>\n\t\t\t\t<\/div>\n\t\t<div class=\"elementor-element elementor-element-494d80d3 e-flex e-con-boxed e-con e-parent\" data-id=\"494d80d3\" data-element_type=\"container\" data-e-type=\"container\">\n\t\t\t\t\t<div class=\"e-con-inner\">\n\t\t\t\t<div class=\"elementor-element elementor-element-7f32cbf elementor-widget elementor-widget-heading\" data-id=\"7f32cbf\" data-element_type=\"widget\" data-e-type=\"widget\" data-widget_type=\"heading.default\">\n\t\t\t\t<div class=\"elementor-widget-container\">\n\t\t\t\t\t<h3 class=\"elementor-heading-title elementor-size-default\">logement et informations pratiques \u00e9tape 19<\/h3>\t\t\t\t<\/div>\n\t\t\t\t<\/div>\n\t\t\t\t\t<\/div>\n\t\t\t\t<\/div>\n\t\t<div class=\"elementor-element elementor-element-a0b585b e-flex e-con-boxed e-con e-parent\" data-id=\"a0b585b\" data-element_type=\"container\" data-e-type=\"container\">\n\t\t\t\t\t<div class=\"e-con-inner\">\n\t\t\t\t<div class=\"elementor-element elementor-element-8abbeb8 elementor-widget elementor-widget-text-editor\" data-id=\"8abbeb8\" data-element_type=\"widget\" data-e-type=\"widget\" data-widget_type=\"text-editor.default\">\n\t\t\t\t<div class=\"elementor-widget-container\">\n\t\t\t\t\t\t\t\t\t<p style=\"text-align: center;\"><strong>LES SALINES<\/strong><\/p><p style=\"text-align: center;\">Refuge non gard\u00e9 du CEE (Centre Excursionniste Empordan\u00e9s) T\u00e9l. 672 461 884<\/p><p style=\"text-align: center;\"><a href=\"https:\/\/www.cee.cat\/\" target=\"_blank\" rel=\"noopener\"><span style=\"color: #339966;\"><strong>www.cee.cat<\/strong><\/span><\/a><\/p>\t\t\t\t\t\t\t\t<\/div>\n\t\t\t\t<\/div>\n\t\t\t\t\t<\/div>\n\t\t\t\t<\/div>\n\t\t<div class=\"elementor-element elementor-element-b421bda e-flex e-con-boxed e-con e-parent\" data-id=\"b421bda\" data-element_type=\"container\" data-e-type=\"container\">\n\t\t\t\t\t<div class=\"e-con-inner\">\n\t\t\t\t<div class=\"elementor-element elementor-element-4d2b7fe elementor-widget elementor-widget-text-editor\" data-id=\"4d2b7fe\" data-element_type=\"widget\" data-e-type=\"widget\" data-widget_type=\"text-editor.default\">\n\t\t\t\t<div class=\"elementor-widget-container\">\n\t\t\t\t\t\t\t\t\t<p style=\"text-align: center;\"><span style=\"font-weight: bolder;\">LA VAJOL<\/span><\/p><p style=\"text-align: center;\"><span style=\"font-weight: bolder;\">Hostal Restaurant Casa Comaulis<\/span>\u00a0(972 53 51 75) Plaza Major, 3<\/p><p style=\"text-align: center;\">Bien que le village de La Vajol soit tr\u00e8s petit, il dispose de quelques logements et d'un restaurant. Vous pouvez visiter leur site web ici :<\/p><p style=\"text-align: center;\"><a href=\"http:\/\/ca.lavajol.cat\/\" target=\"_blank\" rel=\"noopener\"><strong><span style=\"color: #339966;\">http:\/\/ca.lavajol.cat\/<\/span><\/strong><\/a><\/p>\t\t\t\t\t\t\t\t<\/div>\n\t\t\t\t<\/div>\n\t\t\t\t\t<\/div>\n\t\t\t\t<\/div>\n\t\t<div class=\"elementor-element elementor-element-0315d4b e-flex e-con-boxed e-con e-parent\" data-id=\"0315d4b\" data-element_type=\"container\" data-e-type=\"container\">\n\t\t\t\t\t<div class=\"e-con-inner\">\n\t\t\t\t<div class=\"elementor-element elementor-element-7c72d4d elementor-widget elementor-widget-text-editor\" data-id=\"7c72d4d\" data-element_type=\"widget\" data-e-type=\"widget\" data-widget_type=\"text-editor.default\">\n\t\t\t\t<div class=\"elementor-widget-container\">\n\t\t\t\t\t\t\t\t\t<p style=\"text-align: center;\"><strong>AGULLANA<\/strong><\/p><p style=\"text-align: center;\">Bien que le village d'Agullana soit petit, il dispose de plusieurs lieux d'h\u00e9bergement, de restaurants et d'autres services. Vous pouvez visiter son site web :<\/p><p style=\"text-align: center;\"><span style=\"color: #339966;\"><strong><a style=\"color: #339966;\" href=\"http:\/\/ca.agullana.cat\/\" target=\"_blank\" rel=\"noopener\">http:\/\/ca.agullana.cat\/<\/a><\/strong><\/span><\/p>\t\t\t\t\t\t\t\t<\/div>\n\t\t\t\t<\/div>\n\t\t\t\t\t<\/div>\n\t\t\t\t<\/div>\n\t\t<div class=\"elementor-element elementor-element-2b920ca e-flex e-con-boxed e-con e-parent\" data-id=\"2b920ca\" data-element_type=\"container\" data-e-type=\"container\">\n\t\t\t\t\t<div class=\"e-con-inner\">\n\t\t\t\t<div class=\"elementor-element elementor-element-b1dc9f3 elementor-widget elementor-widget-text-editor\" data-id=\"b1dc9f3\" data-element_type=\"widget\" data-e-type=\"widget\" data-widget_type=\"text-editor.default\">\n\t\t\t\t<div class=\"elementor-widget-container\">\n\t\t\t\t\t\t\t\t\t<p style=\"text-align: center;\"><strong>LA JONQUERA<\/strong><\/p><p style=\"text-align: center;\">Comme la ville de La Jonquera est tr\u00e8s proche de la fronti\u00e8re fran\u00e7aise et qu'il s'agit d'une ville douani\u00e8re, elle dispose de divers lieux d'h\u00e9bergement, restaurants et autres services. Vous pouvez visiter son site web ici :<\/p><p style=\"text-align: center;\"><a href=\"http:\/\/www.lajonquera.cat\/\" target=\"_blank\" rel=\"noopener\"><span style=\"color: #339966;\"><strong>http:\/\/www.lajonquera.cat\/<\/strong><\/span><\/a><\/p>\t\t\t\t\t\t\t\t<\/div>\n\t\t\t\t<\/div>\n\t\t\t\t\t<\/div>\n\t\t\t\t<\/div>\n\t\t\t\t<\/div>","protected":false},"excerpt":{"rendered":"<p>ETAPA 19 MA\u00c7ANET DE CABRENYS &#8211; LA JONQUERA Distancia: 25,7 km Nivel dificultad: Alta Altitud m\u00e1xima: 1136 Altitud m\u00ednima: 103 Desnivel positivo: 1327 Desnivel negativo: 1584 GPX Etapa 19: MA\u00c7ANET DE CABRENYS &#8211; LA JONQUERA Saldremos de enfrente de la iglesia de Sant Mart\u00ed y nos dirigiremos a su parte trasera. Ah\u00ed veremos una peque\u00f1a [&hellip;]<\/p>","protected":false},"author":2,"featured_media":0,"parent":0,"menu_order":0,"comment_status":"closed","ping_status":"closed","template":"","meta":{"footnotes":""},"class_list":["post-1270","page","type-page","status-publish","hentry"],"yoast_head":"<!-- This site is optimized with the Yoast SEO plugin v27.2 - https:\/\/yoast.com\/product\/yoast-seo-wordpress\/ -->\n<title>Etapa 19 - Ma\u00e7anet de Cabrenys - La Jonquera-Ruta dels Indiketes<\/title>\n<meta name=\"robots\" content=\"index, follow, max-snippet:-1, max-image-preview:large, max-video-preview:-1\" \/>\n<link rel=\"canonical\" href=\"https:\/\/www.rutadelsindiketes.com\/fr\/etape-19-macanet-de-cabrenys-la-jonquera\/\" \/>\n<meta property=\"og:locale\" content=\"fr_FR\" \/>\n<meta property=\"og:type\" content=\"article\" \/>\n<meta property=\"og:title\" content=\"Etapa 19 - Ma\u00e7anet de Cabrenys - La Jonquera-Ruta dels Indiketes\" \/>\n<meta property=\"og:description\" content=\"ETAPA 19 MA\u00c7ANET DE CABRENYS &#8211; LA JONQUERA Distancia: 25,7 km Nivel dificultad: Alta Altitud m\u00e1xima: 1136 Altitud m\u00ednima: 103 Desnivel positivo: 1327 Desnivel negativo: 1584 GPX Etapa 19: MA\u00c7ANET DE CABRENYS &#8211; LA JONQUERA Saldremos de enfrente de la iglesia de Sant Mart\u00ed y nos dirigiremos a su parte trasera. Ah\u00ed veremos una peque\u00f1a [&hellip;]\" \/>\n<meta property=\"og:url\" content=\"https:\/\/www.rutadelsindiketes.com\/fr\/etape-19-macanet-de-cabrenys-la-jonquera\/\" \/>\n<meta property=\"og:site_name\" content=\"Ruta dels Indiketes\" \/>\n<meta property=\"article:modified_time\" content=\"2023-04-07T11:56:05+00:00\" \/>\n<meta property=\"og:image\" content=\"https:\/\/www.rutadelsindiketes.com\/wp-content\/uploads\/2023\/01\/perfil-etapa-19.png\" \/>\n<meta name=\"twitter:card\" content=\"summary_large_image\" \/>\n<meta name=\"twitter:label1\" content=\"Dur\u00e9e de lecture estim\u00e9e\" \/>\n\t<meta name=\"twitter:data1\" content=\"10 minutes\" \/>\n<script type=\"application\/ld+json\" class=\"yoast-schema-graph\">{\"@context\":\"https:\/\/schema.org\",\"@graph\":[{\"@type\":\"WebPage\",\"@id\":\"https:\/\/www.rutadelsindiketes.com\/etapa-19-macanet-de-cabrenys-la-jonquera\/\",\"url\":\"https:\/\/www.rutadelsindiketes.com\/etapa-19-macanet-de-cabrenys-la-jonquera\/\",\"name\":\"Etapa 19 - Ma\u00e7anet de Cabrenys - La Jonquera-Ruta dels Indiketes\",\"isPartOf\":{\"@id\":\"https:\/\/www.rutadelsindiketes.com\/#website\"},\"primaryImageOfPage\":{\"@id\":\"https:\/\/www.rutadelsindiketes.com\/etapa-19-macanet-de-cabrenys-la-jonquera\/#primaryimage\"},\"image\":{\"@id\":\"https:\/\/www.rutadelsindiketes.com\/etapa-19-macanet-de-cabrenys-la-jonquera\/#primaryimage\"},\"thumbnailUrl\":\"https:\/\/www.rutadelsindiketes.com\/wp-content\/uploads\/2023\/01\/perfil-etapa-19.png\",\"datePublished\":\"2022-12-13T14:24:24+00:00\",\"dateModified\":\"2023-04-07T11:56:05+00:00\",\"breadcrumb\":{\"@id\":\"https:\/\/www.rutadelsindiketes.com\/etapa-19-macanet-de-cabrenys-la-jonquera\/#breadcrumb\"},\"inLanguage\":\"fr-FR\",\"potentialAction\":[{\"@type\":\"ReadAction\",\"target\":[\"https:\/\/www.rutadelsindiketes.com\/etapa-19-macanet-de-cabrenys-la-jonquera\/\"]}]},{\"@type\":\"ImageObject\",\"inLanguage\":\"fr-FR\",\"@id\":\"https:\/\/www.rutadelsindiketes.com\/etapa-19-macanet-de-cabrenys-la-jonquera\/#primaryimage\",\"url\":\"https:\/\/www.rutadelsindiketes.com\/wp-content\/uploads\/2023\/01\/perfil-etapa-19.png\",\"contentUrl\":\"https:\/\/www.rutadelsindiketes.com\/wp-content\/uploads\/2023\/01\/perfil-etapa-19.png\"},{\"@type\":\"BreadcrumbList\",\"@id\":\"https:\/\/www.rutadelsindiketes.com\/etapa-19-macanet-de-cabrenys-la-jonquera\/#breadcrumb\",\"itemListElement\":[{\"@type\":\"ListItem\",\"position\":1,\"name\":\"Portada\",\"item\":\"https:\/\/www.rutadelsindiketes.com\/ca\/\"},{\"@type\":\"ListItem\",\"position\":2,\"name\":\"Etapa 19 &#8211; Ma\u00e7anet de Cabrenys &#8211; La Jonquera\"}]},{\"@type\":\"WebSite\",\"@id\":\"https:\/\/www.rutadelsindiketes.com\/#website\",\"url\":\"https:\/\/www.rutadelsindiketes.com\/\",\"name\":\"Ruta dels Indiketes\",\"description\":\"S&oacute;lo otro sitio de WordPress\",\"potentialAction\":[{\"@type\":\"SearchAction\",\"target\":{\"@type\":\"EntryPoint\",\"urlTemplate\":\"https:\/\/www.rutadelsindiketes.com\/?s={search_term_string}\"},\"query-input\":{\"@type\":\"PropertyValueSpecification\",\"valueRequired\":true,\"valueName\":\"search_term_string\"}}],\"inLanguage\":\"fr-FR\"}]}<\/script>\n<!-- \/ Yoast SEO plugin. -->","yoast_head_json":{"title":"Etapa 19 - Ma\u00e7anet de Cabrenys - La Jonquera-Ruta dels Indiketes","robots":{"index":"index","follow":"follow","max-snippet":"max-snippet:-1","max-image-preview":"max-image-preview:large","max-video-preview":"max-video-preview:-1"},"canonical":"https:\/\/www.rutadelsindiketes.com\/fr\/etape-19-macanet-de-cabrenys-la-jonquera\/","og_locale":"fr_FR","og_type":"article","og_title":"Etapa 19 - Ma\u00e7anet de Cabrenys - La Jonquera-Ruta dels Indiketes","og_description":"ETAPA 19 MA\u00c7ANET DE CABRENYS &#8211; LA JONQUERA Distancia: 25,7 km Nivel dificultad: Alta Altitud m\u00e1xima: 1136 Altitud m\u00ednima: 103 Desnivel positivo: 1327 Desnivel negativo: 1584 GPX Etapa 19: MA\u00c7ANET DE CABRENYS &#8211; LA JONQUERA Saldremos de enfrente de la iglesia de Sant Mart\u00ed y nos dirigiremos a su parte trasera. Ah\u00ed veremos una peque\u00f1a [&hellip;]","og_url":"https:\/\/www.rutadelsindiketes.com\/fr\/etape-19-macanet-de-cabrenys-la-jonquera\/","og_site_name":"Ruta dels Indiketes","article_modified_time":"2023-04-07T11:56:05+00:00","og_image":[{"url":"https:\/\/www.rutadelsindiketes.com\/wp-content\/uploads\/2023\/01\/perfil-etapa-19.png","type":"","width":"","height":""}],"twitter_card":"summary_large_image","twitter_misc":{"Dur\u00e9e de lecture estim\u00e9e":"10 minutes"},"schema":{"@context":"https:\/\/schema.org","@graph":[{"@type":"WebPage","@id":"https:\/\/www.rutadelsindiketes.com\/etapa-19-macanet-de-cabrenys-la-jonquera\/","url":"https:\/\/www.rutadelsindiketes.com\/etapa-19-macanet-de-cabrenys-la-jonquera\/","name":"Etapa 19 - Ma\u00e7anet de Cabrenys - La Jonquera-Ruta dels Indiketes","isPartOf":{"@id":"https:\/\/www.rutadelsindiketes.com\/#website"},"primaryImageOfPage":{"@id":"https:\/\/www.rutadelsindiketes.com\/etapa-19-macanet-de-cabrenys-la-jonquera\/#primaryimage"},"image":{"@id":"https:\/\/www.rutadelsindiketes.com\/etapa-19-macanet-de-cabrenys-la-jonquera\/#primaryimage"},"thumbnailUrl":"https:\/\/www.rutadelsindiketes.com\/wp-content\/uploads\/2023\/01\/perfil-etapa-19.png","datePublished":"2022-12-13T14:24:24+00:00","dateModified":"2023-04-07T11:56:05+00:00","breadcrumb":{"@id":"https:\/\/www.rutadelsindiketes.com\/etapa-19-macanet-de-cabrenys-la-jonquera\/#breadcrumb"},"inLanguage":"fr-FR","potentialAction":[{"@type":"ReadAction","target":["https:\/\/www.rutadelsindiketes.com\/etapa-19-macanet-de-cabrenys-la-jonquera\/"]}]},{"@type":"ImageObject","inLanguage":"fr-FR","@id":"https:\/\/www.rutadelsindiketes.com\/etapa-19-macanet-de-cabrenys-la-jonquera\/#primaryimage","url":"https:\/\/www.rutadelsindiketes.com\/wp-content\/uploads\/2023\/01\/perfil-etapa-19.png","contentUrl":"https:\/\/www.rutadelsindiketes.com\/wp-content\/uploads\/2023\/01\/perfil-etapa-19.png"},{"@type":"BreadcrumbList","@id":"https:\/\/www.rutadelsindiketes.com\/etapa-19-macanet-de-cabrenys-la-jonquera\/#breadcrumb","itemListElement":[{"@type":"ListItem","position":1,"name":"Portada","item":"https:\/\/www.rutadelsindiketes.com\/ca\/"},{"@type":"ListItem","position":2,"name":"Etapa 19 &#8211; Ma\u00e7anet de Cabrenys &#8211; La Jonquera"}]},{"@type":"WebSite","@id":"https:\/\/www.rutadelsindiketes.com\/#website","url":"https:\/\/www.rutadelsindiketes.com\/","name":"Ruta dels Indiketes","description":"S&oacute;lo otro sitio de WordPress","potentialAction":[{"@type":"SearchAction","target":{"@type":"EntryPoint","urlTemplate":"https:\/\/www.rutadelsindiketes.com\/?s={search_term_string}"},"query-input":{"@type":"PropertyValueSpecification","valueRequired":true,"valueName":"search_term_string"}}],"inLanguage":"fr-FR"}]}},"_links":{"self":[{"href":"https:\/\/www.rutadelsindiketes.com\/fr\/wp-json\/wp\/v2\/pages\/1270","targetHints":{"allow":["GET"]}}],"collection":[{"href":"https:\/\/www.rutadelsindiketes.com\/fr\/wp-json\/wp\/v2\/pages"}],"about":[{"href":"https:\/\/www.rutadelsindiketes.com\/fr\/wp-json\/wp\/v2\/types\/page"}],"author":[{"embeddable":true,"href":"https:\/\/www.rutadelsindiketes.com\/fr\/wp-json\/wp\/v2\/users\/2"}],"replies":[{"embeddable":true,"href":"https:\/\/www.rutadelsindiketes.com\/fr\/wp-json\/wp\/v2\/comments?post=1270"}],"version-history":[{"count":76,"href":"https:\/\/www.rutadelsindiketes.com\/fr\/wp-json\/wp\/v2\/pages\/1270\/revisions"}],"predecessor-version":[{"id":4048,"href":"https:\/\/www.rutadelsindiketes.com\/fr\/wp-json\/wp\/v2\/pages\/1270\/revisions\/4048"}],"wp:attachment":[{"href":"https:\/\/www.rutadelsindiketes.com\/fr\/wp-json\/wp\/v2\/media?parent=1270"}],"curies":[{"name":"wp","href":"https:\/\/api.w.org\/{rel}","templated":true}]}}